{"id":377,"date":"2018-11-27T11:30:10","date_gmt":"2018-11-27T10:30:10","guid":{"rendered":"http:\/\/www.gizalde.eus\/?page_id=377"},"modified":"2023-11-03T20:32:49","modified_gmt":"2023-11-03T19:32:49","slug":"subvenciones-para-entidades-sin-animo-de-lucro","status":"publish","type":"page","link":"https:\/\/www.gizalde.eus\/es\/asociaciones-recursos\/subvenciones-para-entidades-sin-animo-de-lucro\/","title":{"rendered":"Subvenciones para entidades sin \u00e1nimo de lucro"},"content":{"rendered":"<p>[et_pb_section fb_built=\u00bb1&#8243; specialty=\u00bbon\u00bb module_id=\u00bbpagina-interior\u00bb _builder_version=\u00bb4.16&#8243; inner_max_width=\u00bbnone\u00bb global_colors_info=\u00bb{}\u00bb][et_pb_column type=\u00bb2_3&#8243; specialty_columns=\u00bb4&#8243; _builder_version=\u00bb4.16&#8243; custom_padding=\u00bb|||\u00bb global_colors_info=\u00bb{}\u00bb custom_padding__hover=\u00bb|||\u00bb][et_pb_row_inner admin_label=\u00bbFila\u00bb _builder_version=\u00bb4.16&#8243; global_colors_info=\u00bb{}\u00bb][et_pb_column_inner saved_specialty_column_type=\u00bb2_3&#8243; _builder_version=\u00bb4.16&#8243; custom_padding=\u00bb|||\u00bb global_colors_info=\u00bb{}\u00bb custom_padding__hover=\u00bb|||\u00bb][et_pb_text admin_label=\u00bbSubvenciones para entidades sin \u00e1nimo de lucro\u00bb module_class=\u00bbtitulo-azul\u00bb _builder_version=\u00bb4.16&#8243; global_colors_info=\u00bb{}\u00bb]<\/p>\n<h1>Subvenciones para entidades sin \u00e1nimo de lucro<\/h1>\n<p>[\/et_pb_text][\/et_pb_column_inner][\/et_pb_row_inner][et_pb_row_inner admin_label=\u00bbFila\u00bb _builder_version=\u00bb4.16&#8243; global_colors_info=\u00bb{}\u00bb][et_pb_column_inner saved_specialty_column_type=\u00bb2_3&#8243; _builder_version=\u00bb4.16&#8243; custom_padding=\u00bb|||\u00bb global_colors_info=\u00bb{}\u00bb custom_padding__hover=\u00bb|||\u00bb][et_pb_text admin_label=\u00bbHasta el 11 de diciembre.<br \/>\nKUTXA FUNDAZIOA &#8211; Convocatoria de ayudas a iniciativas sociales y culturales para 2024.\u00bb module_class=\u00bblista-custom\u00bb _builder_version=\u00bb4.19.5&#8243; background_color=\u00bb#c6c6c6&#8243; custom_margin=\u00bb0px||0px|\u00bb z_index_tablet=\u00bb500&#8243; box_shadow_horizontal_tablet=\u00bb0px\u00bb box_shadow_vertical_tablet=\u00bb0px\u00bb box_shadow_blur_tablet=\u00bb40px\u00bb box_shadow_spread_tablet=\u00bb0px\u00bb saved_tabs=\u00bball\u00bb global_colors_info=\u00bb{}\u00bb]<\/p>\n<h4><strong>DIPUTACI\u00d3N FORAL DE GIPUZKOA &#8211; Convocatoria de 2023 de subvenciones a entidades de iniciativa social sin \u00e1nimo de lucro que desarrollan su labor en el \u00e1mbito de los servicios sociales en el Territorio Hist\u00f3rico de Gipuzkoa.<\/strong><\/h4>\n<ul>\n<li>Fuente &#8211; DFG \/ BOG<\/li>\n<li>Fecha &#8211; Publicado el 22 de marzo.<\/li>\n<\/ul>\n<p>[\/et_pb_text][et_pb_button button_url=\u00bbhttps:\/\/kutxa.eus\/es\/actualidad\/16-fundacion\/2708-kutxa-fundazioa-convocatoria-de-ayudas-a-iniciativas-sociales-y-culturales-para-2024.html\u00bb url_new_window=\u00bbon\u00bb button_text=\u00bb+ info\u00bb admin_label=\u00bbBot\u00f3n\u00bb module_class=\u00bbbtn btn-cursos\u00bb _builder_version=\u00bb4.19.5&#8243; custom_margin=\u00bb||50px|\u00bb hover_enabled=\u00bb0&#8243; z_index_tablet=\u00bb500&#8243; box_shadow_horizontal_tablet=\u00bb0px\u00bb box_shadow_vertical_tablet=\u00bb0px\u00bb box_shadow_blur_tablet=\u00bb40px\u00bb box_shadow_spread_tablet=\u00bb0px\u00bb saved_tabs=\u00bball\u00bb global_colors_info=\u00bb{}\u00bb sticky_enabled=\u00bb0&#8243;][\/et_pb_button][et_pb_text admin_label=\u00bbPublicado el 22 de marzo.<br \/>\nDIPUTACI\u00d3N FORAL DE GIPUZKOA &#8211; Convocatoria de 2023 de subvenciones a entidades de iniciativa social sin \u00e1nimo de lucro que desarrollan su labor en el \u00e1mbito de los servicios sociales en el Territorio Hist\u00f3rico de Gipuzkoa.\u00bb module_class=\u00bblista-custom\u00bb _builder_version=\u00bb4.19.5&#8243; background_color=\u00bb#c6c6c6&#8243; custom_margin=\u00bb0px||0px|\u00bb z_index_tablet=\u00bb500&#8243; box_shadow_horizontal_tablet=\u00bb0px\u00bb box_shadow_vertical_tablet=\u00bb0px\u00bb box_shadow_blur_tablet=\u00bb40px\u00bb box_shadow_spread_tablet=\u00bb0px\u00bb saved_tabs=\u00bball\u00bb global_colors_info=\u00bb{}\u00bb]<\/p>\n<h4><strong>DIPUTACI\u00d3N FORAL DE GIPUZKOA &#8211; Convocatoria de 2023 de subvenciones a entidades de iniciativa social sin \u00e1nimo de lucro que desarrollan su labor en el \u00e1mbito de los servicios sociales en el Territorio Hist\u00f3rico de Gipuzkoa.<\/strong><\/h4>\n<ul>\n<li>Fuente &#8211; DFG \/ BOG<\/li>\n<li>Fecha &#8211; Publicado el 22 de marzo.<\/li>\n<\/ul>\n<p>[\/et_pb_text][et_pb_button button_url=\u00bbhttps:\/\/egoitza.gipuzkoa.eus\/gao-bog\/castell\/bog\/2023\/03\/22\/c2301976.htm\u00bb url_new_window=\u00bbon\u00bb button_text=\u00bb+ info\u00bb admin_label=\u00bbBot\u00f3n\u00bb module_class=\u00bbbtn btn-cursos\u00bb _builder_version=\u00bb4.19.5&#8243; custom_margin=\u00bb||50px|\u00bb z_index_tablet=\u00bb500&#8243; box_shadow_horizontal_tablet=\u00bb0px\u00bb box_shadow_vertical_tablet=\u00bb0px\u00bb box_shadow_blur_tablet=\u00bb40px\u00bb box_shadow_spread_tablet=\u00bb0px\u00bb saved_tabs=\u00bball\u00bb global_colors_info=\u00bb{}\u00bb][\/et_pb_button][et_pb_text admin_label=\u00bbPublicado el 2 de marzo.<br \/>\nDIPUTACI\u00d3N FORAL DE GIPUZKOA &#8211; Bases Reguladoras y Convocatoria 2023 de subvenciones para desarrollar proyectos puntuales que, desde una perspectiva cultural, promuevan los Objetivos de Desarrollo Sostenible en Gipuzkoa (Olatuak).\u00bb module_class=\u00bblista-custom\u00bb _builder_version=\u00bb4.19.5&#8243; background_color=\u00bb#c6c6c6&#8243; custom_margin=\u00bb0px||0px|\u00bb z_index_tablet=\u00bb500&#8243; box_shadow_horizontal_tablet=\u00bb0px\u00bb box_shadow_vertical_tablet=\u00bb0px\u00bb box_shadow_blur_tablet=\u00bb40px\u00bb box_shadow_spread_tablet=\u00bb0px\u00bb saved_tabs=\u00bball\u00bb global_colors_info=\u00bb{}\u00bb]<\/p>\n<h4><strong>DIPUTACI\u00d3N FORAL DE GIPUZKOA &#8211; Bases Reguladoras y Convocatoria 2023 de subvenciones para desarrollar proyectos puntuales que, desde una perspectiva cultural, promuevan los Objetivos de Desarrollo Sostenible en Gipuzkoa (Olatuak).<\/strong><\/h4>\n<ul>\n<li>Fuente &#8211; DFG \/ BOG<\/li>\n<li>Fecha &#8211; Publicado el 2 de marzo.<\/li>\n<\/ul>\n<p>[\/et_pb_text][et_pb_button button_url=\u00bbhttps:\/\/egoitza.gipuzkoa.eus\/gao-bog\/castell\/bog\/2023\/03\/02\/c2301204.htm\u00bb url_new_window=\u00bbon\u00bb button_text=\u00bb+ info\u00bb admin_label=\u00bbBot\u00f3n\u00bb module_class=\u00bbbtn btn-cursos\u00bb _builder_version=\u00bb4.19.5&#8243; custom_margin=\u00bb||50px|\u00bb z_index_tablet=\u00bb500&#8243; box_shadow_horizontal_tablet=\u00bb0px\u00bb box_shadow_vertical_tablet=\u00bb0px\u00bb box_shadow_blur_tablet=\u00bb40px\u00bb box_shadow_spread_tablet=\u00bb0px\u00bb saved_tabs=\u00bball\u00bb global_colors_info=\u00bb{}\u00bb][\/et_pb_button][et_pb_text admin_label=\u00bbPublicado el 2 de marzo.<br \/>\nDIPUTACI\u00d3N FORAL DE GIPUZKOA &#8211; Bases Reguladoras y Convocatoria 2023 de subvenciones a actividades de car\u00e1cter innovador realizadas por asociaciones culturales sin fines de lucro que incorporen nuevas iniciativas al panorama art\u00edstico-cultural de Gipuzkoa (Susperka).\u00bb module_class=\u00bblista-custom\u00bb _builder_version=\u00bb4.19.5&#8243; background_color=\u00bb#c6c6c6&#8243; custom_margin=\u00bb0px||0px|\u00bb z_index_tablet=\u00bb500&#8243; box_shadow_horizontal_tablet=\u00bb0px\u00bb box_shadow_vertical_tablet=\u00bb0px\u00bb box_shadow_blur_tablet=\u00bb40px\u00bb box_shadow_spread_tablet=\u00bb0px\u00bb saved_tabs=\u00bball\u00bb global_colors_info=\u00bb{}\u00bb]<\/p>\n<h4><strong>DIPUTACI\u00d3N FORAL DE GIPUZKOA &#8211; Bases Reguladoras y Convocatoria 2023 de subvenciones a actividades de car\u00e1cter innovador realizadas por asociaciones culturales sin fines de lucro que incorporen nuevas iniciativas al panorama art\u00edstico-cultural de Gipuzkoa (Susperka).<\/strong><\/h4>\n<ul>\n<li>Fuente &#8211; DFG \/ BOG<\/li>\n<li>Fecha &#8211; Publicado el 2 de marzo.<\/li>\n<\/ul>\n<p>[\/et_pb_text][et_pb_button button_url=\u00bbhttps:\/\/egoitza.gipuzkoa.eus\/gao-bog\/castell\/bog\/2023\/03\/02\/c2301203.htm\u00bb url_new_window=\u00bbon\u00bb button_text=\u00bb+ info\u00bb admin_label=\u00bbBot\u00f3n\u00bb module_class=\u00bbbtn btn-cursos\u00bb _builder_version=\u00bb4.19.5&#8243; custom_margin=\u00bb||50px|\u00bb z_index_tablet=\u00bb500&#8243; box_shadow_horizontal_tablet=\u00bb0px\u00bb box_shadow_vertical_tablet=\u00bb0px\u00bb box_shadow_blur_tablet=\u00bb40px\u00bb box_shadow_spread_tablet=\u00bb0px\u00bb saved_tabs=\u00bball\u00bb global_colors_info=\u00bb{}\u00bb][\/et_pb_button][et_pb_text admin_label=\u00bbPublicado el 2 de marzo.<br \/>\nDIPUTACI\u00d3N FORAL DE GIPUZKOA &#8211; Bases espec\u00edficas y convocatoria de 2023-2024 de subvenciones dirigidas a asociaciones sin \u00e1nimo de lucro, con programas de actuaci\u00f3n consolidados, para la realizaci\u00f3n de proyectos y actividades en Gipuzkoa, en cualquiera de los \u00e1mbitos de la cultura (OREKA).\u00bb module_class=\u00bblista-custom\u00bb _builder_version=\u00bb4.19.5&#8243; background_color=\u00bb#c6c6c6&#8243; custom_margin=\u00bb0px||0px|\u00bb z_index_tablet=\u00bb500&#8243; box_shadow_horizontal_tablet=\u00bb0px\u00bb box_shadow_vertical_tablet=\u00bb0px\u00bb box_shadow_blur_tablet=\u00bb40px\u00bb box_shadow_spread_tablet=\u00bb0px\u00bb saved_tabs=\u00bball\u00bb global_colors_info=\u00bb{}\u00bb]<\/p>\n<h4><strong>DIPUTACI\u00d3N FORAL DE GIPUZKOA &#8211; Bases espec\u00edficas y convocatoria de 2023-2024 de subvenciones dirigidas a asociaciones sin \u00e1nimo de lucro, con programas de actuaci\u00f3n consolidados, para la realizaci\u00f3n de proyectos y actividades en Gipuzkoa, en cualquiera de los \u00e1mbitos de la cultura (OREKA)..<\/strong><\/h4>\n<ul>\n<li>Fuente &#8211; DFG \/ BOG<\/li>\n<li>Fecha &#8211; Publicado el 2 de marzo.<\/li>\n<\/ul>\n<p>[\/et_pb_text][et_pb_button button_url=\u00bbhttps:\/\/egoitza.gipuzkoa.eus\/gao-bog\/castell\/bog\/2023\/03\/02\/c2301202.htm\u00bb url_new_window=\u00bbon\u00bb button_text=\u00bb+ info\u00bb admin_label=\u00bbBot\u00f3n\u00bb module_class=\u00bbbtn btn-cursos\u00bb _builder_version=\u00bb4.19.5&#8243; custom_margin=\u00bb||50px|\u00bb z_index_tablet=\u00bb500&#8243; box_shadow_horizontal_tablet=\u00bb0px\u00bb box_shadow_vertical_tablet=\u00bb0px\u00bb box_shadow_blur_tablet=\u00bb40px\u00bb box_shadow_spread_tablet=\u00bb0px\u00bb saved_tabs=\u00bball\u00bb global_colors_info=\u00bb{}\u00bb][\/et_pb_button][et_pb_text admin_label=\u00bbPublicado el 28 de febrero.<br \/>\nAYTO. DE SAN SEBSATI\u00c1N &#8211; Convocatoria de subvenciones a entidades sin \u00e1nimo de lucro del a\u00f1o 2023.\u00bb module_class=\u00bblista-custom\u00bb _builder_version=\u00bb4.19.5&#8243; background_color=\u00bb#c6c6c6&#8243; custom_margin=\u00bb0px||0px|\u00bb z_index_tablet=\u00bb500&#8243; box_shadow_horizontal_tablet=\u00bb0px\u00bb box_shadow_vertical_tablet=\u00bb0px\u00bb box_shadow_blur_tablet=\u00bb40px\u00bb box_shadow_spread_tablet=\u00bb0px\u00bb saved_tabs=\u00bball\u00bb global_colors_info=\u00bb{}\u00bb]<\/p>\n<h4><strong>AYTO. DE SAN SEBASTI\u00c1N &#8211; Convocatoria de subvenciones a entidades sin \u00e1nimo de lucro del a\u00f1o 2023.<\/strong><\/h4>\n<ul>\n<li>Fuente &#8211; Ayto de San Sebasti\u00e1n \/ BOG<\/li>\n<li>Fecha &#8211; Publicado el 28 de febrero.<\/li>\n<\/ul>\n<p>[\/et_pb_text][et_pb_button button_url=\u00bbhttps:\/\/www.donostia.eus\/home.nsf\/0\/BB7532326C5BA688C125896400449CE0?OpenDocument&#038;idioma=cas&#038;id=A608306&#8243; url_new_window=\u00bbon\u00bb button_text=\u00bb+ info\u00bb admin_label=\u00bbBot\u00f3n\u00bb module_class=\u00bbbtn btn-cursos\u00bb _builder_version=\u00bb4.19.5&#8243; custom_margin=\u00bb||50px|\u00bb z_index_tablet=\u00bb500&#8243; box_shadow_horizontal_tablet=\u00bb0px\u00bb box_shadow_vertical_tablet=\u00bb0px\u00bb box_shadow_blur_tablet=\u00bb40px\u00bb box_shadow_spread_tablet=\u00bb0px\u00bb saved_tabs=\u00bball\u00bb global_colors_info=\u00bb{}\u00bb][\/et_pb_button][et_pb_text admin_label=\u00bbPublicado el 27 de enero.<br \/>\nDIPUTACI\u00d3N FORAL DE GIPUZKOA &#8211; Convocatoria correspondiente al 2023 de subvenciones para fomentar la participaci\u00f3n ciudadana desde las entidades ciudadanas de Gipuzkoa\u00bb module_class=\u00bblista-custom\u00bb _builder_version=\u00bb4.16&#8243; background_color=\u00bb#c6c6c6&#8243; custom_margin=\u00bb0px||0px|\u00bb z_index_tablet=\u00bb500&#8243; box_shadow_horizontal_tablet=\u00bb0px\u00bb box_shadow_vertical_tablet=\u00bb0px\u00bb box_shadow_blur_tablet=\u00bb40px\u00bb box_shadow_spread_tablet=\u00bb0px\u00bb saved_tabs=\u00bball\u00bb global_colors_info=\u00bb{}\u00bb]<\/p>\n<h4><strong>DIPUTACI\u00d3N FORAL DE GIPUZKOA &#8211; Convocatoria correspondiente al 2023 de subvenciones para fomentar la participaci\u00f3n ciudadana desde las entidades ciudadanas de Gipuzkoa.<\/strong><\/h4>\n<ul>\n<li>Fuente &#8211; DIPUTACI\u00d3N FORAL DE GIPUZKOA<\/li>\n<li>Fecha &#8211; Publicado el 27 de enero.<\/li>\n<\/ul>\n<p>[\/et_pb_text][et_pb_button button_url=\u00bbhttps:\/\/egoitza.gipuzkoa.eus\/gao-bog\/castell\/bog\/2023\/01\/27\/c2300397.htm\u00bb url_new_window=\u00bbon\u00bb button_text=\u00bb+ info\u00bb admin_label=\u00bbBot\u00f3n\u00bb module_class=\u00bbbtn btn-cursos\u00bb _builder_version=\u00bb4.16&#8243; custom_margin=\u00bb||50px|\u00bb z_index_tablet=\u00bb500&#8243; box_shadow_horizontal_tablet=\u00bb0px\u00bb box_shadow_vertical_tablet=\u00bb0px\u00bb box_shadow_blur_tablet=\u00bb40px\u00bb box_shadow_spread_tablet=\u00bb0px\u00bb saved_tabs=\u00bball\u00bb global_colors_info=\u00bb{}\u00bb][\/et_pb_button][et_pb_text admin_label=\u00bbPublicado el 25 de enero.<br \/>\nGOBIERNO VASCO &#8211; Convocatoria 2023 de subvenciones para el fomento de actividades del tercer sector el \u00e1mbito de la intervenci\u00f3n social en el Pa\u00eds Vasco.\u00bb module_class=\u00bblista-custom\u00bb _builder_version=\u00bb4.16&#8243; background_color=\u00bb#c6c6c6&#8243; custom_margin=\u00bb0px||0px|\u00bb z_index_tablet=\u00bb500&#8243; box_shadow_horizontal_tablet=\u00bb0px\u00bb box_shadow_vertical_tablet=\u00bb0px\u00bb box_shadow_blur_tablet=\u00bb40px\u00bb box_shadow_spread_tablet=\u00bb0px\u00bb saved_tabs=\u00bball\u00bb global_colors_info=\u00bb{}\u00bb]<\/p>\n<h4><strong>GOBIERNO VASCO &#8211; Convocatoria 2023 de subvenciones para el fomento de actividades del tercer sector el \u00e1mbito de la intervenci\u00f3n social en el Pa\u00eds Vasco.<\/strong><\/h4>\n<ul>\n<li>Fuente &#8211; GOBIERNO VASCO\u00a0<\/li>\n<li>Fecha &#8211; Publicado el 25 de enero.<\/li>\n<\/ul>\n<p>[\/et_pb_text][et_pb_button button_url=\u00bbhttps:\/\/www.euskadi.eus\/y22-bopv\/es\/bopv2\/datos\/2023\/01\/2300410a.pdf\u00bb url_new_window=\u00bbon\u00bb button_text=\u00bb+ info\u00bb admin_label=\u00bbBot\u00f3n\u00bb module_class=\u00bbbtn btn-cursos\u00bb _builder_version=\u00bb4.16&#8243; custom_margin=\u00bb||50px|\u00bb z_index_tablet=\u00bb500&#8243; box_shadow_horizontal_tablet=\u00bb0px\u00bb box_shadow_vertical_tablet=\u00bb0px\u00bb box_shadow_blur_tablet=\u00bb40px\u00bb box_shadow_spread_tablet=\u00bb0px\u00bb saved_tabs=\u00bball\u00bb global_colors_info=\u00bb{}\u00bb][\/et_pb_button][et_pb_text admin_label=\u00bbPublicado el 18 de octubre.<br \/>\nGOBIERNO VASCO &#8211; Subvenciones para proyectos de voluntariado ambiental en la CAPV realizados por entidades privadas sin \u00e1nimo de lucro. Convocatoria 2022.\u00bb module_class=\u00bblista-custom\u00bb _builder_version=\u00bb4.16&#8243; background_color=\u00bb#c6c6c6&#8243; custom_margin=\u00bb0px||0px|\u00bb z_index_tablet=\u00bb500&#8243; box_shadow_horizontal_tablet=\u00bb0px\u00bb box_shadow_vertical_tablet=\u00bb0px\u00bb box_shadow_blur_tablet=\u00bb40px\u00bb box_shadow_spread_tablet=\u00bb0px\u00bb saved_tabs=\u00bball\u00bb global_colors_info=\u00bb{}\u00bb]<\/p>\n<h4><strong>GOBIERNO VASCO &#8211; Subvenciones para proyectos de voluntariado ambiental en la CAPV realizados por entidades privadas sin \u00e1nimo de lucro. Convocatoria 2022.<\/strong><\/h4>\n<ul>\n<li>Fuente &#8211; GOBIERNO VASCO<\/li>\n<li>Fecha &#8211; Publicado el 18 de octubre.<\/li>\n<\/ul>\n<p>[\/et_pb_text][et_pb_button button_url=\u00bbhttps:\/\/www.euskadi.eus\/ayuda_subvencion\/2022\/voluntariado-ambiental\/web01-a2inghez\/es\/\u00bb url_new_window=\u00bbon\u00bb button_text=\u00bb+ info\u00bb admin_label=\u00bbBot\u00f3n\u00bb module_class=\u00bbbtn btn-cursos\u00bb _builder_version=\u00bb4.16&#8243; custom_margin=\u00bb||50px|\u00bb z_index_tablet=\u00bb500&#8243; box_shadow_horizontal_tablet=\u00bb0px\u00bb box_shadow_vertical_tablet=\u00bb0px\u00bb box_shadow_blur_tablet=\u00bb40px\u00bb box_shadow_spread_tablet=\u00bb0px\u00bb saved_tabs=\u00bball\u00bb global_colors_info=\u00bb{}\u00bb][\/et_pb_button][et_pb_text admin_label=\u00bbPublicado el 9 de mayo.<br \/>\nGOBIERNO VASCO &#8211; Convocatoria de ayudas a proyectos de cooperaci\u00f3n para el desarrollo para el a\u00f1o 2022.\u00bb module_class=\u00bblista-custom\u00bb _builder_version=\u00bb4.16&#8243; background_color=\u00bb#c6c6c6&#8243; custom_margin=\u00bb0px||0px|\u00bb z_index_tablet=\u00bb500&#8243; box_shadow_horizontal_tablet=\u00bb0px\u00bb box_shadow_vertical_tablet=\u00bb0px\u00bb box_shadow_blur_tablet=\u00bb40px\u00bb box_shadow_spread_tablet=\u00bb0px\u00bb saved_tabs=\u00bball\u00bb global_colors_info=\u00bb{}\u00bb]<\/p>\n<h4><strong>GOBIERNO VASCO &#8211; Convocatoria de ayudas a proyectos de cooperaci\u00f3n para el desarrollo para el a\u00f1o 2022.<\/strong><\/h4>\n<ul>\n<li>Fuente &#8211; Gobierno Vasco \/ BOPV<\/li>\n<li>Fecha &#8211; Publicado el 9 de mayo.<\/li>\n<\/ul>\n<p>[\/et_pb_text][et_pb_button button_url=\u00bbhttps:\/\/www.euskadi.eus\/y22-bopv\/es\/bopv2\/datos\/2022\/05\/2201960a.shtml\u00bb url_new_window=\u00bbon\u00bb button_text=\u00bb+ info\u00bb admin_label=\u00bbBot\u00f3n\u00bb module_class=\u00bbbtn btn-cursos\u00bb _builder_version=\u00bb4.16&#8243; custom_margin=\u00bb||50px|\u00bb z_index_tablet=\u00bb500&#8243; box_shadow_horizontal_tablet=\u00bb0px\u00bb box_shadow_vertical_tablet=\u00bb0px\u00bb box_shadow_blur_tablet=\u00bb40px\u00bb box_shadow_spread_tablet=\u00bb0px\u00bb saved_tabs=\u00bball\u00bb global_colors_info=\u00bb{}\u00bb][\/et_pb_button][et_pb_text admin_label=\u00bbPublicado el 11 de marzo. DIPUTACI\u00d3N FORAL DE GIPUZKOA &#8211; Convocatoria de 2022 de subvenciones a la inversi\u00f3n en las sedes de las entidades del tercer sector social del Territorio Hist\u00f3rico de Gipuzkoa.\u00bb module_class=\u00bblista-custom\u00bb _builder_version=\u00bb4.16&#8243; background_color=\u00bb#c6c6c6&#8243; custom_margin=\u00bb0px||0px|\u00bb z_index_tablet=\u00bb500&#8243; box_shadow_horizontal_tablet=\u00bb0px\u00bb box_shadow_vertical_tablet=\u00bb0px\u00bb box_shadow_blur_tablet=\u00bb40px\u00bb box_shadow_spread_tablet=\u00bb0px\u00bb saved_tabs=\u00bball\u00bb global_colors_info=\u00bb{}\u00bb]<\/p>\n<h4><strong>DIPUTACI\u00d3N FORAL DE GIPUZKOA &#8211; Convocatoria de 2022 de subvenciones a la inversi\u00f3n en las sedes de las entidades del tercer sector social del Territorio Hist\u00f3rico de Gipuzkoa.<\/strong><\/h4>\n<ul>\n<li>Fuente &#8211; Diputaci\u00f3n Foral de Gipuzkoa \/ BOG<\/li>\n<li>Fecha &#8211; Publicado el 11 de marzo.<\/li>\n<\/ul>\n<p>[\/et_pb_text][et_pb_button button_url=\u00bbhttps:\/\/egoitza.gipuzkoa.eus\/es\/subvenciones?p_p_id=Subvenciones_WAR_LEEsubvencionesportlet&#038;p_p_lifecycle=0&#038;p_p_state=normal&#038;p_p_mode=view&#038;p_p_col_id=column-1&#038;p_p_col_count=1&#038;_Subvenciones_WAR_LEEsubvencionesportlet_cserv=PSINV3&#038;_Subvenciones_WAR_LEEsubvencionesportlet_myaction=detalle&#038;_Subvenciones_WAR_LEEsubvencionesportlet_depto=9&#038;_Subvenciones_WAR_LEEsubvencionesportlet_ejercicio=2022&#8243; url_new_window=\u00bbon\u00bb button_text=\u00bb+ info\u00bb admin_label=\u00bbBot\u00f3n\u00bb module_class=\u00bbbtn btn-cursos\u00bb _builder_version=\u00bb4.16&#8243; custom_margin=\u00bb||50px|\u00bb z_index_tablet=\u00bb500&#8243; box_shadow_horizontal_tablet=\u00bb0px\u00bb box_shadow_vertical_tablet=\u00bb0px\u00bb box_shadow_blur_tablet=\u00bb40px\u00bb box_shadow_spread_tablet=\u00bb0px\u00bb saved_tabs=\u00bball\u00bb global_colors_info=\u00bb{}\u00bb][\/et_pb_button][et_pb_text admin_label=\u00bbPublicado el 10 de marzo.<br \/>\nDIPUTACI\u00d3N FORAL DE GIPUZKOA &#8211; Convocatoria de 2022 de las subvenciones a entidades de iniciativa social sin \u00e1nimo de lucro que desarrollan su labor en el \u00e1mbito de los servicios sociales en el Territorio Hist\u00f3rico de Gipuzkoa.\u00bb module_class=\u00bblista-custom\u00bb _builder_version=\u00bb4.16&#8243; background_color=\u00bb#c6c6c6&#8243; custom_margin=\u00bb0px||0px|\u00bb z_index_tablet=\u00bb500&#8243; box_shadow_horizontal_tablet=\u00bb0px\u00bb box_shadow_vertical_tablet=\u00bb0px\u00bb box_shadow_blur_tablet=\u00bb40px\u00bb box_shadow_spread_tablet=\u00bb0px\u00bb saved_tabs=\u00bball\u00bb global_colors_info=\u00bb{}\u00bb]<\/p>\n<h4><strong>DIPUTACI\u00d3N FORAL DE GIPUZKOA &#8211; Convocatoria de 2022 de las subvenciones a entidades de iniciativa social sin \u00e1nimo de lucro que desarrollan su labor en el \u00e1mbito de los servicios sociales en el Territorio Hist\u00f3rico de Gipuzkoa.<\/strong><\/h4>\n<ul>\n<li>Fuente &#8211; Diputaci\u00f3n Foral de Gipuzkoa \/ BOG<\/li>\n<li>Fecha &#8211; Publicado el 10 de marzo.<\/li>\n<\/ul>\n<p>[\/et_pb_text][et_pb_button button_url=\u00bbhttps:\/\/egoitza.gipuzkoa.eus\/gao-bog\/castell\/bog\/2022\/03\/10\/c2201284.htm\u00bb url_new_window=\u00bbon\u00bb button_text=\u00bb+ info\u00bb admin_label=\u00bbBot\u00f3n\u00bb module_class=\u00bbbtn btn-cursos\u00bb _builder_version=\u00bb4.16&#8243; custom_margin=\u00bb||50px|\u00bb z_index_tablet=\u00bb500&#8243; box_shadow_horizontal_tablet=\u00bb0px\u00bb box_shadow_vertical_tablet=\u00bb0px\u00bb box_shadow_blur_tablet=\u00bb40px\u00bb box_shadow_spread_tablet=\u00bb0px\u00bb saved_tabs=\u00bball\u00bb global_colors_info=\u00bb{}\u00bb][\/et_pb_button][et_pb_text admin_label=\u00bbPublicado el 8 de marzo.<br \/>\nAYTO. DE OLABERRIA &#8211; Convocatoria de 2022 de subvenciones a la cooperaci\u00f3n internacional y al desarrollo en el tercer mundo.\u00bb module_class=\u00bblista-custom\u00bb _builder_version=\u00bb4.16&#8243; background_color=\u00bb#c6c6c6&#8243; custom_margin=\u00bb0px||0px|\u00bb z_index_tablet=\u00bb500&#8243; box_shadow_horizontal_tablet=\u00bb0px\u00bb box_shadow_vertical_tablet=\u00bb0px\u00bb box_shadow_blur_tablet=\u00bb40px\u00bb box_shadow_spread_tablet=\u00bb0px\u00bb saved_tabs=\u00bball\u00bb global_colors_info=\u00bb{}\u00bb]<\/p>\n<h4><strong>AYTO. DE OLABERRIA &#8211; Convocatoria de 2022 de subvenciones a la cooperaci\u00f3n internacional y al desarrollo en el tercer mundo.<\/strong><\/h4>\n<ul>\n<li>Fuente &#8211; Ayto. de Olaberria \/ BOG<\/li>\n<li>Fecha &#8211; Publicado el 8 de marzo.<\/li>\n<\/ul>\n<p>[\/et_pb_text][et_pb_button button_url=\u00bbhttps:\/\/egoitza.gipuzkoa.eus\/gao-bog\/castell\/bog\/2022\/03\/08\/c2201134.htm\u00bb url_new_window=\u00bbon\u00bb button_text=\u00bb+ info\u00bb admin_label=\u00bbBot\u00f3n\u00bb module_class=\u00bbbtn btn-cursos\u00bb _builder_version=\u00bb4.16&#8243; custom_margin=\u00bb||50px|\u00bb z_index_tablet=\u00bb500&#8243; box_shadow_horizontal_tablet=\u00bb0px\u00bb box_shadow_vertical_tablet=\u00bb0px\u00bb box_shadow_blur_tablet=\u00bb40px\u00bb box_shadow_spread_tablet=\u00bb0px\u00bb saved_tabs=\u00bball\u00bb global_colors_info=\u00bb{}\u00bb][\/et_pb_button][et_pb_text admin_label=\u00bbPublicado el 8 de marzo.<br \/>\nDIPUTACI\u00d3N FORAL DE GIPUZKOA &#8211; Convocatoria de 2022 de las subvenciones de las l\u00edneas A, B y C en materia de promoci\u00f3n de la infancia, adolescencia y juventud guipuzcoana.\u00bb module_class=\u00bblista-custom\u00bb _builder_version=\u00bb4.16&#8243; background_color=\u00bb#c6c6c6&#8243; custom_margin=\u00bb0px||0px|\u00bb z_index_tablet=\u00bb500&#8243; box_shadow_horizontal_tablet=\u00bb0px\u00bb box_shadow_vertical_tablet=\u00bb0px\u00bb box_shadow_blur_tablet=\u00bb40px\u00bb box_shadow_spread_tablet=\u00bb0px\u00bb saved_tabs=\u00bball\u00bb global_colors_info=\u00bb{}\u00bb]<\/p>\n<h4><strong>DIPUTACI\u00d3N FORAL DE GIPUZKOA &#8211; Convocatoria de 2022 de las subvenciones de las l\u00edneas A, B y C en materia de promoci\u00f3n de la infancia, adolescencia y juventud guipuzcoana.<\/strong><\/h4>\n<ul>\n<li>Fuente &#8211; Diputaci\u00f3n Foral de Gipuzkoa \/ BOG<\/li>\n<li>Fecha &#8211; Publicado el 8 de marzo.<\/li>\n<\/ul>\n<p>[\/et_pb_text][et_pb_button button_url=\u00bbhttps:\/\/egoitza.gipuzkoa.eus\/gao-bog\/castell\/bog\/2022\/03\/08\/c2201243.htm\u00bb url_new_window=\u00bbon\u00bb button_text=\u00bb+ info\u00bb admin_label=\u00bbBot\u00f3n\u00bb module_class=\u00bbbtn btn-cursos\u00bb _builder_version=\u00bb4.16&#8243; custom_margin=\u00bb||50px|\u00bb z_index_tablet=\u00bb500&#8243; box_shadow_horizontal_tablet=\u00bb0px\u00bb box_shadow_vertical_tablet=\u00bb0px\u00bb box_shadow_blur_tablet=\u00bb40px\u00bb box_shadow_spread_tablet=\u00bb0px\u00bb saved_tabs=\u00bball\u00bb global_colors_info=\u00bb{}\u00bb][\/et_pb_button][et_pb_text admin_label=\u00bbPublicado el 8 de marzo.<br \/>\nDIPUTACI\u00d3N FORAL DE GIPUZKOA &#8211; Convocatoria de 2022 para la concesi\u00f3n de ayudas para proyectos de j\u00f3venes organizados en auzolan (trabajos comunitarios).\u00bb module_class=\u00bblista-custom\u00bb _builder_version=\u00bb4.16&#8243; background_color=\u00bb#c6c6c6&#8243; custom_margin=\u00bb0px||0px|\u00bb z_index_tablet=\u00bb500&#8243; box_shadow_horizontal_tablet=\u00bb0px\u00bb box_shadow_vertical_tablet=\u00bb0px\u00bb box_shadow_blur_tablet=\u00bb40px\u00bb box_shadow_spread_tablet=\u00bb0px\u00bb saved_tabs=\u00bball\u00bb global_colors_info=\u00bb{}\u00bb]<\/p>\n<h4><strong>DIPUTACI\u00d3N FORAL DE GIPUZKOA &#8211; Convocatoria de 2022 para la concesi\u00f3n de ayudas para proyectos de j\u00f3venes organizados en auzolan (trabajos comunitarios).<\/strong><\/h4>\n<ul>\n<li>Fuente &#8211; Diputaci\u00f3n Foral de Gipuzkoa \/ BOG<\/li>\n<li>Fecha &#8211; Publicado el 8 de marzo.<\/li>\n<\/ul>\n<p>[\/et_pb_text][et_pb_button button_url=\u00bbhttps:\/\/egoitza.gipuzkoa.eus\/gao-bog\/castell\/bog\/2022\/03\/08\/c2201224.htm\u00bb url_new_window=\u00bbon\u00bb button_text=\u00bb+ info\u00bb admin_label=\u00bbBot\u00f3n\u00bb module_class=\u00bbbtn btn-cursos\u00bb _builder_version=\u00bb4.16&#8243; custom_margin=\u00bb||50px|\u00bb z_index_tablet=\u00bb500&#8243; box_shadow_horizontal_tablet=\u00bb0px\u00bb box_shadow_vertical_tablet=\u00bb0px\u00bb box_shadow_blur_tablet=\u00bb40px\u00bb box_shadow_spread_tablet=\u00bb0px\u00bb saved_tabs=\u00bball\u00bb global_colors_info=\u00bb{}\u00bb][\/et_pb_button][et_pb_text admin_label=\u00bbPublicado el 4 de marzo. AYTO. DE O\u00d1ATI &#8211; Convocatoria de 2022 de subvenciones con cargo a los programas gestionados por el Departamento de Educaci\u00f3n.\u00bb module_class=\u00bblista-custom\u00bb _builder_version=\u00bb4.16&#8243; background_color=\u00bb#c6c6c6&#8243; custom_margin=\u00bb0px||0px|\u00bb z_index_tablet=\u00bb500&#8243; box_shadow_horizontal_tablet=\u00bb0px\u00bb box_shadow_vertical_tablet=\u00bb0px\u00bb box_shadow_blur_tablet=\u00bb40px\u00bb box_shadow_spread_tablet=\u00bb0px\u00bb saved_tabs=\u00bball\u00bb global_colors_info=\u00bb{}\u00bb]<\/p>\n<h4><strong>AYTO. DE O\u00d1ATI &#8211; Convocatoria de 2022 de subvenciones con cargo a los programas gestionados por el Departamento de Educaci\u00f3n.<\/strong><\/h4>\n<ul>\n<li>Fuente &#8211; Ayto. de O\u00f1ati \/ BOG<\/li>\n<li>Fecha &#8211; Publicado el 4 de marzo.<\/li>\n<\/ul>\n<p>[\/et_pb_text][et_pb_button button_url=\u00bbhttps:\/\/egoitza.gipuzkoa.eus\/gao-bog\/castell\/bog\/2022\/03\/04\/c2201067.htm\u00bb url_new_window=\u00bbon\u00bb button_text=\u00bb+ info\u00bb admin_label=\u00bbBot\u00f3n\u00bb module_class=\u00bbbtn btn-cursos\u00bb _builder_version=\u00bb4.16&#8243; custom_margin=\u00bb||50px|\u00bb z_index_tablet=\u00bb500&#8243; box_shadow_horizontal_tablet=\u00bb0px\u00bb box_shadow_vertical_tablet=\u00bb0px\u00bb box_shadow_blur_tablet=\u00bb40px\u00bb box_shadow_spread_tablet=\u00bb0px\u00bb saved_tabs=\u00bball\u00bb global_colors_info=\u00bb{}\u00bb][\/et_pb_button][et_pb_text admin_label=\u00bbPublicado el 4 de marzo. AYTO. DE ELGOIBAR &#8211; Convocatoria de 2022 de subvenciones para la financiaci\u00f3n de asociaciones y\/o entidades que desarrollan su actividad en el \u00e1mbito de los Servicios Sociales.\u00bb module_class=\u00bblista-custom\u00bb _builder_version=\u00bb4.16&#8243; background_color=\u00bb#c6c6c6&#8243; custom_margin=\u00bb0px||0px|\u00bb z_index_tablet=\u00bb500&#8243; box_shadow_horizontal_tablet=\u00bb0px\u00bb box_shadow_vertical_tablet=\u00bb0px\u00bb box_shadow_blur_tablet=\u00bb40px\u00bb box_shadow_spread_tablet=\u00bb0px\u00bb saved_tabs=\u00bball\u00bb global_colors_info=\u00bb{}\u00bb]<\/p>\n<h4><strong>AYTO. DE ELGOIBAR &#8211; Convocatoria de 2022 de subvenciones para la financiaci\u00f3n de asociaciones y\/o entidades que desarrollan su actividad en el \u00e1mbito de los Servicios Sociales.<\/strong><\/h4>\n<ul>\n<li>Fuente &#8211; Ayto. de Elgoibar \/ BOG<\/li>\n<li>Fecha &#8211; Publicado el 4 de marzo.<\/li>\n<\/ul>\n<p>[\/et_pb_text][et_pb_button button_url=\u00bbhttps:\/\/egoitza.gipuzkoa.eus\/gao-bog\/castell\/bog\/2022\/03\/04\/c2201104.htm\u00bb url_new_window=\u00bbon\u00bb button_text=\u00bb+ info\u00bb admin_label=\u00bbBot\u00f3n\u00bb module_class=\u00bbbtn btn-cursos\u00bb _builder_version=\u00bb4.16&#8243; custom_margin=\u00bb||50px|\u00bb z_index_tablet=\u00bb500&#8243; box_shadow_horizontal_tablet=\u00bb0px\u00bb box_shadow_vertical_tablet=\u00bb0px\u00bb box_shadow_blur_tablet=\u00bb40px\u00bb box_shadow_spread_tablet=\u00bb0px\u00bb saved_tabs=\u00bball\u00bb global_colors_info=\u00bb{}\u00bb][\/et_pb_button][et_pb_text admin_label=\u00bbPublicado el 1 de marzo.<br \/>\nMANCOMUNIDAD BIDEBERRI &#8211; Convocatoria de 2022 de subvenciones para el desarrollo de programas de cooperaci\u00f3n dirigidos a pa\u00edses empobrecidos.\u00bb module_class=\u00bblista-custom\u00bb _builder_version=\u00bb4.16&#8243; background_color=\u00bb#c6c6c6&#8243; custom_margin=\u00bb0px||0px|\u00bb z_index_tablet=\u00bb500&#8243; box_shadow_horizontal_tablet=\u00bb0px\u00bb box_shadow_vertical_tablet=\u00bb0px\u00bb box_shadow_blur_tablet=\u00bb40px\u00bb box_shadow_spread_tablet=\u00bb0px\u00bb saved_tabs=\u00bball\u00bb global_colors_info=\u00bb{}\u00bb]<\/p>\n<h4><strong>MANCOMUNIDAD BIDEBERRI &#8211; Convocatoria de 2022 de subvenciones para el desarrollo de programas de cooperaci\u00f3n dirigidos a pa\u00edses empobrecidos.<\/strong><\/h4>\n<ul>\n<li>Fuente &#8211; Mancomunidad Bideberri \/ BOG<\/li>\n<li>Fecha &#8211; Publicado el 1 de marzo.<\/li>\n<\/ul>\n<p>[\/et_pb_text][et_pb_button button_url=\u00bbhttps:\/\/egoitza.gipuzkoa.eus\/gao-bog\/castell\/bog\/2022\/03\/01\/c2200915.htm\u00bb url_new_window=\u00bbon\u00bb button_text=\u00bb+ info\u00bb admin_label=\u00bbBot\u00f3n\u00bb module_class=\u00bbbtn btn-cursos\u00bb _builder_version=\u00bb4.16&#8243; custom_margin=\u00bb||50px|\u00bb z_index_tablet=\u00bb500&#8243; box_shadow_horizontal_tablet=\u00bb0px\u00bb box_shadow_vertical_tablet=\u00bb0px\u00bb box_shadow_blur_tablet=\u00bb40px\u00bb box_shadow_spread_tablet=\u00bb0px\u00bb saved_tabs=\u00bball\u00bb global_colors_info=\u00bb{}\u00bb][\/et_pb_button][et_pb_text admin_label=\u00bbPublicado el 1 de marzo.<br \/>\nMANCOMUNIDAD BIDEBERRI &#8211; Convocatoria de 2022 de subvenciones dirigidas asociaciones que desarrollan su actividad en servicios sociales.\u00bb module_class=\u00bblista-custom\u00bb _builder_version=\u00bb4.16&#8243; background_color=\u00bb#c6c6c6&#8243; custom_margin=\u00bb0px||0px|\u00bb z_index_tablet=\u00bb500&#8243; box_shadow_horizontal_tablet=\u00bb0px\u00bb box_shadow_vertical_tablet=\u00bb0px\u00bb box_shadow_blur_tablet=\u00bb40px\u00bb box_shadow_spread_tablet=\u00bb0px\u00bb saved_tabs=\u00bball\u00bb global_colors_info=\u00bb{}\u00bb]<\/p>\n<h4><strong>MANCOMUNIDAD BIDEBERRI &#8211; Convocatoria de 2022 de subvenciones dirigidas asociaciones que desarrollan su actividad en servicios sociales.<\/strong><\/h4>\n<ul>\n<li>Fuente &#8211; Mancomunidad Bideberri \/ BOG<\/li>\n<li>Fecha &#8211; Publicado el 1 de marzo.<\/li>\n<\/ul>\n<p>[\/et_pb_text][et_pb_button button_url=\u00bbhttps:\/\/egoitza.gipuzkoa.eus\/gao-bog\/castell\/bog\/2022\/03\/01\/c2200914.htm\u00bb url_new_window=\u00bbon\u00bb button_text=\u00bb+ info\u00bb admin_label=\u00bbBot\u00f3n\u00bb module_class=\u00bbbtn btn-cursos\u00bb _builder_version=\u00bb4.16&#8243; custom_margin=\u00bb||50px|\u00bb z_index_tablet=\u00bb500&#8243; box_shadow_horizontal_tablet=\u00bb0px\u00bb box_shadow_vertical_tablet=\u00bb0px\u00bb box_shadow_blur_tablet=\u00bb40px\u00bb box_shadow_spread_tablet=\u00bb0px\u00bb saved_tabs=\u00bball\u00bb global_colors_info=\u00bb{}\u00bb][\/et_pb_button][et_pb_text admin_label=\u00bbPublicado el 1 de marzo.<br \/>\nDIPUTACI\u00d3N FORAL DE GIPUZKOA &#8211; Convocatoria de 2022 de ayudas para actividades de car\u00e1cter innovador realizadas por asociaciones que incorporen nuevas iniciativas al panorama art\u00edstico-cultural de Gipuzkoa, en cualquiera de los \u00e1mbitos de la cultura (Susperka).\u00bb module_class=\u00bblista-custom\u00bb _builder_version=\u00bb4.16&#8243; background_color=\u00bb#c6c6c6&#8243; custom_margin=\u00bb0px||0px|\u00bb z_index_tablet=\u00bb500&#8243; box_shadow_horizontal_tablet=\u00bb0px\u00bb box_shadow_vertical_tablet=\u00bb0px\u00bb box_shadow_blur_tablet=\u00bb40px\u00bb box_shadow_spread_tablet=\u00bb0px\u00bb saved_tabs=\u00bball\u00bb global_colors_info=\u00bb{}\u00bb]<\/p>\n<h4><strong>DIPUTACI\u00d3N FORAL DE GIPUZKOA &#8211; Convocatoria de 2022 de ayudas para actividades de car\u00e1cter innovador realizadas por asociaciones que incorporen nuevas iniciativas al panorama art\u00edstico-cultural de Gipuzkoa, en cualquiera de los \u00e1mbitos de la cultura (Susperka).<\/strong><\/h4>\n<ul>\n<li>Fuente &#8211; Diputaci\u00f3n Foral de Gipuzkoa \/ BOG<\/li>\n<li>Fecha &#8211; Publicado el 1 de marzo.<\/li>\n<\/ul>\n<p>[\/et_pb_text][et_pb_button button_url=\u00bbhttps:\/\/egoitza.gipuzkoa.eus\/gao-bog\/castell\/bog\/2022\/03\/01\/c2200882.htm\u00bb url_new_window=\u00bbon\u00bb button_text=\u00bb+ info\u00bb admin_label=\u00bbBot\u00f3n\u00bb module_class=\u00bbbtn btn-cursos\u00bb _builder_version=\u00bb4.16&#8243; custom_margin=\u00bb||50px|\u00bb z_index_tablet=\u00bb500&#8243; box_shadow_horizontal_tablet=\u00bb0px\u00bb box_shadow_vertical_tablet=\u00bb0px\u00bb box_shadow_blur_tablet=\u00bb40px\u00bb box_shadow_spread_tablet=\u00bb0px\u00bb saved_tabs=\u00bball\u00bb global_colors_info=\u00bb{}\u00bb][\/et_pb_button][et_pb_text admin_label=\u00bbPublicado el 1 de marzo.<br \/>\nDIPUTACI\u00d3N FORAL DE GIPUZKOA &#8211; Convocatoria de 2022 de subvenciones para proyectos puntuales que, desde una perspectiva cultural, promuevan los Objetivos de Desarrollo Sostenible en Gipuzkoa (Olatuak).\u00bb module_class=\u00bblista-custom\u00bb _builder_version=\u00bb4.16&#8243; background_color=\u00bb#c6c6c6&#8243; custom_margin=\u00bb0px||0px|\u00bb z_index_tablet=\u00bb500&#8243; box_shadow_horizontal_tablet=\u00bb0px\u00bb box_shadow_vertical_tablet=\u00bb0px\u00bb box_shadow_blur_tablet=\u00bb40px\u00bb box_shadow_spread_tablet=\u00bb0px\u00bb saved_tabs=\u00bball\u00bb global_colors_info=\u00bb{}\u00bb]<\/p>\n<h4><strong>DIPUTACI\u00d3N FORAL DE GIPUZKOA &#8211; Convocatoria de 2022 de subvenciones para proyectos puntuales que, desde una perspectiva cultural, promuevan los Objetivos de Desarrollo Sostenible en Gipuzkoa (Olatuak).<\/strong><\/h4>\n<ul>\n<li>Fuente &#8211; Diputaci\u00f3n Foral de Gipuzkoa \/ BOG<\/li>\n<li>Fecha &#8211; Publicado el 1 de marzo.<\/li>\n<\/ul>\n<p>[\/et_pb_text][et_pb_button button_url=\u00bbhttps:\/\/egoitza.gipuzkoa.eus\/gao-bog\/castell\/bog\/2022\/03\/01\/c2200881.htm\u00bb url_new_window=\u00bbon\u00bb button_text=\u00bb+ info\u00bb admin_label=\u00bbBot\u00f3n\u00bb module_class=\u00bbbtn btn-cursos\u00bb _builder_version=\u00bb4.16&#8243; custom_margin=\u00bb||50px|\u00bb z_index_tablet=\u00bb500&#8243; box_shadow_horizontal_tablet=\u00bb0px\u00bb box_shadow_vertical_tablet=\u00bb0px\u00bb box_shadow_blur_tablet=\u00bb40px\u00bb box_shadow_spread_tablet=\u00bb0px\u00bb saved_tabs=\u00bball\u00bb global_colors_info=\u00bb{}\u00bb][\/et_pb_button][et_pb_text admin_label=\u00bbPublicado el 28 de febrero.<br \/>\nAYTO. DE O\u00d1ATI &#8211; Convocatoria de 2022 de subvenciones para el fomento de la igualdad de oportunidades entre mujeres y hombres.\u00bb module_class=\u00bblista-custom\u00bb _builder_version=\u00bb4.16&#8243; background_color=\u00bb#c6c6c6&#8243; custom_margin=\u00bb0px||0px|\u00bb z_index_tablet=\u00bb500&#8243; box_shadow_horizontal_tablet=\u00bb0px\u00bb box_shadow_vertical_tablet=\u00bb0px\u00bb box_shadow_blur_tablet=\u00bb40px\u00bb box_shadow_spread_tablet=\u00bb0px\u00bb saved_tabs=\u00bball\u00bb global_colors_info=\u00bb{}\u00bb]<\/p>\n<h4><strong>AYTO. DE O\u00d1ATI &#8211; Convocatoria de 2022 de subvenciones para el fomento de la igualdad de oportunidades entre mujeres y hombres.<\/strong><\/h4>\n<ul>\n<li>Fuente &#8211; Ayto. de O\u00f1ati \/ BOG<\/li>\n<li>Fecha &#8211; Publicado el 28 de febrero.<\/li>\n<\/ul>\n<p>[\/et_pb_text][et_pb_button button_url=\u00bbhttps:\/\/egoitza.gipuzkoa.eus\/gao-bog\/castell\/bog\/2022\/02\/28\/c2200858.htm\u00bb url_new_window=\u00bbon\u00bb button_text=\u00bb+ info\u00bb admin_label=\u00bbBot\u00f3n\u00bb module_class=\u00bbbtn btn-cursos\u00bb _builder_version=\u00bb4.16&#8243; custom_margin=\u00bb||50px|\u00bb z_index_tablet=\u00bb500&#8243; box_shadow_horizontal_tablet=\u00bb0px\u00bb box_shadow_vertical_tablet=\u00bb0px\u00bb box_shadow_blur_tablet=\u00bb40px\u00bb box_shadow_spread_tablet=\u00bb0px\u00bb saved_tabs=\u00bball\u00bb global_colors_info=\u00bb{}\u00bb][\/et_pb_button][et_pb_text admin_label=\u00bbPublicado el 22 de febrero.<br \/>\nAYTO. DE BEASAIN &#8211; Convocatoria de 2022 de ayudas de car\u00e1cter social.\u00bb module_class=\u00bblista-custom\u00bb _builder_version=\u00bb4.16&#8243; background_color=\u00bb#c6c6c6&#8243; custom_margin=\u00bb0px||0px|\u00bb z_index_tablet=\u00bb500&#8243; box_shadow_horizontal_tablet=\u00bb0px\u00bb box_shadow_vertical_tablet=\u00bb0px\u00bb box_shadow_blur_tablet=\u00bb40px\u00bb box_shadow_spread_tablet=\u00bb0px\u00bb saved_tabs=\u00bball\u00bb global_colors_info=\u00bb{}\u00bb]<\/p>\n<h4><strong>AYTO. DE BEASAIN &#8211; Convocatoria de 2022 de ayudas de car\u00e1cter social.<\/strong><\/h4>\n<ul>\n<li>Fuente &#8211; Ayto. de Beasain \/ BOG<\/li>\n<li>Fecha &#8211; Publicado el 22 de febrero.<\/li>\n<\/ul>\n<p>[\/et_pb_text][et_pb_button button_url=\u00bbhttps:\/\/egoitza.gipuzkoa.eus\/gao-bog\/castell\/bog\/2022\/02\/22\/c2200754.htm\u00bb url_new_window=\u00bbon\u00bb button_text=\u00bb+ info\u00bb admin_label=\u00bbBot\u00f3n\u00bb module_class=\u00bbbtn btn-cursos\u00bb _builder_version=\u00bb4.16&#8243; custom_margin=\u00bb||50px|\u00bb z_index_tablet=\u00bb500&#8243; box_shadow_horizontal_tablet=\u00bb0px\u00bb box_shadow_vertical_tablet=\u00bb0px\u00bb box_shadow_blur_tablet=\u00bb40px\u00bb box_shadow_spread_tablet=\u00bb0px\u00bb saved_tabs=\u00bball\u00bb global_colors_info=\u00bb{}\u00bb][\/et_pb_button][et_pb_text admin_label=\u00bbPublicado el 7 de febrero.<br \/>\nAYTO. DE DONOSTIA-SAN SEBASTI\u00c1N &#8211; Convocatoria de 2022 de subvenciones dirigidas a entidades sin \u00e1nimo de lucro.\u00bb module_class=\u00bblista-custom\u00bb _builder_version=\u00bb4.16&#8243; background_color=\u00bb#c6c6c6&#8243; custom_margin=\u00bb0px||0px|\u00bb z_index_tablet=\u00bb500&#8243; box_shadow_horizontal_tablet=\u00bb0px\u00bb box_shadow_vertical_tablet=\u00bb0px\u00bb box_shadow_blur_tablet=\u00bb40px\u00bb box_shadow_spread_tablet=\u00bb0px\u00bb saved_tabs=\u00bball\u00bb global_colors_info=\u00bb{}\u00bb]<\/p>\n<h4><strong>AYTO. DE DONOSTIA-SAN SEBASTI\u00c1N &#8211; Convocatoria de 2022 de subvenciones dirigidas a entidades sin \u00e1nimo de lucro.<\/strong><\/h4>\n<ul>\n<li>Fuente &#8211; Ayto. de Donostia \/ BOG<\/li>\n<li>Fecha &#8211; Publicado el 7 de febrero.<\/li>\n<\/ul>\n<p>[\/et_pb_text][et_pb_button button_url=\u00bbhttps:\/\/egoitza.gipuzkoa.eus\/gao-bog\/castell\/bog\/2022\/02\/07\/c2200318.htm\u00bb url_new_window=\u00bbon\u00bb button_text=\u00bb+ info\u00bb admin_label=\u00bbBot\u00f3n\u00bb module_class=\u00bbbtn btn-cursos\u00bb _builder_version=\u00bb4.16&#8243; custom_margin=\u00bb||50px|\u00bb z_index_tablet=\u00bb500&#8243; box_shadow_horizontal_tablet=\u00bb0px\u00bb box_shadow_vertical_tablet=\u00bb0px\u00bb box_shadow_blur_tablet=\u00bb40px\u00bb box_shadow_spread_tablet=\u00bb0px\u00bb saved_tabs=\u00bball\u00bb global_colors_info=\u00bb{}\u00bb][\/et_pb_button][et_pb_text admin_label=\u00bbPublicado el 4 de febrero.<br \/>\nAYTO. DE DONOSTIA-SAN SEBASTI\u00c1N &#8211; Convocatoria de subvenciones para las Asociaciones de Personas mayores jubiladas y prejubiladas.\u00bb module_class=\u00bblista-custom\u00bb _builder_version=\u00bb4.16&#8243; background_color=\u00bb#c6c6c6&#8243; custom_margin=\u00bb0px||0px|\u00bb z_index_tablet=\u00bb500&#8243; box_shadow_horizontal_tablet=\u00bb0px\u00bb box_shadow_vertical_tablet=\u00bb0px\u00bb box_shadow_blur_tablet=\u00bb40px\u00bb box_shadow_spread_tablet=\u00bb0px\u00bb saved_tabs=\u00bball\u00bb global_colors_info=\u00bb{}\u00bb]<\/p>\n<h4><strong>AYTO. DE DONOSTIA-SAN SEBASTI\u00c1N &#8211; Convocatoria de subvenciones para las Asociaciones de Personas mayores jubiladas y prejubiladas.<\/strong><\/h4>\n<ul>\n<li>Fuente &#8211; Ayto. de Donostia \/ BOG<\/li>\n<li>Fecha &#8211; Publicado el 4 de febrero.<\/li>\n<\/ul>\n<p>[\/et_pb_text][et_pb_button button_url=\u00bbhttps:\/\/egoitza.gipuzkoa.eus\/gao-bog\/castell\/bog\/2022\/02\/04\/c2200311.htm\u00bb url_new_window=\u00bbon\u00bb button_text=\u00bb+ info\u00bb admin_label=\u00bbBot\u00f3n\u00bb module_class=\u00bbbtn btn-cursos\u00bb _builder_version=\u00bb4.16&#8243; custom_margin=\u00bb||50px|\u00bb z_index_tablet=\u00bb500&#8243; box_shadow_horizontal_tablet=\u00bb0px\u00bb box_shadow_vertical_tablet=\u00bb0px\u00bb box_shadow_blur_tablet=\u00bb40px\u00bb box_shadow_spread_tablet=\u00bb0px\u00bb saved_tabs=\u00bball\u00bb global_colors_info=\u00bb{}\u00bb][\/et_pb_button][et_pb_text admin_label=\u00bbDel 1 al 24 de marzo.<br \/>\nFUNDACI\u00d3N LA CAIXA &#8211; Convocatoria de ayudas para impulsar iniciativas dirigidas especialmente a personas que se encuentran en situaci\u00f3n de vulnerabilidad social y cuyo objetivo es mejorar su calidad de vida y fomentar la igualdad de oportunidades.\u00bb module_class=\u00bblista-custom\u00bb _builder_version=\u00bb4.16&#8243; background_color=\u00bb#c6c6c6&#8243; custom_margin=\u00bb0px||0px|\u00bb z_index_tablet=\u00bb500&#8243; box_shadow_horizontal_tablet=\u00bb0px\u00bb box_shadow_vertical_tablet=\u00bb0px\u00bb box_shadow_blur_tablet=\u00bb40px\u00bb box_shadow_spread_tablet=\u00bb0px\u00bb saved_tabs=\u00bball\u00bb global_colors_info=\u00bb{}\u00bb]<\/p>\n<h4><strong>FUNDACI\u00d3N LA CAIXA &#8211; Convocatoria de ayudas para impulsar iniciativas dirigidas especialmente a personas que se encuentran en situaci\u00f3n de vulnerabilidad social y cuyo objetivo es mejorar su calidad de vida y fomentar la igualdad de oportunidades.<\/strong><\/h4>\n<ul>\n<li>Fuente &#8211; Fundaci\u00f3n La Caixa<\/li>\n<li>Fecha &#8211; Del 1 al 24 de marzo<\/li>\n<\/ul>\n<p>[\/et_pb_text][et_pb_button button_url=\u00bbhttps:\/\/fundacionlacaixa.org\/es\/convocatorias-sociales-pais-vasco\u00bb url_new_window=\u00bbon\u00bb button_text=\u00bb+ info\u00bb admin_label=\u00bbBot\u00f3n\u00bb module_class=\u00bbbtn btn-cursos\u00bb _builder_version=\u00bb4.16&#8243; custom_margin=\u00bb||50px|\u00bb z_index_tablet=\u00bb500&#8243; box_shadow_horizontal_tablet=\u00bb0px\u00bb box_shadow_vertical_tablet=\u00bb0px\u00bb box_shadow_blur_tablet=\u00bb40px\u00bb box_shadow_spread_tablet=\u00bb0px\u00bb saved_tabs=\u00bball\u00bb global_colors_info=\u00bb{}\u00bb][\/et_pb_button][et_pb_text admin_label=\u00bbPublicado el 24 de enero.<br \/>\nDIPUTACI\u00d3N FORAL DE GIPUZKOA &#8211; Convocatoria correspondiente al 2022 de subvenciones para fomentar la participaci\u00f3n ciudadana desde las entidades ciudadanas de Gipuzkoa.\u00bb module_class=\u00bblista-custom\u00bb _builder_version=\u00bb4.16&#8243; background_color=\u00bb#c6c6c6&#8243; custom_margin=\u00bb0px||0px|\u00bb z_index_tablet=\u00bb500&#8243; box_shadow_horizontal_tablet=\u00bb0px\u00bb box_shadow_vertical_tablet=\u00bb0px\u00bb box_shadow_blur_tablet=\u00bb40px\u00bb box_shadow_spread_tablet=\u00bb0px\u00bb saved_tabs=\u00bball\u00bb global_colors_info=\u00bb{}\u00bb]<\/p>\n<h4><strong>DIPUTACI\u00d3N FORAL DE GIPUZKOA &#8211; Convocatoria correspondiente al 2022 de subvenciones para fomentar la participaci\u00f3n ciudadana desde las entidades ciudadanas de Gipuzkoa.<\/strong><\/h4>\n<ul>\n<li>Fuente &#8211; GFA \/ BOG<\/li>\n<li>Fecha &#8211; Publicado el 24 de enero<\/li>\n<\/ul>\n<p>[\/et_pb_text][et_pb_button button_url=\u00bbhttps:\/\/egoitza.gipuzkoa.eus\/gao-bog\/castell\/bog\/2022\/01\/24\/c2200217.htm\u00bb url_new_window=\u00bbon\u00bb button_text=\u00bb+ info\u00bb admin_label=\u00bbBot\u00f3n\u00bb module_class=\u00bbbtn btn-cursos\u00bb _builder_version=\u00bb4.16&#8243; custom_margin=\u00bb||50px|\u00bb z_index_tablet=\u00bb500&#8243; box_shadow_horizontal_tablet=\u00bb0px\u00bb box_shadow_vertical_tablet=\u00bb0px\u00bb box_shadow_blur_tablet=\u00bb40px\u00bb box_shadow_spread_tablet=\u00bb0px\u00bb saved_tabs=\u00bball\u00bb global_colors_info=\u00bb{}\u00bb][\/et_pb_button][et_pb_text admin_label=\u00bbPublicado el 27 de diciembre.<br \/>\nGOBIERNO VASCO &#8211; Convocatoria de subvenciones para el desarrollo, en el a\u00f1o 2022, de programas y actividades en el \u00e1mbito de Juventud.\u00bb module_class=\u00bblista-custom\u00bb _builder_version=\u00bb4.16&#8243; background_color=\u00bb#c6c6c6&#8243; custom_margin=\u00bb0px||0px|\u00bb z_index_tablet=\u00bb500&#8243; box_shadow_horizontal_tablet=\u00bb0px\u00bb box_shadow_vertical_tablet=\u00bb0px\u00bb box_shadow_blur_tablet=\u00bb40px\u00bb box_shadow_spread_tablet=\u00bb0px\u00bb saved_tabs=\u00bball\u00bb global_colors_info=\u00bb{}\u00bb]<\/p>\n<h4><strong>GOBIERNO VASCO &#8211; Convocatoria de subvenciones para el desarrollo, en el a\u00f1o 2022, de programas y actividades en el \u00e1mbito de Juventud.<\/strong><\/h4>\n<ul>\n<li>Fuente &#8211; Gobierno Vasco \/ BOPV<\/li>\n<li>Fecha &#8211; Publicado el 27 de diciembre.<\/li>\n<\/ul>\n<p>[\/et_pb_text][et_pb_button button_url=\u00bbhttps:\/\/www.euskadi.eus\/y22-bopv\/es\/bopv2\/datos\/2021\/12\/2106405a.shtml\u00bb url_new_window=\u00bbon\u00bb button_text=\u00bb+ info\u00bb admin_label=\u00bbBot\u00f3n\u00bb module_class=\u00bbbtn btn-cursos\u00bb _builder_version=\u00bb4.16&#8243; custom_margin=\u00bb||50px|\u00bb z_index_tablet=\u00bb500&#8243; box_shadow_horizontal_tablet=\u00bb0px\u00bb box_shadow_vertical_tablet=\u00bb0px\u00bb box_shadow_blur_tablet=\u00bb40px\u00bb box_shadow_spread_tablet=\u00bb0px\u00bb saved_tabs=\u00bball\u00bb global_colors_info=\u00bb{}\u00bb][\/et_pb_button][et_pb_text admin_label=\u00bbPublicado el 21 de mayo.<br \/>\nDIPUTACI\u00d3N FORAL DE GIPUZKOA &#8211; Bases reguladoras y convocatoria de 2021 de las subvenciones para la cooperaci\u00f3n al desarrollo.\u00bb module_class=\u00bblista-custom\u00bb _builder_version=\u00bb4.16&#8243; background_color=\u00bb#c6c6c6&#8243; custom_margin=\u00bb0px||0px|\u00bb z_index_tablet=\u00bb500&#8243; box_shadow_horizontal_tablet=\u00bb0px\u00bb box_shadow_vertical_tablet=\u00bb0px\u00bb box_shadow_blur_tablet=\u00bb40px\u00bb box_shadow_spread_tablet=\u00bb0px\u00bb saved_tabs=\u00bball\u00bb global_colors_info=\u00bb{}\u00bb]<\/p>\n<h4><strong>DIPUTACI\u00d3N FORAL DE GIPUZKOA &#8211; Bases reguladoras y convocatoria de 2021 de las subvenciones para la cooperaci\u00f3n al desarrollo.<\/strong><\/h4>\n<ul>\n<li>Fuente &#8211; Diputaci\u00f3n Foral de Gipuzkoa \/ BOG<\/li>\n<li>Fecha &#8211; Publicado el 21 de mayo.<\/li>\n<\/ul>\n<p>[\/et_pb_text][et_pb_button button_url=\u00bbhttps:\/\/egoitza.gipuzkoa.eus\/gao-bog\/castell\/bog\/2021\/05\/21\/c2103341.htm\u00bb url_new_window=\u00bbon\u00bb button_text=\u00bb+ info\u00bb admin_label=\u00bbBot\u00f3n\u00bb module_class=\u00bbbtn btn-cursos\u00bb _builder_version=\u00bb4.16&#8243; custom_margin=\u00bb||50px|\u00bb z_index_tablet=\u00bb500&#8243; box_shadow_horizontal_tablet=\u00bb0px\u00bb box_shadow_vertical_tablet=\u00bb0px\u00bb box_shadow_blur_tablet=\u00bb40px\u00bb box_shadow_spread_tablet=\u00bb0px\u00bb saved_tabs=\u00bball\u00bb global_colors_info=\u00bb{}\u00bb][\/et_pb_button][et_pb_text admin_label=\u00bbPublicado el 17 de mayo.<br \/>\nGOBIERNO VASCO &#8211; Convocatoria de ayudas a proyectos de cooperaci\u00f3n para el desarrollo 2021.\u00bb module_class=\u00bblista-custom\u00bb _builder_version=\u00bb4.16&#8243; background_color=\u00bb#c6c6c6&#8243; custom_margin=\u00bb0px||0px|\u00bb z_index_tablet=\u00bb500&#8243; box_shadow_horizontal_tablet=\u00bb0px\u00bb box_shadow_vertical_tablet=\u00bb0px\u00bb box_shadow_blur_tablet=\u00bb40px\u00bb box_shadow_spread_tablet=\u00bb0px\u00bb saved_tabs=\u00bball\u00bb global_colors_info=\u00bb{}\u00bb]<\/p>\n<h4><strong>GOBIERNO VASCO &#8211; Convocatoria de ayudas a proyectos de cooperaci\u00f3n para el desarrollo 2021.<\/strong><\/h4>\n<ul>\n<li>Fuente &#8211; Gobierno Vasco \/ BOPV<\/li>\n<li>Fecha &#8211; Publicado el 17 de mayo.<\/li>\n<\/ul>\n<p>[\/et_pb_text][et_pb_button button_url=\u00bbhttps:\/\/www.euskadi.eus\/y22-bopv\/es\/p43aBOPVWebWar\/VerParalelo.do?cd2021002800&#8243; url_new_window=\u00bbon\u00bb button_text=\u00bb+ info\u00bb admin_label=\u00bbBot\u00f3n\u00bb module_class=\u00bbbtn btn-cursos\u00bb _builder_version=\u00bb4.16&#8243; custom_margin=\u00bb||50px|\u00bb z_index_tablet=\u00bb500&#8243; box_shadow_horizontal_tablet=\u00bb0px\u00bb box_shadow_vertical_tablet=\u00bb0px\u00bb box_shadow_blur_tablet=\u00bb40px\u00bb box_shadow_spread_tablet=\u00bb0px\u00bb saved_tabs=\u00bball\u00bb global_colors_info=\u00bb{}\u00bb][\/et_pb_button][et_pb_text admin_label=\u00bbPublicado el 11 de mayo.<br \/>\nDIPUTACI\u00d3N FORAL DE GIPUZKOA &#8211; Subvenciones en materia de promoci\u00f3n de la infancia, adolescencia y juventud guipuzcoana.\u00bb module_class=\u00bblista-custom\u00bb _builder_version=\u00bb4.16&#8243; background_color=\u00bb#c6c6c6&#8243; custom_margin=\u00bb0px||0px|\u00bb z_index_tablet=\u00bb500&#8243; box_shadow_horizontal_tablet=\u00bb0px\u00bb box_shadow_vertical_tablet=\u00bb0px\u00bb box_shadow_blur_tablet=\u00bb40px\u00bb box_shadow_spread_tablet=\u00bb0px\u00bb saved_tabs=\u00bball\u00bb global_colors_info=\u00bb{}\u00bb]<\/p>\n<h4><strong>DIPUTACI\u00d3N FORAL DE GIPUZKOA &#8211; Subvenciones en materia de promoci\u00f3n de la infancia, adolescencia y juventud guipuzcoana.<\/strong><\/h4>\n<ul>\n<li>Fuente &#8211; DFG \/ BOG<\/li>\n<li>Fecha &#8211; Publicado el 11 de mayo.<\/li>\n<\/ul>\n<p>[\/et_pb_text][et_pb_button button_url=\u00bbhttps:\/\/egoitza.gipuzkoa.eus\/gao-bog\/castell\/bog\/2021\/05\/11\/c2103128.htm\u00bb url_new_window=\u00bbon\u00bb button_text=\u00bb+ info\u00bb admin_label=\u00bbBot\u00f3n\u00bb module_class=\u00bbbtn btn-cursos\u00bb _builder_version=\u00bb4.16&#8243; custom_margin=\u00bb||50px|\u00bb z_index_tablet=\u00bb500&#8243; box_shadow_horizontal_tablet=\u00bb0px\u00bb box_shadow_vertical_tablet=\u00bb0px\u00bb box_shadow_blur_tablet=\u00bb40px\u00bb box_shadow_spread_tablet=\u00bb0px\u00bb saved_tabs=\u00bball\u00bb global_colors_info=\u00bb{}\u00bb][\/et_pb_button][et_pb_text admin_label=\u00bbPublicado el 27 de abril. GOBIERNO VASCO &#8211; Convocatoria de subvenciones para el fomento de actividades del tercer sector en el \u00e1mbito de la intervenci\u00f3n social en el Pa\u00eds Vasco.\u00bb module_class=\u00bblista-custom\u00bb _builder_version=\u00bb4.16&#8243; background_color=\u00bb#c6c6c6&#8243; custom_margin=\u00bb0px||0px|\u00bb z_index_tablet=\u00bb500&#8243; box_shadow_horizontal_tablet=\u00bb0px\u00bb box_shadow_vertical_tablet=\u00bb0px\u00bb box_shadow_blur_tablet=\u00bb40px\u00bb box_shadow_spread_tablet=\u00bb0px\u00bb saved_tabs=\u00bball\u00bb global_colors_info=\u00bb{}\u00bb]<\/p>\n<h4><strong>GOBIERNO VASCO &#8211; Convocatoria de subvenciones para el fomento de actividades del tercer sector en el \u00e1mbito de la intervenci\u00f3n social en el Pa\u00eds Vasco.<\/strong><\/h4>\n<ul>\n<li>Fuente &#8211; Gobierno Vasco \/ BOPV<\/li>\n<li>Fecha &#8211; Publicado el 27 de abril.<\/li>\n<\/ul>\n<p>[\/et_pb_text][et_pb_button button_url=\u00bbhttps:\/\/www.euskadi.eus\/y22-bopv\/es\/p43aBOPVWebWar\/VerParalelo.do?cd2021002401&#8243; url_new_window=\u00bbon\u00bb button_text=\u00bb+ info\u00bb admin_label=\u00bbBot\u00f3n\u00bb module_class=\u00bbbtn btn-cursos\u00bb _builder_version=\u00bb4.16&#8243; custom_margin=\u00bb||50px|\u00bb z_index_tablet=\u00bb500&#8243; box_shadow_horizontal_tablet=\u00bb0px\u00bb box_shadow_vertical_tablet=\u00bb0px\u00bb box_shadow_blur_tablet=\u00bb40px\u00bb box_shadow_spread_tablet=\u00bb0px\u00bb saved_tabs=\u00bball\u00bb global_colors_info=\u00bb{}\u00bb][\/et_pb_button][et_pb_text admin_label=\u00bbPublicado el 6 de abril.<br \/>\nDIPUTACI\u00d3N FORAL DE GIPUZKOA &#8211; Bases reguladoras y convocatoria 2021 para la concesi\u00f3n de subvenciones con cargo a los programas gestionados por la Direcci\u00f3n General de Derechos Humanos y Cultura Democr\u00e1tica.\u00bb module_class=\u00bblista-custom\u00bb _builder_version=\u00bb4.16&#8243; background_color=\u00bb#c6c6c6&#8243; custom_margin=\u00bb0px||0px|\u00bb z_index_tablet=\u00bb500&#8243; box_shadow_horizontal_tablet=\u00bb0px\u00bb box_shadow_vertical_tablet=\u00bb0px\u00bb box_shadow_blur_tablet=\u00bb40px\u00bb box_shadow_spread_tablet=\u00bb0px\u00bb saved_tabs=\u00bball\u00bb global_colors_info=\u00bb{}\u00bb]<\/p>\n<h4><strong>DIPUTACI\u00d3N FORAL DE GIPUZKOA &#8211; Bases reguladoras y convocatoria 2021 para la concesi\u00f3n de subvenciones con cargo a los programas gestionados por la Direcci\u00f3n General de Derechos Humanos y Cultura Democr\u00e1tica.<\/strong><\/h4>\n<ul>\n<li>Fuente &#8211; Diputaci\u00f3n Foral de Gipuzkoa \/ BOG<\/li>\n<li>Fecha &#8211; Publicado el 6 de abril.<\/li>\n<\/ul>\n<p>[\/et_pb_text][et_pb_button button_url=\u00bbhttps:\/\/egoitza.gipuzkoa.eus\/gao-bog\/castell\/bog\/2021\/04\/06\/c2101970.htm\u00bb url_new_window=\u00bbon\u00bb button_text=\u00bb+ info\u00bb admin_label=\u00bbBot\u00f3n\u00bb module_class=\u00bbbtn btn-cursos\u00bb _builder_version=\u00bb4.16&#8243; custom_margin=\u00bb||50px|\u00bb z_index_tablet=\u00bb500&#8243; box_shadow_horizontal_tablet=\u00bb0px\u00bb box_shadow_vertical_tablet=\u00bb0px\u00bb box_shadow_blur_tablet=\u00bb40px\u00bb box_shadow_spread_tablet=\u00bb0px\u00bb saved_tabs=\u00bball\u00bb global_colors_info=\u00bb{}\u00bb][\/et_pb_button][et_pb_text admin_label=\u00bbPublicado el 11de marzo.<br \/>\nDIPUTACI\u00d3N FORAL DE GIPUZKOA &#8211; Convocatoria de ayudas a la iniciativa social del Departamento de Pol\u00edticas Sociales, para el a\u00f1o 2021.\u00bb module_class=\u00bblista-custom\u00bb _builder_version=\u00bb4.16&#8243; background_color=\u00bb#c6c6c6&#8243; custom_margin=\u00bb0px||0px|\u00bb z_index_tablet=\u00bb500&#8243; box_shadow_horizontal_tablet=\u00bb0px\u00bb box_shadow_vertical_tablet=\u00bb0px\u00bb box_shadow_blur_tablet=\u00bb40px\u00bb box_shadow_spread_tablet=\u00bb0px\u00bb saved_tabs=\u00bball\u00bb global_colors_info=\u00bb{}\u00bb]<\/p>\n<h4><strong>DIPUTACI\u00d3N FORAL DE GIPUZKOA &#8211; Convocatoria de ayudas a la iniciativa social del Departamento de Pol\u00edticas Sociales, para el a\u00f1o 2021.<\/strong><\/h4>\n<ul>\n<li>Fuente &#8211; Diputaci\u00f3n Foral de Gipuzkoa \/ BOG<\/li>\n<li>Fecha &#8211; Publicado el 11de marzo.<\/li>\n<\/ul>\n<p>[\/et_pb_text][et_pb_button button_url=\u00bbhttps:\/\/egoitza.gipuzkoa.eus\/gao-bog\/castell\/bog\/2021\/03\/11\/c2101463.htm\u00bb url_new_window=\u00bbon\u00bb button_text=\u00bb+ info\u00bb admin_label=\u00bbBot\u00f3n\u00bb module_class=\u00bbbtn btn-cursos\u00bb _builder_version=\u00bb4.16&#8243; custom_margin=\u00bb||50px|\u00bb z_index_tablet=\u00bb500&#8243; box_shadow_horizontal_tablet=\u00bb0px\u00bb box_shadow_vertical_tablet=\u00bb0px\u00bb box_shadow_blur_tablet=\u00bb40px\u00bb box_shadow_spread_tablet=\u00bb0px\u00bb saved_tabs=\u00bball\u00bb global_colors_info=\u00bb{}\u00bb][\/et_pb_button][et_pb_text admin_label=\u00bbPublicado el 8 de marzo.<br \/>\nDIPUTACI\u00d3N FORAL DE GIPUZKOA &#8211; Bases reguladoras y convocatoria de 2021 de las l\u00edneas de subvenciones del programa de proyectos Etorkizuna Eraikiz Gipuzkoa Taldean.\u00bb module_class=\u00bblista-custom\u00bb _builder_version=\u00bb4.16&#8243; background_color=\u00bb#c6c6c6&#8243; custom_margin=\u00bb0px||0px|\u00bb z_index_tablet=\u00bb500&#8243; box_shadow_horizontal_tablet=\u00bb0px\u00bb box_shadow_vertical_tablet=\u00bb0px\u00bb box_shadow_blur_tablet=\u00bb40px\u00bb box_shadow_spread_tablet=\u00bb0px\u00bb saved_tabs=\u00bball\u00bb global_colors_info=\u00bb{}\u00bb]<\/p>\n<h4><strong>DIPUTACI\u00d3N FORAL DE GIPUZKOA &#8211; Bases reguladoras y convocatoria de 2021 de las l\u00edneas de subvenciones del programa de proyectos Etorkizuna Eraikiz Gipuzkoa Taldean.<\/strong><\/h4>\n<ul>\n<li>Fuente &#8211; Diputaci\u00f3n Foral de Gipuzkoa \/ BOG<\/li>\n<li>Fecha &#8211; Publicado el 8 de marzo.<\/li>\n<\/ul>\n<p>[\/et_pb_text][et_pb_button button_url=\u00bbhttps:\/\/egoitza.gipuzkoa.eus\/gao-bog\/castell\/bog\/2021\/03\/08\/c2101560.htm\u00bb url_new_window=\u00bbon\u00bb button_text=\u00bb+ info\u00bb admin_label=\u00bbBot\u00f3n\u00bb module_class=\u00bbbtn btn-cursos\u00bb _builder_version=\u00bb4.16&#8243; custom_margin=\u00bb||50px|\u00bb z_index_tablet=\u00bb500&#8243; box_shadow_horizontal_tablet=\u00bb0px\u00bb box_shadow_vertical_tablet=\u00bb0px\u00bb box_shadow_blur_tablet=\u00bb40px\u00bb box_shadow_spread_tablet=\u00bb0px\u00bb saved_tabs=\u00bball\u00bb global_colors_info=\u00bb{}\u00bb][\/et_pb_button][et_pb_text admin_label=\u00bbPublicado el 19 de febrero.<br \/>\nAYTO. DE DONOSTIA &#8211; Convocatoria de subvenciones a entidades sin \u00e1nimo de lucro del a\u00f1o 2021.\u00bb module_class=\u00bblista-custom\u00bb _builder_version=\u00bb4.16&#8243; background_color=\u00bb#c6c6c6&#8243; custom_margin=\u00bb0px||0px|\u00bb z_index_tablet=\u00bb500&#8243; box_shadow_horizontal_tablet=\u00bb0px\u00bb box_shadow_vertical_tablet=\u00bb0px\u00bb box_shadow_blur_tablet=\u00bb40px\u00bb box_shadow_spread_tablet=\u00bb0px\u00bb saved_tabs=\u00bball\u00bb global_colors_info=\u00bb{}\u00bb]<\/p>\n<h4><strong>AYTO. DE DONOSTIA &#8211; Convocatoria de subvenciones a entidades sin \u00e1nimo de lucro del a\u00f1o 2021.<\/strong><\/h4>\n<ul>\n<li>Fuente &#8211; Ayto. de Donostia \/ BOG<\/li>\n<li>Fecha &#8211; Publicado el 19 de febrero.<\/li>\n<\/ul>\n<p>[\/et_pb_text][et_pb_button button_url=\u00bbhttps:\/\/www.donostia.eus\/home.nsf\/0\/86B90F32B889468EC1258678002A26FC?OpenDocument&#038;idioma=cas&#038;id=A608306&#8243; url_new_window=\u00bbon\u00bb button_text=\u00bb+ info\u00bb admin_label=\u00bbBot\u00f3n\u00bb module_class=\u00bbbtn btn-cursos\u00bb _builder_version=\u00bb4.16&#8243; custom_margin=\u00bb||50px|\u00bb z_index_tablet=\u00bb500&#8243; box_shadow_horizontal_tablet=\u00bb0px\u00bb box_shadow_vertical_tablet=\u00bb0px\u00bb box_shadow_blur_tablet=\u00bb40px\u00bb box_shadow_spread_tablet=\u00bb0px\u00bb saved_tabs=\u00bball\u00bb global_colors_info=\u00bb{}\u00bb][\/et_pb_button][et_pb_text admin_label=\u00bbPublicado el 10 de noviembre. DIPUTACI\u00d3N FORAL DE GIPUZKOA &#8211; Bases reguladoras y convocatoria de 2021 para la concesi\u00f3n de las subvenciones destinadas a asociaciones de mujeres y otras entidades sin \u00e1nimo de lucro para actuaciones que fomenten la igualdad de mujeres y hombres.\u00bb module_class=\u00bblista-custom\u00bb _builder_version=\u00bb4.16&#8243; background_color=\u00bb#c6c6c6&#8243; custom_margin=\u00bb0px||0px|\u00bb z_index_tablet=\u00bb500&#8243; box_shadow_horizontal_tablet=\u00bb0px\u00bb box_shadow_vertical_tablet=\u00bb0px\u00bb box_shadow_blur_tablet=\u00bb40px\u00bb box_shadow_spread_tablet=\u00bb0px\u00bb saved_tabs=\u00bball\u00bb global_colors_info=\u00bb{}\u00bb]<\/p>\n<h4><strong>DIPUTACI\u00d3N FORAL DE GIPUZKOA &#8211; Bases reguladoras y convocatoria de 2021 para la concesi\u00f3n de las subvenciones destinadas a asociaciones de mujeres y otras entidades sin \u00e1nimo de lucro para actuaciones que fomenten la igualdad de mujeres y hombres.<\/strong><\/h4>\n<ul>\n<li>Fuente &#8211; Diputaci\u00f3n Foral de Gipuzkoa \/ BOG<\/li>\n<li>Fecha &#8211; Publicado el 10 de noviembre.<\/li>\n<\/ul>\n<p>[\/et_pb_text][et_pb_button button_url=\u00bbhttps:\/\/egoitza.gipuzkoa.eus\/gao-bog\/castell\/bog\/2020\/11\/10\/c2005872.htm\u00bb url_new_window=\u00bbon\u00bb button_text=\u00bb+ info\u00bb admin_label=\u00bbBot\u00f3n\u00bb module_class=\u00bbbtn btn-cursos\u00bb _builder_version=\u00bb4.16&#8243; custom_margin=\u00bb||50px|\u00bb z_index_tablet=\u00bb500&#8243; box_shadow_horizontal_tablet=\u00bb0px\u00bb box_shadow_vertical_tablet=\u00bb0px\u00bb box_shadow_blur_tablet=\u00bb40px\u00bb box_shadow_spread_tablet=\u00bb0px\u00bb saved_tabs=\u00bball\u00bb global_colors_info=\u00bb{}\u00bb][\/et_pb_button][et_pb_text admin_label=\u00bbHasta el 10 de diciembre. KUTXA FUNDAZIOA &#8211;  Convocatoria de ayudas de Kutxa Fundazioa a los proyectos sociales y culturales a desarrollar por las asociaciones y organizaciones sin \u00e1nimo de lucro de Gipuzkoa en 2021.\u00bb module_class=\u00bblista-custom\u00bb _builder_version=\u00bb4.16&#8243; background_color=\u00bb#c6c6c6&#8243; custom_margin=\u00bb0px||0px|\u00bb z_index_tablet=\u00bb500&#8243; box_shadow_horizontal_tablet=\u00bb0px\u00bb box_shadow_vertical_tablet=\u00bb0px\u00bb box_shadow_blur_tablet=\u00bb40px\u00bb box_shadow_spread_tablet=\u00bb0px\u00bb saved_tabs=\u00bball\u00bb global_colors_info=\u00bb{}\u00bb]<\/p>\n<h4><strong>KUTXA FUNDAZIOA &#8211; Convocatoria de ayudas de Kutxa Fundazioa a los proyectos sociales y culturales a desarrollar por las asociaciones y organizaciones sin \u00e1nimo de lucro de Gipuzkoa en 2021.<\/strong><\/h4>\n<ul>\n<li>Fuente &#8211; Kutxa Fundazioa<\/li>\n<li>Fecha &#8211; Hasta el 10 de diciembre.<\/li>\n<\/ul>\n<p>[\/et_pb_text][et_pb_button button_url=\u00bbhttps:\/\/www.kutxa.eus\/es\/actualidad\/16-fundacion\/2197-kutxa-fundazioa-convocatoria-de-ayudas-2021.html\u00bb url_new_window=\u00bbon\u00bb button_text=\u00bb+ info\u00bb admin_label=\u00bbBot\u00f3n\u00bb module_class=\u00bbbtn btn-cursos\u00bb _builder_version=\u00bb4.16&#8243; custom_margin=\u00bb||50px|\u00bb z_index_tablet=\u00bb500&#8243; box_shadow_horizontal_tablet=\u00bb0px\u00bb box_shadow_vertical_tablet=\u00bb0px\u00bb box_shadow_blur_tablet=\u00bb40px\u00bb box_shadow_spread_tablet=\u00bb0px\u00bb saved_tabs=\u00bball\u00bb global_colors_info=\u00bb{}\u00bb][\/et_pb_button][et_pb_text admin_label=\u00bbDIPUTACI\u00d3N FORAL DE GIPUZKOA &#8211; Convocatoria de subvenciones del Plan de inversiones en centros de servicios sociales para el a\u00f1o 2020. L\u00ednea 3: Subvenciones para la inversi\u00f3n en las sedes de las entidades del tercer sector social.\u00bb module_class=\u00bblista-custom\u00bb _builder_version=\u00bb4.16&#8243; background_color=\u00bb#c6c6c6&#8243; custom_margin=\u00bb0px||0px|\u00bb z_index_tablet=\u00bb500&#8243; box_shadow_horizontal_tablet=\u00bb0px\u00bb box_shadow_vertical_tablet=\u00bb0px\u00bb box_shadow_blur_tablet=\u00bb40px\u00bb box_shadow_spread_tablet=\u00bb0px\u00bb saved_tabs=\u00bball\u00bb global_colors_info=\u00bb{}\u00bb]<\/p>\n<h4><strong>(CORRECCI\u00d3N DE ERRORES)<br \/>DIPUTACI\u00d3N FORAL DE GIPUZKOA &#8211; Convocatoria de subvenciones del Plan de inversiones en centros de servicios sociales para el a\u00f1o 2020. L\u00ednea 3: Subvenciones para la inversi\u00f3n en las sedes de las entidades del tercer sector social.<\/strong><\/h4>\n<ul>\n<li>Fuente &#8211; DIPUTACI\u00d3N FORAL DE GIPUZKOA<\/li>\n<li>Fecha &#8211; Publicado el 17 de septiembre.<\/li>\n<\/ul>\n<p>[\/et_pb_text][et_pb_button button_url=\u00bbhttps:\/\/egoitza.gipuzkoa.eus\/gao-bog\/castell\/bog\/2020\/09\/17\/c2004605.htm\u00bb url_new_window=\u00bbon\u00bb button_text=\u00bb+ info\u00bb admin_label=\u00bbBot\u00f3n\u00bb module_class=\u00bbbtn btn-cursos\u00bb _builder_version=\u00bb4.16&#8243; custom_margin=\u00bb||50px|\u00bb z_index_tablet=\u00bb500&#8243; box_shadow_horizontal_tablet=\u00bb0px\u00bb box_shadow_vertical_tablet=\u00bb0px\u00bb box_shadow_blur_tablet=\u00bb40px\u00bb box_shadow_spread_tablet=\u00bb0px\u00bb saved_tabs=\u00bball\u00bb global_colors_info=\u00bb{}\u00bb][\/et_pb_button][et_pb_text admin_label=\u00bbPublicado el 14 de septiembre. DIPUTACI\u00d3N FORAL DE GIPUZKOA &#8211; Convocatoria de subvenciones del Plan de inversiones en centros de servicios sociales para el a\u00f1o 2020. L\u00ednea 3: Subvenciones para la inversi\u00f3n en las sedes de las entidades del tercer sector social.\u00bb module_class=\u00bblista-custom\u00bb _builder_version=\u00bb4.16&#8243; background_color=\u00bb#c6c6c6&#8243; custom_margin=\u00bb0px||0px|\u00bb z_index_tablet=\u00bb500&#8243; box_shadow_horizontal_tablet=\u00bb0px\u00bb box_shadow_vertical_tablet=\u00bb0px\u00bb box_shadow_blur_tablet=\u00bb40px\u00bb box_shadow_spread_tablet=\u00bb0px\u00bb saved_tabs=\u00bball\u00bb global_colors_info=\u00bb{}\u00bb]<\/p>\n<h4><strong>DIPUTACI\u00d3N FORAL DE GIPUZKOA &#8211; Convocatoria de subvenciones del Plan de inversiones en centros de servicios sociales para el a\u00f1o 2020. L\u00ednea 3: Subvenciones para la inversi\u00f3n en las sedes de las entidades del tercer sector social.<\/strong><\/h4>\n<ul>\n<li>Fuente &#8211; Diputaci\u00f3n Foral de Gipuzkoa<\/li>\n<li>Fecha &#8211; Publicado el 14 de septiembre.<\/li>\n<\/ul>\n<p>[\/et_pb_text][et_pb_button button_url=\u00bbhttps:\/\/egoitza.gipuzkoa.eus\/gao-bog\/castell\/bog\/2020\/09\/14\/c2004533.htm\u00bb url_new_window=\u00bbon\u00bb button_text=\u00bb+ info\u00bb admin_label=\u00bbBot\u00f3n\u00bb module_class=\u00bbbtn btn-cursos\u00bb _builder_version=\u00bb4.16&#8243; custom_margin=\u00bb||50px|\u00bb z_index_tablet=\u00bb500&#8243; box_shadow_horizontal_tablet=\u00bb0px\u00bb box_shadow_vertical_tablet=\u00bb0px\u00bb box_shadow_blur_tablet=\u00bb40px\u00bb box_shadow_spread_tablet=\u00bb0px\u00bb saved_tabs=\u00bball\u00bb global_colors_info=\u00bb{}\u00bb][\/et_pb_button][et_pb_text admin_label=\u00bbPublicado el 26 de junio DIPUTACI\u00d3N FORAL DE GIPUZKOA &#8211; Subvenciones en materia de promoci\u00f3n de la infancia, adolescencia y juventud guipuzcoana. Aprobaci\u00f3n de las Bases Reguladoras y Convocatoria de 2020.\u00bb module_class=\u00bblista-custom\u00bb _builder_version=\u00bb4.16&#8243; background_color=\u00bb#c6c6c6&#8243; custom_margin=\u00bb0px||0px|\u00bb z_index_tablet=\u00bb500&#8243; box_shadow_horizontal_tablet=\u00bb0px\u00bb box_shadow_vertical_tablet=\u00bb0px\u00bb box_shadow_blur_tablet=\u00bb40px\u00bb box_shadow_spread_tablet=\u00bb0px\u00bb saved_tabs=\u00bball\u00bb global_colors_info=\u00bb{}\u00bb]<\/p>\n<h4><strong>DIPUTACI\u00d3N FORAL DE GIPUZKOA &#8211; Subvenciones en materia de promoci\u00f3n de la infancia, adolescencia y juventud guipuzcoana. Aprobaci\u00f3n de las Bases Reguladoras y Convocatoria de 2020.<\/strong><\/h4>\n<ul>\n<li>Fuente &#8211; Diputaci\u00f3n Foral de Gipuzkoa \/ BOG<\/li>\n<li>Fecha &#8211; Publicado el 26 de junio<\/li>\n<\/ul>\n<p>[\/et_pb_text][et_pb_button button_url=\u00bbhttps:\/\/egoitza.gipuzkoa.eus\/gao-bog\/castell\/bog\/2020\/06\/26\/c2002961.htm\u00bb url_new_window=\u00bbon\u00bb button_text=\u00bb+ info\u00bb module_class=\u00bbbtn btn-cursos\u00bb _builder_version=\u00bb4.16&#8243; custom_margin=\u00bb||50px|\u00bb z_index_tablet=\u00bb500&#8243; box_shadow_horizontal_tablet=\u00bb0px\u00bb box_shadow_vertical_tablet=\u00bb0px\u00bb box_shadow_blur_tablet=\u00bb40px\u00bb box_shadow_spread_tablet=\u00bb0px\u00bb saved_tabs=\u00bball\u00bb global_colors_info=\u00bb{}\u00bb][\/et_pb_button][et_pb_text admin_label=\u00bbHasta el 6 de abril DIPUTACI\u00d3N FORAL DE GIPUZKOA Convocatoria correspondiente al 2020 de subvenciones para fomentar la participaci\u00f3n ciudadana desde las entidades ciudadanas de Gipuzkoa.\u00bb module_class=\u00bblista-custom\u00bb _builder_version=\u00bb4.16&#8243; background_color=\u00bb#c6c6c6&#8243; custom_margin=\u00bb0px||0px|\u00bb z_index_tablet=\u00bb500&#8243; box_shadow_horizontal_tablet=\u00bb0px\u00bb box_shadow_vertical_tablet=\u00bb0px\u00bb box_shadow_blur_tablet=\u00bb40px\u00bb box_shadow_spread_tablet=\u00bb0px\u00bb saved_tabs=\u00bball\u00bb global_colors_info=\u00bb{}\u00bb]<\/p>\n<h4><strong>DIPUTACI\u00d3N FORAL DE GIPUZKOA Convocatoria correspondiente al 2020 de subvenciones para fomentar la participaci\u00f3n ciudadana desde las entidades ciudadanas de Gipuzkoa.<\/strong><\/h4>\n<ul>\n<li>Fuente &#8211; Diputaci\u00f3n Foral de Gipuzkoa \/ BOG<\/li>\n<li>Fecha &#8211; Hasta el 6 de abril<\/li>\n<\/ul>\n<p>[\/et_pb_text][et_pb_button button_url=\u00bbhttps:\/\/drive.google.com\/file\/d\/1Pr6jRb_ye-Uk9X72Epw9Ij9VPH6CZ1M0\/view?usp=sharing\u00bb url_new_window=\u00bbon\u00bb button_text=\u00bb+ info\u00bb module_class=\u00bbbtn btn-cursos\u00bb _builder_version=\u00bb4.16&#8243; custom_margin=\u00bb||50px|\u00bb z_index_tablet=\u00bb500&#8243; box_shadow_horizontal_tablet=\u00bb0px\u00bb box_shadow_vertical_tablet=\u00bb0px\u00bb box_shadow_blur_tablet=\u00bb40px\u00bb box_shadow_spread_tablet=\u00bb0px\u00bb saved_tabs=\u00bball\u00bb global_colors_info=\u00bb{}\u00bb][\/et_pb_button][et_pb_text admin_label=\u00bbPublicado el 24 de enero AYTO. DE DONOSTIA Convocatoria de subvenciones para entidades sin \u00e1nimo de lucro. 2020.\u00bb module_class=\u00bblista-custom\u00bb _builder_version=\u00bb4.16&#8243; background_color=\u00bb#c6c6c6&#8243; custom_margin=\u00bb0px||0px|\u00bb z_index_tablet=\u00bb500&#8243; box_shadow_horizontal_tablet=\u00bb0px\u00bb box_shadow_vertical_tablet=\u00bb0px\u00bb box_shadow_blur_tablet=\u00bb40px\u00bb box_shadow_spread_tablet=\u00bb0px\u00bb saved_tabs=\u00bball\u00bb global_colors_info=\u00bb{}\u00bb]<\/p>\n<h4><strong>AYTO. DE DONOSTIA. Convocatoria de subvenciones para entidades sin \u00e1nimo de lucro. 2020.<\/strong><\/h4>\n<ul>\n<li>Fuente &#8211; Ayto de Doostia \/ BOG<\/li>\n<li>Fecha &#8211; Publicado el 24 de enero<\/li>\n<\/ul>\n<p>[\/et_pb_text][et_pb_button button_url=\u00bb\/\/www.donostia.eus\/info\/ciudadano\/part_asociaciones.nsf\/fwCategoria?ReadForm&#038;idioma=cas&#038;id=A608306628767&#038;cat=Subvenciones\u00bb url_new_window=\u00bbon\u00bb button_text=\u00bb+ info\u00bb module_class=\u00bbbtn btn-cursos\u00bb _builder_version=\u00bb4.16&#8243; custom_margin=\u00bb||50px|\u00bb z_index_tablet=\u00bb500&#8243; box_shadow_horizontal_tablet=\u00bb0px\u00bb box_shadow_vertical_tablet=\u00bb0px\u00bb box_shadow_blur_tablet=\u00bb40px\u00bb box_shadow_spread_tablet=\u00bb0px\u00bb saved_tabs=\u00bball\u00bb global_colors_info=\u00bb{}\u00bb][\/et_pb_button][et_pb_text admin_label=\u00bbPublicado el 18 de diciembre GOBIERNO VASCO &#8211; EMAKUNDE Subvenciones, durante el ejercicio 2020, para fomentar el asociacionismo y potenciar la participaci\u00f3n de las mujeres en todos los \u00e1mbitos de la Comunidad Aut\u00f3noma de Euskadi.\u00bb module_class=\u00bblista-custom\u00bb _builder_version=\u00bb4.16&#8243; background_color=\u00bb#c6c6c6&#8243; custom_margin=\u00bb0px||0px|\u00bb z_index_tablet=\u00bb500&#8243; box_shadow_horizontal_tablet=\u00bb0px\u00bb box_shadow_vertical_tablet=\u00bb0px\u00bb box_shadow_blur_tablet=\u00bb40px\u00bb box_shadow_spread_tablet=\u00bb0px\u00bb saved_tabs=\u00bball\u00bb global_colors_info=\u00bb{}\u00bb]<\/p>\n<h4><strong>GOBIERNO VASCO &#8211; EMAKUNDE &#8211; Subvenciones, durante el ejercicio 2020, para fomentar el asociacionismo y potenciar la participaci\u00f3n de las mujeres en todos los \u00e1mbitos de la Comunidad Aut\u00f3noma de Euskadi.<\/strong><\/h4>\n<ul>\n<li>Fuente &#8211; Gobierno Vasco \/ Emakunde \/ BOPV<\/li>\n<li>Fecha &#8211; Publicado el 18 de diciembre<\/li>\n<\/ul>\n<p>[\/et_pb_text][et_pb_button button_url=\u00bb\/\/www.euskadi.eus\/2020\/asociaciones\/web01-tramite\/es\/\u00bb url_new_window=\u00bbon\u00bb button_text=\u00bb+ info\u00bb module_class=\u00bbbtn btn-cursos\u00bb _builder_version=\u00bb4.16&#8243; custom_margin=\u00bb||50px|\u00bb z_index_tablet=\u00bb500&#8243; box_shadow_horizontal_tablet=\u00bb0px\u00bb box_shadow_vertical_tablet=\u00bb0px\u00bb box_shadow_blur_tablet=\u00bb40px\u00bb box_shadow_spread_tablet=\u00bb0px\u00bb saved_tabs=\u00bball\u00bb global_colors_info=\u00bb{}\u00bb][\/et_pb_button][et_pb_text admin_label=\u00bbPublicado el 13 de noviembre DIPUTACI\u00d3N FORAL DE GIPUZKOA Bases reguladoras y convocatoria de 2020 para la concesi\u00f3n de las subvenciones destinadas a asociaciones de mujeres y otras entidades sin \u00e1nimo de lucro para actuaciones que fomenten la igualdad de mujeres y hombres\u00bb module_class=\u00bblista-custom\u00bb _builder_version=\u00bb4.16&#8243; background_color=\u00bb#c6c6c6&#8243; custom_margin=\u00bb0px||0px|\u00bb z_index_tablet=\u00bb500&#8243; box_shadow_horizontal_tablet=\u00bb0px\u00bb box_shadow_vertical_tablet=\u00bb0px\u00bb box_shadow_blur_tablet=\u00bb40px\u00bb box_shadow_spread_tablet=\u00bb0px\u00bb saved_tabs=\u00bball\u00bb global_colors_info=\u00bb{}\u00bb]<\/p>\n<h4><strong>DIPUTACI\u00d3N FORAL DE GIPUZKOA &#8211; Bases reguladoras y convocatoria de 2020 para la concesi\u00f3n de las subvenciones destinadas a asociaciones de mujeres y otras entidades sin \u00e1nimo de lucro para actuaciones que fomenten la igualdad de mujeres y hombres<\/strong><\/h4>\n<ul>\n<li>Fuente &#8211; Diputaci\u00f3n Foral de Gipuzkoa<\/li>\n<li>Fecha &#8211; Publicado el 13 de noviembre<\/li>\n<\/ul>\n<p>[\/et_pb_text][et_pb_button button_url=\u00bb\/\/drive.google.com\/file\/d\/1KR_xslYBB0It58akaI7DuqmTuF_1fQt2\/view?usp=sharing\u00bb url_new_window=\u00bbon\u00bb button_text=\u00bb+ info\u00bb module_class=\u00bbbtn btn-cursos\u00bb _builder_version=\u00bb4.16&#8243; custom_margin=\u00bb||50px|\u00bb z_index_tablet=\u00bb500&#8243; box_shadow_horizontal_tablet=\u00bb0px\u00bb box_shadow_vertical_tablet=\u00bb0px\u00bb box_shadow_blur_tablet=\u00bb40px\u00bb box_shadow_spread_tablet=\u00bb0px\u00bb saved_tabs=\u00bball\u00bb global_colors_info=\u00bb{}\u00bb][\/et_pb_button][\/et_pb_column_inner][\/et_pb_row_inner][\/et_pb_column][et_pb_column type=\u00bb1_3&#8243; _builder_version=\u00bb4.16&#8243; custom_padding=\u00bb|||\u00bb global_colors_info=\u00bb{}\u00bb custom_padding__hover=\u00bb|||\u00bb][et_pb_text admin_label=\u00bbOtros enlaces interesantes\u00bb _builder_version=\u00bb4.16&#8243; custom_margin=\u00bb||0px|\u00bb custom_padding=\u00bb||0px|\u00bb global_colors_info=\u00bb{}\u00bb]<\/p>\n<h4>Otros enlaces interesantes<\/h4>\n<p>[\/et_pb_text][et_pb_text admin_label=\u00bbPHP recursos-lista\u00bb module_class=\u00bblista-custom text-deco-no\u00bb _builder_version=\u00bb4.16&#8243; saved_tabs=\u00bball\u00bb global_colors_info=\u00bb{}\u00bb]<ul>\r\n    <li>Asesor\u00eda b\u00e1sica\r\n        <ul>\r\n            <li><a href=\"\/es\/asociaciones-recursos\/pasos-para-crear-una-entidad\/\">Crear una asociaci\u00f3n<\/a><\/li>\r\n            <li><a href=\"\/es\/asociaciones-recursos\/gestion-de-entidades\/\">Gesti\u00f3n de entidades<\/a><\/li>\r\n            <li><a href=\"\/es\/asociaciones-recursos\/gestion-de-personas\/\">Gesti\u00f3n de personas<\/a><\/li>\r\n            <li><a href=\"\/es\/asociaciones-recursos\/gestion-economica\/\">Gesti\u00f3n econ\u00f3mica<\/a><\/li>\r\n        <\/ul>\r\n    <\/li>\r\n    <li><a href=\"\/es\/asociaciones-recursos\/servicio-de-prestamo-de-material\/\">Servicio de pr\u00e9stamo de material<\/a><\/li>\r\n    <li><a href=\"\/es\/asociaciones-recursos\/difusion-de-actividades\/\">Difusi\u00f3n de actividades organizadas por las entidades<\/a><\/li>\r\n    <li>Cesi\u00f3n de espacios\r\n        <ul>\r\n            <li><a href=\"http:\/\/www.gizalde.eus\/wp-content\/uploads\/2019\/01\/Bilera-gela-Gizalde.pdf\" target=\"_blank\">Sala polivalente<\/a><\/li>\r\n            <li><a href=\"http:\/\/www.gizalde.eus\/wp-content\/uploads\/2019\/01\/BILTEGIAREN-LAGAPENA.jpg\" target=\"_blank\">Almac\u00e9n temporal<\/a><\/li>\r\n        <\/ul>\r\n    <\/li>\r\n    <li><a href=\"\/es\/asociaciones-recursos\/subvenciones-para-entidades-sin-animo-de-lucro\/\">Subvenciones para entidades sin \u00e1nimo de lucro<\/a><\/li>\r\n    <li><a href=\"\/es\/asociaciones-recursos\/recopilacion-de-espacios-y-salas-en-gipuzkoa\/\">Recopilaci\u00f3n de espacios y salas en Gipuzkoa<\/a><\/li>\r\n    <li><a href=\"\/es\/asociaciones-recursos\/publicaciones-relacionadas\/\">Publicaciones relacionadas<\/a><\/li>\r\n    <li><a href=\"\/es\/asociaciones-recursos\/presentanos-tu-entidad\/\">Pres\u00e9ntanos tu entidad<\/a><\/li>\r\n<\/ul>[\/et_pb_text][\/et_pb_column][\/et_pb_section]<\/p>\n","protected":false},"excerpt":{"rendered":"<p>Subvenciones para entidades sin \u00e1nimo de lucro DIPUTACI\u00d3N FORAL DE GIPUZKOA &#8211; Convocatoria de 2023 de subvenciones a entidades de iniciativa social sin \u00e1nimo de lucro que desarrollan su labor en el \u00e1mbito de los servicios sociales en el Territorio Hist\u00f3rico de Gipuzkoa. Fuente &#8211; DFG \/ BOG Fecha &#8211; Publicado el 22 de marzo. [&hellip;]<\/p>\n","protected":false},"author":1,"featured_media":0,"parent":17,"menu_order":0,"comment_status":"closed","ping_status":"closed","template":"","meta":{"_et_pb_use_builder":"on","_et_pb_old_content":"","_et_gb_content_width":"","footnotes":""},"class_list":["post-377","page","type-page","status-publish","hentry"],"yoast_head":"<!-- This site is optimized with the Yoast SEO plugin v18.0 - https:\/\/yoast.com\/wordpress\/plugins\/seo\/ -->\n<title>Subvenciones para entidades sin \u00e1nimo de lucro | Gizalde<\/title>\n<meta name=\"robots\" content=\"index, follow, max-snippet:-1, max-image-preview:large, max-video-preview:-1\" \/>\n<link rel=\"canonical\" href=\"https:\/\/www.gizalde.eus\/es\/asociaciones-recursos\/subvenciones-para-entidades-sin-animo-de-lucro\/\" \/>\n<meta property=\"og:locale\" content=\"es_ES\" \/>\n<meta property=\"og:type\" content=\"article\" \/>\n<meta property=\"og:title\" content=\"Subvenciones para entidades sin \u00e1nimo de lucro | Gizalde\" \/>\n<meta property=\"og:description\" content=\"Subvenciones para entidades sin \u00e1nimo de lucro DIPUTACI\u00d3N FORAL DE GIPUZKOA - Convocatoria de 2023 de subvenciones a entidades de iniciativa social sin \u00e1nimo de lucro que desarrollan su labor en el \u00e1mbito de los servicios sociales en el Territorio Hist\u00f3rico de Gipuzkoa. Fuente - DFG \/ BOG Fecha - Publicado el 22 de marzo. [&hellip;]\" \/>\n<meta property=\"og:url\" content=\"https:\/\/www.gizalde.eus\/es\/asociaciones-recursos\/subvenciones-para-entidades-sin-animo-de-lucro\/\" \/>\n<meta property=\"og:site_name\" content=\"Gizalde\" \/>\n<meta property=\"article:modified_time\" content=\"2023-11-03T19:32:49+00:00\" \/>\n<meta name=\"twitter:card\" content=\"summary_large_image\" \/>\n<meta name=\"twitter:label1\" content=\"Tiempo de lectura\" \/>\n\t<meta name=\"twitter:data1\" content=\"15 minutos\" \/>\n<script type=\"application\/ld+json\" class=\"yoast-schema-graph\">{\"@context\":\"https:\/\/schema.org\",\"@graph\":[{\"@type\":\"WebSite\",\"@id\":\"https:\/\/www.gizalde.eus\/es\/#website\",\"url\":\"https:\/\/www.gizalde.eus\/es\/\",\"name\":\"Gizalde\",\"description\":\"Voluntariado Gipuzkoa\",\"potentialAction\":[{\"@type\":\"SearchAction\",\"target\":{\"@type\":\"EntryPoint\",\"urlTemplate\":\"https:\/\/www.gizalde.eus\/es\/?s={search_term_string}\"},\"query-input\":\"required name=search_term_string\"}],\"inLanguage\":\"es\"},{\"@type\":\"WebPage\",\"@id\":\"https:\/\/www.gizalde.eus\/es\/asociaciones-recursos\/subvenciones-para-entidades-sin-animo-de-lucro\/#webpage\",\"url\":\"https:\/\/www.gizalde.eus\/es\/asociaciones-recursos\/subvenciones-para-entidades-sin-animo-de-lucro\/\",\"name\":\"Subvenciones para entidades sin \u00e1nimo de lucro | Gizalde\",\"isPartOf\":{\"@id\":\"https:\/\/www.gizalde.eus\/es\/#website\"},\"datePublished\":\"2018-11-27T10:30:10+00:00\",\"dateModified\":\"2023-11-03T19:32:49+00:00\",\"breadcrumb\":{\"@id\":\"https:\/\/www.gizalde.eus\/es\/asociaciones-recursos\/subvenciones-para-entidades-sin-animo-de-lucro\/#breadcrumb\"},\"inLanguage\":\"es\",\"potentialAction\":[{\"@type\":\"ReadAction\",\"target\":[\"https:\/\/www.gizalde.eus\/es\/asociaciones-recursos\/subvenciones-para-entidades-sin-animo-de-lucro\/\"]}]},{\"@type\":\"BreadcrumbList\",\"@id\":\"https:\/\/www.gizalde.eus\/es\/asociaciones-recursos\/subvenciones-para-entidades-sin-animo-de-lucro\/#breadcrumb\",\"itemListElement\":[{\"@type\":\"ListItem\",\"position\":1,\"name\":\"Portada\",\"item\":\"https:\/\/www.gizalde.eus\/es\/\"},{\"@type\":\"ListItem\",\"position\":2,\"name\":\"Recursos\",\"item\":\"https:\/\/www.gizalde.eus\/es\/asociaciones-recursos\/\"},{\"@type\":\"ListItem\",\"position\":3,\"name\":\"Subvenciones para entidades sin \u00e1nimo de lucro\"}]}]}<\/script>\n<!-- \/ Yoast SEO plugin. -->","yoast_head_json":{"title":"Subvenciones para entidades sin \u00e1nimo de lucro | Gizalde","robots":{"index":"index","follow":"follow","max-snippet":"max-snippet:-1","max-image-preview":"max-image-preview:large","max-video-preview":"max-video-preview:-1"},"canonical":"https:\/\/www.gizalde.eus\/es\/asociaciones-recursos\/subvenciones-para-entidades-sin-animo-de-lucro\/","og_locale":"es_ES","og_type":"article","og_title":"Subvenciones para entidades sin \u00e1nimo de lucro | Gizalde","og_description":"Subvenciones para entidades sin \u00e1nimo de lucro DIPUTACI\u00d3N FORAL DE GIPUZKOA - Convocatoria de 2023 de subvenciones a entidades de iniciativa social sin \u00e1nimo de lucro que desarrollan su labor en el \u00e1mbito de los servicios sociales en el Territorio Hist\u00f3rico de Gipuzkoa. Fuente - DFG \/ BOG Fecha - Publicado el 22 de marzo. [&hellip;]","og_url":"https:\/\/www.gizalde.eus\/es\/asociaciones-recursos\/subvenciones-para-entidades-sin-animo-de-lucro\/","og_site_name":"Gizalde","article_modified_time":"2023-11-03T19:32:49+00:00","twitter_card":"summary_large_image","twitter_misc":{"Tiempo de lectura":"15 minutos"},"schema":{"@context":"https:\/\/schema.org","@graph":[{"@type":"WebSite","@id":"https:\/\/www.gizalde.eus\/es\/#website","url":"https:\/\/www.gizalde.eus\/es\/","name":"Gizalde","description":"Voluntariado Gipuzkoa","potentialAction":[{"@type":"SearchAction","target":{"@type":"EntryPoint","urlTemplate":"https:\/\/www.gizalde.eus\/es\/?s={search_term_string}"},"query-input":"required name=search_term_string"}],"inLanguage":"es"},{"@type":"WebPage","@id":"https:\/\/www.gizalde.eus\/es\/asociaciones-recursos\/subvenciones-para-entidades-sin-animo-de-lucro\/#webpage","url":"https:\/\/www.gizalde.eus\/es\/asociaciones-recursos\/subvenciones-para-entidades-sin-animo-de-lucro\/","name":"Subvenciones para entidades sin \u00e1nimo de lucro | Gizalde","isPartOf":{"@id":"https:\/\/www.gizalde.eus\/es\/#website"},"datePublished":"2018-11-27T10:30:10+00:00","dateModified":"2023-11-03T19:32:49+00:00","breadcrumb":{"@id":"https:\/\/www.gizalde.eus\/es\/asociaciones-recursos\/subvenciones-para-entidades-sin-animo-de-lucro\/#breadcrumb"},"inLanguage":"es","potentialAction":[{"@type":"ReadAction","target":["https:\/\/www.gizalde.eus\/es\/asociaciones-recursos\/subvenciones-para-entidades-sin-animo-de-lucro\/"]}]},{"@type":"BreadcrumbList","@id":"https:\/\/www.gizalde.eus\/es\/asociaciones-recursos\/subvenciones-para-entidades-sin-animo-de-lucro\/#breadcrumb","itemListElement":[{"@type":"ListItem","position":1,"name":"Portada","item":"https:\/\/www.gizalde.eus\/es\/"},{"@type":"ListItem","position":2,"name":"Recursos","item":"https:\/\/www.gizalde.eus\/es\/asociaciones-recursos\/"},{"@type":"ListItem","position":3,"name":"Subvenciones para entidades sin \u00e1nimo de lucro"}]}]}},"_links":{"self":[{"href":"https:\/\/www.gizalde.eus\/es\/wp-json\/wp\/v2\/pages\/377","targetHints":{"allow":["GET"]}}],"collection":[{"href":"https:\/\/www.gizalde.eus\/es\/wp-json\/wp\/v2\/pages"}],"about":[{"href":"https:\/\/www.gizalde.eus\/es\/wp-json\/wp\/v2\/types\/page"}],"author":[{"embeddable":true,"href":"https:\/\/www.gizalde.eus\/es\/wp-json\/wp\/v2\/users\/1"}],"replies":[{"embeddable":true,"href":"https:\/\/www.gizalde.eus\/es\/wp-json\/wp\/v2\/comments?post=377"}],"version-history":[{"count":111,"href":"https:\/\/www.gizalde.eus\/es\/wp-json\/wp\/v2\/pages\/377\/revisions"}],"predecessor-version":[{"id":11161,"href":"https:\/\/www.gizalde.eus\/es\/wp-json\/wp\/v2\/pages\/377\/revisions\/11161"}],"up":[{"embeddable":true,"href":"https:\/\/www.gizalde.eus\/es\/wp-json\/wp\/v2\/pages\/17"}],"wp:attachment":[{"href":"https:\/\/www.gizalde.eus\/es\/wp-json\/wp\/v2\/media?parent=377"}],"curies":[{"name":"wp","href":"https:\/\/api.w.org\/{rel}","templated":true}]}}