{"id":356,"date":"2018-11-27T09:19:22","date_gmt":"2018-11-27T08:19:22","guid":{"rendered":"http:\/\/www.gizalde.eus\/?page_id=356"},"modified":"2024-09-13T11:27:22","modified_gmt":"2024-09-13T10:27:22","slug":"gestion-economica","status":"publish","type":"page","link":"https:\/\/www.gizalde.eus\/es\/asociaciones-recursos\/gestion-economica\/","title":{"rendered":"Gesti\u00f3n econ\u00f3mica y fiscal"},"content":{"rendered":"<p>[et_pb_section fb_built=\u00bb1&#8243; specialty=\u00bbon\u00bb module_id=\u00bbpagina-interior\u00bb _builder_version=\u00bb4.16&#8243; global_colors_info=\u00bb{}\u00bb][et_pb_column type=\u00bb2_3&#8243; specialty_columns=\u00bb4&#8243; _builder_version=\u00bb4.16&#8243; custom_padding=\u00bb|||\u00bb global_colors_info=\u00bb{}\u00bb custom_padding__hover=\u00bb|||\u00bb][et_pb_row_inner admin_label=\u00bbFila\u00bb _builder_version=\u00bb4.16&#8243; global_colors_info=\u00bb{}\u00bb][et_pb_column_inner saved_specialty_column_type=\u00bb2_3&#8243; _builder_version=\u00bb4.16&#8243; custom_padding=\u00bb|||\u00bb global_colors_info=\u00bb{}\u00bb custom_padding__hover=\u00bb|||\u00bb][et_pb_text admin_label=\u00bbGesti\u00f3n econ\u00f3mica y fiscal\u00bb module_class=\u00bbtitulo-azul\u00bb _builder_version=\u00bb4.19.5&#8243; global_colors_info=\u00bb{}\u00bb]<\/p>\n<h1>Gesti\u00f3n econ\u00f3mica y fiscal<\/h1>\n<p>[\/et_pb_text][\/et_pb_column_inner][\/et_pb_row_inner][et_pb_row_inner admin_label=\u00bbFila\u00bb _builder_version=\u00bb4.16&#8243; global_colors_info=\u00bb{}\u00bb][et_pb_column_inner saved_specialty_column_type=\u00bb2_3&#8243; _builder_version=\u00bb4.16&#8243; custom_padding=\u00bb|||\u00bb global_colors_info=\u00bb{}\u00bb custom_padding__hover=\u00bb|||\u00bb][et_pb_accordion module_id=\u00bbacordeon\u00bb _builder_version=\u00bb4.19.5&#8243; hover_enabled=\u00bb0&#8243; global_colors_info=\u00bb{}\u00bb sticky_enabled=\u00bb0&#8243;][et_pb_accordion_item title=\u00bbEN BLANCO\u00bb open=\u00bbon\u00bb _builder_version=\u00bb4.16&#8243; custom_css_main_element=\u00bbdisplay:none\u00bb global_colors_info=\u00bb{}\u00bb][\/et_pb_accordion_item][et_pb_accordion_item title=\u00bb\u00bfQu\u00e9 obligaciones fiscales tienen las entidades sin \u00e1nimo de lucro?\u00bb _builder_version=\u00bb4.16&#8243; global_colors_info=\u00bb{}\u00bb open=\u00bboff\u00bb]<\/p>\n<p>Fecha &#8211; 18\/12\/2012<\/p>\n<p>Las obligaciones fiscales de la asociaci\u00f3n tendr\u00e1n relaci\u00f3n directa con la actividad de la misma. Aunque en la mayor\u00eda de los casos las asociaciones no est\u00e1n obligadas al pago de impuestos por tratarse de asociaciones sin \u00e1nimo de lucro, es necesario preparar y presentar determinadas solicitudes de exenci\u00f3n fiscal.&nbsp;<\/p>\n<p>En general, las figuras fiscales m\u00e1s importantes a tomar en cuenta por las asociaciones son las siguientes:&nbsp;<\/p>\n<p>&#8211; C\u00f3digo de Identificaci\u00f3n Fiscal: Todas las asociaciones que desarrollen alguna actividad econ\u00f3mica deben estar censadas en la Hacienda Foral que les corresponda seg\u00fan su sede social. Para ello, el primer paso es obtener su c\u00f3digo de identificaci\u00f3n fiscal (CIF), es decir, el n\u00famero que identificar\u00e1 a la asociaci\u00f3n a efectos fiscales.&nbsp;<\/p>\n<p>&#8211; Impuesto sobre el Valor A\u00f1adido (IVA): Es el impuesto que grava el consumo. Las asociaciones est\u00e1n obligadas a pagar el IVA cuando adquieren alg\u00fan bien o servicio, y, en caso de venta de bienes o servicios, est\u00e1n obligados a cobrar el IVA y entregarlo a la Hacienda Foral. Dependiendo del IVA que haya satisfecho y el que haya cobrado; en caso de que lo abonado supere a lo cobrado, recibir\u00e1 el importe correspondiente, y, en caso contrario, deber\u00e1 pagar lo que corresponda. De todas formas, existen diversas actividades exentas del IVA, y en ocasiones es conveniente solicitar la exenci\u00f3n de dicho impuesto para las asociaciones que las desarrollan, ya que ello les permite abaratar el precio.&nbsp;<\/p>\n<p>&#8211; Impuesto de Sociedades: Es un impuesto que deben pagar todas las entidades, aunque hay casos de exenci\u00f3n previstos para las asociaciones sin \u00e1nimo de lucro. Si la asociaci\u00f3n obtiene sus ingresos \u00fanicamente de las cuotas de los socios, de donaciones y de subvenciones, deber\u00e1 efectuar la declaraci\u00f3n, pero no estar\u00e1 obligada a pagar el impuesto. Sin embargo, en caso de que desarrolle actividades econ\u00f3micas no acordes con sus objetivos, estar\u00e1 obligada a pagar el 25%, si hubiera beneficios.&nbsp;<\/p>\n<p>&#8211; Impuesto de Actividades Econ\u00f3micas: Las asociaciones sin \u00e1nimo de lucro pueden estar exentas del pago de este impuesto, siendo el ayuntamiento la \u00fanica instituci\u00f3n que puede conceder la exenci\u00f3n, a\u00fan cuando el alta en el impuesto deba hacerse en la Hacienda Foral. Las asociaciones declaradas de utilidad p\u00fablica no est\u00e1n obligadas a pagar este impuesto.&nbsp;<\/p>\n<p>Fuente: www.gipuzkoagazteria.net<\/p>\n<p>[\/et_pb_accordion_item][et_pb_accordion_item title=\u00bbImpuesto de sociedades\u00bb _builder_version=\u00bb4.19.5&#8243; global_colors_info=\u00bb{}\u00bb open=\u00bboff\u00bb]<\/p>\n<p>Fecha &#8211; 18\/01\/2021<\/p>\n<p>De acuerdo al art\u00edculo 126.3 de la Norma Foral 2\/2014, del impuesto sobre sociedades, las entidades parcialmente exentas (art\u00edculo 12.2 de la Norma Foral 2\/2014) no tienen obligaci\u00f3n de presentar declaraci\u00f3n cuando cumplen los siguientes requisitos:<\/p>\n<p>&#8211; Que sus ingresos totales no superen 100.000 euros anuales.<br \/>&#8211; Que los ingresos correspondientes a rentas no exentas sometidas a retenci\u00f3n no superen 2.000 euros anuales.<br \/>&#8211; Que todas las rentas no exentas que obtengan est\u00e9n sometidas a retenci\u00f3n.<\/p>\n<p><strong>\u00bfTiene obligaci\u00f3n de presentar la declaraci\u00f3n de IS (Modelo 200) una asociaci\u00f3n?<\/strong><\/p>\n<p>La asociaci\u00f3n que cumple los requisitos se\u00f1alados anteriormente, no tiene obligaci\u00f3n de presentar la declaraci\u00f3n del Impuesto sobre Sociedades.<\/p>\n<p><strong>\u00bfUna asociaci\u00f3n que no tiene obligaci\u00f3n de presentar la declaraci\u00f3n de IS (Modelo 200), qu\u00e9 debe hacer?<\/strong><\/p>\n<p>La asociaci\u00f3n puede presentar la declaraci\u00f3n del Impuesto sobre Sociedades (Modelo 200) o no.<\/p>\n<p>\u2022 En el caso que opte por no presentar el modelo 200, podr\u00e1 comunicar este hecho a la Hacienda Foral de Gipuzkoa mediante un escrito creado a tal efecto y disponible en la plataforma Zergabidea. (<a href=\"https:\/\/multimedia.gipuzkoa.eus\/media\/video\/53924437.1080.mp4\">https:\/\/multimedia.gipuzkoa.eus\/media\/video\/53924437.1080.mp4<\/a>)<\/p>\n<p>\u2022 \u00d3 puede presentar el modelo 200 (en el enlace se adjunta informaci\u00f3n sobre c\u00f3mo debe hacerse).<\/p>\n<p>M\u00e1s informaci\u00f3n:<\/p>\n<p><a href=\"https:\/\/www.gipuzkoa.eus\/documents\/2456431\/2819912\/Ayuda+Asociaciones+2020.pdf\/173d4bfe-61c3-a6e8-020a-0f001e13115f\" target=\"_blank\" rel=\"noopener\">INFORMACI\u00d3N SOBRE EL IMPUESTO DE SOCIEDADES DEL 2020 DIRIGIDA A LAS ASOCIACIONES (ENTIDADES PARCIALMENTE EXENTAS)<\/a><\/p>\n<p>&nbsp;<\/p>\n<p>[\/et_pb_accordion_item][et_pb_accordion_item title=\u00bb \u00bfCon qu\u00e9 fuentes de financiaci\u00f3n puede contar una entidad sin \u00e1nimo de lucro \/ ONG?\u00bb _builder_version=\u00bb4.19.5&#8243; hover_enabled=\u00bb0&#8243; global_colors_info=\u00bb{}\u00bb open=\u00bboff\u00bb sticky_enabled=\u00bb0&#8243;]<\/p>\n<p>\u00daltima revisi\u00f3n: julio de 2024<\/p>\n<p>Las fuentes de financiaci\u00f3n de una entidad pueden ser propias o ajenas. Entre las propias, nos podemos encontrar con la cuota de socios\/as de la entidad o los beneficios obtenidos mediante los ingresos por servicios o actividades que ofrece la entidad. Entre las ajenas nos podemos encontrar con las fuentes de financiaci\u00f3n p\u00fablicas o las privadas. Nos centramos en estas dos \u00faltimas:<\/p>\n<p>Fuentes de financiaci\u00f3n p\u00fablicas:<\/p>\n<p>Las conocemos como subvenciones de la administraci\u00f3n p\u00fablica. A lo largo del a\u00f1o, la administraci\u00f3n p\u00fablica (sea ayuntamiento, diputaci\u00f3n o gobierno regional) convoca plazos de solicitud de subvenci\u00f3n para las entidades sin \u00e1nimo de lucro que est\u00e9 buscando el modo de financiar proyectos que quieran poner en marcha.<\/p>\n<p>Fuentes de financiaci\u00f3n privadas:<\/p>\n<p>Las Fundaciones vinculadas a las entidades bancarias convocan anualmente subvenciones dirigidas a entidades sin \u00e1nimo de lucro:<\/p>\n<p><a href=\"https:\/\/kutxa.eus\/es\/portal-convocatorias.html\">KUTXA FUNDAZIOA<\/a><\/p>\n<p><a href=\"https:\/\/www.fundacionbancosantander.com\/es\/accion-social\">FUNDACI\u00d3N SANTANDER<\/a><\/p>\n<p><a href=\"https:\/\/fundacionlacaixa.org\/es\/programas-sociales\" target=\"_blank\" rel=\"noopener noreferrer\">OBRA SOCIAL FUNDACION LA CAIXA<\/a><\/p>\n<p><a href=\"https:\/\/www.fundacionmontemadrid.es\/convocatorias-y-ayudas\/\" target=\"_blank\" rel=\"noopener noreferrer\">OBRA SOCIAL CAJA MADRID<\/a><\/p>\n<p><a href=\"https:\/\/www.fundacionbancaja.es\/convocatorias\/\" target=\"_blank\" rel=\"noopener noreferrer\">OBRA SOCIAL BANCAJA<\/a><\/p>\n<p><a href=\"https:\/\/www.fundacionibercaja.es\/convocatorias\" target=\"_blank\" rel=\"noopener noreferrer\">IBERCAJA<\/a><\/p>\n<p>Puedes buscar en cajas de ahorro del estilo, puesto que probablemente tengan convocatorias del estilo.<\/p>\n<p>Por otra parte, hay empresas y fundaciones que convocan anualmente ayudas para entidades sin \u00e1nimo de lucro:<\/p>\n<p><a href=\"https:\/\/www.carrefour.es\/grupo-carrefour\/fundacion\/convocatoria-de-ayudas\/\" target=\"_blank\" rel=\"noopener noreferrer\">FUNDACION CARREFOUR<\/a><\/p>\n<p><a href=\"https:\/\/www.fundacioniberdrolaespana.org\/accion-social\/programa-social\" target=\"_blank\" rel=\"noopener noreferrer\">FUNDACION IBERDROLA<\/a><\/p>\n<p><a href=\"https:\/\/www.fundacionmapfre.org\/premios-ayudas\/convocatorias\/convocatoria-ayudas-proyectos-sociales\/\" target=\"_blank\" rel=\"noopener noreferrer\">FUNDACION MAPFRE<\/a><\/p>\n<p><a href=\"https:\/\/www.fundacionromanillos.es\/ayuda2.html\" target=\"_blank\" rel=\"noopener noreferrer\">FUNDACION ROMANILLOS<\/a><\/p>\n<p><a href=\"https:\/\/www.grupopelayo.com\/patrocinios\" target=\"_blank\" rel=\"noopener noreferrer\">FUNDACION PELAYO<\/a><\/p>\n<p><a href=\"https:\/\/www.fundacioordesa.org\/ayudas-ordesa-2023\" target=\"_blank\" rel=\"noopener noreferrer\">FUNDACION ORDESA<\/a><\/p>\n<p><a href=\"https:\/\/www.fundacionmutua.es\/accion-social\/ayudas-proyectos-sociales\/\" target=\"_blank\" rel=\"noopener noreferrer\">FUNDACION MUTUA MADRILE\u00d1A<\/a><\/p>\n<p><a href=\"https:\/\/www.fundaciononce.es\/es\/que-hacemos\/proyectos-y-solicitudes-de-ayuda\" target=\"_blank\" rel=\"noopener noreferrer\">FUNDACION ONCE<\/a><\/p>\n<p><a href=\"https:\/\/www.orkli.com\/es\/accion-social\" target=\"_blank\" rel=\"noopener noreferrer\">ORKLI &#8211; Orklidea<\/a><\/p>\n<p><a href=\"https:\/\/www.fagor.eus\/es\/abierto-el-plazo-para-presentar-proyectos-sociales-en-el-programa-de-cooperacion-fagor-herrigintza\/\" target=\"_blank\" rel=\"noopener noreferrer\">FAGOR TALDEA &#8211; Herrigintza<\/a><\/p>\n<p>El portal web para ONGs, SOLUCIONES ONG, recopila toda la informaci\u00f3n sobre convocatoria de subvenciones (tanto privadas como p\u00fablicas):<\/p>\n<p><a href=\"http:\/\/www.solucionesong.org\/subvenciones\/\" target=\"_blank\" rel=\"noopener noreferrer\">SOLUCIONES ONG<\/a><\/p>\n<p>Por otra parte, existen otro tipo de iniciativas para la obtenci\u00f3n de recursos econ\u00f3micos, como el CROWDFOUNDING, TEAMING, etc:<\/p>\n<p><a href=\"http:\/\/www.universocrowdfunding.com\/principales-plataformas-crowdfunding\/\" target=\"_blank\" rel=\"noopener noreferrer\">PLATAFORMAS DE CROWDFOUNDING (listado)<\/a><\/p>\n<p><a href=\"http:\/\/euskadi.goteo.org\/\" target=\"_blank\" rel=\"noopener noreferrer\">GOTEO EUSKADI<\/a><\/p>\n<p><a href=\"https:\/\/www.teaming.net\/?lang=es_ES\" target=\"_blank\" rel=\"noopener noreferrer\">TEAMING<\/a><\/p>\n<p>[\/et_pb_accordion_item][et_pb_accordion_item title=\u00bbAyudas a la innovaci\u00f3n y procesos de digitalizaci\u00f3n para el Tercer Sector Social de Euskadi \u00bb _builder_version=\u00bb4.19.5&#8243; global_colors_info=\u00bb{}\u00bb open=\u00bboff\u00bb]<\/p>\n<p>\u00daltima revisi\u00f3n: febrero de 2024<\/p>\n<p>Fuente: Observatorio Vasco del Tercer Sector Social<\/p>\n<p>En este espacio recogemos el informe realizado por el Observatorio Vasco del tercer Sector Social, que recoge un conjunto diverso de ayudas, subvenciones y premios que permiten impulsar la innovaci\u00f3n y la digitalizaci\u00f3n de las organizaciones de nuestro sector. (<a href=\"https:\/\/3seuskadi.eus\/breve\/las-ayudas-para-la-innovacion-y-digitalizacion-del-tercer-sector-social-de-euskadi\/\">leer m\u00e1s<\/a>).<\/p>\n<p><a href=\"https:\/\/drive.google.com\/file\/d\/1wjUUH0qbt_4zN67a5t-uHMHqs5hZvcNQ\/view?usp=drive_link\">Informe: Ayudas a la innovaci\u00f3n y procesos de digitalizaci\u00f3n para el Tercer Sector Social de Euskadi.<\/a><\/p>\n<p>[\/et_pb_accordion_item][\/et_pb_accordion][\/et_pb_column_inner][\/et_pb_row_inner][\/et_pb_column][et_pb_column type=\u00bb1_3&#8243; _builder_version=\u00bb4.16&#8243; custom_padding=\u00bb|||\u00bb global_colors_info=\u00bb{}\u00bb custom_padding__hover=\u00bb|||\u00bb][et_pb_text admin_label=\u00bbOtros enlaces interesantes\u00bb _builder_version=\u00bb4.16&#8243; custom_margin=\u00bb||0px|\u00bb custom_padding=\u00bb||0px|\u00bb global_colors_info=\u00bb{}\u00bb]<\/p>\n<h4>Otros enlaces interesantes<\/h4>\n<p>[\/et_pb_text][et_pb_text admin_label=\u00bbPHP recursos-lista\u00bb module_class=\u00bblista-custom text-deco-no\u00bb _builder_version=\u00bb4.16&#8243; saved_tabs=\u00bball\u00bb global_colors_info=\u00bb{}\u00bb]<ul>\r\n    <li>Asesor\u00eda b\u00e1sica\r\n        <ul>\r\n            <li><a href=\"\/es\/asociaciones-recursos\/pasos-para-crear-una-entidad\/\">Crear una asociaci\u00f3n<\/a><\/li>\r\n            <li><a href=\"\/es\/asociaciones-recursos\/gestion-de-entidades\/\">Gesti\u00f3n de entidades<\/a><\/li>\r\n            <li><a href=\"\/es\/asociaciones-recursos\/gestion-de-personas\/\">Gesti\u00f3n de personas<\/a><\/li>\r\n            <li><a href=\"\/es\/asociaciones-recursos\/gestion-economica\/\">Gesti\u00f3n econ\u00f3mica<\/a><\/li>\r\n        <\/ul>\r\n    <\/li>\r\n    <li><a href=\"\/es\/asociaciones-recursos\/servicio-de-prestamo-de-material\/\">Servicio de pr\u00e9stamo de material<\/a><\/li>\r\n    <li><a href=\"\/es\/asociaciones-recursos\/difusion-de-actividades\/\">Difusi\u00f3n de actividades organizadas por las entidades<\/a><\/li>\r\n    <li>Cesi\u00f3n de espacios\r\n        <ul>\r\n            <li><a href=\"http:\/\/www.gizalde.eus\/wp-content\/uploads\/2019\/01\/Bilera-gela-Gizalde.pdf\" target=\"_blank\">Sala polivalente<\/a><\/li>\r\n            <li><a href=\"http:\/\/www.gizalde.eus\/wp-content\/uploads\/2019\/01\/BILTEGIAREN-LAGAPENA.jpg\" target=\"_blank\">Almac\u00e9n temporal<\/a><\/li>\r\n        <\/ul>\r\n    <\/li>\r\n    <li><a href=\"\/es\/asociaciones-recursos\/subvenciones-para-entidades-sin-animo-de-lucro\/\">Subvenciones para entidades sin \u00e1nimo de lucro<\/a><\/li>\r\n    <li><a href=\"\/es\/asociaciones-recursos\/recopilacion-de-espacios-y-salas-en-gipuzkoa\/\">Recopilaci\u00f3n de espacios y salas en Gipuzkoa<\/a><\/li>\r\n    <li><a href=\"\/es\/asociaciones-recursos\/publicaciones-relacionadas\/\">Publicaciones relacionadas<\/a><\/li>\r\n    <li><a href=\"\/es\/asociaciones-recursos\/presentanos-tu-entidad\/\">Pres\u00e9ntanos tu entidad<\/a><\/li>\r\n<\/ul>[\/et_pb_text][\/et_pb_column][\/et_pb_section]<\/p>\n","protected":false},"excerpt":{"rendered":"<p>Gesti\u00f3n econ\u00f3mica y fiscalFecha &#8211; 18\/12\/2012Las obligaciones fiscales de la asociaci\u00f3n tendr\u00e1n relaci\u00f3n directa con la actividad de la misma. Aunque en la mayor\u00eda de los casos las asociaciones no est\u00e1n obligadas al pago de impuestos por tratarse de asociaciones sin \u00e1nimo de lucro, es necesario preparar y presentar determinadas solicitudes de exenci\u00f3n fiscal.&nbsp;En general, [&hellip;]<\/p>\n","protected":false},"author":1,"featured_media":0,"parent":17,"menu_order":0,"comment_status":"closed","ping_status":"closed","template":"","meta":{"_et_pb_use_builder":"on","_et_pb_old_content":"","_et_gb_content_width":"","footnotes":""},"class_list":["post-356","page","type-page","status-publish","hentry"],"yoast_head":"<!-- This site is optimized with the Yoast SEO plugin v18.0 - https:\/\/yoast.com\/wordpress\/plugins\/seo\/ -->\n<title>Gesti\u00f3n econ\u00f3mica y fiscal | Gizalde<\/title>\n<meta name=\"robots\" content=\"index, follow, max-snippet:-1, max-image-preview:large, max-video-preview:-1\" \/>\n<link rel=\"canonical\" href=\"https:\/\/www.gizalde.eus\/es\/asociaciones-recursos\/gestion-economica\/\" \/>\n<meta property=\"og:locale\" content=\"es_ES\" \/>\n<meta property=\"og:type\" content=\"article\" \/>\n<meta property=\"og:title\" content=\"Gesti\u00f3n econ\u00f3mica y fiscal | Gizalde\" \/>\n<meta property=\"og:description\" content=\"Gesti\u00f3n econ\u00f3mica y fiscalFecha - 18\/12\/2012Las obligaciones fiscales de la asociaci\u00f3n tendr\u00e1n relaci\u00f3n directa con la actividad de la misma. Aunque en la mayor\u00eda de los casos las asociaciones no est\u00e1n obligadas al pago de impuestos por tratarse de asociaciones sin \u00e1nimo de lucro, es necesario preparar y presentar determinadas solicitudes de exenci\u00f3n fiscal.&nbsp;En general, [&hellip;]\" \/>\n<meta property=\"og:url\" content=\"https:\/\/www.gizalde.eus\/es\/asociaciones-recursos\/gestion-economica\/\" \/>\n<meta property=\"og:site_name\" content=\"Gizalde\" \/>\n<meta property=\"article:modified_time\" content=\"2024-09-13T10:27:22+00:00\" \/>\n<meta name=\"twitter:card\" content=\"summary_large_image\" \/>\n<script type=\"application\/ld+json\" class=\"yoast-schema-graph\">{\"@context\":\"https:\/\/schema.org\",\"@graph\":[{\"@type\":\"WebSite\",\"@id\":\"https:\/\/www.gizalde.eus\/es\/#website\",\"url\":\"https:\/\/www.gizalde.eus\/es\/\",\"name\":\"Gizalde\",\"description\":\"Voluntariado Gipuzkoa\",\"potentialAction\":[{\"@type\":\"SearchAction\",\"target\":{\"@type\":\"EntryPoint\",\"urlTemplate\":\"https:\/\/www.gizalde.eus\/es\/?s={search_term_string}\"},\"query-input\":\"required name=search_term_string\"}],\"inLanguage\":\"es\"},{\"@type\":\"WebPage\",\"@id\":\"https:\/\/www.gizalde.eus\/es\/asociaciones-recursos\/gestion-economica\/#webpage\",\"url\":\"https:\/\/www.gizalde.eus\/es\/asociaciones-recursos\/gestion-economica\/\",\"name\":\"Gesti\u00f3n econ\u00f3mica y fiscal | Gizalde\",\"isPartOf\":{\"@id\":\"https:\/\/www.gizalde.eus\/es\/#website\"},\"datePublished\":\"2018-11-27T08:19:22+00:00\",\"dateModified\":\"2024-09-13T10:27:22+00:00\",\"breadcrumb\":{\"@id\":\"https:\/\/www.gizalde.eus\/es\/asociaciones-recursos\/gestion-economica\/#breadcrumb\"},\"inLanguage\":\"es\",\"potentialAction\":[{\"@type\":\"ReadAction\",\"target\":[\"https:\/\/www.gizalde.eus\/es\/asociaciones-recursos\/gestion-economica\/\"]}]},{\"@type\":\"BreadcrumbList\",\"@id\":\"https:\/\/www.gizalde.eus\/es\/asociaciones-recursos\/gestion-economica\/#breadcrumb\",\"itemListElement\":[{\"@type\":\"ListItem\",\"position\":1,\"name\":\"Portada\",\"item\":\"https:\/\/www.gizalde.eus\/es\/\"},{\"@type\":\"ListItem\",\"position\":2,\"name\":\"Recursos\",\"item\":\"https:\/\/www.gizalde.eus\/es\/asociaciones-recursos\/\"},{\"@type\":\"ListItem\",\"position\":3,\"name\":\"Gesti\u00f3n econ\u00f3mica y fiscal\"}]}]}<\/script>\n<!-- \/ Yoast SEO plugin. -->","yoast_head_json":{"title":"Gesti\u00f3n econ\u00f3mica y fiscal | Gizalde","robots":{"index":"index","follow":"follow","max-snippet":"max-snippet:-1","max-image-preview":"max-image-preview:large","max-video-preview":"max-video-preview:-1"},"canonical":"https:\/\/www.gizalde.eus\/es\/asociaciones-recursos\/gestion-economica\/","og_locale":"es_ES","og_type":"article","og_title":"Gesti\u00f3n econ\u00f3mica y fiscal | Gizalde","og_description":"Gesti\u00f3n econ\u00f3mica y fiscalFecha - 18\/12\/2012Las obligaciones fiscales de la asociaci\u00f3n tendr\u00e1n relaci\u00f3n directa con la actividad de la misma. Aunque en la mayor\u00eda de los casos las asociaciones no est\u00e1n obligadas al pago de impuestos por tratarse de asociaciones sin \u00e1nimo de lucro, es necesario preparar y presentar determinadas solicitudes de exenci\u00f3n fiscal.&nbsp;En general, [&hellip;]","og_url":"https:\/\/www.gizalde.eus\/es\/asociaciones-recursos\/gestion-economica\/","og_site_name":"Gizalde","article_modified_time":"2024-09-13T10:27:22+00:00","twitter_card":"summary_large_image","schema":{"@context":"https:\/\/schema.org","@graph":[{"@type":"WebSite","@id":"https:\/\/www.gizalde.eus\/es\/#website","url":"https:\/\/www.gizalde.eus\/es\/","name":"Gizalde","description":"Voluntariado Gipuzkoa","potentialAction":[{"@type":"SearchAction","target":{"@type":"EntryPoint","urlTemplate":"https:\/\/www.gizalde.eus\/es\/?s={search_term_string}"},"query-input":"required name=search_term_string"}],"inLanguage":"es"},{"@type":"WebPage","@id":"https:\/\/www.gizalde.eus\/es\/asociaciones-recursos\/gestion-economica\/#webpage","url":"https:\/\/www.gizalde.eus\/es\/asociaciones-recursos\/gestion-economica\/","name":"Gesti\u00f3n econ\u00f3mica y fiscal | Gizalde","isPartOf":{"@id":"https:\/\/www.gizalde.eus\/es\/#website"},"datePublished":"2018-11-27T08:19:22+00:00","dateModified":"2024-09-13T10:27:22+00:00","breadcrumb":{"@id":"https:\/\/www.gizalde.eus\/es\/asociaciones-recursos\/gestion-economica\/#breadcrumb"},"inLanguage":"es","potentialAction":[{"@type":"ReadAction","target":["https:\/\/www.gizalde.eus\/es\/asociaciones-recursos\/gestion-economica\/"]}]},{"@type":"BreadcrumbList","@id":"https:\/\/www.gizalde.eus\/es\/asociaciones-recursos\/gestion-economica\/#breadcrumb","itemListElement":[{"@type":"ListItem","position":1,"name":"Portada","item":"https:\/\/www.gizalde.eus\/es\/"},{"@type":"ListItem","position":2,"name":"Recursos","item":"https:\/\/www.gizalde.eus\/es\/asociaciones-recursos\/"},{"@type":"ListItem","position":3,"name":"Gesti\u00f3n econ\u00f3mica y fiscal"}]}]}},"_links":{"self":[{"href":"https:\/\/www.gizalde.eus\/es\/wp-json\/wp\/v2\/pages\/356","targetHints":{"allow":["GET"]}}],"collection":[{"href":"https:\/\/www.gizalde.eus\/es\/wp-json\/wp\/v2\/pages"}],"about":[{"href":"https:\/\/www.gizalde.eus\/es\/wp-json\/wp\/v2\/types\/page"}],"author":[{"embeddable":true,"href":"https:\/\/www.gizalde.eus\/es\/wp-json\/wp\/v2\/users\/1"}],"replies":[{"embeddable":true,"href":"https:\/\/www.gizalde.eus\/es\/wp-json\/wp\/v2\/comments?post=356"}],"version-history":[{"count":17,"href":"https:\/\/www.gizalde.eus\/es\/wp-json\/wp\/v2\/pages\/356\/revisions"}],"predecessor-version":[{"id":12840,"href":"https:\/\/www.gizalde.eus\/es\/wp-json\/wp\/v2\/pages\/356\/revisions\/12840"}],"up":[{"embeddable":true,"href":"https:\/\/www.gizalde.eus\/es\/wp-json\/wp\/v2\/pages\/17"}],"wp:attachment":[{"href":"https:\/\/www.gizalde.eus\/es\/wp-json\/wp\/v2\/media?parent=356"}],"curies":[{"name":"wp","href":"https:\/\/api.w.org\/{rel}","templated":true}]}}