{"id":352,"date":"2018-11-26T16:45:57","date_gmt":"2018-11-26T15:45:57","guid":{"rendered":"http:\/\/www.gizalde.eus\/?page_id=352"},"modified":"2023-02-22T09:50:18","modified_gmt":"2023-02-22T08:50:18","slug":"gestion-de-personas","status":"publish","type":"page","link":"https:\/\/www.gizalde.eus\/es\/asociaciones-recursos\/gestion-de-personas\/","title":{"rendered":"Gesti\u00f3n de personas"},"content":{"rendered":"<p>[et_pb_section fb_built=\u00bb1&#8243; specialty=\u00bbon\u00bb module_id=\u00bbpagina-interior\u00bb _builder_version=\u00bb4.16&#8243; inner_max_width=\u00bbnone\u00bb global_colors_info=\u00bb{}\u00bb][et_pb_column type=\u00bb2_3&#8243; specialty_columns=\u00bb4&#8243; _builder_version=\u00bb4.16&#8243; custom_padding=\u00bb|||\u00bb global_colors_info=\u00bb{}\u00bb custom_padding__hover=\u00bb|||\u00bb][et_pb_row_inner admin_label=\u00bbFila\u00bb _builder_version=\u00bb4.16&#8243; global_colors_info=\u00bb{}\u00bb][et_pb_column_inner saved_specialty_column_type=\u00bb2_3&#8243; _builder_version=\u00bb4.16&#8243; custom_padding=\u00bb|||\u00bb global_colors_info=\u00bb{}\u00bb custom_padding__hover=\u00bb|||\u00bb][et_pb_text admin_label=\u00bbGesti\u00f3n de personas\u00bb module_class=\u00bbtitulo-azul\u00bb _builder_version=\u00bb4.16&#8243; global_colors_info=\u00bb{}\u00bb]<\/p>\n<h1>Gesti\u00f3n de personas<\/h1>\n<p>[\/et_pb_text][\/et_pb_column_inner][\/et_pb_row_inner][et_pb_row_inner admin_label=\u00bbFila\u00bb _builder_version=\u00bb4.16&#8243; global_colors_info=\u00bb{}\u00bb][et_pb_column_inner saved_specialty_column_type=\u00bb2_3&#8243; _builder_version=\u00bb4.16&#8243; custom_padding=\u00bb|||\u00bb global_colors_info=\u00bb{}\u00bb custom_padding__hover=\u00bb|||\u00bb][et_pb_accordion module_id=\u00bbacordeon\u00bb _builder_version=\u00bb4.19.5&#8243; z_index_tablet=\u00bb500&#8243; toggle_text_shadow_horizontal_length_tablet=\u00bb0px\u00bb toggle_text_shadow_vertical_length_tablet=\u00bb0px\u00bb toggle_text_shadow_blur_strength_tablet=\u00bb1px\u00bb closed_toggle_text_shadow_horizontal_length_tablet=\u00bb0px\u00bb closed_toggle_text_shadow_vertical_length_tablet=\u00bb0px\u00bb closed_toggle_text_shadow_blur_strength_tablet=\u00bb1px\u00bb body_text_shadow_horizontal_length_tablet=\u00bb0px\u00bb body_text_shadow_vertical_length_tablet=\u00bb0px\u00bb body_text_shadow_blur_strength_tablet=\u00bb1px\u00bb body_link_text_shadow_horizontal_length_tablet=\u00bb0px\u00bb body_link_text_shadow_vertical_length_tablet=\u00bb0px\u00bb body_link_text_shadow_blur_strength_tablet=\u00bb1px\u00bb body_ul_text_shadow_horizontal_length_tablet=\u00bb0px\u00bb body_ul_text_shadow_vertical_length_tablet=\u00bb0px\u00bb body_ul_text_shadow_blur_strength_tablet=\u00bb1px\u00bb body_ol_text_shadow_horizontal_length_tablet=\u00bb0px\u00bb body_ol_text_shadow_vertical_length_tablet=\u00bb0px\u00bb body_ol_text_shadow_blur_strength_tablet=\u00bb1px\u00bb body_quote_text_shadow_horizontal_length_tablet=\u00bb0px\u00bb body_quote_text_shadow_vertical_length_tablet=\u00bb0px\u00bb body_quote_text_shadow_blur_strength_tablet=\u00bb1px\u00bb box_shadow_horizontal_tablet=\u00bb0px\u00bb box_shadow_vertical_tablet=\u00bb0px\u00bb box_shadow_blur_tablet=\u00bb40px\u00bb box_shadow_spread_tablet=\u00bb0px\u00bb text_shadow_horizontal_length_tablet=\u00bb0px\u00bb text_shadow_vertical_length_tablet=\u00bb0px\u00bb text_shadow_blur_strength_tablet=\u00bb1px\u00bb global_colors_info=\u00bb{}\u00bb][et_pb_accordion_item title=\u00bbEN BLANCO\u00bb open=\u00bbon\u00bb _builder_version=\u00bb4.16&#8243; custom_css_main_element=\u00bbdisplay:none\u00bb global_colors_info=\u00bb{}\u00bb][\/et_pb_accordion_item][et_pb_accordion_item title=\u00bb\u00bfQu\u00e9 es el certificado de antecedentes penales por delincuencia sexual? \u00bfC\u00f3mo se tramita?\u00bb _builder_version=\u00bb4.16&#8243; background_color_gradient_direction_tablet=\u00bb180deg\u00bb background_color_gradient_direction_phone=\u00bb180deg\u00bb background_color_gradient_stops_tablet=\u00bb#2b87da 0%|#29c4a9 100%\u00bb background_color_gradient_stops_phone=\u00bb#2b87da 0%|#29c4a9 100%\u00bb background_color_gradient_start_position_tablet=\u00bb0%\u00bb background_color_gradient_start_position_phone=\u00bb0%\u00bb background_color_gradient_end_position_tablet=\u00bb100%\u00bb background_color_gradient_end_position_phone=\u00bb100%\u00bb hover_transition_duration_tablet=\u00bb300ms\u00bb hover_transition_duration_phone=\u00bb300ms\u00bb hover_transition_delay_tablet=\u00bb0ms\u00bb hover_transition_delay_phone=\u00bb0ms\u00bb body_text_shadow_horizontal_length_tablet=\u00bb0px\u00bb body_text_shadow_horizontal_length_phone=\u00bb0px\u00bb body_text_shadow_vertical_length_tablet=\u00bb0px\u00bb body_text_shadow_vertical_length_phone=\u00bb0px\u00bb body_text_shadow_blur_strength_tablet=\u00bb1px\u00bb body_text_shadow_blur_strength_phone=\u00bb1px\u00bb body_link_text_shadow_horizontal_length_tablet=\u00bb0px\u00bb body_link_text_shadow_horizontal_length_phone=\u00bb0px\u00bb body_link_text_shadow_vertical_length_tablet=\u00bb0px\u00bb body_link_text_shadow_vertical_length_phone=\u00bb0px\u00bb body_link_text_shadow_blur_strength_tablet=\u00bb1px\u00bb body_link_text_shadow_blur_strength_phone=\u00bb1px\u00bb body_ul_text_shadow_horizontal_length_tablet=\u00bb0px\u00bb body_ul_text_shadow_horizontal_length_phone=\u00bb0px\u00bb body_ul_text_shadow_vertical_length_tablet=\u00bb0px\u00bb body_ul_text_shadow_vertical_length_phone=\u00bb0px\u00bb body_ul_text_shadow_blur_strength_tablet=\u00bb1px\u00bb body_ul_text_shadow_blur_strength_phone=\u00bb1px\u00bb body_ol_text_shadow_horizontal_length_tablet=\u00bb0px\u00bb body_ol_text_shadow_horizontal_length_phone=\u00bb0px\u00bb body_ol_text_shadow_vertical_length_tablet=\u00bb0px\u00bb body_ol_text_shadow_vertical_length_phone=\u00bb0px\u00bb body_ol_text_shadow_blur_strength_tablet=\u00bb1px\u00bb body_ol_text_shadow_blur_strength_phone=\u00bb1px\u00bb body_quote_text_shadow_horizontal_length_tablet=\u00bb0px\u00bb body_quote_text_shadow_horizontal_length_phone=\u00bb0px\u00bb body_quote_text_shadow_vertical_length_tablet=\u00bb0px\u00bb body_quote_text_shadow_vertical_length_phone=\u00bb0px\u00bb body_quote_text_shadow_blur_strength_tablet=\u00bb1px\u00bb body_quote_text_shadow_blur_strength_phone=\u00bb1px\u00bb box_shadow_horizontal_tablet=\u00bb0px\u00bb box_shadow_horizontal_phone=\u00bb0px\u00bb box_shadow_vertical_tablet=\u00bb0px\u00bb box_shadow_vertical_phone=\u00bb0px\u00bb box_shadow_blur_tablet=\u00bb40px\u00bb box_shadow_blur_phone=\u00bb40px\u00bb box_shadow_spread_tablet=\u00bb0px\u00bb box_shadow_spread_phone=\u00bb0px\u00bb text_shadow_horizontal_length_tablet=\u00bb0em\u00bb text_shadow_horizontal_length_phone=\u00bb0em\u00bb text_shadow_vertical_length_tablet=\u00bb0em\u00bb text_shadow_vertical_length_phone=\u00bb0em\u00bb text_shadow_blur_strength_tablet=\u00bb0em\u00bb text_shadow_blur_strength_phone=\u00bb0em\u00bb global_colors_info=\u00bb{}\u00bb toggle_text_shadow_horizontal_length_tablet=\u00bb0px\u00bb toggle_text_shadow_horizontal_length_phone=\u00bb0px\u00bb toggle_text_shadow_vertical_length_tablet=\u00bb0px\u00bb toggle_text_shadow_vertical_length_phone=\u00bb0px\u00bb toggle_text_shadow_blur_strength_tablet=\u00bb1px\u00bb toggle_text_shadow_blur_strength_phone=\u00bb1px\u00bb closed_toggle_text_shadow_horizontal_length_tablet=\u00bb0px\u00bb closed_toggle_text_shadow_horizontal_length_phone=\u00bb0px\u00bb closed_toggle_text_shadow_vertical_length_tablet=\u00bb0px\u00bb closed_toggle_text_shadow_vertical_length_phone=\u00bb0px\u00bb closed_toggle_text_shadow_blur_strength_tablet=\u00bb1px\u00bb closed_toggle_text_shadow_blur_strength_phone=\u00bb1px\u00bb open=\u00bboff\u00bb]<\/p>\n<h6><a href=\"https:\/\/www.justizia.eus\/certificado-delitos-sexuales\/presencial\" target=\"_blank\" rel=\"noopener\"><em>Fuente: Administraci\u00f3n de justicia en Euskadi<\/em><\/a><\/h6>\n<h5><em><strong>QU\u00c9 ES<\/strong><\/em><\/h5>\n<p><strong>\u2022 \u00bfQu\u00e9 es?<\/strong>\u00a0Es un certificado de antecedentes penales negativo, es decir, certifica que no tienes antecedentes penales por delitos sexuales.<\/p>\n<p><strong>\u2022 \u00bfPor qu\u00e9 es necesario?<\/strong>\u00a0La\u00a0<a title=\"Ley de Protecci\u00f3n del Menor\" href=\"\/\/www.euskadi.eus\/bopv2\/datos\/2005\/03\/0501476g.pdf\" target=\"_blank\" rel=\"noopener noreferrer\">Ley de Protecci\u00f3n del Menor<\/a>\u00a0y la nueva\u00a0<a title=\"Ley de Voluntariado\" href=\"\/\/www.boe.es\/boe\/dias\/2015\/10\/15\/pdfs\/BOE-A-2015-11072.pdf\" target=\"_blank\" rel=\"noopener noreferrer\">Ley de Voluntariado<\/a>\u00a0exigen este tr\u00e1mite.<\/p>\n<p><strong>\u2022 \u00bfPara qu\u00e9?<\/strong> Es una medida dispuesta para proteger a las y los menores de edad de situaciones de riesgo. Los datos se comparar\u00e1n con un registro de delincuentes sexuales creado para este fin. Es un certificado que permite acreditar la carencia o existencia de delitos de naturaleza sexual que constan en el Registro Central de Delincuentes Sexuales en la fecha en que son expedidos.<\/p>\n<p><strong>\u2022 \u00bfQui\u00e9n lo tiene que pedir?<\/strong>\u00a0Todas las personas que trabajen con menores de edad de manera laboral y\/o voluntaria. Este tr\u00e1mite es obligatorio desde el 1 de marzo de 2016.<\/p>\n<h5>\u00a0<\/h5>\n<h5><em><strong>QU\u00c9 NECESITAS<\/strong><\/em><\/h5>\n<h4 style=\"padding-left: 40px;\"><strong>Si lo solicitas de forma presencial debes:<\/strong><\/h4>\n<p style=\"padding-left: 40px;\">-Acreditar tu identidad mediante el original o fotocopia compulsada del DNI, Tarjeta de Residencia espa\u00f1ola para extranjeros, pasaporte, carnet de conducir espa\u00f1ol, documento de identificaci\u00f3n comunitario o equivalente, en vigor.<\/p>\n<p style=\"padding-left: 40px;\">-Presentar debidamente cumplimentado el <a href=\"https:\/\/www.mjusticia.gob.es\/es\/Ciudadano\/TramitesGestiones\/Documents\/Modelo_de_Solicitud_de_Certificado_por_Delitos_de_Naturaleza_Sexual.PDF.pdf\" target=\"_blank\" rel=\"noopener\">Modelo de solicitud de certificado de delitos de naturaleza sexual<\/a>, disponible en la <a href=\"https:\/\/www.mjusticia.gob.es\/es\/ciudadanos\/tramites\/certificado-delitos\" target=\"_blank\" rel=\"noopener\">web del Ministerio de Justicia.<\/a><\/p>\n<h4 style=\"padding-left: 40px;\"><strong>Si lo solicitas por internet, debes:<\/strong><\/h4>\n<p style=\"padding-left: 40px;\">-Acceder al <a href=\"https:\/\/sede.mjusticia.gob.es\/es\/tramites\/certificado-registro-central\" target=\"_blank\" rel=\"noopener\">servicio de solicitud de certificados de delitos de naturaleza sexual del Ministerio de Justicia.<\/a><\/p>\n<p style=\"padding-left: 40px;\">-Disponer de alg\u00fan m\u00e9todo de identificaci\u00f3n electr\u00f3nica: estar registrado en el sistema <a href=\"https:\/\/clave.gob.es\/clave_Home\/clave.html\" target=\"_blank\" rel=\"noopener\">Cl@ve<\/a> o disponer de uno de los distintos certificados electr\u00f3nicos de la <a href=\"https:\/\/administracionelectronica.gob.es\/pae_Home\/pae_Estrategias\/Racionaliza_y_Comparte\/elementos_comunes\/Servicios_Comunes_Firma_Electronica\/FAQ-AFIRMA.html\" target=\"_blank\" rel=\"noopener\">plataforma @firma<\/a>, como son el certificado de la <a href=\"https:\/\/www.cert.fnmt.es\/certificados\" target=\"_blank\" rel=\"noopener\">FNMT<\/a>, o el <a href=\"https:\/\/www.dnielectronico.es\/PortalDNIe\/\" target=\"_blank\" rel=\"noopener\">DNI-e<\/a>.<\/p>\n<p style=\"padding-left: 40px;\">-Completar el formulario.<\/p>\n<h5><em><strong>QUI\u00c9N PUEDE REALIZARLO<\/strong><\/em><\/h5>\n<p>Cualquier persona f\u00edsica mayor de edad.<\/p>\n<p>Las personas menores de edad, o con la capacidad modificada judicialmente, deber\u00e1n estar representadas por uno de los progenitores o tutor legal.<\/p>\n<p>Si la que lo solicita es otra persona que le represente, esta persona debe acreditar debidamente su propia identidad y la identidad de la persona solicitante, as\u00ed como disponer de un documento que acredite la representaci\u00f3n por cualquier medio v\u00e1lido en derecho. Si haces la solicitud en nombre de tus hijos o hijas menores de edad, tienes que presentar tambi\u00e9n original o fotocopia compulsada del Libro de Familia.<\/p>\n<h5><em><strong>D\u00d3NDE<\/strong><\/em><\/h5>\n<p>De forma presencial:<\/p>\n<ul>\n<li>Bizkaia: Gerencia Territorial de Justicia del Pa\u00eds Vasco (C\/ Elcano, 9-7\u00ba, 48008, Bilbao).\u00a0<a class=\"linkexterno\" href=\"https:\/\/cita-previa.mjusticia.gob.es\/\" target=\"_blank\" rel=\"noopener\">Solicita tu cita a trav\u00e9s del Servicio de Cita Previa de las Gerencias Territoriales del Ministerio de Justicia.<\/a><\/li>\n<li>Gipuzkoa: Subdelegaci\u00f3n del Gobierno (Plaza P\u00edo XII, 6, 20010, Donostia\/San Sebasti\u00e1n).\u00a0<a class=\"linkexterno\" href=\"https:\/\/ssweb.seap.minhap.es\/icpplus\/citar?org=OIACR\" target=\"_blank\" rel=\"noopener\">Solicita tu cita a trav\u00e9s del Servicio de Cita Previa de Delegaciones y Subdelegaciones de Gobierno.<\/a><\/li>\n<li>\u00c1lava: Subdelegaci\u00f3n del Gobierno (Calle Olaguibel, 1, 01071, Vitoria-Gasteiz).\u00a0<a class=\"linkexterno\" href=\"https:\/\/ssweb.seap.minhap.es\/icpplus\/citar?org=OIACR\" target=\"_blank\" rel=\"noopener\">Solicita tu cita a trav\u00e9s del Servicio de Cita Previa de Delegaciones y Subdelegaciones de Gobierno.<\/a>\u00a0<\/li>\n<\/ul>\n<p>Por internet, en la\u00a0<a class=\"linkexterno\" href=\"https:\/\/sede.mjusticia.gob.es\/es\/tramites\/certificado-registro-central\" target=\"_blank\" rel=\"noopener\">Sede Electr\u00f3nica del Ministerio de Justicia<\/a>.<\/p>\n<h5><em><strong>C\u00d3MO LO RECIBES<\/strong><\/em><\/h5>\n<p>Cuando la solicitud se realiza de forma presencial, en menos de 24 horas te enviar\u00e1n un mensaje de texto (SMS) a tu tel\u00e9fono m\u00f3vil con un enlace para que puedas descargarte el certificado. No obstante, es necesario prever que, en determinados casos, por ejemplo, incidencias t\u00e9cnicas, puede resultar imposible y ser necesario un periodo mayor, que en general no ser\u00e1 superior a 3 d\u00edas h\u00e1biles. El plazo que la Administraci\u00f3n dispone para realizar la expedici\u00f3n es de 10 d\u00edas h\u00e1biles desde su presentaci\u00f3n.<\/p>\n<p>Cuando la solicitud se realiza por internet, lo normal es que se emita tambi\u00e9n al momento. Si ello no fuera posible, podr\u00e1s descargarte un justificante de tu solicitud con un n\u00famero que necesitar\u00e1s para obtener el certificado en formato electr\u00f3nico cuando est\u00e9 disponible.<\/p>\n<h5><em><strong>COSTE DEL TR\u00c1MITE<\/strong><\/em><\/h5>\n<p>Este certificado es gratuito.<\/p>\n<h5><em><strong>INFORMACI\u00d3N COMPLEMENTARIA<\/strong><\/em><\/h5>\n<ul>\n<li><strong>Si tu certificado tiene que surtir efectos en el extranjero<\/strong>:<\/li>\n<\/ul>\n<p>Este certificado es el \u00fanico que se expide para trabajar habitualmente con menores en Espa\u00f1a; no obstante, si requieren su presentaci\u00f3n en otro pa\u00eds, puede ser apostillado o legalizado.<\/p>\n<ul>\n<li><strong>Si quieres comprobar la validez del certificado<\/strong>:<\/li>\n<\/ul>\n<p>El certificado expedido de forma electr\u00f3nica incluye un n\u00famero llamado C\u00f3digo Seguro de Verificaci\u00f3n que garantiza su veracidad. Para comprobar su validez, puedes acceder al\u00a0<a class=\"linkexterno\" href=\"https:\/\/sede.mjusticia.gob.es\/sedecsvbroker\/FormularioVerificacion.action?lang=es_es&amp;idtramite=1288778883620&amp;idpagina=1215197884559\" target=\"_blank\" rel=\"noopener\">Servicio de Verificaci\u00f3n del certificado electr\u00f3nico de Delitos de Naturaleza Sexual<\/a>\u00a0de la Sede Electr\u00f3nica del Ministerio de Justicia.<\/p>\n<ul>\n<li><strong>Si eres una empresa o entidad p\u00fablica y quieres hacer una solicitud agrupada:<\/strong><\/li>\n<\/ul>\n<p>Existe la posibilidad de hacer de forma agrupada la solicitud del certificado de naturaleza sexual de todos los trabajadores y trabajadoras de una misma empresa o entidad p\u00fablica. En este caso, la solicitud hay que presentarla ante la\u00a0<a class=\"linkexterno\" href=\"https:\/\/www.mjusticia.gob.es\/es\/direcciones-telefonos\/gerencias-territoriales\" target=\"_blank\" rel=\"noopener\">Gerencia Territorial de Justicia<\/a>\u00a0m\u00e1s cercana al domicilio de la empresa.\u00a0<a href=\"https:\/\/www.justizia.eus\/certificado-delitos-sexuales\/preguntas-frecuentes#f1\">Consulta los pasos a seguir para hacer una solicitud agrupada<\/a>.<\/p>\n<h5><em><strong>MANUALES Y DUDAS<\/strong><\/em><\/h5>\n<p>&#8211;<a class=\"enlacePantallaNueva\" href=\"https:\/\/web.archive.org\/web\/20180123124225\/https:\/\/sede.mjusticia.gob.es\/cs\/Satellite\/Sede\/1292428230915?blobheader=application%2Fpdf&amp;blobheadername1=Content-Disposition&amp;blobheadervalue1=attachment%3B+filename%3DManual_de_usuario_para_la_Solicitud_de_Certificado_de_Delitos_de_Naturaleza_Sexual.PDF\" target=\"blank\" rel=\"noopener\">Manual de usuario para la Solicitud de Certificado de Delitos de Naturaleza Sexual\u00a0<\/a><\/p>\n<p><a href=\"https:\/\/web.archive.org\/web\/20180121095525\/https:\/\/sede.mjusticia.gob.es\/cs\/Satellite\/Sede\/es\/tramites\/resuelva-dudas11\" target=\"_blank\" rel=\"noopener\">-Resolver dudas para la solicitud del Certificado de Delitos de Naturaleza Sexual<\/a><\/p>\n<p>[\/et_pb_accordion_item][et_pb_accordion_item title=\u00bb\u00bfPuede una persona inmigrante que vive en Gipuzkoa en situaci\u00f3n irregular, ser voluntaria en una entidad?\u00bb _builder_version=\u00bb4.16&#8243; global_colors_info=\u00bb{}\u00bb open=\u00bboff\u00bb]<\/p>\n<p>Si.<\/p>\n<p>La \u00fanica dificultad con la que se podr\u00eda encontrar es la tramitaci\u00f3n del seguro del voluntariado. Si la persona en cuesti\u00f3n tiene alg\u00fan documento identificativo de su pais (pasaporte, documento nacional, etc) se le puede hacer un seguro del voluntariado, por lo tanto, la entidad aseguradora se lo debe tramitar.<\/p>\n<p>Si hubiera alg\u00fan problema en este sentido, puedes buscar apoyo y asesoramiento en Sos Racismo.<\/p>\n<p>Sos Racismo<br \/>Tel: 943321811<\/p>\n<p>[\/et_pb_accordion_item][et_pb_accordion_item title=\u00bb\u00bfQue obligaciones tienen las entidades que cuentan con voluntariado, respecto al voluntariado que se integra en su entidad?\u00bb _builder_version=\u00bb4.16&#8243; global_colors_info=\u00bb{}\u00bb open=\u00bboff\u00bb]<\/p>\n<p>La incorporaci\u00f3n de los voluntarios o voluntarias a las organizaciones se formalizar\u00e1 por escrito mediante el correspondiente acuerdo o compromiso que, adem\u00e1s de determinar el car\u00e1cter altruista de la relaci\u00f3n, tendr\u00e1 como contenido los derechos y las obligaciones rec\u00edprocas de las partes, y las funciones, actividades, duraci\u00f3n de la relaci\u00f3n, causas de su resoluci\u00f3n y cuanto estimen entre ambas partes, con el fin de salvaguardar las garant\u00edas de la ley.\u00a0<\/p>\n<p>Las organizaciones deber\u00e1n en todo caso:\u00a0<\/p>\n<p>a) Elaborar un estatuto interno del voluntario en la organizaci\u00f3n, en el que como m\u00ednimo se establecer\u00e1n los criterios de admisi\u00f3n y exclusi\u00f3n de los voluntarios y sus derechos y deberes.\u00a0<\/p>\n<p>b) Articular los mecanismos necesarios para garantizar la informaci\u00f3n, participaci\u00f3n y colaboraci\u00f3n de los voluntarios, tanto en la organizaci\u00f3n como en los proyectos o programas en que se integre.\u00a0<\/p>\n<p>c) Dotar a los voluntarios del apoyo y de los medios adecuados para el cumplimiento de sus funciones.\u00a0<\/p>\n<p>d) Proporcionar a los voluntarios la formaci\u00f3n necesaria para el desarrollo correcto de sus actividades.\u00a0<\/p>\n<p>e) Suscribir un p\u00f3liza de seguros que garantice a los voluntarios la cobertura por los da\u00f1os y perjuicios que pudieran ocasionar a terceros en el ejercicio de su actividad, con las caracter\u00edsticas y por los capitales que se establezcan reglamentariamente.\u00a0<\/p>\n<p>f) Garantizar las debidas condiciones de seguridad e higiene en funci\u00f3n de la actividad espec\u00edfica que desempe\u00f1e en el desenvolvimiento de su acci\u00f3n voluntaria.\u00a0<br \/>g) Expedir al voluntario el certificado que acredite los servicios prestados.\u00a0<\/p>\n<p>h) Cumplir los compromisos adquiridos con los voluntarios en el acuerdo de incorporaci\u00f3n a la organizaci\u00f3n.\u00a0<\/p>\n<p>i) Llevar un registro de altas y bajas del personal voluntario.\u00a0<\/p>\n<p>j) Efectuar el reembolso de los gastos ocasionados por la actividad voluntaria, cuando as\u00ed se haya previsto en las condiciones pactadas entre el voluntario y la organizaci\u00f3n y dentro de los l\u00edmites previstos en dicho acuerdo.\u00a0<\/p>\n<p>k) Facilitar al voluntario una acreditaci\u00f3n que le habilite e identifique para el desarrollo de su actividad.\u00a0<\/p>\n<p>Asi mismo, ser\u00e1n derechos de las organizaciones:\u00a0<\/p>\n<p>a) Seleccionar a los voluntarios de acuerdo con las tareas a realizar.\u00a0<\/p>\n<p>b) Solicitar y obtener de la Administraci\u00f3n la informaci\u00f3n y la orientaci\u00f3n necesarias relacionadas con su actividad de voluntariado.\u00a0<\/p>\n<p>c) Concurrir a las medidas contempladas en las acciones de fomento de la actividad voluntaria.<\/p>\n<p>[\/et_pb_accordion_item][et_pb_accordion_item title=\u00bb\u00bfQu\u00e9 derechos y obligaciones tienen las personas voluntarias cuando se integran en una entidad sin \u00e1nimo de lucro?\u00bb _builder_version=\u00bb4.16&#8243; global_colors_info=\u00bb{}\u00bb open=\u00bboff\u00bb]<\/p>\n<p>La ley de voluntariado del Pais Vasco, establece los siguientes derechos y obligaciones para las personas voluntarias que pertenecen a alguna entidad:&nbsp;<\/p>\n<p>Son derechos del voluntario o voluntaria:&nbsp;<\/p>\n<p>a) Participar activamente en la organizaci\u00f3n en que se integre, recibiendo la debida informaci\u00f3n sobre la misma, y en especial sobre sus fines, estructura organizativa y funcionamiento, as\u00ed como constituir y ser parte de los \u00f3rganos de participaci\u00f3n que se constituyan en el seno de la organizaci\u00f3n.&nbsp;<\/p>\n<p>b) Colaborar en el dise\u00f1o, elaboraci\u00f3n, ejecuci\u00f3n y evaluaci\u00f3n de los programas o proyectos en los que intervenga as\u00ed como tener la oportunidad de dar su opini\u00f3n sobre aspectos de la organizaci\u00f3n que le afecten como voluntario.&nbsp;<\/p>\n<p>c) Recibir el apoyo t\u00e9cnico, humano y formativo que requiera la tarea que desempe\u00f1e como voluntario o voluntaria, y recibir orientaci\u00f3n sobre las actividades para las que re\u00fana las mejores condiciones.&nbsp;<\/p>\n<p>d) Recibir la cobertura de un seguro por los da\u00f1os y perjuicios que el desempe\u00f1o de su actividad como voluntario pudiera causar a terceros, con las caracter\u00edsticas y por los capitales que se establezcan reglamentariamente.&nbsp;<\/p>\n<p>e) Recibir una compensaci\u00f3n econ\u00f3mica por los gastos realizados en el desempe\u00f1o de su actividad, siempre que as\u00ed se haya establecido en las condiciones pactadas entre el voluntario y la organizaci\u00f3n y dentro de los l\u00edmites previstos en dicho acuerdo.&nbsp;<\/p>\n<p>f) En la medida en que los programas o proyectos a realizar lo permitan, desarrollar las actividades en su entorno m\u00e1s pr\u00f3ximo.&nbsp;<\/p>\n<p>g) Recibir un trato no discriminatorio y justo, respetando su libertad, dignidad, intimidad y creencias.&nbsp;<\/p>\n<p>h) Realizar su actividad en las debidas condiciones de seguridad e higiene, en funci\u00f3n de la naturaleza y caracter\u00edsticas de la misma.&nbsp;<\/p>\n<p>i) Obtener el respeto y reconocimiento a su contribuci\u00f3n social.&nbsp;<\/p>\n<p>j) Cesar libremente, previo aviso, en su condici\u00f3n de voluntario.&nbsp;<\/p>\n<p>k) Los dem\u00e1s que se deriven de la presente ley y del resto del ordenamiento jur\u00eddico que haga referencia al voluntariado.&nbsp;<\/p>\n<p>Son obligaciones de la persona voluntaria:&nbsp;<\/p>\n<p>a) Apoyar, en la medida de sus posibilidades y voluntad, activamente a la organizaci\u00f3n en la que se integra, participando y colaborando con la misma.&nbsp;<\/p>\n<p>b) Cumplir los compromisos adquiridos con la organizaci\u00f3n, respetando los fines y la normativa por la que se rige.&nbsp;<\/p>\n<p>c) Actuar diligentemente en la ejecuci\u00f3n de las tareas que le sean encomendadas y seguir las instrucciones que se le impartan por los responsables de la organizaci\u00f3n.&nbsp;<\/p>\n<p>d) Participar en las actividades formativas previstas por la organizaci\u00f3n y en las que sean necesarias para mantener la calidad de los servicios que se prestan.&nbsp;<\/p>\n<p>e) Guardar la confidencialidad de la informaci\u00f3n recibida y conocida en el desarrollo de su actividad voluntaria.&nbsp;<\/p>\n<p>f) Respetar los derechos de las personas o grupo de personas a quien dirige su actividad.&nbsp;<\/p>\n<p>g) Utilizar adecuadamente la acreditaci\u00f3n de voluntario y el distintivo de su organizaci\u00f3n.&nbsp;<\/p>\n<p>h) Cuidar los recursos materiales que se pongan a su disposici\u00f3n.&nbsp;<\/p>\n<p>i) En general, realizar la acci\u00f3n voluntaria conforme a los principios recogidos en el art\u00edculo 4 de esta ley.&nbsp;<\/p>\n<p>j) Las dem\u00e1s que se deriven de la presente ley y del resto del ordenamiento jur\u00eddico que haga referencia al voluntariado.&nbsp;<\/p>\n<p>k) Observar las medidas de seguridad e higiene que se adopten.&nbsp;<\/p>\n<p>[\/et_pb_accordion_item][et_pb_accordion_item title=\u00bbSe debe formalizar un acuerdo de compromiso entre la entidad y la persona voluntaria?\u00bfQu\u00e9 debe recoger?\u00bb _builder_version=\u00bb4.16&#8243; global_colors_info=\u00bb{}\u00bb open=\u00bboff\u00bb]<\/p>\n<p>Ley 17\/1998 de 25 de junio, en el punto 3 del art\u00edculo&nbsp;<br \/>8, exige la \ufb01rma de un acuerdo de colaboraci\u00f3n o de compromiso entre la persona voluntaria y la entidad. Su funci\u00f3n es regular la relaci\u00f3n entre ambas, es decir, en qu\u00e9 t\u00e9rminos se establece, bajo que condiciones, para qu\u00e9 actividades y con qu\u00e9&nbsp;<br \/>obligaciones por cada parte. Igualmente, establecer\u00e1 sus plazos de validez y revisi\u00f3n. El acuerdo \ufb01ja una serie de elementos sin que esto impida la incorporaci\u00f3n de nuevos siempre que no entren en contradicci\u00f3n con lo expuesto en la ley. Por ejemplo:&nbsp;<\/p>\n<p>1-Descripci\u00f3n de las tareas del voluntario&nbsp;<\/p>\n<p>3-Obligaciones y derechos de ambas partes&nbsp;<\/p>\n<p>3-Si el voluntariado tiene un plazo detallarlo.&nbsp;<\/p>\n<p>4-Lugar donde se va a realizar el voluntariado.&nbsp;<\/p>\n<p>Como ejemplo, abajo indicamos varios modelos de acuerdo de compromiso:&nbsp;<\/p>\n<p><a class=\"texto-menusup\" href=\"\/\/www.gizalde.com\/intranet\/documentos\/Modelo%20acuerdo%20de%20compromiso%20entidad%20y%20persona%20voluntaria.DOC\" target=\"_blank\" rel=\"noopener noreferrer\"><br \/><span style=\"color: #0000ff;\"><b>MODELO NORMALIZADO DE DOCUMENTO&nbsp;DE ACUERDO O COMPROMISO ENTRE LA ORGANIZACI\u00d3N&nbsp;Y LA PERSONA VOLUNTARIA&nbsp;<br \/><\/b><\/span><\/a><\/p>\n<p><a class=\"texto-menusup\" href=\"\/\/www.solucionesong.org\/img\/foros\/4e9fdb88c5004\/Anexo_25_Modelo_contrato_voluntarios.pdf\" target=\"_blank\" rel=\"noopener noreferrer\"><br \/><span style=\"color: #0000ff;\"><b>MODELO DE ACUERDO DEL VOLUNTARIADO&nbsp;<br \/><\/b><\/span><\/a><\/p>\n<p>[\/et_pb_accordion_item][et_pb_accordion_item title=\u00bb\u00bfEs obligatorio suscribir una p\u00f3liza de seguros para las personas voluntarias de una entidad?\u00bb _builder_version=\u00bb4.19.5&#8243; global_colors_info=\u00bb{}\u00bb open=\u00bboff\u00bb]<\/p>\n<p>La <a href=\"https:\/\/www.gizartelan.ejgv.euskadi.eus\/r45-voleusle\/es\/contenidos\/informacion\/voluntariado_en_euskadi\/es_legisla\/adjuntos\/ley-25-junio-del-voluntariado.pdf\" target=\"_blank\" rel=\"noopener\">ley 17\/1998 del 25 de junio, del Voluntariado<\/a>, en el Cap\u00edtulo I, Art\u00edculo 6. d) y en el Cap\u00edtulo II, Art\u00edculo 8, 4.e), obliga a las asociaciones a suscribir una p\u00f3liza de seguros que garantice a los\/as voluntarios\/as la cobertura por los da\u00f1os y perjuicios que pudieran ocasionar a terceros en el ejercicio de su actividad.<\/p>\n<p>Adem\u00e1s, el <a href=\"https:\/\/www.euskadi.eus\/bopv2\/datos\/2000\/09\/0004212a.pdf\" target=\"_blank\" rel=\"noopener\">DECRETO 169\/2000, DE 1 DE SEPTIEMBRE<\/a>, por el que se aprueba el reglamento de funcionamiento del censo general de organizaciones de voluntariado y se regulan determinados aspectos relativos al voluntariado, establece en su art\u00edculo 5, lo siguiente:<\/p>\n<p>Art\u00edculo 5.\u2013 P\u00f3liza de seguros.<\/p>\n<p>En virtud de lo dispuesto en el apartado 4, letra e) del art\u00edculo 8 de la Ley 17\/1998, de 25 de junio, del Voluntariado, las organizaciones que cuenten con voluntariado, cualquiera que sea su forma jur\u00eddica, deber\u00e1n suscribir una p\u00f3liza de seguros que garantice a los voluntarios la cobertura por asistencia sanitaria, muerte e invalidez, por accidentes sufridos durante la acci\u00f3n voluntaria, as\u00ed como por los da\u00f1os y perjuicios que pudieran ocasionar a terceros en el ejercicio de su actividad.<br \/>La p\u00f3liza de responsabilidad civil suscrita para tal fin, contemplar\u00e1 un capital asegurado m\u00ednimo de 50 millones de pesetas (300.506,05 Euros).<\/p>\n<p>En la actualidad estas son las p\u00f3lizas de seguros que se ofrecen:<\/p>\n<h4><strong>Caja Laboral &#8211; Euskadiko Kutxa<\/strong><\/h4>\n<p>Hay que ponerse en contacto con el\/la gestor\/a de la oficina que te corresponda.<\/p>\n<p>&nbsp;<\/p>\n<h4><strong>Fundaci\u00f3n Pere Tarres<\/strong><\/h4>\n<p>Tel. 902430343<\/p>\n<p><a href=\"https:\/\/www.peretarres.org\/wps\/wcm\/connect\/peretarres_es\/peretarres\/webs\/escoles\/escola-ampa\/assegurances\/voluntariat\/informacio_general\" target=\"_blank\" rel=\"noopener noreferrer\">Visita el sitio web<\/a><\/p>\n<h4>\u00a0<\/h4>\n<p>&nbsp;<\/p>\n<h4><strong>ILUNION Correduria de Seguros<\/strong><\/h4>\n<p>Tel: 944102755<\/p>\n<p><a href=\"http:\/\/www.gizalde.eus\/wp-content\/uploads\/2018\/11\/PROYECTO_INFORMATIVO_VOLUNTARIADO.pdf\" target=\"_blank\" rel=\"noopener noreferrer\">Caracter\u00edsticas<\/a><\/p>\n<p><a href=\"http:\/\/correduria.ilunion.com\/seguros-tercer-sector\" target=\"_blank\" rel=\"noopener noreferrer\">Visita el sitio web<\/a><\/p>\n<h4>\u00a0<\/h4>\n<p>&nbsp;<\/p>\n<h4><strong>NORTLAN. Corredur\u00eda \u00e9tica y solidaria.<\/strong><\/h4>\n<p>Tel: 667566220<\/p>\n<p><a href=\"https:\/\/gallery.mailchimp.com\/812e16564dfce9373ebe5e8ea\/files\/Nortlan_seguros.pdf\" target=\"_blank\" rel=\"noopener noreferrer\">Caracter\u00edsticas<\/a><\/p>\n<p><a href=\"http:\/\/www.nortlan.com\/\" target=\"_blank\" rel=\"noopener noreferrer\">Visita el sitio web<\/a><\/p>\n<p>[\/et_pb_accordion_item][et_pb_accordion_item title=\u00bb\u00bfHay alguna ley que regule el voluntariado en el Pais Vasco?\u00bb _builder_version=\u00bb4.16&#8243; global_colors_info=\u00bb{}\u00bb open=\u00bboff\u00bb]<\/p>\n<p>Si. La ley que regula el voluntariado en el Pais Vasco es la<a class=\"texto-menusup\" href=\"\/\/www.euskadi.net\/cgi-bin_k54\/bopv_20?c&amp;f=19980713&amp;a=199803192\" target=\"_blank\" rel=\"noopener noreferrer\"><span style=\"color: #0000ff;\">&nbsp;Ley 17\/1998 del 25 de junio de voluntariado<\/span><\/a>. En ella, se define el concepto del voluntariado, y se regula la relaci\u00f3n entre las entidades y las personas voluntarias que pertenecen a las mismas, estableciendo los derechos y deberes de las personas voluntarias y las entidades. Asi mismo, se establecen las medidas de fomento del voluntariado a tomar por la administraci\u00f3n publica.<\/p>\n<p>[\/et_pb_accordion_item][et_pb_accordion_item title=\u00bb\u00bfCu\u00e1les son los requisitos que las entidades de voluntariado deben cumplir para que a sus personas voluntarias (alumnos\/as de la UPV) se les pueda reconocer cr\u00e9ditos universitarios por actividades solidarias y de cooperaci\u00f3n?\u00bb _builder_version=\u00bb4.16&#8243; global_colors_info=\u00bb{}\u00bb open=\u00bboff\u00bb]<\/p>\n<p>Las estudiantes y los estudiantes matriculados en la UPV\/EHU podr\u00e1n solicitar reconocimiento&nbsp;acad\u00e9mico de cr\u00e9ditos por la realizaci\u00f3n de actividades solidarias y de cooperaci\u00f3n, que hayan realizado a lo largo de su permanencia en la&nbsp;universidad.<\/p>\n<p>Para que las actividades solidarias y de cooperaci\u00f3n sean reconocidas con cr\u00e9ditos optativos en la UPV\/EHU, \u00e9stas deben ser realizadas en colaboraci\u00f3n con entidades sociales que cumplan el perfil de organizaciones de voluntariado.<\/p>\n<p>Se consideran organizaciones de voluntariado aquellas entidades sociales sin \u00e1nimo de lucro, debidamente dadas de alta, que realicen labores de inter\u00e9s general en los diversos \u00e1mbitos de la acci\u00f3n social y garanticen:<\/p>\n<p>-la existencia de un Estatuto interno de Voluntariado y de un plan de atenci\u00f3n a las personas voluntarias.<br \/>-tener contratado un seguro de responsabilidad civil y accidentes que cubra al voluntariado.<br \/>-la firma de un compromiso escrito entre la entidad y la persona voluntaria.<br \/>-la emisi\u00f3n de una acreditaci\u00f3n que reconozca la colaboraci\u00f3n voluntaria a efectos del reconocimiento de cr\u00e9ditos.<\/p>\n<p>M\u00e1s informaci\u00f3n:<\/p>\n<p><a href=\"\/\/www.ehu.eus\/es\/web\/iraunkortasuna\/protocolo-creditos-voluntariado\" target=\"_blank\" rel=\"noopener noreferrer\"><strong><span style=\"color: #3366ff;\">-Protocolo desarrollado por el Vicerrectorado de Innovaci\u00f3n, Compromiso Social y Acci\u00f3n Cultural para el reconocimiento de cr\u00e9ditos optativos por actividades solidarias y de cooperaci\u00f3n.<\/span><\/strong><\/a><\/p>\n<p><strong><span style=\"color: #3366ff;\"><a style=\"color: #3366ff;\" href=\"\/\/www.ehu.eus\/es\/web\/iraunkortasuna\/boluntariotzarekin-bat\" target=\"_blank\" rel=\"noopener noreferrer\">-Realizaci\u00f3n y reconocimiento de cr\u00e9ditos optativos por actividades solidarias y de cooperaci\u00f3n (informaci\u00f3n para el alumnado).<\/a><\/span><\/strong><\/p>\n<p>[\/et_pb_accordion_item][\/et_pb_accordion][\/et_pb_column_inner][\/et_pb_row_inner][\/et_pb_column][et_pb_column type=\u00bb1_3&#8243; _builder_version=\u00bb4.16&#8243; custom_padding=\u00bb|||\u00bb global_colors_info=\u00bb{}\u00bb custom_padding__hover=\u00bb|||\u00bb][et_pb_text admin_label=\u00bbOtros enlaces interesantes\u00bb _builder_version=\u00bb4.16&#8243; custom_margin=\u00bb||0px|\u00bb custom_padding=\u00bb||0px|\u00bb global_colors_info=\u00bb{}\u00bb]<\/p>\n<h4>Otros enlaces interesantes<\/h4>\n<p>[\/et_pb_text][et_pb_text admin_label=\u00bbPHP recursos-lista\u00bb module_class=\u00bblista-custom text-deco-no\u00bb _builder_version=\u00bb4.16&#8243; saved_tabs=\u00bball\u00bb global_colors_info=\u00bb{}\u00bb]<ul>\r\n    <li>Asesor\u00eda b\u00e1sica\r\n        <ul>\r\n            <li><a href=\"\/es\/asociaciones-recursos\/pasos-para-crear-una-entidad\/\">Crear una asociaci\u00f3n<\/a><\/li>\r\n            <li><a href=\"\/es\/asociaciones-recursos\/gestion-de-entidades\/\">Gesti\u00f3n de entidades<\/a><\/li>\r\n            <li><a href=\"\/es\/asociaciones-recursos\/gestion-de-personas\/\">Gesti\u00f3n de personas<\/a><\/li>\r\n            <li><a href=\"\/es\/asociaciones-recursos\/gestion-economica\/\">Gesti\u00f3n econ\u00f3mica<\/a><\/li>\r\n        <\/ul>\r\n    <\/li>\r\n    <li><a href=\"\/es\/asociaciones-recursos\/servicio-de-prestamo-de-material\/\">Servicio de pr\u00e9stamo de material<\/a><\/li>\r\n    <li><a href=\"\/es\/asociaciones-recursos\/difusion-de-actividades\/\">Difusi\u00f3n de actividades organizadas por las entidades<\/a><\/li>\r\n    <li>Cesi\u00f3n de espacios\r\n        <ul>\r\n            <li><a href=\"http:\/\/www.gizalde.eus\/wp-content\/uploads\/2019\/01\/Bilera-gela-Gizalde.pdf\" target=\"_blank\">Sala polivalente<\/a><\/li>\r\n            <li><a href=\"http:\/\/www.gizalde.eus\/wp-content\/uploads\/2019\/01\/BILTEGIAREN-LAGAPENA.jpg\" target=\"_blank\">Almac\u00e9n temporal<\/a><\/li>\r\n        <\/ul>\r\n    <\/li>\r\n    <li><a href=\"\/es\/asociaciones-recursos\/subvenciones-para-entidades-sin-animo-de-lucro\/\">Subvenciones para entidades sin \u00e1nimo de lucro<\/a><\/li>\r\n    <li><a href=\"\/es\/asociaciones-recursos\/recopilacion-de-espacios-y-salas-en-gipuzkoa\/\">Recopilaci\u00f3n de espacios y salas en Gipuzkoa<\/a><\/li>\r\n    <li><a href=\"\/es\/asociaciones-recursos\/publicaciones-relacionadas\/\">Publicaciones relacionadas<\/a><\/li>\r\n    <li><a href=\"\/es\/asociaciones-recursos\/presentanos-tu-entidad\/\">Pres\u00e9ntanos tu entidad<\/a><\/li>\r\n<\/ul>[\/et_pb_text][\/et_pb_column][\/et_pb_section]<\/p>\n","protected":false},"excerpt":{"rendered":"<p>Gesti\u00f3n de personas Fuente: Administraci\u00f3n de justicia en Euskadi QU\u00c9 ES \u2022 \u00bfQu\u00e9 es?\u00a0Es un certificado de antecedentes penales negativo, es decir, certifica que no tienes antecedentes penales por delitos sexuales. \u2022 \u00bfPor qu\u00e9 es necesario?\u00a0La\u00a0Ley de Protecci\u00f3n del Menor\u00a0y la nueva\u00a0Ley de Voluntariado\u00a0exigen este tr\u00e1mite. \u2022 \u00bfPara qu\u00e9? Es una medida dispuesta para proteger [&hellip;]<\/p>\n","protected":false},"author":1,"featured_media":0,"parent":17,"menu_order":0,"comment_status":"closed","ping_status":"closed","template":"","meta":{"_et_pb_use_builder":"on","_et_pb_old_content":"","_et_gb_content_width":"","footnotes":""},"class_list":["post-352","page","type-page","status-publish","hentry"],"yoast_head":"<!-- This site is optimized with the Yoast SEO plugin v18.0 - https:\/\/yoast.com\/wordpress\/plugins\/seo\/ -->\n<title>Gesti\u00f3n de personas | Gizalde<\/title>\n<meta name=\"robots\" content=\"index, follow, max-snippet:-1, max-image-preview:large, max-video-preview:-1\" \/>\n<link rel=\"canonical\" href=\"https:\/\/www.gizalde.eus\/es\/asociaciones-recursos\/gestion-de-personas\/\" \/>\n<meta property=\"og:locale\" content=\"es_ES\" \/>\n<meta property=\"og:type\" content=\"article\" \/>\n<meta property=\"og:title\" content=\"Gesti\u00f3n de personas | Gizalde\" \/>\n<meta property=\"og:description\" content=\"Gesti\u00f3n de personas Fuente: Administraci\u00f3n de justicia en Euskadi QU\u00c9 ES \u2022 \u00bfQu\u00e9 es?\u00a0Es un certificado de antecedentes penales negativo, es decir, certifica que no tienes antecedentes penales por delitos sexuales. \u2022 \u00bfPor qu\u00e9 es necesario?\u00a0La\u00a0Ley de Protecci\u00f3n del Menor\u00a0y la nueva\u00a0Ley de Voluntariado\u00a0exigen este tr\u00e1mite. \u2022 \u00bfPara qu\u00e9? Es una medida dispuesta para proteger [&hellip;]\" \/>\n<meta property=\"og:url\" content=\"https:\/\/www.gizalde.eus\/es\/asociaciones-recursos\/gestion-de-personas\/\" \/>\n<meta property=\"og:site_name\" content=\"Gizalde\" \/>\n<meta property=\"article:modified_time\" content=\"2023-02-22T08:50:18+00:00\" \/>\n<meta name=\"twitter:card\" content=\"summary_large_image\" \/>\n<meta name=\"twitter:label1\" content=\"Tiempo de lectura\" \/>\n\t<meta name=\"twitter:data1\" content=\"19 minutos\" \/>\n<script type=\"application\/ld+json\" class=\"yoast-schema-graph\">{\"@context\":\"https:\/\/schema.org\",\"@graph\":[{\"@type\":\"WebSite\",\"@id\":\"https:\/\/www.gizalde.eus\/es\/#website\",\"url\":\"https:\/\/www.gizalde.eus\/es\/\",\"name\":\"Gizalde\",\"description\":\"Voluntariado Gipuzkoa\",\"potentialAction\":[{\"@type\":\"SearchAction\",\"target\":{\"@type\":\"EntryPoint\",\"urlTemplate\":\"https:\/\/www.gizalde.eus\/es\/?s={search_term_string}\"},\"query-input\":\"required name=search_term_string\"}],\"inLanguage\":\"es\"},{\"@type\":\"WebPage\",\"@id\":\"https:\/\/www.gizalde.eus\/es\/asociaciones-recursos\/gestion-de-personas\/#webpage\",\"url\":\"https:\/\/www.gizalde.eus\/es\/asociaciones-recursos\/gestion-de-personas\/\",\"name\":\"Gesti\u00f3n de personas | Gizalde\",\"isPartOf\":{\"@id\":\"https:\/\/www.gizalde.eus\/es\/#website\"},\"datePublished\":\"2018-11-26T15:45:57+00:00\",\"dateModified\":\"2023-02-22T08:50:18+00:00\",\"breadcrumb\":{\"@id\":\"https:\/\/www.gizalde.eus\/es\/asociaciones-recursos\/gestion-de-personas\/#breadcrumb\"},\"inLanguage\":\"es\",\"potentialAction\":[{\"@type\":\"ReadAction\",\"target\":[\"https:\/\/www.gizalde.eus\/es\/asociaciones-recursos\/gestion-de-personas\/\"]}]},{\"@type\":\"BreadcrumbList\",\"@id\":\"https:\/\/www.gizalde.eus\/es\/asociaciones-recursos\/gestion-de-personas\/#breadcrumb\",\"itemListElement\":[{\"@type\":\"ListItem\",\"position\":1,\"name\":\"Portada\",\"item\":\"https:\/\/www.gizalde.eus\/es\/\"},{\"@type\":\"ListItem\",\"position\":2,\"name\":\"Recursos\",\"item\":\"https:\/\/www.gizalde.eus\/es\/asociaciones-recursos\/\"},{\"@type\":\"ListItem\",\"position\":3,\"name\":\"Gesti\u00f3n de personas\"}]}]}<\/script>\n<!-- \/ Yoast SEO plugin. -->","yoast_head_json":{"title":"Gesti\u00f3n de personas | Gizalde","robots":{"index":"index","follow":"follow","max-snippet":"max-snippet:-1","max-image-preview":"max-image-preview:large","max-video-preview":"max-video-preview:-1"},"canonical":"https:\/\/www.gizalde.eus\/es\/asociaciones-recursos\/gestion-de-personas\/","og_locale":"es_ES","og_type":"article","og_title":"Gesti\u00f3n de personas | Gizalde","og_description":"Gesti\u00f3n de personas Fuente: Administraci\u00f3n de justicia en Euskadi QU\u00c9 ES \u2022 \u00bfQu\u00e9 es?\u00a0Es un certificado de antecedentes penales negativo, es decir, certifica que no tienes antecedentes penales por delitos sexuales. \u2022 \u00bfPor qu\u00e9 es necesario?\u00a0La\u00a0Ley de Protecci\u00f3n del Menor\u00a0y la nueva\u00a0Ley de Voluntariado\u00a0exigen este tr\u00e1mite. \u2022 \u00bfPara qu\u00e9? Es una medida dispuesta para proteger [&hellip;]","og_url":"https:\/\/www.gizalde.eus\/es\/asociaciones-recursos\/gestion-de-personas\/","og_site_name":"Gizalde","article_modified_time":"2023-02-22T08:50:18+00:00","twitter_card":"summary_large_image","twitter_misc":{"Tiempo de lectura":"19 minutos"},"schema":{"@context":"https:\/\/schema.org","@graph":[{"@type":"WebSite","@id":"https:\/\/www.gizalde.eus\/es\/#website","url":"https:\/\/www.gizalde.eus\/es\/","name":"Gizalde","description":"Voluntariado Gipuzkoa","potentialAction":[{"@type":"SearchAction","target":{"@type":"EntryPoint","urlTemplate":"https:\/\/www.gizalde.eus\/es\/?s={search_term_string}"},"query-input":"required name=search_term_string"}],"inLanguage":"es"},{"@type":"WebPage","@id":"https:\/\/www.gizalde.eus\/es\/asociaciones-recursos\/gestion-de-personas\/#webpage","url":"https:\/\/www.gizalde.eus\/es\/asociaciones-recursos\/gestion-de-personas\/","name":"Gesti\u00f3n de personas | Gizalde","isPartOf":{"@id":"https:\/\/www.gizalde.eus\/es\/#website"},"datePublished":"2018-11-26T15:45:57+00:00","dateModified":"2023-02-22T08:50:18+00:00","breadcrumb":{"@id":"https:\/\/www.gizalde.eus\/es\/asociaciones-recursos\/gestion-de-personas\/#breadcrumb"},"inLanguage":"es","potentialAction":[{"@type":"ReadAction","target":["https:\/\/www.gizalde.eus\/es\/asociaciones-recursos\/gestion-de-personas\/"]}]},{"@type":"BreadcrumbList","@id":"https:\/\/www.gizalde.eus\/es\/asociaciones-recursos\/gestion-de-personas\/#breadcrumb","itemListElement":[{"@type":"ListItem","position":1,"name":"Portada","item":"https:\/\/www.gizalde.eus\/es\/"},{"@type":"ListItem","position":2,"name":"Recursos","item":"https:\/\/www.gizalde.eus\/es\/asociaciones-recursos\/"},{"@type":"ListItem","position":3,"name":"Gesti\u00f3n de personas"}]}]}},"_links":{"self":[{"href":"https:\/\/www.gizalde.eus\/es\/wp-json\/wp\/v2\/pages\/352","targetHints":{"allow":["GET"]}}],"collection":[{"href":"https:\/\/www.gizalde.eus\/es\/wp-json\/wp\/v2\/pages"}],"about":[{"href":"https:\/\/www.gizalde.eus\/es\/wp-json\/wp\/v2\/types\/page"}],"author":[{"embeddable":true,"href":"https:\/\/www.gizalde.eus\/es\/wp-json\/wp\/v2\/users\/1"}],"replies":[{"embeddable":true,"href":"https:\/\/www.gizalde.eus\/es\/wp-json\/wp\/v2\/comments?post=352"}],"version-history":[{"count":21,"href":"https:\/\/www.gizalde.eus\/es\/wp-json\/wp\/v2\/pages\/352\/revisions"}],"predecessor-version":[{"id":9314,"href":"https:\/\/www.gizalde.eus\/es\/wp-json\/wp\/v2\/pages\/352\/revisions\/9314"}],"up":[{"embeddable":true,"href":"https:\/\/www.gizalde.eus\/es\/wp-json\/wp\/v2\/pages\/17"}],"wp:attachment":[{"href":"https:\/\/www.gizalde.eus\/es\/wp-json\/wp\/v2\/media?parent=352"}],"curies":[{"name":"wp","href":"https:\/\/api.w.org\/{rel}","templated":true}]}}