{"id":340,"date":"2018-11-16T13:30:24","date_gmt":"2018-11-16T12:30:24","guid":{"rendered":"http:\/\/www.gizalde.eus\/?page_id=340"},"modified":"2024-06-05T12:30:46","modified_gmt":"2024-06-05T11:30:46","slug":"gestion-de-entidades","status":"publish","type":"page","link":"https:\/\/www.gizalde.eus\/es\/asociaciones-recursos\/gestion-de-entidades\/","title":{"rendered":"Gesti\u00f3n de entidades"},"content":{"rendered":"<p>[et_pb_section fb_built=\u00bb1&#8243; specialty=\u00bbon\u00bb module_id=\u00bbpagina-interior\u00bb _builder_version=\u00bb4.16&#8243; inner_max_width=\u00bbnone\u00bb global_colors_info=\u00bb{}\u00bb][et_pb_column type=\u00bb2_3&#8243; specialty_columns=\u00bb4&#8243; _builder_version=\u00bb4.16&#8243; custom_padding=\u00bb|||\u00bb global_colors_info=\u00bb{}\u00bb custom_padding__hover=\u00bb|||\u00bb][et_pb_row_inner admin_label=\u00bbFila\u00bb _builder_version=\u00bb4.16&#8243; global_colors_info=\u00bb{}\u00bb][et_pb_column_inner saved_specialty_column_type=\u00bb2_3&#8243; _builder_version=\u00bb4.16&#8243; custom_padding=\u00bb|||\u00bb global_colors_info=\u00bb{}\u00bb custom_padding__hover=\u00bb|||\u00bb][et_pb_text admin_label=\u00bbGesti\u00f3n de entidades\u00bb module_class=\u00bbtitulo-azul\u00bb _builder_version=\u00bb4.16&#8243; global_colors_info=\u00bb{}\u00bb]<\/p>\n<h1>Gesti\u00f3n de entidades<\/h1>\n<p>[\/et_pb_text][\/et_pb_column_inner][\/et_pb_row_inner][et_pb_row_inner admin_label=\u00bbFila\u00bb _builder_version=\u00bb4.16&#8243; global_colors_info=\u00bb{}\u00bb][et_pb_column_inner saved_specialty_column_type=\u00bb2_3&#8243; _builder_version=\u00bb4.16&#8243; custom_padding=\u00bb|||\u00bb global_colors_info=\u00bb{}\u00bb custom_padding__hover=\u00bb|||\u00bb][et_pb_accordion module_id=\u00bbacordeon\u00bb _builder_version=\u00bb4.19.5&#8243; hover_enabled=\u00bb0&#8243; z_index_tablet=\u00bb500&#8243; toggle_text_shadow_horizontal_length_tablet=\u00bb0px\u00bb toggle_text_shadow_vertical_length_tablet=\u00bb0px\u00bb toggle_text_shadow_blur_strength_tablet=\u00bb1px\u00bb closed_toggle_text_shadow_horizontal_length_tablet=\u00bb0px\u00bb closed_toggle_text_shadow_vertical_length_tablet=\u00bb0px\u00bb closed_toggle_text_shadow_blur_strength_tablet=\u00bb1px\u00bb body_text_shadow_horizontal_length_tablet=\u00bb0px\u00bb body_text_shadow_vertical_length_tablet=\u00bb0px\u00bb body_text_shadow_blur_strength_tablet=\u00bb1px\u00bb body_link_text_shadow_horizontal_length_tablet=\u00bb0px\u00bb body_link_text_shadow_vertical_length_tablet=\u00bb0px\u00bb body_link_text_shadow_blur_strength_tablet=\u00bb1px\u00bb body_ul_text_shadow_horizontal_length_tablet=\u00bb0px\u00bb body_ul_text_shadow_vertical_length_tablet=\u00bb0px\u00bb body_ul_text_shadow_blur_strength_tablet=\u00bb1px\u00bb body_ol_text_shadow_horizontal_length_tablet=\u00bb0px\u00bb body_ol_text_shadow_vertical_length_tablet=\u00bb0px\u00bb body_ol_text_shadow_blur_strength_tablet=\u00bb1px\u00bb body_quote_text_shadow_horizontal_length_tablet=\u00bb0px\u00bb body_quote_text_shadow_vertical_length_tablet=\u00bb0px\u00bb body_quote_text_shadow_blur_strength_tablet=\u00bb1px\u00bb box_shadow_horizontal_tablet=\u00bb0px\u00bb box_shadow_vertical_tablet=\u00bb0px\u00bb box_shadow_blur_tablet=\u00bb40px\u00bb box_shadow_spread_tablet=\u00bb0px\u00bb text_shadow_horizontal_length_tablet=\u00bb0px\u00bb text_shadow_vertical_length_tablet=\u00bb0px\u00bb text_shadow_blur_strength_tablet=\u00bb1px\u00bb global_colors_info=\u00bb{}\u00bb sticky_enabled=\u00bb0&#8243;][et_pb_accordion_item title=\u00bbEN BLANCO\u00bb open=\u00bbon\u00bb _builder_version=\u00bb4.16&#8243; custom_css_main_element=\u00bbdisplay:none\u00bb global_colors_info=\u00bb{}\u00bb][\/et_pb_accordion_item][et_pb_accordion_item title=\u00bb\u00bfCu\u00e1les son los pasos a seguir para crear una asociaci\u00f3n?\u00bb _builder_version=\u00bb4.16&#8243; global_colors_info=\u00bb{}\u00bb open=\u00bboff\u00bb]<\/p>\n<p>Los pasos para crear una asociaci\u00f3n sin \u00e1nimo de lucro, los encontrar\u00e1s en el siguiente documento: <a class=\"texto-menusup\" href=\"\/\/docs.google.com\/document\/d\/1u_YlAv4gx5t6GQqXdEHWkKe7DCa7kyX-FLJmt83nPFc\/edit?usp=sharing\" target=\"_blank\" rel=\"noopener noreferrer\"><span style=\"color: #0000ff;\"><b>\u00abInstrucciones para la creaci\u00f3n de una entidad sin \u00e1nimo de lucro\u00bb<\/b><\/span><\/a><\/p>\n<p>[\/et_pb_accordion_item][et_pb_accordion_item title=\u00bb\u00bfQu\u00e9 es el certificado de antecedentes penales por delincuencia sexual? \u00bfC\u00f3mo se tramita?\u00bb _builder_version=\u00bb4.16&#8243; background_color_gradient_direction_tablet=\u00bb180deg\u00bb background_color_gradient_direction_phone=\u00bb180deg\u00bb background_color_gradient_stops_tablet=\u00bb#2b87da 0%|#29c4a9 100%\u00bb background_color_gradient_stops_phone=\u00bb#2b87da 0%|#29c4a9 100%\u00bb background_color_gradient_start_position_tablet=\u00bb0%\u00bb background_color_gradient_start_position_phone=\u00bb0%\u00bb background_color_gradient_end_position_tablet=\u00bb100%\u00bb background_color_gradient_end_position_phone=\u00bb100%\u00bb hover_transition_duration_tablet=\u00bb300ms\u00bb hover_transition_duration_phone=\u00bb300ms\u00bb hover_transition_delay_tablet=\u00bb0ms\u00bb hover_transition_delay_phone=\u00bb0ms\u00bb body_text_shadow_horizontal_length_tablet=\u00bb0px\u00bb body_text_shadow_horizontal_length_phone=\u00bb0px\u00bb body_text_shadow_vertical_length_tablet=\u00bb0px\u00bb body_text_shadow_vertical_length_phone=\u00bb0px\u00bb body_text_shadow_blur_strength_tablet=\u00bb1px\u00bb body_text_shadow_blur_strength_phone=\u00bb1px\u00bb body_link_text_shadow_horizontal_length_tablet=\u00bb0px\u00bb body_link_text_shadow_horizontal_length_phone=\u00bb0px\u00bb body_link_text_shadow_vertical_length_tablet=\u00bb0px\u00bb body_link_text_shadow_vertical_length_phone=\u00bb0px\u00bb body_link_text_shadow_blur_strength_tablet=\u00bb1px\u00bb body_link_text_shadow_blur_strength_phone=\u00bb1px\u00bb body_ul_text_shadow_horizontal_length_tablet=\u00bb0px\u00bb body_ul_text_shadow_horizontal_length_phone=\u00bb0px\u00bb body_ul_text_shadow_vertical_length_tablet=\u00bb0px\u00bb body_ul_text_shadow_vertical_length_phone=\u00bb0px\u00bb body_ul_text_shadow_blur_strength_tablet=\u00bb1px\u00bb body_ul_text_shadow_blur_strength_phone=\u00bb1px\u00bb body_ol_text_shadow_horizontal_length_tablet=\u00bb0px\u00bb body_ol_text_shadow_horizontal_length_phone=\u00bb0px\u00bb body_ol_text_shadow_vertical_length_tablet=\u00bb0px\u00bb body_ol_text_shadow_vertical_length_phone=\u00bb0px\u00bb body_ol_text_shadow_blur_strength_tablet=\u00bb1px\u00bb body_ol_text_shadow_blur_strength_phone=\u00bb1px\u00bb body_quote_text_shadow_horizontal_length_tablet=\u00bb0px\u00bb body_quote_text_shadow_horizontal_length_phone=\u00bb0px\u00bb body_quote_text_shadow_vertical_length_tablet=\u00bb0px\u00bb body_quote_text_shadow_vertical_length_phone=\u00bb0px\u00bb body_quote_text_shadow_blur_strength_tablet=\u00bb1px\u00bb body_quote_text_shadow_blur_strength_phone=\u00bb1px\u00bb box_shadow_horizontal_tablet=\u00bb0px\u00bb box_shadow_horizontal_phone=\u00bb0px\u00bb box_shadow_vertical_tablet=\u00bb0px\u00bb box_shadow_vertical_phone=\u00bb0px\u00bb box_shadow_blur_tablet=\u00bb40px\u00bb box_shadow_blur_phone=\u00bb40px\u00bb box_shadow_spread_tablet=\u00bb0px\u00bb box_shadow_spread_phone=\u00bb0px\u00bb text_shadow_horizontal_length_tablet=\u00bb0em\u00bb text_shadow_horizontal_length_phone=\u00bb0em\u00bb text_shadow_vertical_length_tablet=\u00bb0em\u00bb text_shadow_vertical_length_phone=\u00bb0em\u00bb text_shadow_blur_strength_tablet=\u00bb0em\u00bb text_shadow_blur_strength_phone=\u00bb0em\u00bb global_colors_info=\u00bb{}\u00bb toggle_text_shadow_horizontal_length_tablet=\u00bb0px\u00bb toggle_text_shadow_horizontal_length_phone=\u00bb0px\u00bb toggle_text_shadow_vertical_length_tablet=\u00bb0px\u00bb toggle_text_shadow_vertical_length_phone=\u00bb0px\u00bb toggle_text_shadow_blur_strength_tablet=\u00bb1px\u00bb toggle_text_shadow_blur_strength_phone=\u00bb1px\u00bb closed_toggle_text_shadow_horizontal_length_tablet=\u00bb0px\u00bb closed_toggle_text_shadow_horizontal_length_phone=\u00bb0px\u00bb closed_toggle_text_shadow_vertical_length_tablet=\u00bb0px\u00bb closed_toggle_text_shadow_vertical_length_phone=\u00bb0px\u00bb closed_toggle_text_shadow_blur_strength_tablet=\u00bb1px\u00bb closed_toggle_text_shadow_blur_strength_phone=\u00bb1px\u00bb open=\u00bboff\u00bb]<\/p>\n<p><strong>\u2022 \u00bfQu\u00e9 es?<\/strong>\u00a0Es un certificado de antecedentes penales negativo, es decir, certifica que no tienes antecedentes penales por delitos sexuales.<\/p>\n<p><strong>\u2022 \u00bfPor qu\u00e9 es necesario?<\/strong>\u00a0La\u00a0<a title=\"Ley de Protecci\u00f3n del Menor\" href=\"\/\/www.euskadi.eus\/bopv2\/datos\/2005\/03\/0501476g.pdf\" target=\"_blank\" rel=\"noopener noreferrer\">Ley de Protecci\u00f3n del Menor<\/a>\u00a0y la nueva\u00a0<a title=\"Ley de Voluntariado\" href=\"\/\/www.boe.es\/boe\/dias\/2015\/10\/15\/pdfs\/BOE-A-2015-11072.pdf\" target=\"_blank\" rel=\"noopener noreferrer\">Ley de Voluntariado<\/a>\u00a0exigen este tr\u00e1mite.<\/p>\n<p><strong>\u2022 \u00bfPara qu\u00e9?<\/strong>\u00a0Es una medida dispuesta para proteger a las y los menores de edad de situaciones de riesgo. Los datos se comparar\u00e1n con un registro de delincuentes sexuales creado para este fin.<\/p>\n<p><strong>\u2022 \u00bfQui\u00e9n lo tiene que pedir?<\/strong>\u00a0Todas las personas que trabajen con menores de edad de manera laboral y\/o voluntaria. Este tr\u00e1mite es obligatorio desde el 1 de marzo de 2016.<\/p>\n<p><strong>o Tramitaci\u00f3n individual:<\/strong><\/p>\n<blockquote>\n<ul>\n<li>Entregar la solicitud debidamente cumplimentada<\/li>\n<li>La persona tiene que tener cumplidos los 18 a\u00f1os. (*en caso de ser menor de edad, sus tutores legales har\u00e1n la petici\u00f3n en su nombre).<\/li>\n<li>La persona tiene que estar en posesi\u00f3n del DNI.<\/li>\n<li>En el caso de extranjeros, a dem\u00e1s de este certificado tendr\u00e1n que cursar otro del pa\u00eds de origen. Lo m\u00e1s adecuado es ponerse en contacto con la embajada del pa\u00eds de origen, para informarse de la forma de cursar el tr\u00e1mite que deber\u00e1 estar traducido al castellano y compulsado.<\/li>\n<\/ul>\n<\/blockquote>\n<p>o Tramitaci\u00f3n grupal:<\/p>\n<blockquote>\n<ul>\n<li>Las personas que tienen una relaci\u00f3n laboral con la Administraci\u00f3n P\u00fablica podr\u00e1n dar su autorizaci\u00f3n a esta para que obtenga esa informaci\u00f3n.<\/li>\n<li>Las personas trabajadoras o voluntarias en una asociaci\u00f3n o empresa podr\u00e1n hacer la solicitud del certificado de manera grupal, nombrando para ello una persona representante, esta har\u00e1 una \u00fanica solicitud en la Gerencia Territorial del Ministerio de Justicia.\n<ul>\n<li>Si se hace por correo se enviar\u00e1 a la Gerencia indicando claramente en el sobre \u00abSecci\u00f3n de Trabajo con Menores (Proceso Agrupado)\u00bb.<\/li>\n<li>A\u00f1adir\u00e1 adem\u00e1s, la\u00a0<a title=\"Autorizaci\u00f3n de las personas que representa\" href=\"\/\/www.certificados-registros.com\/wp-content\/uploads\/2016\/12\/Autorizaci%C3%B3n.pdf\" target=\"_blank\" rel=\"noopener noreferrer\">autorizaci\u00f3n<\/a>\u00a0de todas las personas a las que representa.<\/li>\n<li>Las fotocopias de los DNI de todas las personas solicitantes, con el sello de la entidad\/empresa.<\/li>\n<li>El documento de comparecencia del representante.<\/li>\n<li>El documento Excel en el que aparecer\u00e1n los datos exigidos de cada solicitante (en un pendrive o CD).<\/li>\n<\/ul>\n<\/li>\n<li>Al procesarse los datos se facilitar\u00e1 la informaci\u00f3n que conste en el Registro Central de Delincuentes Sexuales. En el caso de que falte alg\u00fan dato o se aprecie alg\u00fan error la Oficina se pondr\u00e1 en contacto con la persona solicitante a fin de aclarar el punto.<\/li>\n<li>Para solicitarlo por\u00a0<a title=\"Link para solicitar el certificado por internet\" href=\"https:\/\/sede.mjusticia.gob.es\/es\/tramites\/certificado-registro-central\" target=\"_blank\" rel=\"noopener noreferrer\">internet<\/a>.<\/li>\n<\/ul>\n<\/blockquote>\n<p>&nbsp;<\/p>\n<p>C\u00f3mo obtener el certificado:<\/p>\n<ul>\n<li><strong>En las\u00a0Gerencias Territoriales de Justicia.<\/strong>\u00a0En el Pa\u00eds Vasco hay sedes en Bilbao y Pamplona. Puedes acercarte a alguna de estas dos oficinas para hacer el tr\u00e1mite de manera presencial y obtener el certificado al instante. Necesitas rellenar el\u00a0formulario\u00a0y llevar una fotocopia del D.N.I.<\/li>\n<\/ul>\n<p><img loading=\"lazy\" decoding=\"async\" class=\"aligncenter wp-image-10232\" src=\"\/\/egk.eus\/wp-content\/uploads\/2016\/09\/Subsedes-certificado.jpg\" sizes=\"auto, (max-width: 600px) 100vw, 600px\" srcset=\"\/\/egk.eus\/wp-content\/uploads\/2016\/09\/Subsedes-certificado.jpg 902w, \/\/egk.eus\/wp-content\/uploads\/2016\/09\/Subsedes-certificado-300x95.jpg 300w, \/\/egk.eus\/wp-content\/uploads\/2016\/09\/Subsedes-certificado-768x243.jpg 768w\" alt=\"subsedes-certificado\" width=\"600\" height=\"190\" \/><\/p>\n<ul>\n<li>En las Delegaciones y subdelegaciones del Gobierno. Adem\u00e1s de las delegaciones de Bilbao y Pamplona en Gasteiz y Donostia hay subdelegaciones del Gobierno (de manera presencial) que facilitan hacer la gesti\u00f3n sin tener que desplazarse a Bilbao o a Pamplona. Estas son las oficinas:<\/li>\n<\/ul>\n<p><img loading=\"lazy\" decoding=\"async\" class=\"aligncenter wp-image-10228\" src=\"\/\/egk.eus\/wp-content\/uploads\/2016\/09\/Subsedes-sertificado-300x82.jpg\" sizes=\"auto, (max-width: 600px) 100vw, 600px\" srcset=\"\/\/egk.eus\/wp-content\/uploads\/2016\/09\/Subsedes-sertificado-300x82.jpg 300w, \/\/egk.eus\/wp-content\/uploads\/2016\/09\/Subsedes-sertificado-768x211.jpg 768w, \/\/egk.eus\/wp-content\/uploads\/2016\/09\/Subsedes-sertificado.jpg 845w\" alt=\"subsedes-sertificado\" width=\"600\" height=\"165\" \/><\/p>\n<ul>\n<li>Por correo postal. En este caso rellenar el\u00a0formulario\u00a0bien cumplimentado y acompa\u00f1arlo con una fotocopia del D.N.I\u00a0<strong>compulsada<\/strong>\u00a0(para compulsarla tiene que hacerlo un\/a funcionario\/a; ya sea del ayuntamiento, la policia local\u2026). El destinatario debe de ser la propia Gerencia Territorial del Ministerio de Justicia (en este caso las oficinas de Bilbao o Pamplona). En cuanto reciban tu solicitud te llegar\u00e1 un SMS al m\u00f3vil para que mediante la p\u00e1gina web podr\u00e1s acceder a tu certificado (PDF) el cual descargar e imprimir cuantas veces lo necesites.<\/li>\n<\/ul>\n<p>&nbsp;<\/p>\n<ul>\n<li>Mediante el servicio de Zuzenean del Gobierno Vasco. Se puede tramitar la solicitud del certificado mediante el servicio de zuzenean. Lo que hace falta es ir con el\u00a0formulario\u00a0bien rellenado y acompa\u00f1arlo con la fotocopia del D.N.I. y el original para que puedan verificarlo. Desde zuzenean se encargan de mandar la solicitud.\u00a0<strong>Es muy importante indicar que la direcci\u00f3n de destino es Bilbao<\/strong>\u00a0<strong>o Pamplona<\/strong>\u00a0porque algunas personas lo han mandado a Madrid y esos certificados no han llegado. Para conseguir el certificado al igual que la tramitaci\u00f3n por correo postal, te llegar\u00e1 un SMS al m\u00f3vil para que mediante la p\u00e1gina web podr\u00e1s acceder a tu certificado (PDF) el cual descargar e imprimir cuantas veces lo necesites.<\/li>\n<\/ul>\n<p>&nbsp;<\/p>\n<ul>\n<li>Por\u00a0\u00a0<a href=\"https:\/\/sede.mjusticia.gob.es\/es\/tramites\/certificado-registro-central\" target=\"_blank\" rel=\"noopener noreferrer\">internet<\/a>. Hacer la solicitud on-line es la opci\u00f3n m\u00e1s r\u00e1pida, lo \u00fanico que es necesario tener un lector de D.N.I. y a su vez disponer de las claves de acceso del documento. Para ello es muy importante tener actualizado tanto la clave para el acceso al DNI electr\u00f3nico, como los certificados asociados al DNI electr\u00f3nico. Estas actualizaciones se pueden realizar en los terminales localizados en las oficinas del DNI.<\/li>\n<\/ul>\n<p>&nbsp;<\/p>\n<p>M\u00e1s informaci\u00f3n:<\/p>\n<p>&#8211;<a class=\"enlacePantallaNueva\" href=\"https:\/\/web.archive.org\/web\/20180123124225\/https:\/\/sede.mjusticia.gob.es\/cs\/Satellite\/Sede\/1292428230915?blobheader=application%2Fpdf&amp;blobheadername1=Content-Disposition&amp;blobheadervalue1=attachment%3B+filename%3DManual_de_usuario_para_la_Solicitud_de_Certificado_de_Delitos_de_Naturaleza_Sexual.PDF\" target=\"blank\" rel=\"noopener\">Manual de usuario para la Solicitud de Certificado de Delitos de Naturaleza Sexual\u00a0<\/a><\/p>\n<p><a href=\"https:\/\/web.archive.org\/web\/20180121095525\/https:\/\/sede.mjusticia.gob.es\/cs\/Satellite\/Sede\/es\/tramites\/resuelva-dudas11\" target=\"_blank\" rel=\"noopener\">-Resolver dudas para la solicitud del Certificado de Delitos de Naturaleza Sexual<\/a><\/p>\n<p>[\/et_pb_accordion_item][et_pb_accordion_item title=\u00bb\u00bfQu\u00e9 se debe incluir en el Plan de Voluntariado de una entidad?\u00bb _builder_version=\u00bb4.16&#8243; background_color_gradient_direction_tablet=\u00bb180deg\u00bb background_color_gradient_direction_phone=\u00bb180deg\u00bb background_color_gradient_stops_tablet=\u00bb#2b87da 0%|#29c4a9 100%\u00bb background_color_gradient_stops_phone=\u00bb#2b87da 0%|#29c4a9 100%\u00bb background_color_gradient_start_position_tablet=\u00bb0%\u00bb background_color_gradient_start_position_phone=\u00bb0%\u00bb background_color_gradient_end_position_tablet=\u00bb100%\u00bb background_color_gradient_end_position_phone=\u00bb100%\u00bb hover_transition_duration_tablet=\u00bb300ms\u00bb hover_transition_duration_phone=\u00bb300ms\u00bb hover_transition_delay_tablet=\u00bb0ms\u00bb hover_transition_delay_phone=\u00bb0ms\u00bb body_text_shadow_horizontal_length_tablet=\u00bb0px\u00bb body_text_shadow_horizontal_length_phone=\u00bb0px\u00bb body_text_shadow_vertical_length_tablet=\u00bb0px\u00bb body_text_shadow_vertical_length_phone=\u00bb0px\u00bb body_text_shadow_blur_strength_tablet=\u00bb1px\u00bb body_text_shadow_blur_strength_phone=\u00bb1px\u00bb body_link_text_shadow_horizontal_length_tablet=\u00bb0px\u00bb body_link_text_shadow_horizontal_length_phone=\u00bb0px\u00bb body_link_text_shadow_vertical_length_tablet=\u00bb0px\u00bb body_link_text_shadow_vertical_length_phone=\u00bb0px\u00bb body_link_text_shadow_blur_strength_tablet=\u00bb1px\u00bb body_link_text_shadow_blur_strength_phone=\u00bb1px\u00bb body_ul_text_shadow_horizontal_length_tablet=\u00bb0px\u00bb body_ul_text_shadow_horizontal_length_phone=\u00bb0px\u00bb body_ul_text_shadow_vertical_length_tablet=\u00bb0px\u00bb body_ul_text_shadow_vertical_length_phone=\u00bb0px\u00bb body_ul_text_shadow_blur_strength_tablet=\u00bb1px\u00bb body_ul_text_shadow_blur_strength_phone=\u00bb1px\u00bb body_ol_text_shadow_horizontal_length_tablet=\u00bb0px\u00bb body_ol_text_shadow_horizontal_length_phone=\u00bb0px\u00bb body_ol_text_shadow_vertical_length_tablet=\u00bb0px\u00bb body_ol_text_shadow_vertical_length_phone=\u00bb0px\u00bb body_ol_text_shadow_blur_strength_tablet=\u00bb1px\u00bb body_ol_text_shadow_blur_strength_phone=\u00bb1px\u00bb body_quote_text_shadow_horizontal_length_tablet=\u00bb0px\u00bb body_quote_text_shadow_horizontal_length_phone=\u00bb0px\u00bb body_quote_text_shadow_vertical_length_tablet=\u00bb0px\u00bb body_quote_text_shadow_vertical_length_phone=\u00bb0px\u00bb body_quote_text_shadow_blur_strength_tablet=\u00bb1px\u00bb body_quote_text_shadow_blur_strength_phone=\u00bb1px\u00bb box_shadow_horizontal_tablet=\u00bb0px\u00bb box_shadow_horizontal_phone=\u00bb0px\u00bb box_shadow_vertical_tablet=\u00bb0px\u00bb box_shadow_vertical_phone=\u00bb0px\u00bb box_shadow_blur_tablet=\u00bb40px\u00bb box_shadow_blur_phone=\u00bb40px\u00bb box_shadow_spread_tablet=\u00bb0px\u00bb box_shadow_spread_phone=\u00bb0px\u00bb text_shadow_horizontal_length_tablet=\u00bb0em\u00bb text_shadow_horizontal_length_phone=\u00bb0em\u00bb text_shadow_vertical_length_tablet=\u00bb0em\u00bb text_shadow_vertical_length_phone=\u00bb0em\u00bb text_shadow_blur_strength_tablet=\u00bb0em\u00bb text_shadow_blur_strength_phone=\u00bb0em\u00bb global_colors_info=\u00bb{}\u00bb toggle_text_shadow_horizontal_length_tablet=\u00bb0px\u00bb toggle_text_shadow_horizontal_length_phone=\u00bb0px\u00bb toggle_text_shadow_vertical_length_tablet=\u00bb0px\u00bb toggle_text_shadow_vertical_length_phone=\u00bb0px\u00bb toggle_text_shadow_blur_strength_tablet=\u00bb1px\u00bb toggle_text_shadow_blur_strength_phone=\u00bb1px\u00bb closed_toggle_text_shadow_horizontal_length_tablet=\u00bb0px\u00bb closed_toggle_text_shadow_horizontal_length_phone=\u00bb0px\u00bb closed_toggle_text_shadow_vertical_length_tablet=\u00bb0px\u00bb closed_toggle_text_shadow_vertical_length_phone=\u00bb0px\u00bb closed_toggle_text_shadow_blur_strength_tablet=\u00bb1px\u00bb closed_toggle_text_shadow_blur_strength_phone=\u00bb1px\u00bb open=\u00bboff\u00bb]<\/p>\n<p>Fecha &#8211; 03\/06\/2015<\/p>\n<p>No hay un formato oficial para el plan de voluntariado. En funci\u00f3n del tama\u00f1o y modo de funcionar de cada entidad, incluso de las prioridades que marca cada entidad, el formato puede ser diferente. Cada entidad a\u00f1adir\u00e1 aquello que cree importante incluir.<\/p>\n<p>Estos son los puntos que puede recoger:<\/p>\n<p>1. Una peque\u00f1a presentaci\u00f3n de la entidad, con sus fines, valores y objetivos.<\/p>\n<p>2. C\u00f3mo entiende la entidad el voluntariado y cual ser\u00e1 su espacio dentro de ella.<\/p>\n<p>3. Cuales son los las tareas que realizar\u00e1n las personas voluntarias.<\/p>\n<p>4. Perfil de las personas voluntarias (edad minima\/maxima, actitudes, aptitudes, etc.).<\/p>\n<p>5. C\u00f3mo se articular\u00e1 la participaci\u00f3n de las personas voluntarias dentro de la estructura de la entidad.<\/p>\n<p>6. Cuales ser\u00e1n sus derechos y sus obligaciones.<\/p>\n<p>7. Cual ser\u00e1 el itinerario de las personas voluntarias dentro de la entidad, c\u00f3mo se desarrollar\u00e1 cada fase (captacion, acogida, acompa\u00f1amiento\/fidelizaci\u00f3n, formaci\u00f3n, desvinculaci\u00f3n,&#8230;), qui\u00e9n se responsabilizar\u00e1 de de cada una de ellas,&#8230;<\/p>\n<p>8. Estatuto interno de las personas voluntarias (la ley vasca de voluntariado obliga a las entidades a elaborarla).<\/p>\n<p>9. Recursos que se destinar\u00e1n: econ\u00f3micos, humanos, espacios, etc.<\/p>\n<p>10. Cualquier otro aspecto que se considere oportuno.<\/p>\n<p>La ley del voluntariado del Pa\u00eds Vasco no hace referencia al contenido de un plan de voluntariado. <strong><span style=\"color: #3366ff;\"><a style=\"color: #3366ff;\" href=\"\/\/www.boe.es\/buscar\/pdf\/2015\/BOE-A-2015-11072-consolidado.pdf\" target=\"_blank\" rel=\"noopener noreferrer\">La ley de voluntariado de Espa\u00f1a<\/a><\/span><\/strong>, sin embargo, indica el contenido m\u00ednimo que debe tener un plan de voluntariado:<\/p>\n<p><em>\u00abArt\u00edculo 7. De los programas de voluntariado.<\/em><\/p>\n<p><em>1. Cada programa de voluntariado deber\u00e1 tener el contenido m\u00ednimo siguiente:<\/em><\/p>\n<p><em>a) Denominaci\u00f3n.<\/em><\/p>\n<p><em>b) Identificaci\u00f3n del responsable del programa.<\/em><\/p>\n<p><em>c) Fines y objetivos que se proponga.<\/em><\/p>\n<p><em>d) Descripci\u00f3n de las actividades que comprenda.<\/em><\/p>\n<p><em>e) \u00c1mbito territorial que abarque.<\/em><\/p>\n<p><em>f) Duraci\u00f3n prevista para su ejecuci\u00f3n.<\/em><\/p>\n<p><em>g) N\u00famero de voluntarios necesario, el perfil adecuado para los cometidos que vayan a desarrollar y la cualificaci\u00f3n o formaci\u00f3n exigible.<\/em><\/p>\n<p><em>h) Criterios para determinar, en su caso, el perfil de las personas destinatarias del programa.<\/em><\/p>\n<p><em>i) Medios y recursos precisos para llevarlo a cabo.<\/em><\/p>\n<p><em>j) Mecanismos de control, seguimiento y evaluaci\u00f3n\u00bb<\/em><\/p>\n<p>&nbsp;<\/p>\n<p>&nbsp;<\/p>\n<p>[\/et_pb_accordion_item][et_pb_accordion_item title=\u00bb\u00bfQu\u00e9 se puede hacer ante una resoluci\u00f3n de subvenciones de la administraci\u00f3n p\u00fablica, que consideremos injusta?\u00bb _builder_version=\u00bb4.16&#8243; global_colors_info=\u00bb{}\u00bb open=\u00bboff\u00bb]<\/p>\n<p>Si, tras una resoluci\u00f3n de una convocatoria de subvenciones, no se nos ha concedido ninguna subvenci\u00f3n, y consideramos que ha podido ser de forma injusta, uno de los mecanismos existentes para recurrir esa decisi\u00f3n es el recurso de alzada.&nbsp;<\/p>\n<p>El recurso de alzada es un recurso de car\u00e1cter administrativo a trav\u00e9s del cual se busca que un \u00f3rgano administrativo revise un acto dictado por otro \u00f3rgano dependiente jer\u00e1rquicamente de \u00e9l, buscando que enmiende conforme a Derecho el acto del \u00f3rgano inferior.&nbsp;<\/p>\n<p>Viene regulado en la Ley 30\/1992, de 26 de noviembre, de R\u00e9gimen Jur\u00eddico de las Administraciones P\u00fablicas y del Procedimiento Administrativo Com\u00fan,1 en su T\u00cdTULO VII Cap\u00edtulo II Secci\u00f3n Segunda, con la redacci\u00f3n dada por la Ley 4\/1999, de 13 de enero, de modificaci\u00f3n de la Ley 30\/1992, de 26 de noviembre, de R\u00e9gimen Jur\u00eddico de las Administraciones P\u00fablicas y del Procedimiento Administrativo Com\u00fan.&nbsp;<\/p>\n<p><span style=\"color: #0000ff;\"><a class=\"texto-menusup\" style=\"color: #0000ff;\" href=\"\/\/www.gizalde.com\/intranet\/documentos\/RECURSO%20DE%20ALZADA.doc\" target=\"_blank\" rel=\"noopener noreferrer\">MODELO DE RECURSO DE ALZADA<\/a>&nbsp;<\/span><\/p>\n<p>[\/et_pb_accordion_item][et_pb_accordion_item title=\u00bb\u00bfSi se quiere firmar un convenio con otra entidad sin \u00e1nimo de lucro, cu\u00e1les son los puntos que deber\u00eda recoger? \u00bfQu\u00e9 validez jur\u00eddica tendr\u00eda el convenio?\u00bb _builder_version=\u00bb4.16&#8243; global_colors_info=\u00bb{}\u00bb open=\u00bboff\u00bb]<\/p>\n<p>Lo m\u00e1s importante, es reflejar los datos de las entidades que lo suscriben, y sobre todo los puntos a los que afectar\u00e1 la colaboraci\u00f3n, por lo que es necesario tener claro sobre qu\u00e9 materias tratar\u00e1 esa colaboraci\u00f3n, y de qu\u00e9 forma se va a realizar la misma.<\/p>\n<p>Si el convenio contiene acuerdos y compromisos concretos, los mismos vincular\u00e1n jur\u00eddicamente a las partes.<\/p>\n<p>[\/et_pb_accordion_item][et_pb_accordion_item title=\u00bb\u00bfQu\u00e9 obligaciones documentales (libros de socios, de actas, etc) tiene una entidad sin \u00e1nimo de lucro?\u00bb _builder_version=\u00bb4.16&#8243; global_colors_info=\u00bb{}\u00bb open=\u00bboff\u00bb]<\/p>\n<p>La LEY 7\/2007, de 22 de junio, de Asociaciones de Euskadi, en el art\u00edculo 23, establece las siguientes obligaciones documentales y contables:&nbsp;<\/p>\n<p>1.\u2013 La asociaci\u00f3n dispondr\u00e1 de los siguientes libros, debidamente actualizados y legalizados por el Registro General de Asociaciones del Pa\u00eds Vasco:&nbsp;<\/p>\n<p>a) Un libro-registro de personas asociadas, donde se har\u00e1 el registro de altas y bajas de las personas asociadas con nombre, D.N.I., domicilio y firma.&nbsp;<\/p>\n<p>b) Un libro de actas, que recoge las actas de las reuniones fundamentales de la asociaci\u00f3n, como por ejemplo las asambleas generales.&nbsp;<\/p>\n<p>c) Un libro de cuentas, donde se anotan los ingresos y gastos de la entidad.&nbsp;<\/p>\n<p>2.\u2013 La presentaci\u00f3n de las cuentas y la redacci\u00f3n del presupuesto para su aprobaci\u00f3n por parte de la Asamblea General, podr\u00e1n realizarse conforme a cualquier sistema de contabilidad que permita ofrecer una imagen fiel del patrimonio y de la situaci\u00f3n financiera de la asociaci\u00f3n.&nbsp;<\/p>\n<p>Se han de sellar en el mismo registro los tres libros que ha de llevar la asociaci\u00f3n, s\u00f3lo as\u00ed tendr\u00e1n validez.&nbsp;<\/p>\n<p>Se pueden utilizar los libros que se venden en estancos y librer\u00edas para la escritura manual, o hacerlo de manera informatizada. En este caso, se deben llevar al registro hojas numeradas correlativamente para que sean selladas. En esta hojas se podr\u00e1n ir imprimiendo los datos que han sido registrados en formato digital.&nbsp;<\/p>\n<p>[\/et_pb_accordion_item][et_pb_accordion_item title=\u00bb\u00bfQu\u00e9 condiciones se deben cumplir, y cu\u00e1l es el procedimiento a seguir para declarar una entidad de Utilidad P\u00fablica?\u00bb _builder_version=\u00bb4.16&#8243; global_colors_info=\u00bb{}\u00bb open=\u00bboff\u00bb]<\/p>\n<p>La Ley 7\/2007, de 22 de junio, de Asociaciones de&nbsp;Euskadi ha establecido una novedosa y detallada&nbsp;de\ufb01nici\u00f3n del concepto de asociaci\u00f3n de utilidad p\u00fablica&nbsp;con referencia expresa a los valores cuya realizaci\u00f3n justi\ufb01ca tal reconocimiento. Adem\u00e1s, contiene una amplia&nbsp;descripci\u00f3n de los \ufb01nes de inter\u00e9s general a que pueden&nbsp;dedicarse las asociaciones que pretenden ser declaradas de&nbsp;utilidad p\u00fablica as\u00ed como una precisa determinaci\u00f3n de&nbsp;los requisitos que han de cumplir estas asociaciones, que&nbsp;en la normativa anteriormente vigente, la Ley 3\/1988, de&nbsp;12 de febrero, de Asociaciones, apenas hab\u00eda sido esbozada ni hab\u00eda sido objeto de desarrollo reglamentario.&nbsp;<\/p>\n<p>Podr\u00e1n ser reconocidas de utilidad p\u00fablica las asociaciones inscritas en el Registro General de Asociaciones del Pa\u00eds Vasco que contribuyan, mediante el desarrollo de sus actividades, a la consecuci\u00f3n del inter\u00e9s general o del bien com\u00fan realizando de manera significativa los valores de generosidad, altruismo, solidaridad y pluralismo y cumplan, adem\u00e1s, los requisitos establecidos en la ley.&nbsp;<br \/><a class=\"texto-menusup\" href=\"\/\/www.lehendakaritza.ejgv.euskadi.net\/r48-bopv2\/es\/bopv2\/datos\/2007\/07\/0703902a.pdf\" target=\"_blank\" rel=\"noopener noreferrer\"><br \/><span style=\"color: #0000ff;\"><b>Ley de Asociaciones de Euskadi<\/b><\/span><\/a><span style=\"color: #0000ff;\">&nbsp;<\/span><\/p>\n<p>El procedimiento para obtener la declaraci\u00f3n del reconocimiento de utilidad p\u00fablica se iniciar\u00e1 mediante una solicitud dirigida al Protectorado, debidamente \ufb01rmada por el Presidente o Presidenta de la asociaci\u00f3n, en la que expresar\u00e1 su denominaci\u00f3n exacta y los dem\u00e1s&nbsp;datos registrales.&nbsp;<\/p>\n<p>La solicitud ir\u00e1 acompa\u00f1ada de la siguiente documentaci\u00f3n:&nbsp;<\/p>\n<p>a) Acta o certi\ufb01caci\u00f3n emitida por el Secretario o Secretaria, con el Visto Bueno del Presidente o Presidenta, del acuerdo del \u00f3rgano de la asociaci\u00f3n que resulte competente&nbsp;para solicitar la declaraci\u00f3n del reconocimiento de utilidad p\u00fablica, con indicaci\u00f3n del qu\u00f3rum de asistencia y resultado de la votaci\u00f3n. En dicho acuerdo deber\u00e1 contenerse una&nbsp;justi\ufb01caci\u00f3n de las razones y motivos que avalan, en funci\u00f3n de los \ufb01nes perseguidos y de las actividades realizadas, el reconocimiento de utilidad p\u00fablica.&nbsp;<\/p>\n<p>b) Memoria de las actividades realizadas por la asociaci\u00f3n referida, al menos, a los tres a\u00f1os anteriores a la presentaci\u00f3n de la solicitud, al objeto de acreditar el cumplimiento efectivo y habitual de los \ufb01nes estatutarios.&nbsp;<\/p>\n<p>c) Las cuentas anuales de los tres \u00faltimos ejercicios econ\u00f3micos cerrados, que comprender\u00e1n el balance, la cuenta de resultados y la memoria econ\u00f3mica.&nbsp;<\/p>\n<p>d) Certi\ufb01caciones de la Hacienda Foral correspondiente y de la Tesorer\u00eda General de la Seguridad Social, expresivas de hallarse la asociaci\u00f3n al corriente de sus obligaciones tributarias y de Seguridad Social.&nbsp;<\/p>\n<p>e) En su caso, las adhesiones o informes favorables de Instituciones p\u00fablicas o privadas de reconocido prestigio que avalen la solicitud.&nbsp;<\/p>\n<p>Para m\u00e1s informaci\u00f3n:&nbsp;<\/p>\n<p><a class=\"texto-menusup\" href=\"\/\/www.lehendakaritza.ejgv.euskadi.net\/r48-bopv2\/es\/bopv2\/datos\/2007\/07\/0703902a.pdf\" target=\"_blank\" rel=\"noopener noreferrer\"><span style=\"color: #0000ff;\"><b>Ley de Asociaciones de Euskadi<\/b><\/span><\/a><span style=\"color: #0000ff;\">&nbsp;<\/span><a class=\"texto-menusup\" href=\"\/\/www.jusap.ejgv.euskadi.net\/r47-edukireg\/es\/contenidos\/informacion\/ra_aso_guia_legis\/es_registro\/adjuntos\/REGLAMENTO%20UTILIDAD%20P%C3%9ABLICA.pdf\" target=\"_blank\" rel=\"noopener noreferrer\"><br \/><\/a><a class=\"texto-menusup\" href=\"\/\/www.euskadi.eus\/registro-asociaciones-pais-vasco\/web01-a2aderre\/es\/\" target=\"_blank\" rel=\"noopener noreferrer\"><br \/><span style=\"color: #0000ff;\"><b>Asociaciones de Utilidad P\u00fablica &#8211; Departamento de Gobernanza P\u00fablica y Autogobierno (Gobierno Vasco)<\/b><\/span><\/a><span style=\"color: #0000ff;\">&nbsp;<\/span><\/p>\n<p>[\/et_pb_accordion_item][et_pb_accordion_item title=\u00bb\u00bfQu\u00e9 se debe hacer para modificar la junta directiva de una asociaci\u00f3n?\u00bb _builder_version=\u00bb4.16&#8243; global_colors_info=\u00bb{}\u00bb open=\u00bboff\u00bb]<\/p>\n<p>1.- Las Asociaciones y Federaciones deben comunicar al Registro General de Asociaciones del&nbsp;Pa\u00eds Vasco las variaciones de presidencia, secretar\u00eda, tesorer\u00eda y, en su caso, de las personas&nbsp;integrantes del \u00f3rgano de gobierno colegiado, en el plazo de un mes desde la adopci\u00f3n de&nbsp;los acuerdos correspondientes por la Asamblea General.<\/p>\n<p>2.- Cuando la Asociaci\u00f3n o Federaci\u00f3n presente una modificaci\u00f3n estatutaria en la que&nbsp;cambie la composici\u00f3n de las personas que integran el \u00f3rgano de gobierno deber\u00e1 asimismo&nbsp;proceder a modificar la Junta Directiva para adaptar la misma a lo que indiquen los estatutos&nbsp;cuya inscripci\u00f3n solicita.<\/p>\n<p>M\u00e1s informaci\u00f3n:<\/p>\n<p><strong><span style=\"color: #3366ff;\"><a style=\"color: #3366ff;\" href=\"\/\/www.euskadi.eus\/gobierno-vasco\/registros-administrativos\/-\/registro-asociaciones-pais-vasco\/\" target=\"_blank\" rel=\"noopener noreferrer\">Modificaci\u00f3n de la junta directiva &#8211;&nbsp;Registro General de Asociaciones del Pa\u00eds Vasco<\/a><\/span><\/strong><\/p>\n<p>[\/et_pb_accordion_item][et_pb_accordion_item title=\u00bbProtecci\u00f3n de datos\u00bb _builder_version=\u00bb4.16&#8243; link_option_url_new_window=\u00bbon\u00bb global_colors_info=\u00bb{}\u00bb open=\u00bboff\u00bb]<\/p>\n<p>El Reglamento General de Protecci\u00f3n de Datos&nbsp;(en adelante, RGPD), publicado en&nbsp;mayo de 2016 y aplicable a partir del 25 de mayo de 2018, es una norma de aplicaci\u00f3n&nbsp;directa en toda la Uni\u00f3n Europea, relativo a la protecci\u00f3n de las personas f\u00edsicas en lo&nbsp;que respecta al tratamiento de datos personales y a la libre circulaci\u00f3n de estos datos. El&nbsp;RGPD sustituir\u00e1, a partir de mayo de 2018, a la actual Ley Org\u00e1nica de Protecci\u00f3n de&nbsp;Datos&nbsp;(en adelante, LOPD) y al Reglamento RD-1720\/2007, que la desarrolla, e&nbsp;introduce una serie de cambios y novedades a los cuales es necesario adaptar los&nbsp;actuales tratamientos, con anterioridad a la fecha de su plena aplicaci\u00f3n.<\/p>\n<p>M\u00e1s informaci\u00f3n en:<\/p>\n<p><span style=\"color: #0000ff;\"><a style=\"color: #0000ff;\" href=\"\/\/www.avpd.euskadi.eus\/s04-5213\/es\" target=\"_blank\" rel=\"noopener noreferrer\">AGENCIA VASCA DE PROTECCI\u00d3N DE DATOS<\/a><\/span><\/p>\n<p><span style=\"color: #0000ff;\"><a style=\"color: #0000ff;\" href=\"\/\/www.aepd.es\/\" target=\"_blank\" rel=\"noopener noreferrer\">AGENCIA ESPA\u00d1OLA DE PROTECCI\u00d3N DE DATOS<\/a><\/span><\/p>\n<p>[\/et_pb_accordion_item][et_pb_accordion_item title=\u00bb\u00bfQu\u00e9 convenio colectivo deben aplicar las entidades de intervenci\u00f3n social de Gipuzkoa, a la hora de regular los aspectos laborales de los trabajadores?\u00bb _builder_version=\u00bb4.16&#8243; global_colors_info=\u00bb{}\u00bb open=\u00bboff\u00bb]<\/p>\n<p><a class=\"texto-menusup\" href=\"\/\/egoitza.gipuzkoa.eus\/gao-bog\/castell\/bog\/2017\/02\/21\/c1700921.pdf\" target=\"_blank\" rel=\"noopener noreferrer\"><br \/><span style=\"color: #0000ff;\"><b>CONVENIO COLECTIVO DE&nbsp;INTERVENCI\u00d3N SOCIAL DE GIPUZKOA (2015-2018)<\/b><\/span><\/a>&nbsp;<\/p>\n<p>El presente convenio ser\u00e1 de aplicaci\u00f3n en todas aquellas&nbsp;empresas, asociaciones, fundaciones, centros, entidades u organizaciones similares (en adelante organizaciones) cuya actividad principal sea la realizaci\u00f3n de actividades de Intervenci\u00f3n&nbsp;Social, cuya naturaleza jur\u00eddica no sea de derecho p\u00fablico, o&nbsp;cuyo accionista \u00fanico o principal no sea una Administraci\u00f3n&nbsp;P\u00fablica.<\/p>\n<p>Por Intervenci\u00f3n Social, se entienden las actividades o&nbsp;acciones, que se realizan de manera formal u organizada, que&nbsp;responden a necesidades sociales, que su prop\u00f3sito puede ser&nbsp;tanto prevenir, paliar o corregir procesos de exclusi\u00f3n social,&nbsp;como promover procesos de inclusi\u00f3n o participaci\u00f3n social.&nbsp;<\/p>\n<p>Se ver\u00e1n afectados por \u00e9ste convenio los \u00e1mbitos de la&nbsp;acci\u00f3n social, as\u00ed como el socio-laboral o el socio-sanitario,&nbsp;pasando por lo socio-cultural y lo socio-educativo y la enfermedad mental sobrevenida. En la Disposici\u00f3n Adicional octava,&nbsp;se recoge un cat\u00e1logo de actividades para mejor conocimiento&nbsp;y precisi\u00f3n del \u00e1mbito funcional.&nbsp;<\/p>\n<p>Los colectivos destinatarios son igualmente diversos; menores y j\u00f3venes, mujer, personas mayores, excluidos por cuestiones econ\u00f3micas, sin hogar, personas con trastornos por&nbsp;dependencia a cualquier tipo de adicci\u00f3n y ex adicci\u00f3n, inmigrantes, desempleados y desempleadas, personas reclusas y ex&nbsp;reclusas, en todos los casos personas o colectivos en exclusi\u00f3n,&nbsp;en riesgo de exclusi\u00f3n o sobre los que es necesario promover su&nbsp;participaci\u00f3n social, entre otros.<\/p>\n<p>Este Convenio Colectivo es de aplicaci\u00f3n para todas las&nbsp;organizaciones del \u00e1mbito funcional y a todo el personal que&nbsp;preste sus servicios en el Territorio Hist\u00f3rico de Gipuzkoa,&nbsp;independiente-mente del lugar en el que dichas organizaciones&nbsp;tengan establecido su domicilio social.<\/p>\n<p><strong><span style=\"color: #3366ff;\"><a style=\"color: #3366ff;\" href=\"\/\/www.iberley.es\/convenios\/sector\/convenio-colectivo-intervencion-social-gipuzkoa-5300281#\" target=\"_blank\" rel=\"noopener noreferrer\"><span style=\"color: #3366ff;\">M\u00c1S INFORMACI\u00d3N<\/span><\/a><\/span><\/strong><\/p>\n<p>[\/et_pb_accordion_item][et_pb_accordion_item title=\u00bbQu\u00e9 es el Censo general de organizaciones de voluntariado de Euskadi? \u00bfQu\u00e9 se debe hacer para inscribirse en el mismo?\u00bb _builder_version=\u00bb4.19.5&#8243; global_colors_info=\u00bb{}\u00bb open=\u00bboff\u00bb]<\/p>\n<p><strong>Descripci\u00f3n<\/strong><\/p>\n<p>En el Censo General de Organizaciones del Voluntariado se pueden inscribir adem\u00e1s de las denominadas organizaciones de voluntariado (aquellas que, seg\u00fan el art. 8.2 de la Ley 17\/1998, est\u00e1n integradas mayoritariamente por personas voluntarias y que desarrollan la mayor\u00eda de sus programas o proyectos de acci\u00f3n fundamentalmente a trav\u00e9s de las mismas), las organizaciones que, sin tener tal consideraci\u00f3n, cuentan entre sus diferentes actividades con programas participados por personas voluntarias.<\/p>\n<p>Para poder censarse, las entidades deber\u00e1n:<\/p>\n<p>-Estar legalmente constituidas y dotadas de personalidad jur\u00eddica propia.<br \/>-Carecer de \u00e1nimo de lucro.<br \/>-Estar debidamente registradas en los correspondientes registros de fundaciones y asociaciones de competencia de la Comunidad Aut\u00f3noma del Pa\u00eds Vasco.<\/p>\n<p>&nbsp;<\/p>\n<p><strong>A qui\u00e9n va dirigido<\/strong><\/p>\n<p>A las organizaciones de voluntariado, es decir, aquellas que seg\u00fan el art. 8.2 de la Ley 17\/1998, est\u00e1n integradas mayoritariamente por voluntarios\/as y desarrollan la mayor\u00eda de sus programas o proyectos de acci\u00f3n a trav\u00e9s de los mismos; y las organizaciones que, sin tener tal consideraci\u00f3n, cuentan entre sus diferentes actividades con programas participados por voluntarias.<\/p>\n<p>Tales organizaciones estar\u00e1n debidamente registradas en los correspondientes registros de asociaciones y fundaciones de competencia de la CAPV o, en su caso, por raz\u00f3n de su constituci\u00f3n y sede o domicilio social figurar\u00e1n inscritas en registros similares.<\/p>\n<p>&nbsp;<\/p>\n<p><strong>Inscripci\u00f3n en el Censo del Voluntariado<\/strong><\/p>\n<p>Documentaci\u00f3n que se presentar\u00e1 junto a la solicitud:<\/p>\n<p>-Solicitud de inscripci\u00f3n en el Censo firmada por el presidente\/a de la organizaci\u00f3n (o persona acreditada como representante legal).<\/p>\n<p>-Acreditaci\u00f3n de la representaci\u00f3n legal de la persona solicitante (documento que identifique a la persona solicitante como presidente\/a o representante legal de la organizaci\u00f3n).<\/p>\n<p>-Documento que acredite la inscripci\u00f3n de la organizaci\u00f3n solicitante en el registro correspondiente.<\/p>\n<p>-Copia del Estatuto interno del voluntariado en la organizaci\u00f3n, en el que aparezcan como m\u00ednimo los siguientes aspectos:<br \/>\u00a0 \u00a0 \u00a0 \u00a0 \u00a0 \u00a0-Criterios de admisi\u00f3n.<br \/>\u00a0 \u00a0 \u00a0 \u00a0 \u00a0 \u00a0-Criterios de exclusi\u00f3n.<br \/>\u00a0 \u00a0 \u00a0 \u00a0 \u00a0 \u00a0-Derechos de los voluntarios.<br \/>\u00a0 \u00a0 \u00a0 \u00a0 \u00a0 \u00a0-Deberes de las personas voluntarias (Ver Anexo II).<\/p>\n<p>-P\u00f3liza\/s de seguros que cubra\/n dos tipos de riesgos diferentes:<br \/>\u00a0 \u00a0 \u00a0 \u00a0 \u00a0 -Da\u00f1os y perjuicios \u2013 Responsabilidad civil (&gt;= 300.506,05 \u20ac)<br \/>\u00a0 \u00a0 \u00a0 \u00a0 \u00a0 -Asistencia sanitaria, muerte e invalidez por accidentes sufridos por las personas voluntarias.<br \/>\u00a0 \u00a0 \u00a0 \u00a0 \u00a0 -Importante: Se deber\u00e1 aportar, adem\u00e1s de las p\u00f3lizas:<\/p>\n<p>\u00a0 \u00a0 \u00a0 \u00a0 \u00a0 \u00a0 \u00a0 \u00a0 \u00a0 \u00a0 \u00a0-Copia de los recibos de anualidad en curso de ambas p\u00f3lizas.<br \/>\u00a0 \u00a0 \u00a0 \u00a0 \u00a0 \u00a0 \u00a0 \u00a0 \u00a0 \u00a0 \u00a0-Relaci\u00f3n (listado) de asegurados cubiertos por las p\u00f3lizas.<\/p>\n<p>-Copia de los estatutos de la entidad.<\/p>\n<p>-Certificaci\u00f3n que acredite la carencia de delitos de naturaleza sexual de quienes trabajan\/colaboran en proyectos en los que se produzca contacto habitual con personas menores de edad (en caso de que los haya).<\/p>\n<p>En virtud del cumplimiento de la Ley Org\u00e1nica 1\/1996, de Protecci\u00f3n Jur\u00eddica del Menor, modificada por la Ley 26\/2015 y la Ley 45\/2015, de voluntariado, es necesario que todas las personas profesionales y\/o voluntarias que trabajan en contacto habitual con menores aporten en las entidades para las que trabajan\/en las que colaboran un certificado expedido por el Registro Central de Delincuentes Sexuales que acredite la carencia de delitos de naturaleza sexual. Por ese motivo, toda entidad que desee inscribirse en el Censo adjuntar\u00e1 a los documentos anteriormente referidos una declaraci\u00f3n firmada por el Presidente\/a o representante legal que indique que la entidad cuenta con las certificaciones pertinentes.<\/p>\n<p>&nbsp;<\/p>\n<p>Toda la informaci\u00f3n sobre el Censo de Organizaciones de Voluntariado <a href=\"https:\/\/www.euskadi.eus\/registro\/censo-general-de-organizaciones-del-voluntariado\/web01-s2enple\/es\/\" target=\"_blank\" rel=\"noopener\">EN ESTE ENLACE.<\/a><\/p>\n<p>[\/et_pb_accordion_item][et_pb_accordion_item title=\u00bbCenso de Entidades del Tercer Sector Social de Euskadi.\u00bb _builder_version=\u00bb4.19.5&#8243; global_colors_info=\u00bb{}\u00bb open=\u00bboff\u00bb]<\/p>\n<p><a href=\"https:\/\/3seuskadi.eus\/breve\/censo-de-entidades-del-tercer-sector-social-de-euskadi\/\" target=\"_blank\" rel=\"noopener\">Fuente: Observatorio del Tercer Sector Social<\/a><\/p>\n<p><strong>INTRODUCCI\u00d3N<\/strong><\/p>\n<p>El pasado mes de abril se public\u00f3 el decreto que pone en marcha el Censo de Entidades del Tercer Sector Social en Euskadi. Este censo, que desarrolla lo previsto en la ley 6\/2016, del 12 de mayo, del Tercer Sector Social de Euskadi, es un paso m\u00e1s en la consolidaci\u00f3n del Tercer Sector Social de Euskadi y contribuye al conocimiento y publicidad de las entidades que lo constituyen.<\/p>\n<p>En los meses de mayo y junio organizamos unas jornadas informativas sobre el decreto del censo (en Bilbao, Vitoria y Donostia), donde la Direcci\u00f3n de Servicios Sociales del Departamento de Igualdad, Justicia y Pol\u00edticas Sociales de Gobierno Vasco expuso los elementos principales del decreto y fueron atendidas las dudas que pudieron surgir entre las organizaciones que estuvieron presentes. A trav\u00e9s de este Breve de Gesti\u00f3n, y con \u00e1nimo de compartir, os intentamos hacer llegar lo principal de estas jornadas.<\/p>\n<p><strong>CONTEXTO Y CREACI\u00d3N DEL CENSO<\/strong><\/p>\n<p>La promulgaci\u00f3n de la ley del Tercer Sector Social de Euskadi en 2016 supuso un hito para las organizaciones y para el sector en general, dado que en ella se present\u00f3 por primera vez una definici\u00f3n en positivo: el tercer sector social agrupa a las entidades de iniciativa e intervenci\u00f3n social.<\/p>\n<p>La Ley 6\/2016 se\u00f1ala que el tercer sector social de Euskadi est\u00e1 conformado por el conjunto de organizaciones, con estructura legal y personalidad jur\u00eddica, inscritas en el registro correspondiente a su figura jur\u00eddica, de acci\u00f3n voluntaria, no lucrativas, privadas, autogobernadas y autogestionadas, con sede y actividad en Euskadi, cuya finalidad principal es promoverla inclusi\u00f3n social, la cooperaci\u00f3n al desarrollo y el ejercicio efectivo de los derechos de las personas, familias, colectivos o comunidades que afrontan situaciones de vulnerabilidad o exclusi\u00f3n, desprotecci\u00f3n y dependencia, a trav\u00e9s de actividades de intervenci\u00f3n social, entendiendo por tales los servicios sociales, la promoci\u00f3n del acceso al empleo y cualquier otra orientada a promover la inclusi\u00f3n social de aquellas, incluidas las actividades desarrolladas con esta finalidad en los espacios de interacci\u00f3n entre \u00e1mbitos, pol\u00edticas y sistemas, como los espacios sociolaboral, sociohabitacional, socioeducativo, sociosanitario, sociojudicial o sociocultural, u otros.<\/p>\n<p>El tercer sector social est\u00e1, pues, compuesto por organizaciones de iniciativa social, que surgen de y cuentan con una base social integrada por personas socias y voluntarias, adem\u00e1s de personal remunerado, y que desarrollan actividades de intervenci\u00f3n social. Trabajan a favor de las personas mayores, la infancia, la adolescencia, la juventud, las mujeres, las personas que sufren o han sufrido violencia machista, las personas afectadas por una enfermedad, las personas con dependencia o discapacidad, personas inmigrantes, en situaci\u00f3n de desempleo, en situaci\u00f3n o riesgo de exclusi\u00f3n social, y otros colectivos. Combinan la respuesta a las necesidades y la colaboraci\u00f3n con las instituciones con la cr\u00edtica, denuncia y propuesta de alternativas; y contribuyen as\u00ed tanto a las personas, familias, grupos y comunidades a cuyo servicio est\u00e1n, como al conjunto de la sociedad vasca. La ley reconoce que el tercer sector social es un activo fundamental de la sociedad vasca, y canaliza un importante capital social, relacional y humano. Tambi\u00e9n desarrolla una actividad econ\u00f3mica relevante.<\/p>\n<p>En definitiva, con la Ley 6\/2016 de 12 mayo, se ha tratado de acotar el tipo de organizaciones de iniciativa social que forman parte del tercer sector social de Euskadi, a pesar de la complejidad que supone englobar a entidades de diversa naturaleza con un objetivo com\u00fan: promover, a trav\u00e9s de actividades de intervenci\u00f3n social, la inclusi\u00f3n social, la cooperaci\u00f3n al desarrollo y el ejercicio efectivo de los derechos de personas, familias, grupos, colectivos o comunidades que afrontan situaciones de vulnerabilidad o exclusi\u00f3n, desigualdad, desprotecci\u00f3n, discapacidad o dependencia.<\/p>\n<p>En su art\u00edculo 5, La Ley indica que el departamento del Gobierno Vasco competente en materia de servicios sociales crear\u00e1 y mantendr\u00e1 actualizado un censo p\u00fablico de organizaciones del tercer sector social de Euskadi. La inscripci\u00f3n en el censo es necesaria para colaborar con las administraciones p\u00fablicas vascas y acceder a las medidas de promoci\u00f3n que \u00e9stas impulsan, incluidos los programas subvencionables.<\/p>\n<p>La creaci\u00f3n del Censo de organizaciones del tercer sector social de Euskadi supone la culminaci\u00f3n de un proceso que va a permitir conocer el n\u00famero y la composici\u00f3n de las organizaciones del tercer sector social existentes en Euskadi. El Censo se coordinar\u00e1 con el Censo de Organizaciones del Voluntariado, regulado en el Decreto 169\/2000, de 1 de septiembre. Las organizaciones que se inscriban en el Censo de Organizaciones del Tercer Sector Social de Euskadi quedan tambi\u00e9n inscritas en el Censo de Organizaciones del Voluntariado. Ambos censos ser\u00e1n f\u00e1cilmente accesibles a trav\u00e9s de la web del Gobierno Vasco, en la que se podr\u00e1 hacer la solicitud de inscripci\u00f3n y la actualizaci\u00f3n de datos.<\/p>\n<p>Para entender cu\u00e1les son las organizaciones que pueden formar parte del censo, nos remitimos en primer lugar al art\u00edculo 3 de la ley, que define qu\u00e9 son las organizaciones de iniciativa social:<\/p>\n<p>Art\u00edculo 3. Organizaciones de iniciativa social. Son organizaciones de iniciativa social que forman parte del tercer sector social de Euskadi las fundaciones, asociaciones, cooperativas de iniciativa social y cualesquiera otras entidades, formalmente constituidas y dotadas de personalidad jur\u00eddica propia, que tengan las caracter\u00edsticas siguientes:<\/p>\n<p>a) De acci\u00f3n voluntaria: que cuenta con una base social conformada, total o parcialmente, por personas voluntarias, personas socias, personas que forman parte de los \u00f3rganos de gobierno u otras personas que colaboran con la entidad de manera voluntaria.<br \/>b) Que forma parte de la sociedad civil y surge de ella y para ella: surge de la sociedad vasca y mantiene, desde su origen, un v\u00ednculo y compromiso estable con el territorio y con las personas, familias, grupos, colectivos o comunidades destinatarias de su actividad, o est\u00e1 constituida directamente por las propias personas y familias destinatarias, dirigi\u00e9ndose a colectividades indeterminadas de personas y no a personas determinadas.<br \/>c) Privada: institucionalmente separada de la administraci\u00f3n y autogobernada, no pudiendo su \u00f3rgano de gobierno estar participado, mayoritariamente, por empresas lucrativas o instituciones p\u00fablicas, salvo en el supuesto previsto en el art\u00edculo anterior.<br \/>d) No lucrativa: que no persigue la distribuci\u00f3n de beneficios econ\u00f3micos, y de cuya figura jur\u00eddica se deriva la obligaci\u00f3n de reinvertir cualquier eventual beneficio en la misi\u00f3n de la organizaci\u00f3n o, lo que es lo mismo, la imposibilidad de distribuir beneficios. Para las sociedades mercantiles, se considera car\u00e1cter no lucrativo a la obliga\u00adci\u00f3n de reinversi\u00f3n de los beneficios en las actividades que constituyen su objeto social. En especial, se incluir\u00e1 en este \u00e1mbito a centros especiales de empleo, y empresas de inserci\u00f3n debidamente inscritas que cumplan con los requisitos recogidos en el apartado b) del art\u00edculo 2.3 de la Ley del Tercer Sector.<\/p>\n<p>e) Participativa: que adopta formas de participaci\u00f3n para la toma de decisiones, conforme a lo que establece la normativa aplicable a su forma jur\u00eddica.<br \/>As\u00ed pues, las entidades que pueden inscribirse en el censo, seg\u00fan el art\u00edculo 3 del decreto, son:<\/p>\n<p>Asociaciones, fundaciones, cooperativas de iniciativa social y cualesquiera otras entida\u00addes, formalmente constituidas y dotadas de personalidad jur\u00eddica propia, con sede y actividad en Euskadi, que realicen actividades de intervenci\u00f3n social y que posean las caracter\u00edsticas recogi\u00addas en el art\u00edculo 3 de la Ley del Tercer Sector.<\/p>\n<p>Las organizaciones se\u00f1aladas a continuaci\u00f3n, siempre y cuando realicen actividades en el \u00e1mbito de la intervenci\u00f3n social, formen parte de alguna red del tercer sector social de Euskadi y adopten sus c\u00f3digos de conducta y cumplan las obligaciones se\u00f1aladas en el art\u00edculo 16 de la Ley del Tercer Sector:<\/p>\n<p>Fundaciones o entidades hist\u00f3ricas con m\u00e1s de cincuenta a\u00f1os en la Comunidad Aut\u00f3noma del Pa\u00eds Vasco,<br \/>-incorporadas en alguna red del tercer sector social<\/p>\n<p>-que cumplan los requisitos especificados en los art\u00edculos 2.1 y 3 de la Ley del Tercer Sector[1]<\/p>\n<p>-que consten en la lista mencionada en el apar\u00adtado a) del art\u00edculo 2.3 de la Ley del Tercer Sector.<\/p>\n<p>b) Entidades que no cumplan alguno de los requisitos de los previstos en el art\u00edculo 3 de la Ley del Tercer Sector:<\/p>\n<p>-Participadas mayoritariamente de forma directa o indi\u00adrecta, por organizaciones del tercer sector social,<\/p>\n<p>-Constituidas para la consecuci\u00f3n de los objetivos sociales de estas,<\/p>\n<p>-Con sede y actividad principalmente en Euskadi, y actividad no lucrativa (seg\u00fan se ha se\u00f1alado arriba).<\/p>\n<p>&nbsp;<\/p>\n<p><strong>PROCEDIMIENTO PARA REALIZAR LA INSCRIPCI\u00d3N EN EL CENSO DE ORGANIZACIONES DEL TERCER SECTOR SOCIAL DE EUSKADI<\/strong><\/p>\n<p><strong>1.- C\u00f3mo se inscribe \u2013 Solicitud electr\u00f3nica<\/strong><\/p>\n<p>La tramitaci\u00f3n se realizar\u00e1 exclusivamente de manera electr\u00f3nica, en la sede electr\u00f3nica de la Administraci\u00f3n P\u00fablica de la Comunidad Aut\u00f3noma de Euskadi.<\/p>\n<p><a href=\"https:\/\/www.euskadi.eus\/registro\/censo-de-organizaciones-del-tercer-sector-social-de-euskadi\/web01-tramite\/es\/\" target=\"_blank\" rel=\"noopener\">https:\/\/www.euskadi.eus\/registro\/censo-de-organizaciones-del-tercer-sector-social-de-euskadi\/web01-tramite\/es\/<\/a><\/p>\n<p>(A la direcci\u00f3n electr\u00f3nica indicada, tambi\u00e9n se puede acceder a trav\u00e9s de un buscador de internet, indicando en la b\u00fasqueda Censo de organizaciones del Tercer Sector Social de Euskadi que derivar\u00e1 a la misma p\u00e1gina)<\/p>\n<p>Los medios de identificaci\u00f3n electr\u00f3nica se indican en la siguiente direcci\u00f3n web:<\/p>\n<p><a href=\"https:\/\/www.euskadi.eus\/medios-de-identificacion-electronica-admitidos\/web01-sede\/es\/\" target=\"_blank\" rel=\"noopener\">https:\/\/www.euskadi.eus\/medios-de-identificacion-electronica-admitidos\/web01-sede\/es\/<\/a><\/p>\n<p><strong>2.- Quien realiza la solicitud electr\u00f3nica<\/strong><\/p>\n<p>La solicitud podr\u00e1 realizarse con tarjeta de persona f\u00edsica o de persona jur\u00eddica.<\/p>\n<p>Si se realiza con tarjeta de persona f\u00edsica, en la solicitud deber\u00e1 indicarse que se act\u00faa como representante e indicar a qu\u00e9 entidad se representa.<\/p>\n<p><strong>3.- Qu\u00e9 se inscribe \u2013 Contenido del censo<\/strong><\/p>\n<p>Al realizar la solicitud electr\u00f3nica la entidad cumplimentar\u00e1 los siguientes datos:<\/p>\n<p>a) Nombre de la organizaci\u00f3n.<br \/>b) N\u00famero de inscripci\u00f3n en el registro correspondiente a su naturaleza jur\u00eddica<br \/>c) N\u00famero de identificaci\u00f3n fiscal (NIF).<br \/>d) Domicilio social.<br \/>e) Fines de la organizaci\u00f3n.<br \/>f) \u00c1mbito territorial de actuaci\u00f3n.<br \/>g) Representante legal.<br \/>h) Recursos humanos de la organizaci\u00f3n, con expresi\u00f3n del n\u00famero de personas contratadas y del n\u00famero de personas voluntarias (datos actuales).<\/p>\n<p><strong>4.- Qu\u00e9 documentaci\u00f3n aportar<\/strong><\/p>\n<p>a) Acreditaci\u00f3n de la representaci\u00f3n de quien suscriba la solicitud.<br \/>b) Copia de los estatutos.<br \/>c) Certificado de inscripci\u00f3n en el Registro correspondiente a su naturaleza jur\u00eddica.<br \/>d) Certificado en el que se indique la identidad de las personas que integran el \u00f3rgano de gobierno.<br \/>e) Certificado acreditativo de los recursos humanos de la organizaci\u00f3n, con expresi\u00f3n del n\u00famero de personas contratadas y del n\u00famero de las personas voluntarias.<br \/>No ser\u00e1 preciso presentar la documentaci\u00f3n a la que se refiere los apartados anteriores b), c) y d) cuando la organizaci\u00f3n conste ya inscrita en un registro p\u00fablico dependiente de la Administraci\u00f3n P\u00fablica de la Comunidad Aut\u00f3noma de Euskadi.<\/p>\n<p>El criterio general es facilitar a las entidades la inscripci\u00f3n en el censo. Es decir, toda la documentaci\u00f3n que la Administraci\u00f3n pueda obtener no ser\u00e1 necesario aportarla.<\/p>\n<p>Aunque actualmente no funciona la interoperabilidad[2], hay documentaci\u00f3n que puede obtenerse desde las p\u00e1ginas web de los registros en los que las entidades constan inscritas.<\/p>\n<p>No obstante, la posibilidad de obtener esta documentaci\u00f3n por parte de la Administraci\u00f3n var\u00eda en funci\u00f3n de la naturaleza jur\u00eddica de la entidad.<\/p>\n<p>El Tercer Sector Social de Euskadi est\u00e1 integrado por entidades de diversa naturaleza jur\u00eddica. La mayor\u00eda adoptan la forma de asociaciones (as\u00ed como federaciones y confederaciones) y fundaciones. En menor medida, est\u00e1 integrado por cooperativas de iniciativa social, centros especiales de empleo, empresas de inserci\u00f3n, entidades religiosas y entidades deportivas.<\/p>\n<p>A continuaci\u00f3n, se indican los diferentes tipos de entidades que podr\u00edan solicitar la inscripci\u00f3n y la documentaci\u00f3n que tendr\u00e1n que aportar o no, en funci\u00f3n de si la Administraci\u00f3n puede obtener la misma.<\/p>\n<p>&nbsp;<\/p>\n<p><em>ASOCIACIONES<\/em><\/p>\n<p>Tanto los estatutos, el certificado de inscripci\u00f3n y la identidad de las personas que integran el \u00f3rgano de gobierno est\u00e1n disponibles en la p\u00e1gina web del Registro General de Asociaciones del Pa\u00eds Vasco (<a href=\"http:\/\/www.euskadi.eus\/registros\" target=\"_blank\" rel=\"noopener\"> www.euskadi.eus\/registros<\/a> \u2013 buscador de entidades). Por lo tanto, no es necesario aportar esta documentaci\u00f3n.<\/p>\n<p>En lo que respecta a la acreditaci\u00f3n de la representaci\u00f3n de quien suscriba la solicitud: la representante legal es la persona presidenta de la asociaci\u00f3n. Este dato ya consta en el certificado que indica la composici\u00f3n de la junta directiva. No ser\u00e1 necesario acreditarla.<\/p>\n<p>Cuando se hayan otorgado poderes a favor de persona distinta, s\u00ed ser\u00e1 necesario aportar las escrituras de apoderamiento. Asimismo, si la persona est\u00e1 inscrita en el Registro Electr\u00f3nico de Apoderamientos, podr\u00e1 aportar un justificante de la inscripci\u00f3n.<\/p>\n<p><em>FUNDACIONES<\/em><\/p>\n<p>Tanto los estatutos, como el certificado de inscripci\u00f3n est\u00e1n disponibles en la p\u00e1gina web del Registro de Fundaciones del Pa\u00eds Vasco (<a href=\"http:\/\/www.euskadi.eus\/registros\" target=\"_blank\" rel=\"noopener\"> www.euskadi.eus\/registros<\/a> \u2013 buscador de entidades). Por lo tanto, no es necesario aportar esta documentaci\u00f3n.<\/p>\n<p>La fundaci\u00f3n s\u00ed deber\u00e1 aportar un certificado actualizado en el que se indique la identidad de las personas que integran el Patronato. Si no dispone de un certificado, podr\u00e1 solicitarlo en la p\u00e1gina web del Registro de Fundaciones del Pa\u00eds Vasco \u2013 Tr\u00e1mites- Publicidad registral- certificado de patronato y apoderados).<\/p>\n<p>En este certificado constan tanto las personas que forma el Patronato, como las personas que han sido apoderadas por la Fundaci\u00f3n para realizar gestiones en nombre de la misma, quedando tambi\u00e9n acreditada la representaci\u00f3n de quien suscribe la solicitud.<\/p>\n<p><em>COOPERATIVAS DE INICIATIVA SOCIAL<\/em><\/p>\n<p>A fecha actual, no es posible obtener informaci\u00f3n desde la p\u00e1gina del Registro de Cooperativas de Euskadi.<\/p>\n<p><a href=\"https:\/\/www.euskadi.eus\/registro\/registro-de-cooperativas-de-euskadi\/web01-tramite\/es\" target=\"_blank\" rel=\"noopener\">https:\/\/www.euskadi.eus\/registro\/registro-de-cooperativas-de-euskadi\/web01-tramite\/es<\/a><\/p>\n<p>Por lo tanto, la entidad deber\u00e1 aportar: acreditaci\u00f3n de la representaci\u00f3n de quien suscriba la solicitud. copia de los estatutos, certificado de inscripci\u00f3n en el Registro correspondiente a su naturaleza jur\u00eddica y certificado en el que se indique la identidad de las personas que integran el \u00f3rgano de gobierno.<\/p>\n<p><em>CENTROS ESPECIALES DE EMPLEO<\/em><\/p>\n<p>A fecha actual, de la p\u00e1gina del Registro Vasco de Centros Especiales de Empleo, se puede obtener el dato de si la entidad consta inscrita en el mencionado registro.<\/p>\n<p><a href=\"https:\/\/www.euskadi.eus\/registro\/ccee\/web01-tramite\/es\/\" target=\"_blank\" rel=\"noopener\">https:\/\/www.euskadi.eus\/registro\/ccee\/web01-tramite\/es\/<\/a><\/p>\n<p>El resto de la documentaci\u00f3n (acreditaci\u00f3n de la representaci\u00f3n de quien suscriba la solicitud., copia de los estatutos y certificado en el que se indique la identidad de las personas que integran el \u00f3rgano de gobierno) deber\u00e1 aportarse por la entidad solicitante.<\/p>\n<p><em>EMPRESAS DE INSERCI\u00d3N<\/em><\/p>\n<p>A fecha actual, de la p\u00e1gina del Registro de las Empresas de Inserci\u00f3n, se puede obtener el dato de si la entidad consta inscrita en el mencionado registro.<\/p>\n<p><a href=\"https:\/\/www.euskadi.eus\/registro\/calificacion-de-las-empresas-de-insercion\/web01-tramite\/es\/\" target=\"_blank\" rel=\"noopener\">https:\/\/www.euskadi.eus\/registro\/calificacion-de-las-empresas-de-insercion\/web01-tramite\/es\/<\/a><\/p>\n<p>El resto de la documentaci\u00f3n (acreditaci\u00f3n de la representaci\u00f3n de quien suscriba la solicitud., copia de los estatutos y certificado en el que se indique la identidad de las personas que integran el \u00f3rgano de gobierno) deber\u00e1 aportarse por la entidad solicitante.<\/p>\n<p><em>ENTIDADES RELIGIOSAS<\/em><\/p>\n<p>Las entidades religiosas est\u00e1n inscritas en el Registro de Entidades Religiosas dependiente del Ministerio de Justicia. A fecha actual, en la p\u00e1gina de este registro se puede obtener el dato de si la entidad consta inscrita y quien es su representante legal.<\/p>\n<p>Cuando se hayan otorgado poderes a favor de persona distinta s\u00ed ser\u00e1 necesario aportar las escrituras de apoderamiento. Asimismo, si la persona est\u00e1 inscrita en el Registro Electr\u00f3nico de Apoderamientos, podr\u00e1 aportar un justificante de la inscripci\u00f3n.<\/p>\n<p><a href=\"https:\/\/maper.mjusticia.gob.es\/Maper\/buscarRER.action\" target=\"_blank\" rel=\"noopener\">https:\/\/maper.mjusticia.gob.es\/Maper\/buscarRER.action<\/a><\/p>\n<p>El resto de la documentaci\u00f3n (copia de los estatutos y certificado en el que se indique la identidad de las personas que integran el \u00f3rgano de gobierno) deber\u00e1 aportarse por la entidad solicitante.<\/p>\n<p><em>ENTIDADES DEPORTIVAS<\/em><\/p>\n<p>El certificado de inscripci\u00f3n y la identidad de las personas que integran el \u00f3rgano de gobierno est\u00e1n disponibles en la p\u00e1gina web del Registro de Entidades Deportivas.<\/p>\n<p><a href=\"https:\/\/www.euskadi.eus\/registro\/registro-entidades-deportivas\/web01-tramite\/es\/\" target=\"_blank\" rel=\"noopener\">https:\/\/www.euskadi.eus\/registro\/registro-entidades-deportivas\/web01-tramite\/es\/<\/a><\/p>\n<p>Deber\u00e1n aportar copia de los estatutos<\/p>\n<p>En lo que respecta a la acreditaci\u00f3n de la representaci\u00f3n de quien suscriba la solicitud: la representante legal es la persona presidenta de la entidad deportiva. Este dato ya consta en el certificado que indica la composici\u00f3n de la junta directiva. No ser\u00e1 necesario acreditarla.<\/p>\n<p>Cuando se hayan otorgado poderes a favor de persona distinta s\u00ed ser\u00e1 necesario aportar las escrituras de apoderamiento. Asimismo, si la persona est\u00e1 inscrita en el Registro Electr\u00f3nico de Apoderamientos, podr\u00e1 aportar un justificante de la inscripci\u00f3n.<\/p>\n<p><em>APLICABLE A TODAS LAS ENTIDADES<\/em><\/p>\n<p>Certificado acreditativo de los recursos humanos de la organizaci\u00f3n, con expresi\u00f3n del n\u00famero de personas contratadas y del n\u00famero de las personas voluntarias. Estos datos se indican en la solicitud electr\u00f3nica que se cumplimenta, por lo que no es necesario adjuntar este certificado.<\/p>\n<p>Si se adjunta, los datos que se indiquen en el certificado deber\u00e1n coincidir con los que se indique en la solicitud electr\u00f3nica.<\/p>\n<p>&nbsp;<\/p>\n<p><strong>5.- Plazo de inscripci\u00f3n<\/strong><\/p>\n<p>La solicitud de inscripci\u00f3n en el Censo est\u00e1 abierta, es decir, puede realizarse en cualquier momento del a\u00f1o.<\/p>\n<p>La inscripci\u00f3n se realizar\u00e1 dentro de los tres meses a contar desde la fecha de la solicitud.<\/p>\n<p>Transcurrido el plazo de tres meses, el silencio es positivo y la entidad quedar\u00e1 inscrita.<\/p>\n<p>&nbsp;<\/p>\n<p><strong>6.- Inscripciones de oficio<\/strong><\/p>\n<p>La Direcci\u00f3n de Servicios Sociales, revisar\u00e1 si se cumplen los requisitos para poder estar inscrita, e inscribir\u00e1 sin necesidad de solicitud previa, a las entidades que se encuentren en alguno de estos tres supuestos[3]:<\/p>\n<p>1- Haber sido beneficiaria de la \u00faltima convocatoria resuelta (Convocatoria A\u00f1o 2022) y prevista en el Decreto 271\/2012, de 4 de diciembre, por el que se regulan las subvenciones para el fomento de actividades del tercer sector en el \u00e1mbito de la intervenci\u00f3n social en el Pa\u00eds Vasco.<\/p>\n<p>2.- Haber sido declarada de inter\u00e9s social o serlo con posterioridad a la entrada en vigor del Decreto 33\/2023, de 7 de marzo, por el que se crea el Censo de Organizaciones del Tercer Sector Social de Euskadi. (28 de abril de 2023).<\/p>\n<p>3.- Estar inscritas en el Censo General de Organizaciones del Voluntariado o inscribirse con posterioridad a la entrada en vigor del Decreto 33\/2023, de 7 de marzo, por el que se crea el Censo de Organizaciones del Tercer Sector Social de Euskadi. (28 de abril de 2023).<\/p>\n<p>&nbsp;<\/p>\n<p><strong>7.- Posibles tr\u00e1mites a realizar tras haber presentado la solicitud<\/strong><\/p>\n<p>1.- Examen de la solicitud. Tanto si la entidad solicita la inscripci\u00f3n, como si la misma se inicia de oficio (sin que medie solicitud previa), se analizan los datos de que se dispone o, en su caso, la documentaci\u00f3n presentada, y si falta alg\u00fan dato, es necesaria alguna aclaraci\u00f3n o la documentaci\u00f3n no es correcta, se env\u00eda un requerimiento a la entidad para que subsane.<\/p>\n<p>Cuando el expediente se inicia de oficio, en caso de que se le env\u00ede un requerimiento de subsanaci\u00f3n, se avisar\u00e1 a la entidad por otros medios (correo electr\u00f3nico o tel\u00e9fono) para indicarle que se le ha enviado un requerimiento.<\/p>\n<p>2.- Subsanaci\u00f3n de la documentaci\u00f3n. Deber\u00e1 aportarse a trav\u00e9s de \u201cMi Carpeta\u201d, en el expediente desde el que se recibi\u00f3 el requerimiento.<\/p>\n<p>Se puede acceder a \u201cMi Carpeta\u201d desde la p\u00e1gina web del Censo, en \u201cOtros tr\u00e1mites- Subsanar solicitud\u201d.<\/p>\n<p>3.- Si la documentaci\u00f3n es correcta, la entidad recibir\u00e1 una resoluci\u00f3n de inscripci\u00f3n en el Censo.<\/p>\n<p>&nbsp;<\/p>\n<p><strong>8.- Censo General de Organizaciones de Voluntariado<\/strong><\/p>\n<p>Cuando la entidad se inscriba en el Censo del Tercer Sector Social de Euskadi, de oficio, se dar\u00e1 traslado al Censo General de Organizaciones del Voluntariado para que compruebe si cumple con los requisitos para inscribirse en el mismo, y realice su inscripci\u00f3n.<\/p>\n<p>Si falta documentaci\u00f3n para poder realizar la inscripci\u00f3n, al igual que se ha indicado en el punto anterior, se requerir\u00e1 a la entidad para que aporte la documentaci\u00f3n necesaria.<\/p>\n<p>No todas las entidades que se inscriban en el Censo del Tercer Sector Social de Euskadi van a cumplir requisitos para estar inscritas en el Censo de Organizaciones del Voluntariado.<\/p>\n<p>Asimismo, si la entidad no desea inscribirse en el Censo de Organizaciones del Voluntariado no es necesario que responda al requerimiento y, transcurrido el plazo para subsanar, se archivar\u00e1 el expediente.<\/p>\n<p>&nbsp;<\/p>\n<p><strong>9.- R\u00e9gimen transitorio<\/strong><\/p>\n<p>La inscripci\u00f3n en el Censo se exigir\u00e1 en las convocatorias de subvenciones que las administraciones p\u00fablicas vascas realicen, a partir de los 6 meses siguientes a la entrada en vigor del Decreto 33\/2023, de 7 de marzo, por el que se crea el Censo de Organizaciones del Tercer Sector Social de Euskadi. (28 de abril de 2023).<\/p>\n<p>&nbsp;<\/p>\n<p>DUDAS PLANTEADAS<br \/>Las principales dudas que se plantearon en las jornadas giraron en torno a los siguientes temas:<\/p>\n<p>Sede y actividad. Para poder inscribirse en el Censo del Tercer Sector Social de Euskadi es necesario tener sede y actividad en Euskadi.<\/p>\n<p>Es voluntad de la Direcci\u00f3n de Servicios Sociales, realizar las modificaciones legislativas pertinentes para posibilitar que las entidades que no disponen de sede en Euskadi, pero tienen una delegaci\u00f3n y actividad en Euskadi puedan inscribirse en el Censo del Tercer Sector Social de Euskadi.<\/p>\n<p>No hay un plazo establecido para realizar esta modificaci\u00f3n, pero se tratar\u00e1 de hacerla lo antes posible.<\/p>\n<p>Inscripci\u00f3n \u00fanica. Las entidades tienen personalidad jur\u00eddica \u00fanica: una entidad, una inscripci\u00f3n. Si tiene la sede en uno de los territorios hist\u00f3ricos y delegaciones en otros, la inscripci\u00f3n es \u00fanica.<\/p>\n<p>Actualizaci\u00f3n de datos. Se prev\u00e9 que anualmente se realice una actualizaci\u00f3n de los datos que consten inscritos (probablemente mediante el env\u00edo de un correo electr\u00f3nico a las entidades inscritas solicitando la actualizaci\u00f3n de datos), con independencia de que, si los datos se han modificado, la entidad solicite la inscripci\u00f3n de la actualizaci\u00f3n de datos cuando lo considere conveniente.<\/p>\n<p>Empresas de inserci\u00f3n y centros especiales de empleo. Se les aplica la excepci\u00f3n contemplada en el art\u00edculo 2.3 b) de la LEY 6\/2016, de 12 de mayo, del Tercer Sector Social de Euskadi. Por ello, es posible que no tengan, entre otras, personas voluntarias.<\/p>\n<p>Censo General de Organizaciones del Voluntariado. Las entidades de voluntariado que no sean de intervenci\u00f3n social no podr\u00e1n inscribirse en el Censo de Organizaciones del Tercer Sector Social de Euskadi.<\/p>\n<p>&nbsp;<\/p>\n<p>INFORMACI\u00d3N DE CONTACTO<br \/>En el caso de tener dudas sobre la situaci\u00f3n concreta de la propia entidad, se puede consultar directamente en Gobierno Vasco,<\/p>\n<p>a trav\u00e9s del mail: gizarte-zerbitzuak@euskadi.eus<\/p>\n<p>o por tel\u00e9fono: 945 016 408<\/p>\n<p>&nbsp;<\/p>\n<p>[1] Se puede consultar la ley en <a href=\"https:\/\/www.boe.es\/buscar\/pdf\/2016\/BOE-A-2016-6085-consolidado.pdf\" target=\"_blank\" rel=\"noopener\">https:\/\/www.boe.es\/buscar\/pdf\/2016\/BOE-A-2016-6085-consolidado.pdf<\/a> <a href=\"https:\/\/www.legegunea.euskadi.eus\/eli\/es-pv\/l\/2016\/05\/12\/6\/dof\/spa\/html\/webleg00-contfich\/es\/\" target=\"_blank\" rel=\"noopener\">https:\/\/www.legegunea.euskadi.eus\/eli\/es-pv\/l\/2016\/05\/12\/6\/dof\/spa\/html\/webleg00-contfich\/es\/<\/a><\/p>\n<p><a href=\"https:\/\/3seuskadi.eus\/que-hacemos\/documentacion\/normativa-de-obligado-cumplimiento\/normativa-especifica-del-tercer-sector-tercer-sector\" target=\"_blank\" rel=\"noopener\">https:\/\/3seuskadi.eus\/que-hacemos\/documentacion\/normativa-de-obligado-cumplimiento\/normativa-especifica-del-tercer-sector-tercer-sector<\/a><\/p>\n<p>[2] La Interoperabilidad es la capacidad de los sistemas de informaci\u00f3n y de los procedimientos a los que \u00e9stos dan soporte, de compartir datos y posibilitar el intercambio de informaci\u00f3n y conocimiento entre ellos. Esto implica que las diferentes instancias de la administraci\u00f3n p\u00fablica pueden compartir datos entre s\u00ed. (https:\/\/administracionelectronica.gob.es\/pae_Home\/pae_Estrategias\/pae_Interoperabilidad_Inicio.html)<\/p>\n<p>[3] Para m\u00e1s informaci\u00f3n ver Disposiciones Adicionales del Decreto 33\/2023, de 7 de marzo, por el que se crea el Censo de Organizaciones del Tercer Sector Social de Euskadi.<\/p>\n<p><a href=\"https:\/\/www.euskadi.eus\/web01-bopv\/es\/bopv2\/datos\/2023\/04\/2301993a.shtml\" target=\"_blank\" rel=\"noopener\">https:\/\/www.euskadi.eus\/web01-bopv\/es\/bopv2\/datos\/2023\/04\/2301993a.shtml<\/a><\/p>\n<p>[\/et_pb_accordion_item][et_pb_accordion_item title=\u00bb\u00bfCu\u00e1les son los pasos a seguir para crear una Fundaci\u00f3n?\u00bb _builder_version=\u00bb4.16&#8243; global_colors_info=\u00bb{}\u00bb open=\u00bboff\u00bb]<\/p>\n<h4 class=\"r01-h2\">Descripci\u00f3n<\/h4>\n<div class=\"r01-editor\">\n<p>Las fundaciones son organizaciones constituidas sin \u00e1nimo de lucro que, por voluntad de las personas fundadoras, tienen afectado de modo duradero su patrimonio a la realizaci\u00f3n de fines de inter\u00e9s general.<\/p>\n<p>Las fundaciones adquieren su personalidad jur\u00eddica mediante la inscripci\u00f3n en el Registro de Fundaciones, con&nbsp;car\u00e1cter constitutivo.<\/p>\n<\/div>\n<h2>&nbsp;<\/h2>\n<h4 class=\"r01-h2\">Certificado de denominaci\u00f3n<\/h4>\n<div class=\"r01-editor\">\n<p>La escritura p\u00fablica de constituci\u00f3n de una fundaci\u00f3n deber\u00e1 contener, entre otros requisitos, el certificado del Registro de Fundaciones del Pa\u00eds Vasco acreditativo del cumplimiento de las reglas a las que deben ajustarse las denominaciones de las fundaciones. (Art\u00edculos 3 y 9.1.f de la Ley 9\/2016, de 2 de junio, de Fundaciones del Pa\u00eds Vasco).<\/p>\n<p class=\"Pa7\">La denominaci\u00f3n de las fundaciones deber\u00e1 contener la palabra \u00abFundaci\u00f3n\u00bb o \u00abFundazioa\u00bb.<\/p>\n<p class=\"Pa7\">No podr\u00e1 coincidir o asemejarse de manera que pueda crear confusi\u00f3n a ninguna otra pre\u00adviamente inscrita en los registros de fundaciones.<\/p>\n<p class=\"Pa7\">No podr\u00e1n incluirse t\u00e9rminos o expresiones que resulten contrarios a las leyes o que puedan vulnerar los derechos fundamentales de las personas.<\/p>\n<p class=\"Pa7 r01AlignJustify\">No podr\u00e1 formarse exclusivamente con el nombre de pa\u00edses, comunidades aut\u00f3nomas o entidades locales, ni utilizar el nombre de organismos oficiales o p\u00fablicos, tanto nacionales como internacionales, salvo que se trate del propio de las entidades fundadoras.<\/p>\n<p class=\"Pa7\">La utilizaci\u00f3n del nombre o seud\u00f3nimo de una persona f\u00edsica o de la denominaci\u00f3n o acr\u00f3\u00adnimo de una persona jur\u00eddica distintos de los de la persona fundadora deber\u00e1 contar con su consentimiento expreso, o, en caso de ser incapaz, con el de su representante legal.<\/p>\n<p class=\"Pa7\">No podr\u00e1n adoptarse denominaciones que hagan referencia a actividades que no se corres\u00adpondan con los fines fundacionales o induzcan a error o confusi\u00f3n respecto de la naturaleza o actividad de la fundaci\u00f3n.<\/p>\n<p>No se admitir\u00e1 ninguna denominaci\u00f3n que incumpla cualquiera de las reglas establecidas en el apartado anterior, o conste que coincide o se asemeja a la de una entidad preexistente inscrita en otro registro p\u00fablico, o a una denominaci\u00f3n protegida o reservada a otras entidades p\u00fablicas o privadas por su legislaci\u00f3n espec\u00edfica.<\/p>\n<p>&nbsp;<\/p>\n<h4 class=\"r01-h2\">La Constituci\u00f3n de las Fundaciones<\/h4>\n<div class=\"r01-editor\">\n<p class=\"pa7\">Pueden pci&nbsp;constituir fundaciones tanto las personas f\u00edsicas como las jur\u00eddicas, ya sean \u00e9stas privadas o p\u00fablicas, salvo que en el caso de estas \u00faltimas sus normas reguladoras establezcan lo contrario.<\/p>\n<p class=\"default\">Las personas f\u00edsicas requerir\u00e1n de capacidad para disponer gratuitamente, \u00abinter vivos\u00bb o \u00abmortis causa\u00bb, de los bienes y derechos en que consista la dotaci\u00f3n.<\/p>\n<p class=\"default\">Las personas jur\u00eddicas privadas de \u00edndole asociativa requerir\u00e1n el acuerdo expreso del \u00f3rgano competente para disponer gratuitamente de sus bienes, con arreglo a sus estatutos o a la legislaci\u00f3n que les resulte aplicable. Las de \u00edndole institucional deber\u00e1n contar con el acuerdo de su \u00f3rgano rector.<\/p>\n<p class=\"default\">Las personas jur\u00eddicas p\u00fablicas podr\u00e1n constituir fundaciones o participar en su constituci\u00f3n exclusivamente para promover la participaci\u00f3n de los particulares o de otras entidades p\u00fablicas o privadas en actividades de inter\u00e9s general y siempre que ello no suponga la asunci\u00f3n por parte de las fundaciones del ejercicio de potestades p\u00fablicas o de la prestaci\u00f3n de servicios p\u00fablicos obligatorios.<\/p>\n<p class=\"default\">Dicha constituci\u00f3n deber\u00e1 ser autorizada por el \u00f3rgano que resulte competente en cada institu\u00adci\u00f3n, previa tramitaci\u00f3n del procedimiento que sea de aplicaci\u00f3n, en el que quede constancia de las razones o motivos por los que se considera que se alcanzar\u00e1 una mejor consecuci\u00f3n de los fines de inter\u00e9s general a trav\u00e9s de una fundaci\u00f3n que mediante otras formas jur\u00eddicas, p\u00fablicas o privadas, contempladas en la normativa vigente.<\/p>\n<p>La fundaci\u00f3n puede constituirse por actos \u201cinter vivos\u201d o \u201cmortis causa\u201d siendo imprescindible en ambos casos que se formalice la constituci\u00f3n mediante escritura p\u00fablica que deber\u00e1 tener los requisitos que contiene el art\u00edculo 9 de la Ley 9\/2016, de 2 de junio, de Fundaciones del Pa\u00eds Vasco.<\/p>\n<p>As\u00ed mismo, la escritura p\u00fablica debe contener el programa del primer a\u00f1o de actuaci\u00f3n, que ha de incluir un presupuesto de gastos e ingresos y una memoria explicativa del mismo. (Art\u00edculo 39.1 del Decreto 101\/2007, de 19 de junio, por el que se aprueba el Reglamento del Registro de Fundaciones del Pa\u00eds Vasco).<\/p>\n<p>Dicho presupuesto debe tener una estructura funcional, determinando los objetivos que se prevean alcanzar, las actividades precisas para su consecuci\u00f3n y la cuantificaci\u00f3n de los recursos financieros necesarios. Ha de ser equilibrado, de modo que la totalidad de los ingresos cubra el importe de los gastos previstos. En el conjunto de ingresos se han de indicar todos los que perciba la fundaci\u00f3n por cualquier concepto incluyendo, en su caso, los donativos y subvenciones que se reciban para su aplicaci\u00f3n dentro del ejercicio, as\u00ed como el resultado de los ejercicios anteriores si el Patronato hubiese acordado aplicarlo a los fines fundacionales. En el cap\u00edtulo de gastos se han de separar los de distinta naturaleza, detall\u00e1ndose por conceptos, describi\u00e9ndose especialmente los gastos de administraci\u00f3n. (Art\u00edculo 18 del Decreto 100\/2007, de 19 de junio, por el que se aprueba el Reglamento del Protectorado de Fundaciones del Pa\u00eds Vasco).<\/p>\n<p>En caso de que la dotaci\u00f3n fundacional inicial sea inferior a 30.000 euros debe incluirse tambi\u00e9n en la escritura p\u00fablica de constituci\u00f3n un informe estudio econ\u00f3mico realizado por profesional independiente, que acredite la viabilidad econ\u00f3mica de la fundaci\u00f3n. (Art\u00edculo 39.2 del Decreto 101\/2007, de 19 de junio, por el que se aprueba el Reglamento del Registro de Fundaciones del Pa\u00eds Vasco y art\u00edculo 12.1 de la Ley 9\/2016, de 2 de junio, de Fundaciones del Pa\u00eds Vasco).<\/p>\n<p>La aportaci\u00f3n de la dotaci\u00f3n fundacional inicial por las personas fundadoras es uno de los requisitos imprescindibles para la constituci\u00f3n de una fundaci\u00f3n. Forma parte del patrimonio neto de la fundaci\u00f3n y constituye una garant\u00eda de la viabilidad econ\u00f3mica de la misma, para el supuesto de que por circunstancias excepcionales no se lleguen a obtener los ingresos presupuestados para cubrir los gastos.<\/p>\n<p>En los estatutos de las fundaciones ha de constar como m\u00ednimo lo previsto en el art\u00edculo 10 de la Ley 9\/2016, de 2 de junio, de Fundaciones del Pa\u00eds Vasco.<\/p>\n<p>La fundaci\u00f3n adquiere personalidad jur\u00eddica en el momento de la inscripci\u00f3n de su escritura de constituci\u00f3n en el Registro de Fundaciones del Pa\u00eds Vasco.<\/p>\n<p>Fuente: Registro de Fundaciones del Pa\u00eds Vasco.<\/p>\n<\/div>\n<\/div>\n<p>M\u00e1s informaci\u00f3n:<\/p>\n<p><a href=\"\/\/www.euskadi.eus\/gobierno-vasco\/registros-administrativos\/-\/registro\/2014\/registro-de-fundaciones-del-pais-vasco\/\" target=\"_blank\" rel=\"noopener noreferrer\"><strong><span style=\"color: #3366ff;\">Web del Registro de Fundaciones del Pa\u00eds Vasco<\/span><\/strong><\/a><\/p>\n<p>[\/et_pb_accordion_item][et_pb_accordion_item title=\u00bb\u00bfD\u00f3nde se debe registrar una entidad sin \u00e1nimo de lucro de Gipuzkoa?\u00bb _builder_version=\u00bb4.19.5&#8243; global_colors_info=\u00bb{}\u00bb open=\u00bboff\u00bb]<\/p>\n<p>La solicitud debidamente firmada por el\/la Presidente\/a junto con el resto de la documentaci\u00f3n,\u00a0<a href=\"\/\/docs.google.com\/document\/d\/1uVC2UcwRSQ8d4MdK5zcuk1geSOTcXx4SBKuqxNNLoOY\/edit?usp=sharing\" target=\"_blank\" rel=\"noopener noreferrer\"><span style=\"color: #0000ff;\">(Ver consulta: \u00bfCu\u00e1les son los pasos a seguir para crear una asociaci\u00f3n?)<\/span><\/a>, deber\u00e1 dirigirse al\u00a0<span style=\"color: #0000ff;\"><a class=\"texto-menusup\" style=\"color: #0000ff;\" href=\"\/\/www.jusap.ejgv.euskadi.net\/r47-shomereg\/es\" target=\"_blank\" rel=\"noopener noreferrer\">Registro General de Asociaciones del Pa\u00eds Vasco, Departamento de Justicia y Administraci\u00f3n P\u00fablica<\/a><\/span>, y <strong>se debe hacer telem\u00e1ticamente<\/strong>. Consulta el apartado \u00abRelaci\u00f3n telem\u00e1tica con las administraciones\u00bb. Para m\u00e1s informaci\u00f3n tambi\u00e9n puedes consultar llamando al 012 de Zuzenean (Gobierno Vasco).\u00a0<\/p>\n<p>Direcci\u00f3n de la oficina de Zuzenean:\u00a0<\/p>\n<p>Donostia &#8211; San Sebasti\u00e1n\u00a0<br \/>Andia, 13\u00a0<br \/>20004 Donostia-San Sebasti\u00e1n\u00a0<br \/>(Gipuzkoa)\u00a0\u00a0<\/p>\n<p>[\/et_pb_accordion_item][et_pb_accordion_item title=\u00bb\u00bfCual es la ley que regula las asociaciones sin \u00e1nimo de lucro de Euskadi?\u00bb _builder_version=\u00bb4.16&#8243; global_colors_info=\u00bb{}\u00bb open=\u00bboff\u00bb]<\/p>\n<p><a href=\"\/\/www.euskadi.eus\/y22-bopv\/es\/bopv2\/datos\/2007\/07\/0703902a.pdf\" target=\"_blank\" rel=\"noopener noreferrer\"><strong><span style=\"color: #3366ff;\">LEY 7\/2007, de 22 de junio, de Asociaciones de Euskadi.<\/span><\/strong><\/a><\/p>\n<p>Art\u00edculo 1.\u2013 Objeto.<\/p>\n<p>La presente ley tiene por objeto:<\/p>\n<p>1.\u2013 El establecimiento del r\u00e9gimen jur\u00eddico de las&nbsp;asociaciones de competencia exclusiva de la Comunidad&nbsp;Aut\u00f3noma del Pa\u00eds Vasco, de acuerdo con el art\u00edculo&nbsp;10.13 del Estatuto de Autonom\u00eda para el Pa\u00eds Vasco,&nbsp;sin perjuicio de lo establecido en la Ley Org\u00e1nica&nbsp;1\/2002, de 22 de marzo, Reguladora del Derecho de&nbsp;Asociaci\u00f3n.<\/p>\n<p>2.\u2013 El fomento del asociacionismo en el Pa\u00eds Vasco,&nbsp;mediante la proclamaci\u00f3n de su valor social y la regulaci\u00f3n del reconocimiento de utilidad p\u00fablica de las asociaciones.<\/p>\n<p>Art\u00edculo 2.\u2013 \u00c1mbito de aplicaci\u00f3n.<\/p>\n<p>1.\u2013 La presente ley es de aplicaci\u00f3n a las asociaciones que desarrollen sus actividades principalmente en&nbsp;la Comunidad Aut\u00f3noma del Pa\u00eds Vasco, sin perjuicio&nbsp;de que puedan realizar actividades ocasionales o accesorias fuera de su \u00e1mbito territorial. Ser\u00e1 tambi\u00e9n aplicable esta ley a las asociaciones&nbsp;constituidas en la Comunidad Aut\u00f3noma del Pa\u00eds Vasco que desarrollen actividades de cooperaci\u00f3n al desarrollo y de acci\u00f3n humanitaria.<\/p>\n<p>2.\u2013 Las asociaciones extranjeras que, regidas por su&nbsp;ley personal, desarrollen principalmente sus actividades en la Comunidad Aut\u00f3noma del Pa\u00eds Vasco deben&nbsp;contar con una delegaci\u00f3n en \u00e9sta. La presente ley les&nbsp;ser\u00e1 de aplicaci\u00f3n a estos efectos respecto a su relaci\u00f3n<br \/>con las administraciones p\u00fablicas vascas.<\/p>\n<p>3.\u2013 Se presumir\u00e1n en todo caso sujetas a la presente ley aquellas asociaciones que manifiesten en sus estatutos que desarrollan sus actividades principalmente&nbsp;en el Pa\u00eds Vasco.<\/p>\n<p>[\/et_pb_accordion_item][et_pb_accordion_item title=\u00bb\u00bfCu\u00e1les son los requisitos que las entidades de voluntariado deben cumplir para que a sus personas voluntarias (alumnos\/as de la UPV) se les pueda reconocer cr\u00e9ditos universitarios por actividades solidarias y de cooperaci\u00f3n?\u00bb _builder_version=\u00bb4.16&#8243; global_colors_info=\u00bb{}\u00bb open=\u00bboff\u00bb]<\/p>\n<p>Las estudiantes y los estudiantes matriculados en la UPV\/EHU podr\u00e1n solicitar reconocimiento&nbsp;acad\u00e9mico de cr\u00e9ditos por la realizaci\u00f3n de actividades solidarias y de cooperaci\u00f3n, que hayan realizado a lo largo de su permanencia en la&nbsp;universidad.<\/p>\n<p>Para que las actividades solidarias y de cooperaci\u00f3n sean reconocidas con cr\u00e9ditos optativos en la UPV\/EHU, \u00e9stas deben ser realizadas en colaboraci\u00f3n con entidades sociales que cumplan el perfil de organizaciones de voluntariado.<\/p>\n<p>Se consideran organizaciones de voluntariado aquellas entidades sociales sin \u00e1nimo de lucro, debidamente dadas de alta, que realicen labores de inter\u00e9s general en los diversos \u00e1mbitos de la acci\u00f3n social y garanticen:<\/p>\n<p>-la existencia de un Estatuto interno de Voluntariado y de un plan de atenci\u00f3n a las personas voluntarias.<br \/>-tener contratado un seguro de responsabilidad civil y accidentes que cubra al voluntariado.<br \/>-la firma de un compromiso escrito entre la entidad y la persona voluntaria.<br \/>-la emisi\u00f3n de una acreditaci\u00f3n que reconozca la colaboraci\u00f3n voluntaria a efectos del reconocimiento de cr\u00e9ditos.<\/p>\n<p>M\u00e1s informaci\u00f3n:<\/p>\n<p><a href=\"\/\/www.ehu.eus\/es\/web\/iraunkortasuna\/protocolo-creditos-voluntariado\" target=\"_blank\" rel=\"noopener noreferrer\"><strong><span style=\"color: #3366ff;\">-Protocolo desarrollado por el Vicerrectorado de Innovaci\u00f3n, Compromiso Social y Acci\u00f3n Cultural para el reconocimiento de cr\u00e9ditos optativos por actividades solidarias y de cooperaci\u00f3n.<\/span><\/strong><\/a><\/p>\n<p><strong><span style=\"color: #3366ff;\"><a style=\"color: #3366ff;\" href=\"\/\/www.ehu.eus\/es\/web\/iraunkortasuna\/boluntariotzarekin-bat\" target=\"_blank\" rel=\"noopener noreferrer\">-Realizaci\u00f3n y reconocimiento de cr\u00e9ditos optativos por actividades solidarias y de cooperaci\u00f3n (informaci\u00f3n para el alumnado).<\/a><\/span><\/strong><\/p>\n<p>[\/et_pb_accordion_item][et_pb_accordion_item title=\u00bbRelaci\u00f3n telem\u00e1tica con las administraciones\u00bb _builder_version=\u00bb4.16&#8243; global_colors_info=\u00bb{}\u00bb open=\u00bboff\u00bb]<\/p>\n<p><strong>Introducci\u00f3n.<\/strong><\/p>\n<p>La tramitaci\u00f3n telem\u00e1tica posibilita la relaci\u00f3n con la Administraci\u00f3n por medios electr\u00f3nicos, para acceder a los servicios p\u00fablicos y para la tramitaci\u00f3n de los procedimientos administrativos, como por ejemplo las solicitudes de subvenci\u00f3n.<\/p>\n<p>Debido a la entrada en vigor de la Ley 39\/2015, de 1 de octubre, del Procedimiento Administrativo Com\u00fan de las Administraciones P\u00fablicas,\u00a0 todas las entidades est\u00e1n obligadas a realizar todas las tramitaciones de forma telem\u00e1tica.\u00a0Esto supone que ya no se podr\u00e1n aceptar las solicitudes presentadas presencialmente, \u201cen papel\u201d, en las oficinas de Zuzenean, por correo postal, etc.<\/p>\n<p>La tramitaci\u00f3n telem\u00e1tica cumple las garant\u00edas de autenticidad, integridad, confidencialidad, disponibilidad y conservaci\u00f3n de la informaci\u00f3n. Adem\u00e1s, agiliza la tramitaci\u00f3n, por lo que, por ejemplo en las convocatorias de ayudas, posibilita que se resuelva antes, lo que repercute en beneficio de todas las entidades solicitantes.<\/p>\n<p>Para las personas usuarias ofrece:<\/p>\n<ul>\n<li>Inmediatez: La solicitud o aportaci\u00f3n de documentaci\u00f3n llega inmediatamente a la Direcci\u00f3n gestora.<\/li>\n<li>No desplazamiento: No es necesario desplazarse para llevar la documentaci\u00f3n a las oficinas de Zuzenean, a Correos\u2026 se puede interactuar con la Administraci\u00f3n desde el puesto de trabajo.<\/li>\n<li>Amplitud horaria: No tiene un l\u00edmite horario, por lo que las gestiones se pueden realizar cuando lo elijamos.<\/li>\n<\/ul>\n<p>&nbsp;<\/p>\n<p><strong>\u00bfCu\u00e1les son los certificados con los que puedo hacer la solicitud?<\/strong><\/p>\n<p>Es necesario disponer de uno de los siguientes\u00a0<span style=\"color: #3366ff;\"><a style=\"color: #3366ff;\" href=\"\/\/www.euskadi.net\/y22-izapide2\/es\/contenidos\/informacion\/certificados_admitidos\/es_cert_ele\/certificados_electronicos.html\" target=\"_blank\" rel=\"noopener noreferrer\"><strong>medios de identificaci\u00f3n electr\u00f3nica<\/strong><\/a><strong>.<\/strong><\/span><\/p>\n<p>Para poder utilizar un certificado de persona f\u00edsica o individual, ser\u00e1 indispensable que la persona titular, que act\u00faa como representante de la entidad, est\u00e9 inscrita como tal en el\u00a0<span style=\"color: #3366ff;\"><a style=\"color: #3366ff;\" href=\"\/\/www.euskadi.net\/y22-izapide2\/es\/contenidos\/informacion\/egoitza_ordezkarien_erregistro\/es_egoitza\/egoitza_representantes.html\" target=\"_blank\" rel=\"noopener noreferrer\"><strong>Registro electr\u00f3nico de apoderamientos<\/strong><\/a><strong>.<\/strong><\/span>\u00a0Esta nueva aplicaci\u00f3n gestiona las representaciones que las entidades otorgan a algunas personas para actuar en su nombre.<\/p>\n<p>Se debe tener en cuenta que se debe crear, firmar y enviar cada solicitud con el mismo certificado digital, es decir, podemos crear una solicitud, guardar el borrador y continuarlo otro d\u00eda, incluso con otro certificado, pero para firmar y enviar la solicitud, se debe usar el certificado con el que se cre\u00f3.<\/p>\n<p><strong>\u00bfC\u00f3mo se puede obtener m\u00e1s informaci\u00f3n sobre los certificados digitales necesarios para la tramitaci\u00f3n telem\u00e1tica?<\/strong><\/p>\n<p>En la p\u00e1gina web de\u00a0<strong><span style=\"color: #3366ff;\"><a style=\"color: #3366ff;\" href=\"\/\/www.izenpe.eus\/s15-home\/es\/\" target=\"_blank\" rel=\"noopener noreferrer\">Izenpe<\/a><\/span><\/strong>\u00a0o en el tel\u00e9fono 902 542 542. Izenpe es una empresa de certificaci\u00f3n promovida por el Gobierno Vasco y las Diputaciones Forales. Un prestador de servicios de certificaci\u00f3n es una organizaci\u00f3n que proporciona servicios de firma electr\u00f3nica. La firma electr\u00f3nica se puede definir como un conjunto de procedimientos t\u00e9cnicos y jur\u00eddicos que permiten \u201csustituir\u201d la firma manual convencional con el fin de poder realizar a trav\u00e9s de Internet y del tel\u00e9fono tr\u00e1mites que antes deb\u00edan hacerse de forma presencial.<\/p>\n<p><strong>\u00bfC\u00f3mo se puede obtener m\u00e1s informaci\u00f3n sobre el Registro Electr\u00f3nico de Apoderamientos?<\/strong><\/p>\n<p>Se pueden hacer las consultas sobre el\u00a0<a href=\"https:\/\/www.euskadi.eus\/registro-electronico-de-representantes\/web01-sede\/es\/\" target=\"_blank\" rel=\"noopener noreferrer\"><span style=\"color: #3366ff;\"><strong>Registro Electr\u00f3nico de Apoderamientos<\/strong><\/span>\u00a0<\/a>en el correo electr\u00f3nico\u00a0<a href=\"mailto:use@euskadi.eus\">use@euskadi.eus<\/a>\u00a0o en el tel\u00e9fono 945 06 20 16.<\/p>\n<p>&nbsp;<\/p>\n<p>&nbsp;<\/p>\n<p>[\/et_pb_accordion_item][et_pb_accordion_item title=\u00bb\u00bfQu\u00e9 debemos hacer para poder realizar los tr\u00e1mites electr\u00f3nicos con el Gobierno Vasco en representaci\u00f3n de nuestra entidad? Representaci\u00f3n legal (Registro electr\u00f3nico de apoderamientos)\u00bb _builder_version=\u00bb4.19.5&#8243; hover_enabled=\u00bb0&#8243; global_colors_info=\u00bb{}\u00bb open=\u00bboff\u00bb sticky_enabled=\u00bb0&#8243;]<\/p>\n<p>Fuente: Gobierno Vasco.<\/p>\n<p><strong>Tipos de apoderamiento y figuras de representaci\u00f3n en el Registro electr\u00f3nico de apoderamientos.<\/strong><\/p>\n<p>Representaci\u00f3n legal.<\/p>\n<header class=\"r01-header\"><\/header>\n<section>\n<div class=\"tabbable tabs-top \">\n<div class=\"tab-content r01-tab-content-border  responsive hidden-xs hidden-sm\">\n<div id=\"tab_item8240\" class=\"r01clearfix tab-pane active\" tabindex=\"0\" role=\"tabpanel\" aria-hidden=\"false\" aria-labelledby=\"ui-tab-704\">\n<div class=\"alert alert-info\">\n<p>Descripci\u00f3n<br \/>Mediante esta representaci\u00f3n, la persona representante legal de una persona jur\u00eddica o entidad de atribuci\u00f3n de rentas (comunidad de personas propietarias, sociedad civil) podr\u00e1 actuar electr\u00f3nicamente en nombre de \u00e9sta. (Cap\u00edtulo III Secci\u00f3n 1\u00aa de la <a href=\"https:\/\/www.euskadi.eus\/web01-bopv\/es\/bopv2\/datos\/2023\/12\/2305401a.shtml\">Orden<\/a>)<\/p>\n<p>Las solicitudes de inscripci\u00f3n podr\u00e1n ser realizadas:<\/p>\n<p>-Por una persona jur\u00eddica o entidad, con el medio de identificaci\u00f3n electr\u00f3nica de la persona jur\u00eddica o entidad.<br \/>-Por la persona que ostenta la representaci\u00f3n legal de la persona jur\u00eddica o entidad, con su medio de identificaci\u00f3n personal, aportando el documento p\u00fablico que acredite la representaci\u00f3n (escritura p\u00fablica, certificado de inscripci\u00f3n en un registro p\u00fablico, acta de la junta de la comunidad de personas propietarias, etc.)<\/p>\n<p>Opcional: Persona gestora de representaciones<\/p>\n<p>Mediante este atributo, la persona representante legal podr\u00e1 acceder, con su certificado electr\u00f3nico personal, al Registro electr\u00f3nico de apoderamientos y otorgar nuevas representaciones en nombre de las persona jur\u00eddica o entidad que representa.\u00a0Permite dar autonom\u00eda a la persona jur\u00eddica o entidad para gestionar sus representaciones sin necesidad de usar un certificado de entidad.<\/p>\n<a href='https:\/\/www.euskadi.eus\/informacion\/tipos-de-representacion-en-el-registro-electronico-de-representantes\/web01-sede\/es\/#2_descripcion' class='big-button bigblue' target=\"_blank\">M\u00c1S INFORMACI\u00d3N<\/a>\n<a href='https:\/\/www.euskadi.eus\/contenidos\/informacion\/rdr_tipos_representacion\/es_def\/adjuntos\/Guia-de-uso-de-la-aplicacion.pdf' class='big-button bigblue' target=\"_blank\">GU\u00cdA DE USO DE LA APLICACI\u00d3N<\/a>\n<\/div>\n<\/div>\n<\/div>\n<\/div>\n<\/section>\n<p>&nbsp;<\/p>\n<p>[\/et_pb_accordion_item][et_pb_accordion_item title=\u00bb\u00bfQu\u00e9 debemos hacer para poder realizar los tr\u00e1mites electr\u00f3nicos con la administraci\u00f3n (Diputaci\u00f3n Foral de Gipuzkoa) en nombre de nuestra entidad? Censos de representaci\u00f3n.\u00bb _builder_version=\u00bb4.19.5&#8243; global_colors_info=\u00bb{}\u00bb open=\u00bboff\u00bb]<\/p>\n<p>Fuente: Diputaci\u00f3n Foral de Gipuzkoa.<\/p>\n<section>\n<div class=\"tabbable tabs-top \">\n<div class=\"tab-content r01-tab-content-border  responsive hidden-xs hidden-sm\">\n<div id=\"tab_item8240\" class=\"r01clearfix tab-pane active\" tabindex=\"0\" role=\"tabpanel\" aria-hidden=\"false\" aria-labelledby=\"ui-tab-704\">\n<div class=\"alert alert-info\">\n<p>Censos de representaci\u00f3n<br \/>Para actuar ante la Diputaci\u00f3n Foral de Gipuzkoa en nombre de otra persona de forma telem\u00e1tica es necesario tener una representaci\u00f3n debidamente inscrita en alguno de los siguientes censos:<\/p>\n<p>-Censo de representaci\u00f3n legal. Representaci\u00f3n v\u00e1lida sin l\u00edmite material alguno para actuar ante los departamentos de la Diputaci\u00f3n Foral. <a href=\"https:\/\/egoitza.gipuzkoa.eus\/representacion-legal\" target=\"_blank\" rel=\"noopener\">M\u00e1s informaci\u00f3n en: Censo de representaci\u00f3n legal.<\/a><br \/>-Censo de representaci\u00f3n corporativa. Representaci\u00f3n v\u00e1lida para actuar ante los departamentos de la Diputaci\u00f3n Foral de Gipuzkoa en materias no tributarias. <a href=\"https:\/\/egoitza.gipuzkoa.eus\/representacion-corporativa-contenido\" target=\"_blank\" rel=\"noopener\">M\u00e1s informaci\u00f3n en: Censo de representaci\u00f3n corporativa<\/a><br \/>-Censo de representaci\u00f3n tributaria. Representaci\u00f3n v\u00e1lida para actuar ante el Departamento de Hacienda y Finanzas en materias tributarias. <a href=\"http:\/\/www.gipuzkoa.eus\/es\/web\/ogasuna\/censo-de-representacion-tributaria\" target=\"_blank\" rel=\"noopener\">M\u00e1s informaci\u00f3n en: Censo de representaci\u00f3n tributaria.\u00a0<\/a><\/p>\n<\/div>\n<\/div>\n<\/div>\n<\/div>\n<\/section>\n<p>&nbsp;<\/p>\n<p>&nbsp;<\/p>\n<p>[\/et_pb_accordion_item][et_pb_accordion_item title=\u00bb\u00bfC\u00f3mo se realiza la fusi\u00f3n de varias asociaciones?\u00bb _builder_version=\u00bb4.16&#8243; _module_preset=\u00bbdefault\u00bb global_colors_info=\u00bb{}\u00bb open=\u00bboff\u00bb]<\/p>\n<p>Las asociaciones podr\u00e1n fusionarse mediante la <strong>absorci\u00f3n de una o varias por otra ya existente (fusi\u00f3n por absorci\u00f3n)<\/strong> o mediante la <strong>constituci\u00f3n de una nueva.<\/strong><\/p>\n<p><strong>FUSI\u00d3N POR ABSORCI\u00d3N \u2013 INSTRUCCIONES<\/strong><\/p>\n<p>Cuando dos asociaciones se fusionan y una de ellas absorbe a la otra, deber\u00e1n presentar:<\/p>\n<p>&#8211; Acta o certificaci\u00f3n emitida por la persona secretaria, con el Visto Bueno de la persona presidenta de las reuniones de Asamblea General Extraordinaria de las asociaciones afectadas en las que se hayan adoptado los acuerdos de fusi\u00f3n, con indicaci\u00f3n de los qu\u00f3rum de asistencia y del resultado de las votaciones.<\/p>\n<p>Se presentar\u00e1n por lo tanto dos certificados :<\/p>\n<p>&#8211; el emitido por la asociaci\u00f3n que absorbe.<br \/>&#8211; el emitido por la asociaci\u00f3n que es absorbida.<\/p>\n<p>&nbsp;<\/p>\n<p><strong>FUSI\u00d3N PARA LA CREACI\u00d3N DE UNA NUEVA ASOCIACI\u00d3N \u2013 INSTRUCCIONES<\/strong><\/p>\n<p>Cuando dos o m\u00e1s asociaciones se fusionan para crear una nueva, deber\u00e1n presentar:<\/p>\n<p>1.- Acta o certificaci\u00f3n (emitida por la persona secretaria, con el Visto Bueno de la persona presidenta) de las reuniones de Asamblea General extraordinaria de cada una de las asociaciones en las que se hayan adoptado los acuerdos de fusi\u00f3n, con indicaci\u00f3n de los qu\u00f3rum de asistencia y del resultado de las votaciones.(aportar tantos certificados como asociaciones se fusionen)<\/p>\n<p>2.- Acta o certificaci\u00f3n emitida por la persona secretaria, con el Visto Bueno de la persona presidenta de la Asamblea General en la que se crea la nueva asociaci\u00f3n, indicando quienes componen la junta directiva y qu\u00e9 cargos ocupan.<\/p>\n<p>3.- Estatutos de la nueva asociaci\u00f3n firmadas en todas las p\u00e1ginas por las personas presidenta y secretaria de la asociaci\u00f3n.<\/p>\n<p>M\u00e1s informaci\u00f3n <a href=\"https:\/\/www.euskadi.eus\/registro-asociaciones-pais-vasco\/web01-tramite\/es\/\" target=\"_blank\" rel=\"noopener\">en el Registro General de Asociaciones del Pa\u00eds Vasco.<\/a>(en la secci\u00f3n \u00abotros tr\u00e1mites\u00bb)<\/p>\n<p>&nbsp;<\/p>\n<p>[\/et_pb_accordion_item][et_pb_accordion_item title=\u00bbDisoluci\u00f3n de asociaci\u00f3n o federaci\u00f3n\u00bb _builder_version=\u00bb4.16&#8243; _module_preset=\u00bbdefault\u00bb global_colors_info=\u00bb{}\u00bb open=\u00bboff\u00bb]<\/p>\n<p>\u00bfPor qu\u00e9 causas se disuelve una asociaci\u00f3n?<\/p>\n<p>Las asociaciones se extinguir\u00e1n:<\/p>\n<p>a) Por la simple voluntad de las personas asociadas, expresada mediante acuerdo adoptado por la Asamblea General.<\/p>\n<p>b) Porque se ha cumplido el plazo o condici\u00f3n fijados en los estatutos.<\/p>\n<p>c) Por la absorci\u00f3n o fusi\u00f3n con otras asociaciones.<\/p>\n<p>d) Por la falta del n\u00famero m\u00ednimo de personas asociadas legalmente establecido, sin perjuicio de que los estatutos puedan prever un plazo para completarlo. Dicho plazo nunca podr\u00e1 exceder de un a\u00f1o, a contar desde que se produjera la \u00faltima baja.<\/p>\n<p>e) Por resoluci\u00f3n judicial firme por la que se acuerda la disoluci\u00f3n de la asociaci\u00f3n.<\/p>\n<p>f) Por la imposibilidad de cumplimiento de los fines sociales.<\/p>\n<p>g) Por cualquier otra causa de disoluci\u00f3n prevista en los estatutos.<\/p>\n<p>El tr\u00e1mite se realiza telem\u00e1ticamente en la <a href=\"https:\/\/www.euskadi.eus\/registro-asociaciones-pais-vasco\/web01-a2aderre\/es\/#pills_X883A2A7A504EED774AD7F40F2F8F114A9B3775B\" target=\"_blank\" rel=\"noopener\">p\u00e1gina del Registro de Asociaciones del Gobierno Vasco.<\/a><\/p>\n<p>[\/et_pb_accordion_item][et_pb_accordion_item title=\u00bbC\u00f3mo funcionan los \u00f3rganos de gobierno de una ONG\u00bb _builder_version=\u00bb4.19.5&#8243; _module_preset=\u00bbdefault\u00bb global_colors_info=\u00bb{}\u00bb open=\u00bboff\u00bb]<\/p>\n<p>Fuente: Fundaci\u00f3n Lealtad<\/p>\n<p>Formar parte del \u00d3rgano de Gobierno de una asociaci\u00f3n o una fundaci\u00f3n exige compromiso y dedicaci\u00f3n. Y tambi\u00e9n conocimiento de los aspectos clave en relaci\u00f3n con el buen gobierno de la entidad. Est\u00e1n en juego su actividad, su sostenibilidad econ\u00f3mica y su reputaci\u00f3n. Conozcamos un poco mejor c\u00f3mo funcionan.<br \/>En los \u00faltimos a\u00f1os el concepto de \u201cbuen gobierno\u201d, acu\u00f1ado en los 90 en referencia a la forma de gestionar un pa\u00eds desde la administraci\u00f3n p\u00fablica, ha trascendido a otras esferas. Hoy, se habla de buen gobierno en m\u00faltiples entornos, especialmente en el \u00e1mbito empresarial. De hecho, es uno de los tres pilares de las estrategias de sostenibilidad, que se basan en criterios ambientales, sociales y de buen gobierno (ASG o ESG por sus siglas en ingl\u00e9s). Tambi\u00e9n aplica por supuesto en las organizaciones del Tercer Sector. A nosotros nos parece especialmente relevante y por eso, en los 9 Principios de Transparencia y Buenas Pr\u00e1cticas, todo lo relativo al funcionamiento del \u00f3rgano de gobierno se incluye en el Principio 3: \u00d3rgano de gobierno independiente, activo y p\u00fablico<\/p>\n<p>Hay muchas definiciones, pero tomando una vinculada al tercer sector se entiende por Buen Gobierno: El sistema de procedimientos basados en la transparencia y la responsabilidad, con independencia de las personas que en cada momento asuman la representaci\u00f3n de la entidad. (Informe \u2018El buen gobierno en el Sector Fundacional\u2019 elaborado por la Asociaci\u00f3n Espa\u00f1ola de Fundaciones (AEF), en colaboraci\u00f3n con la Fundaci\u00f3n PwC).<\/p>\n<p>\u00d3rganos de gobierno de asociaciones y fundaciones<br \/>Vayamos por partes. \u00bfCu\u00e1les son los \u00f3rganos de gobierno de una ONG? Aqu\u00ed hay que distinguir entre las asociaciones y las fundaciones.<\/p>\n<p>Las fundaciones cuentan con un Patronato que, seg\u00fan la ley que las regula, debe estar formado por al menos tres personas y reunirse un m\u00ednimo de dos veces al a\u00f1o. Entre sus funciones no delegables est\u00e1n aprobar las cuentas anuales y los planes de actuaci\u00f3n o modificar los estatutos.<\/p>\n<p>&nbsp;<\/p>\n<p>Las asociaciones tienen una Asamblea General formada por todos los socios con voz y voto. Es la que se encarga de aprobar las cuentas y modificar los estatutos, y debe reunirse al menos una vez al a\u00f1o. As\u00ed se recoge en la ley que regula las asociaciones. Adem\u00e1s, deben contar con una Junta Directiva nombrada por la Asamblea General para gestionar los intereses de la asociaci\u00f3n de acuerdo con sus disposiciones. Ser\u00eda el equivalente a un Patronato, si bien algunas atribuciones (como la modificaci\u00f3n de estatutos o la aprobaci\u00f3n de cuentas anuales son exclusivas de la Asamblea General).<\/p>\n<p>Requisitos y obligaciones de los miembros<br \/>M\u00e1s all\u00e1 de la normativa, cada entidad puede establecer en sus estatutos el n\u00famero de miembros de sus \u00f3rganos de gobierno y los requisitos que deben cumplir. Aparte de ser mayores de edad, tener pleno uso de los derechos civiles y no encontrarse en situaci\u00f3n de incompatibilidad seg\u00fan la legislaci\u00f3n vigente.<\/p>\n<p>En las ONG Acreditadas hay una media de 10 personas en los \u00d3rganos de Gobierno, con escasa variaci\u00f3n entre asociaciones y fundaciones.<\/p>\n<p>Tambi\u00e9n en los estatutos se determina las veces que debe reunirse el \u00f3rgano de gobierno. Adem\u00e1s, pueden existir convocatorias extraordinarias cuando la actividad de la entidad as\u00ed lo requiera.<\/p>\n<p>La media de reuniones al a\u00f1o es m\u00e1s alta en las asociaciones (7 reuniones) que en las fundaciones (4 reuniones). Lo que es fundamental es que los miembros asistan y participen activamente en estas citas peri\u00f3dicas. De forma presencial o, si fuera necesario, mediante videoconferencia. Esta modalidad que ya estaba vigente en algunas entidades ha cobrado fuerza a ra\u00edz del confinamiento. Muchas organizaciones han adaptado sus estatutos para formalizar y organizar las reuniones telem\u00e1ticas. En todo caso, la clave est\u00e1 en aportar valor al funcionamiento de la organizaci\u00f3n.<\/p>\n<p>La media de asistencia a las reuniones es alta en general, un 85% de media en las ONG Acreditadas. Es algo m\u00e1s alta en las fundaciones (87%) que en las asociaciones (83%).<\/p>\n<p>Renovar los equipos es siempre positivo para la entidad<br \/>En este sentido, siempre es conveniente que los \u00f3rganos de gobierno se renueven peri\u00f3dicamente para dar \u201caire fresco\u201d y entrada a nuevas ideas e inspiraci\u00f3n. Esto ayuda a que la entidad evolucione y se adapte a la realidad de cada momento. Nuevas propuestas y formas de hacer las cosas ayudan a mantener la actividad en paralelo a la actualidad. Por ello, es muy recomendable que los estatutos recojan alguna de las formas en que se puede fomentar esa renovaci\u00f3n.<\/p>\n<p>Una de ellas puede ser limitar la duraci\u00f3n y el n\u00famero de los mandatos (por ejemplo, no m\u00e1s de dos). Tambi\u00e9n se puede establecer que un porcentaje del \u00f3rgano de gobierno (un tercio, un cuarto) se renueve cada determinado n\u00famero de a\u00f1os. O, simplemente, incorporar un nuevo miembro cada X tiempo para garantizar la llegada de savia nueva.<\/p>\n<p>La presencia femenina en los \u00f3rganos de gobierno<br \/>Desde hace a\u00f1os venimos analizando la presencia femenina en los \u00f3rganos de gobierno de las ONG Acreditadas. No es un tema recogido por la normativa del Tercer Sector, pero es sin duda un tema relevante. Varios estudios, como el elaborado por Corporate Excellence \u2013 Centre for Reputation Leadership y CANVAS Estrategias Sostenibles, ponen de manifiesto que, a mayor porcentaje de mujeres en los \u00f3rganos de toma de decisiones de las empresas, m\u00e1s medidas se adoptan para impulsar la sostenibilidad y generar un impacto social y ambiental positivo.<\/p>\n<p>En nuestro an\u00e1lisis del liderazgo femenino en las ONG hemos comparando las positivas cifras en el Tercer Sector (46% en 2021) con las de la presencia de consejeras en las empresas cotizadas (26%). Tambi\u00e9n con las cifras en otros \u00e1mbitos como el universitario con un 22% de mujeres catedr\u00e1ticas.<\/p>\n<p>Otras figuras del ecosistema de gobierno<br \/>Adem\u00e1s, existen otras figuras que pueden aportar valor a las ONG y a sus \u00f3rganos de gobierno. Puede ser un consejo o comit\u00e9 asesor formado por expertos en un \u00e1rea concreta que aportan su especializaci\u00f3n. Suelen tener car\u00e1cter consultivo y apoyan a los \u00f3rganos de gobierno en la toma de decisiones en un determinado \u00e1mbito. En nuestro caso, por ejemplo, el Consejo Asesor da soporte al equipo ejecutivo en el proceso de an\u00e1lisis y acreditaci\u00f3n de ONG. Est\u00e1 formado por el presidente, la Directora General, la Directora de An\u00e1lisis, y tres expertos l\u00edderes en su sector.<\/p>\n<p>Tambi\u00e9n existe la figura de la comisi\u00f3n delegada. Puede estar formada por algunos miembros del \u00f3rgano de gobierno para encargarse de algunas funciones o temas concretos que requieren mayor profundidad y frecuencia de reuni\u00f3n.<\/p>\n<p>La remuneraci\u00f3n de los \u00d3rganos de Gobierno<br \/>La Ley de Fundaciones establece que los miembros del Patronato no recibir\u00e1n ning\u00fan tipo de remuneraci\u00f3n por el ejercicio de su cargo. Se les podr\u00e1 compensar por los gastos incurridos en el ejercicio de su labor, por ejemplo de desplazamiento, pero el ejercicio de sus funciones no lleva asociada remuneraci\u00f3n.<\/p>\n<p>No es el caso de una asociaci\u00f3n declarada de utilidad p\u00fablica, que s\u00ed podr\u00eda remunerar a los miembros de la Junta Directiva por su cargo en la misma, pero tendr\u00eda que ser con fondos propios o de donantes privados, y no a cargo de subvenciones p\u00fablicas. Adem\u00e1s, en el caso de que se pueda remunerar a los miembros de la Junta Directiva, debe estar especificado en los Estatutos.<\/p>\n<p>Sin embargo, para que tanto las fundaciones como las asociaciones de utilidad p\u00fablica puedan acogerse al r\u00e9gimen fiscal especial es imprescindible la gratuidad de los miembros del \u00f3rgano de gobierno. Por este motivo, en la pr\u00e1ctica, es muy poco habitual que una ONG remunere a los miembros del \u00f3rgano de gobierno por su cargo. De hecho, ninguna ONG Acreditada lo hace.<\/p>\n<p>No obstante, s\u00ed puede ocurrir que un miembro del \u00f3rgano de gobierno est\u00e9 contratado por la entidad para realizar otras funciones distintas a las propias del \u00f3rgano de gobierno. Pensemos por ejemplo en un patrono que a su vez es director o miembro del equipo directivo. En ese caso, podr\u00eda recibir remuneraci\u00f3n como director. Tambi\u00e9n se pueden dar casos de remuneraci\u00f3n indirecta. Por ejemplo si la entidad contrata a una empresa propiedad de un patrono para prestar un servicio. En el caso de las fundaciones, antes de contratar a un patrono, se debe solicitar autorizaci\u00f3n al Protectorado.<\/p>\n<p>En todos los casos de contrataci\u00f3n o relaciones comerciales con miembros del \u00f3rgano de gobierno es adem\u00e1s imprescindible gestionar de manera correcta los posibles conflictos de inter\u00e9s. El miembro del \u00f3rgano de gobierno que reciba cualquier tipo de remuneraci\u00f3n de la entidad no debe participar en ninguna de las decisiones que le afecten y siempre debe justificarse el beneficio para la organizaci\u00f3n frente a intereses particulares.<\/p>\n<p>En los Principios de Transparencia y Buenas Pr\u00e1cticas se establece que el porcentaje de miembros que perciban alg\u00fan tipo de remuneraci\u00f3n por parte de la organizaci\u00f3n, sus entidades dependientes o sus proveedores ha de estar por debajo del 40%. Adem\u00e1s cualquier remuneraci\u00f3n de los miembros del \u00f3rgano de gobierno o sus familiares deber\u00e1 cumplir escrupulosamente con la pol\u00edtica de conflicto de inter\u00e9s.<\/p>\n<p>A ejercer en un \u00d3rgano de Gobierno tambi\u00e9n se aprende<br \/>El Tercer Sector ha avanzado mucho en los \u00faltimos a\u00f1os en su proceso de profesionalizaci\u00f3n. Las personas que trabajan en las estructuras de asociaciones y fundaciones est\u00e1n cada vez mejor formadas y preparadas. Pero, \u00bfC\u00f3mo se forma un miembro de un Patronato o de una Junta Directiva?<\/p>\n<p>En 2018 se cre\u00f3 en Espa\u00f1a la primera Escuela de Patronos. La iniciativa fue puesta en marcha por la Asociaci\u00f3n Espa\u00f1ola de Fundaciones, la Fundaci\u00f3n KPMG y la Fundaci\u00f3n Universitaria San Pablo CEU. El pasado a\u00f1o celebr\u00f3 su tercera edici\u00f3n, tras el par\u00f3n por la COVID-19. Su objetivo es ayudar a estos profesionales a dar lo mejor de s\u00ed mismos en el desempe\u00f1o de su cargo.<\/p>\n<p>En estas citas se les asesora sobre c\u00f3mo definir la estrategia de la entidad. Se profundiza en el aspecto financiero, tanto de captaci\u00f3n como de gesti\u00f3n de fondos. Sobre la relaci\u00f3n de los \u00f3rganos de gobierno con los grupos de inter\u00e9s de la instituci\u00f3n. Y, por supuesto, sobre la evaluaci\u00f3n de su propio desempe\u00f1o y la rendici\u00f3n de cuentas de la organizaci\u00f3n. En definitiva, se les ayuda a adquirir conocimientos para practicar el buen gobierno.<\/p>\n<p>Dirigir una entidad no lucrativa requiere, pr\u00e1cticamente, de las mismas competencias que se necesitan para liderar una empresa o cualquier otro tipo de entidad. Cada una con sus particularidades y sus implicaciones.<\/p>\n<p>En definitiva, contar con \u00f3rganos de gobierno cualificados es fundamental para garantizar el cumplimiento de su misi\u00f3n y el \u00e9xito de su actividad. Y para reforzar su reputaci\u00f3n y su papel imprescindible en nuestra sociedad.<\/p>\n<p>[\/et_pb_accordion_item][\/et_pb_accordion][\/et_pb_column_inner][\/et_pb_row_inner][\/et_pb_column][et_pb_column type=\u00bb1_3&#8243; _builder_version=\u00bb4.16&#8243; custom_padding=\u00bb|||\u00bb global_colors_info=\u00bb{}\u00bb custom_padding__hover=\u00bb|||\u00bb][et_pb_text admin_label=\u00bbOtros enlaces interesantes\u00bb _builder_version=\u00bb4.16&#8243; custom_margin=\u00bb||0px|\u00bb custom_padding=\u00bb||0px|\u00bb global_colors_info=\u00bb{}\u00bb]<\/p>\n<h4>Otros enlaces interesantes<\/h4>\n<p>[\/et_pb_text][et_pb_text admin_label=\u00bbPHP recursos-lista\u00bb module_class=\u00bblista-custom text-deco-no\u00bb _builder_version=\u00bb4.16&#8243; saved_tabs=\u00bball\u00bb global_colors_info=\u00bb{}\u00bb]<ul>\r\n    <li>Asesor\u00eda b\u00e1sica\r\n        <ul>\r\n            <li><a href=\"\/es\/asociaciones-recursos\/pasos-para-crear-una-entidad\/\">Crear una asociaci\u00f3n<\/a><\/li>\r\n            <li><a href=\"\/es\/asociaciones-recursos\/gestion-de-entidades\/\">Gesti\u00f3n de entidades<\/a><\/li>\r\n            <li><a href=\"\/es\/asociaciones-recursos\/gestion-de-personas\/\">Gesti\u00f3n de personas<\/a><\/li>\r\n            <li><a href=\"\/es\/asociaciones-recursos\/gestion-economica\/\">Gesti\u00f3n econ\u00f3mica<\/a><\/li>\r\n        <\/ul>\r\n    <\/li>\r\n    <li><a href=\"\/es\/asociaciones-recursos\/servicio-de-prestamo-de-material\/\">Servicio de pr\u00e9stamo de material<\/a><\/li>\r\n    <li><a href=\"\/es\/asociaciones-recursos\/difusion-de-actividades\/\">Difusi\u00f3n de actividades organizadas por las entidades<\/a><\/li>\r\n    <li>Cesi\u00f3n de espacios\r\n        <ul>\r\n            <li><a href=\"http:\/\/www.gizalde.eus\/wp-content\/uploads\/2019\/01\/Bilera-gela-Gizalde.pdf\" target=\"_blank\">Sala polivalente<\/a><\/li>\r\n            <li><a href=\"http:\/\/www.gizalde.eus\/wp-content\/uploads\/2019\/01\/BILTEGIAREN-LAGAPENA.jpg\" target=\"_blank\">Almac\u00e9n temporal<\/a><\/li>\r\n        <\/ul>\r\n    <\/li>\r\n    <li><a href=\"\/es\/asociaciones-recursos\/subvenciones-para-entidades-sin-animo-de-lucro\/\">Subvenciones para entidades sin \u00e1nimo de lucro<\/a><\/li>\r\n    <li><a href=\"\/es\/asociaciones-recursos\/recopilacion-de-espacios-y-salas-en-gipuzkoa\/\">Recopilaci\u00f3n de espacios y salas en Gipuzkoa<\/a><\/li>\r\n    <li><a href=\"\/es\/asociaciones-recursos\/publicaciones-relacionadas\/\">Publicaciones relacionadas<\/a><\/li>\r\n    <li><a href=\"\/es\/asociaciones-recursos\/presentanos-tu-entidad\/\">Pres\u00e9ntanos tu entidad<\/a><\/li>\r\n<\/ul>[\/et_pb_text][\/et_pb_column][\/et_pb_section]<\/p>\n","protected":false},"excerpt":{"rendered":"<p>Gesti\u00f3n de entidades Los pasos para crear una asociaci\u00f3n sin \u00e1nimo de lucro, los encontrar\u00e1s en el siguiente documento: \u00abInstrucciones para la creaci\u00f3n de una entidad sin \u00e1nimo de lucro\u00bb \u2022 \u00bfQu\u00e9 es?\u00a0Es un certificado de antecedentes penales negativo, es decir, certifica que no tienes antecedentes penales por delitos sexuales. \u2022 \u00bfPor qu\u00e9 es necesario?\u00a0La\u00a0Ley [&hellip;]<\/p>\n","protected":false},"author":1,"featured_media":0,"parent":17,"menu_order":0,"comment_status":"closed","ping_status":"closed","template":"","meta":{"_et_pb_use_builder":"on","_et_pb_old_content":"","_et_gb_content_width":"","footnotes":""},"class_list":["post-340","page","type-page","status-publish","hentry"],"yoast_head":"<!-- This site is optimized with the Yoast SEO plugin v18.0 - https:\/\/yoast.com\/wordpress\/plugins\/seo\/ -->\n<title>Gesti\u00f3n de entidades | Gizalde<\/title>\n<meta name=\"robots\" content=\"index, follow, max-snippet:-1, max-image-preview:large, max-video-preview:-1\" \/>\n<link rel=\"canonical\" href=\"https:\/\/www.gizalde.eus\/es\/asociaciones-recursos\/gestion-de-entidades\/\" \/>\n<meta property=\"og:locale\" content=\"es_ES\" \/>\n<meta property=\"og:type\" content=\"article\" \/>\n<meta property=\"og:title\" content=\"Gesti\u00f3n de entidades | Gizalde\" \/>\n<meta property=\"og:description\" content=\"Gesti\u00f3n de entidades Los pasos para crear una asociaci\u00f3n sin \u00e1nimo de lucro, los encontrar\u00e1s en el siguiente documento: &quot;Instrucciones para la creaci\u00f3n de una entidad sin \u00e1nimo de lucro&quot; \u2022 \u00bfQu\u00e9 es?\u00a0Es un certificado de antecedentes penales negativo, es decir, certifica que no tienes antecedentes penales por delitos sexuales. \u2022 \u00bfPor qu\u00e9 es necesario?\u00a0La\u00a0Ley [&hellip;]\" \/>\n<meta property=\"og:url\" content=\"https:\/\/www.gizalde.eus\/es\/asociaciones-recursos\/gestion-de-entidades\/\" \/>\n<meta property=\"og:site_name\" content=\"Gizalde\" \/>\n<meta property=\"article:modified_time\" content=\"2024-06-05T11:30:46+00:00\" \/>\n<meta property=\"og:image\" content=\"\/\/egk.eus\/wp-content\/uploads\/2016\/09\/Subsedes-certificado.jpg\" \/>\n<meta name=\"twitter:card\" content=\"summary_large_image\" \/>\n<meta name=\"twitter:label1\" content=\"Tiempo de lectura\" \/>\n\t<meta name=\"twitter:data1\" content=\"72 minutos\" \/>\n<script type=\"application\/ld+json\" class=\"yoast-schema-graph\">{\"@context\":\"https:\/\/schema.org\",\"@graph\":[{\"@type\":\"WebSite\",\"@id\":\"https:\/\/www.gizalde.eus\/es\/#website\",\"url\":\"https:\/\/www.gizalde.eus\/es\/\",\"name\":\"Gizalde\",\"description\":\"Voluntariado Gipuzkoa\",\"potentialAction\":[{\"@type\":\"SearchAction\",\"target\":{\"@type\":\"EntryPoint\",\"urlTemplate\":\"https:\/\/www.gizalde.eus\/es\/?s={search_term_string}\"},\"query-input\":\"required name=search_term_string\"}],\"inLanguage\":\"es\"},{\"@type\":\"ImageObject\",\"@id\":\"https:\/\/www.gizalde.eus\/es\/asociaciones-recursos\/gestion-de-entidades\/#primaryimage\",\"inLanguage\":\"es\",\"url\":\"\/\/egk.eus\/wp-content\/uploads\/2016\/09\/Subsedes-certificado.jpg\",\"contentUrl\":\"\/\/egk.eus\/wp-content\/uploads\/2016\/09\/Subsedes-certificado.jpg\"},{\"@type\":\"WebPage\",\"@id\":\"https:\/\/www.gizalde.eus\/es\/asociaciones-recursos\/gestion-de-entidades\/#webpage\",\"url\":\"https:\/\/www.gizalde.eus\/es\/asociaciones-recursos\/gestion-de-entidades\/\",\"name\":\"Gesti\u00f3n de entidades | Gizalde\",\"isPartOf\":{\"@id\":\"https:\/\/www.gizalde.eus\/es\/#website\"},\"primaryImageOfPage\":{\"@id\":\"https:\/\/www.gizalde.eus\/es\/asociaciones-recursos\/gestion-de-entidades\/#primaryimage\"},\"datePublished\":\"2018-11-16T12:30:24+00:00\",\"dateModified\":\"2024-06-05T11:30:46+00:00\",\"breadcrumb\":{\"@id\":\"https:\/\/www.gizalde.eus\/es\/asociaciones-recursos\/gestion-de-entidades\/#breadcrumb\"},\"inLanguage\":\"es\",\"potentialAction\":[{\"@type\":\"ReadAction\",\"target\":[\"https:\/\/www.gizalde.eus\/es\/asociaciones-recursos\/gestion-de-entidades\/\"]}]},{\"@type\":\"BreadcrumbList\",\"@id\":\"https:\/\/www.gizalde.eus\/es\/asociaciones-recursos\/gestion-de-entidades\/#breadcrumb\",\"itemListElement\":[{\"@type\":\"ListItem\",\"position\":1,\"name\":\"Portada\",\"item\":\"https:\/\/www.gizalde.eus\/es\/\"},{\"@type\":\"ListItem\",\"position\":2,\"name\":\"Recursos\",\"item\":\"https:\/\/www.gizalde.eus\/es\/asociaciones-recursos\/\"},{\"@type\":\"ListItem\",\"position\":3,\"name\":\"Gesti\u00f3n de entidades\"}]}]}<\/script>\n<!-- \/ Yoast SEO plugin. -->","yoast_head_json":{"title":"Gesti\u00f3n de entidades | Gizalde","robots":{"index":"index","follow":"follow","max-snippet":"max-snippet:-1","max-image-preview":"max-image-preview:large","max-video-preview":"max-video-preview:-1"},"canonical":"https:\/\/www.gizalde.eus\/es\/asociaciones-recursos\/gestion-de-entidades\/","og_locale":"es_ES","og_type":"article","og_title":"Gesti\u00f3n de entidades | Gizalde","og_description":"Gesti\u00f3n de entidades Los pasos para crear una asociaci\u00f3n sin \u00e1nimo de lucro, los encontrar\u00e1s en el siguiente documento: \"Instrucciones para la creaci\u00f3n de una entidad sin \u00e1nimo de lucro\" \u2022 \u00bfQu\u00e9 es?\u00a0Es un certificado de antecedentes penales negativo, es decir, certifica que no tienes antecedentes penales por delitos sexuales. \u2022 \u00bfPor qu\u00e9 es necesario?\u00a0La\u00a0Ley [&hellip;]","og_url":"https:\/\/www.gizalde.eus\/es\/asociaciones-recursos\/gestion-de-entidades\/","og_site_name":"Gizalde","article_modified_time":"2024-06-05T11:30:46+00:00","og_image":[{"url":"\/\/egk.eus\/wp-content\/uploads\/2016\/09\/Subsedes-certificado.jpg"}],"twitter_card":"summary_large_image","twitter_misc":{"Tiempo de lectura":"72 minutos"},"schema":{"@context":"https:\/\/schema.org","@graph":[{"@type":"WebSite","@id":"https:\/\/www.gizalde.eus\/es\/#website","url":"https:\/\/www.gizalde.eus\/es\/","name":"Gizalde","description":"Voluntariado Gipuzkoa","potentialAction":[{"@type":"SearchAction","target":{"@type":"EntryPoint","urlTemplate":"https:\/\/www.gizalde.eus\/es\/?s={search_term_string}"},"query-input":"required name=search_term_string"}],"inLanguage":"es"},{"@type":"ImageObject","@id":"https:\/\/www.gizalde.eus\/es\/asociaciones-recursos\/gestion-de-entidades\/#primaryimage","inLanguage":"es","url":"\/\/egk.eus\/wp-content\/uploads\/2016\/09\/Subsedes-certificado.jpg","contentUrl":"\/\/egk.eus\/wp-content\/uploads\/2016\/09\/Subsedes-certificado.jpg"},{"@type":"WebPage","@id":"https:\/\/www.gizalde.eus\/es\/asociaciones-recursos\/gestion-de-entidades\/#webpage","url":"https:\/\/www.gizalde.eus\/es\/asociaciones-recursos\/gestion-de-entidades\/","name":"Gesti\u00f3n de entidades | Gizalde","isPartOf":{"@id":"https:\/\/www.gizalde.eus\/es\/#website"},"primaryImageOfPage":{"@id":"https:\/\/www.gizalde.eus\/es\/asociaciones-recursos\/gestion-de-entidades\/#primaryimage"},"datePublished":"2018-11-16T12:30:24+00:00","dateModified":"2024-06-05T11:30:46+00:00","breadcrumb":{"@id":"https:\/\/www.gizalde.eus\/es\/asociaciones-recursos\/gestion-de-entidades\/#breadcrumb"},"inLanguage":"es","potentialAction":[{"@type":"ReadAction","target":["https:\/\/www.gizalde.eus\/es\/asociaciones-recursos\/gestion-de-entidades\/"]}]},{"@type":"BreadcrumbList","@id":"https:\/\/www.gizalde.eus\/es\/asociaciones-recursos\/gestion-de-entidades\/#breadcrumb","itemListElement":[{"@type":"ListItem","position":1,"name":"Portada","item":"https:\/\/www.gizalde.eus\/es\/"},{"@type":"ListItem","position":2,"name":"Recursos","item":"https:\/\/www.gizalde.eus\/es\/asociaciones-recursos\/"},{"@type":"ListItem","position":3,"name":"Gesti\u00f3n de entidades"}]}]}},"_links":{"self":[{"href":"https:\/\/www.gizalde.eus\/es\/wp-json\/wp\/v2\/pages\/340","targetHints":{"allow":["GET"]}}],"collection":[{"href":"https:\/\/www.gizalde.eus\/es\/wp-json\/wp\/v2\/pages"}],"about":[{"href":"https:\/\/www.gizalde.eus\/es\/wp-json\/wp\/v2\/types\/page"}],"author":[{"embeddable":true,"href":"https:\/\/www.gizalde.eus\/es\/wp-json\/wp\/v2\/users\/1"}],"replies":[{"embeddable":true,"href":"https:\/\/www.gizalde.eus\/es\/wp-json\/wp\/v2\/comments?post=340"}],"version-history":[{"count":40,"href":"https:\/\/www.gizalde.eus\/es\/wp-json\/wp\/v2\/pages\/340\/revisions"}],"predecessor-version":[{"id":12205,"href":"https:\/\/www.gizalde.eus\/es\/wp-json\/wp\/v2\/pages\/340\/revisions\/12205"}],"up":[{"embeddable":true,"href":"https:\/\/www.gizalde.eus\/es\/wp-json\/wp\/v2\/pages\/17"}],"wp:attachment":[{"href":"https:\/\/www.gizalde.eus\/es\/wp-json\/wp\/v2\/media?parent=340"}],"curies":[{"name":"wp","href":"https:\/\/api.w.org\/{rel}","templated":true}]}}