{"id":329,"date":"2018-11-16T09:32:32","date_gmt":"2018-11-16T08:32:32","guid":{"rendered":"http:\/\/www.gizalde.eus\/?page_id=329"},"modified":"2022-07-05T08:38:57","modified_gmt":"2022-07-05T07:38:57","slug":"necesitamos-voluntarios-as","status":"publish","type":"page","link":"https:\/\/www.gizalde.eus\/es\/asociaciones-gestion-del-voluntariado\/necesitamos-voluntarios-as\/","title":{"rendered":"Necesitamos voluntarios\/as"},"content":{"rendered":"<p>[et_pb_section fb_built=\u00bb1&#8243; specialty=\u00bbon\u00bb module_id=\u00bbpagina-interior\u00bb _builder_version=\u00bb3.22&#8243;][et_pb_column type=\u00bb2_3&#8243; specialty_columns=\u00bb4&#8243; _builder_version=\u00bb3.25&#8243; custom_padding=\u00bb|||\u00bb custom_padding__hover=\u00bb|||\u00bb][et_pb_row_inner admin_label=\u00bbFila\u00bb _builder_version=\u00bb3.25&#8243;][et_pb_column_inner saved_specialty_column_type=\u00bb2_3&#8243; _builder_version=\u00bb3.25&#8243; custom_padding=\u00bb|||\u00bb custom_padding__hover=\u00bb|||\u00bb][et_pb_text admin_label=\u00bbNecesitamos voluntarios\/as\u00bb module_class=\u00bbtitulo-azul\u00bb _builder_version=\u00bb3.27.4&#8243;]<\/p>\n<h1>Necesitamos voluntarios\/as<\/h1>\n<p>[\/et_pb_text][et_pb_button button_url=\u00bbhttps:\/\/forms.gle\/DLTesN6bKw5GDB2s5&#8243; url_new_window=\u00bbon\u00bb button_text=\u00bbFORMULARIO DE PROGRAMAS DE VOLUNTARIADO\u00bb button_alignment=\u00bbcenter\u00bb admin_label=\u00bbFORMULARIO DRIVE PROGRAMAS DE VOLUNTARIADO\u00bb module_class=\u00bbbtn\u00bb _builder_version=\u00bb4.7.0&#8243;][\/et_pb_button][et_pb_text module_class=\u00bbtitulo-azul lista-custom\u00bb _builder_version=\u00bb4.7.0&#8243;]<\/p>\n<p>Mediante este formulario las asociaciones pod\u00e9is enviar vuestras necesidades de voluntariado, para que las vayamos recogiendo y podamos transmitirlas a las personas interesadas.<\/p>\n<p>Instrucciones:<\/p>\n<ol>\n<li><strong>Asociaci\u00f3n<\/strong>:\u00a0Nombre de la entidad sin \u00e1nimo de lucro.<\/li>\n<li><strong>\u00c1mbito de actuaci\u00f3n de la entidad: <\/strong>\u00a0Se\u00f1alad la casilla que indica el \u00e1mbito en el que trabaja vuestra entidad (se puede se\u00f1alar m\u00e1s de una).<\/li>\n<li><strong>Descripci\u00f3n de la entidad<\/strong>: Describe brevemente a qu\u00e9 se dedica la entidad y sus objetivos generales.<\/li>\n<li><strong>Nombre del programa<\/strong>:\u00a0Denominaci\u00f3n del programa en el que participan personas voluntarias (Importante: en caso de contar con m\u00e1s de un programa en la entidad, se debe completar un formulario por programa).<\/li>\n<li><strong>\u00c1mbitos de actuaci\u00f3n del programa<\/strong>: Se\u00f1alad la casilla que indica el \u00e1mbito que se trabaja en el programa (se puede se\u00f1alar m\u00e1s de una).<\/li>\n<li><strong>Descripci\u00f3n corta del programa<\/strong>: Describe en unas pocas l\u00edneas los aspectos generales del programa de voluntariado en cuesti\u00f3n.<\/li>\n<li><strong>Descripci\u00f3n larga del programa<\/strong>: Describe de forma m\u00e1s extensa el programa de voluntariado en cuesti\u00f3n.<\/li>\n<li><strong>Perfil (edad) de la persona voluntaria:<\/strong> Se\u00f1alad la casilla del perfil que busc\u00e1is (se puede se\u00f1alar m\u00e1s de una):\n<ol>\n<li>Menor de 18 a\u00f1os: Se\u00f1alad esta casilla si admit\u00eds personas voluntarias menores de 18 a\u00f1os.<\/li>\n<li>Personas mayores de edad: Se\u00f1alad esta casilla si las personas voluntarias que necesit\u00e1is deben ser siempre mayores de 18 a\u00f1os.<\/li>\n<li>J\u00f3venes (18-30 a\u00f1os): Se\u00f1alad esta casilla si s\u00f3lo necesit\u00e1is personas entre 18-30 a\u00f1os.<\/li>\n<li>Mayores de 65 a\u00f1os: Se\u00f1alad esta casilla si s\u00f3lo necesit\u00e1is personas mayores de 65 a\u00f1os.<\/li>\n<li>Universitarios\/as: Se\u00f1alad esta casilla si s\u00f3lo necesit\u00e1is personas que cumplen este perfil.<\/li>\n<li>Todos\/as: Se\u00f1alad esta casilla si pueden participar como voluntarios\/as personas de todos los perfiles que se indican.<\/li>\n<\/ol>\n<\/li>\n<li><strong>Tipo de tarea<\/strong>: Se\u00f1alad la casilla que indica el tipo de actividad que realizar\u00e1n las personas voluntarias en el programa en cuesti\u00f3n (se puede se\u00f1alar m\u00e1s de una).<\/li>\n<li><strong>Colectivo de intervenci\u00f3n:<\/strong> Se\u00f1alad la casilla que indica el colectivo para el que se va a trabajar (se puede se\u00f1alar m\u00e1s de una).<\/li>\n<li><strong>\u00c9poca del a\u00f1o para participar:<\/strong> Se\u00f1alad la casilla que indica el periodo del a\u00f1o donde se va a trabajar (se puede se\u00f1alar m\u00e1s de una).<\/li>\n<li><strong>\u00bfQu\u00e9 d\u00edas?<\/strong>: Se\u00f1alad la casilla que indica los periodos de la semana donde se trabajar\u00e1 (se puede se\u00f1alar m\u00e1s de una) .<\/li>\n<li><strong>Fecha de inicio del programa: <\/strong>Indicad la fecha en la que comienza o ha comenzado el programa.<\/li>\n<li><strong>Fecha de finalizaci\u00f3n: <\/strong>Indicad la fecha en la que finaliza (si lo hace) el programa. Si no tiene fecha de finalizaci\u00f3n, se\u00f1alad que si en el punto n\u00famero 15.<\/li>\n<li><strong>\u00bfEs un programa permanente?: <\/strong>Indicad si el programa es permanente (no tiene fecha de finalizaci\u00f3n prevista) o no es permanente (tiene fecha de finalizaci\u00f3n prevista).<\/li>\n<li><strong>Pueblos o ciudades donde se desarrolla el programa: <\/strong>Indicad los pueblos o las ciudades de Gipuzkoa donde se desarrollar\u00e1 el programa.<\/li>\n<li><strong>Contacto: <\/strong>Completa los datos que se piden para poder contactar con la persona responsable de voluntariado de tu entidad.<\/li>\n<\/ol>\n<p>[\/et_pb_text][\/et_pb_column_inner][\/et_pb_row_inner][et_pb_row_inner admin_label=\u00bbFila\u00bb _builder_version=\u00bb3.25&#8243;][et_pb_column_inner saved_specialty_column_type=\u00bb2_3&#8243; _builder_version=\u00bb3.25&#8243; custom_padding=\u00bb|||\u00bb custom_padding__hover=\u00bb|||\u00bb][et_pb_code disabled_on=\u00bbon|on|on\u00bb _builder_version=\u00bb4.7.0&#8243; disabled=\u00bbon\u00bb]<div role=\"form\" class=\"wpcf7\" id=\"wpcf7-f331-o1\" lang=\"es-ES\" dir=\"ltr\">\n<div class=\"screen-reader-response\"><p role=\"status\" aria-live=\"polite\" aria-atomic=\"true\"><\/p> <ul><\/ul><\/div>\n<form action=\"\/es\/wp-json\/wp\/v2\/pages\/329#wpcf7-f331-o1\" method=\"post\" class=\"wpcf7-form init\" novalidate=\"novalidate\" data-status=\"init\">\n<div style=\"display: none;\">\n<input type=\"hidden\" name=\"_wpcf7\" value=\"331\" \/>\n<input type=\"hidden\" name=\"_wpcf7_version\" value=\"5.5.4\" \/>\n<input type=\"hidden\" name=\"_wpcf7_locale\" value=\"es_ES\" \/>\n<input type=\"hidden\" name=\"_wpcf7_unit_tag\" value=\"wpcf7-f331-o1\" \/>\n<input type=\"hidden\" name=\"_wpcf7_container_post\" value=\"0\" \/>\n<input type=\"hidden\" name=\"_wpcf7_posted_data_hash\" value=\"\" \/>\n<input type=\"hidden\" name=\"_wpcf7_recaptcha_response\" value=\"\" \/>\n<\/div>\n<p><label>Entidad<br \/>\n<span class=\"wpcf7-form-control-wrap text-491\"><input type=\"text\" name=\"text-491\" value=\"\" size=\"40\" class=\"wpcf7-form-control wpcf7-text\" aria-invalid=\"false\" \/><\/span><\/label><\/p>\n<p><label>Peque\u00f1a descripci\u00f3n de la entidad<br \/>\n<span class=\"wpcf7-form-control-wrap textarea-492\"><textarea name=\"textarea-492\" cols=\"40\" rows=\"10\" class=\"wpcf7-form-control wpcf7-textarea\" aria-invalid=\"false\"><\/textarea><\/span><\/label><\/p>\n<p><label>Programa<br \/>\n<span class=\"wpcf7-form-control-wrap textarea-493\"><textarea name=\"textarea-493\" cols=\"40\" rows=\"10\" class=\"wpcf7-form-control wpcf7-textarea\" aria-invalid=\"false\"><\/textarea><\/span><\/label><\/p>\n<p><label>Descripci\u00f3n de la actividad a realizar por las personas voluntarias<br \/>\n<span class=\"wpcf7-form-control-wrap textarea-494\"><textarea name=\"textarea-494\" cols=\"40\" rows=\"10\" class=\"wpcf7-form-control wpcf7-textarea\" aria-invalid=\"false\"><\/textarea><\/span><\/label><\/p>\n<p><label>Perfil del Voluntario (Edad, conocimientos, actitudes, idioma, ...)<br \/>\n<span class=\"wpcf7-form-control-wrap textarea-495\"><textarea name=\"textarea-495\" cols=\"40\" rows=\"10\" class=\"wpcf7-form-control wpcf7-textarea\" aria-invalid=\"false\"><\/textarea><\/span><\/label><\/p>\n<p>Tipo de necesidad<br \/>\n<span class=\"wpcf7-form-control-wrap radio-920\"><span class=\"wpcf7-form-control wpcf7-radio\"><span class=\"wpcf7-list-item first\"><label><input type=\"radio\" name=\"radio-920\" value=\"Urgente\" checked=\"checked\" \/><span class=\"wpcf7-list-item-label\">Urgente<\/span><\/label><\/span><span class=\"wpcf7-list-item\"><label><input type=\"radio\" name=\"radio-920\" value=\"Normal\" \/><span class=\"wpcf7-list-item-label\">Normal<\/span><\/label><\/span><span class=\"wpcf7-list-item\"><label><input type=\"radio\" name=\"radio-920\" value=\"Temporal\" \/><span class=\"wpcf7-list-item-label\">Temporal<\/span><\/label><\/span><span class=\"wpcf7-list-item last\"><label><input type=\"radio\" name=\"radio-920\" value=\"Puntual\" \/><span class=\"wpcf7-list-item-label\">Puntual<\/span><\/label><\/span><\/span><\/span><\/p>\n<p><label class=\"secundario\">Se\u00f1alar plazo<br \/>\n<span class=\"wpcf7-form-control-wrap text-496\"><input type=\"text\" name=\"text-496\" value=\"\" size=\"40\" class=\"wpcf7-form-control wpcf7-text\" aria-invalid=\"false\" \/><\/span><\/label><\/p>\n<p><label class=\"secundario\">Una actividad, concretar d\u00eda<br \/>\n<span class=\"wpcf7-form-control-wrap text-497\"><input type=\"text\" name=\"text-497\" value=\"\" size=\"40\" class=\"wpcf7-form-control wpcf7-text\" aria-invalid=\"false\" \/><\/span><\/label><\/p>\n<p>Tipo de difusi\u00f3n<br \/>\nIndicar el tipo de difusi\u00f3n que quer\u00e1is que se utilice (se pueden elegir mas de uno)<br \/>\n<span class=\"wpcf7-form-control-wrap checkbox-118\"><span class=\"wpcf7-form-control wpcf7-checkbox\"><span class=\"wpcf7-list-item first\"><label><input type=\"checkbox\" name=\"checkbox-118[]\" value=\"Entrevista personal\" \/><span class=\"wpcf7-list-item-label\">Entrevista personal<\/span><\/label><\/span><span class=\"wpcf7-list-item\"><label><input type=\"checkbox\" name=\"checkbox-118[]\" value=\"Puntos Informativos Universitarios\" \/><span class=\"wpcf7-list-item-label\">Puntos Informativos Universitarios<\/span><\/label><\/span><span class=\"wpcf7-list-item\"><label><input type=\"checkbox\" name=\"checkbox-118[]\" value=\"Espacio web\" \/><span class=\"wpcf7-list-item-label\">Espacio web<\/span><\/label><\/span><span class=\"wpcf7-list-item last\"><label><input type=\"checkbox\" name=\"checkbox-118[]\" value=\"Escaparate y tabl\u00f3n de Gizalde\" \/><span class=\"wpcf7-list-item-label\">Escaparate y tabl\u00f3n de Gizalde<\/span><\/label><\/span><\/span><\/span><\/p>\n<h5>D\u00edas y Horarios<\/h5>\n<p><span class=\"secundario\">Los d\u00edas y los horarios se acordaran entre la persona voluntaria y la asociaci\u00f3n.*<br \/>\n<span class=\"wpcf7-form-control-wrap radio-178\"><span class=\"wpcf7-form-control wpcf7-radio\"><span class=\"wpcf7-list-item first\"><label><input type=\"radio\" name=\"radio-178\" value=\"S\u00ed\" checked=\"checked\" \/><span class=\"wpcf7-list-item-label\">S\u00ed<\/span><\/label><\/span><span class=\"wpcf7-list-item last\"><label><input type=\"radio\" name=\"radio-178\" value=\"No\" \/><span class=\"wpcf7-list-item-label\">No<\/span><\/label><\/span><\/span><\/span><\/span><\/p>\n<p><span class=\"secundario\">En caso de tener d\u00edas espec\u00edficos y un horario establecido para el programa indicarlo.*<br \/>\n<span class=\"wpcf7-form-control-wrap textarea-498\"><textarea name=\"textarea-498\" cols=\"40\" rows=\"10\" class=\"wpcf7-form-control wpcf7-textarea\" aria-invalid=\"false\"><\/textarea><\/span><\/span><\/p>\n<p><label>\u00bfHabr\u00eda en vuestra entidad posibilidad de hacer cibervoluntariado o voluntariado no presencial? \u00bfqu\u00e9 tareas?*<br \/>\n<span class=\"wpcf7-form-control-wrap textarea-499\"><textarea name=\"textarea-499\" cols=\"40\" rows=\"10\" class=\"wpcf7-form-control wpcf7-textarea wpcf7-validates-as-required\" aria-required=\"true\" aria-invalid=\"false\"><\/textarea><\/span><\/label><\/p>\n<p>\u00bfLos meses de verano se sigue con la actividad voluntaria?*<br \/>\n<span class=\"wpcf7-form-control-wrap radio-179\"><span class=\"wpcf7-form-control wpcf7-radio\"><span class=\"wpcf7-list-item first\"><label><input type=\"radio\" name=\"radio-179\" value=\"S\u00ed\" checked=\"checked\" \/><span class=\"wpcf7-list-item-label\">S\u00ed<\/span><\/label><\/span><span class=\"wpcf7-list-item last\"><label><input type=\"radio\" name=\"radio-179\" value=\"No\" \/><span class=\"wpcf7-list-item-label\">No<\/span><\/label><\/span><\/span><\/span><\/p>\n<p>\u00bfPodr\u00eda haber en vuestra entidad alguna labor voluntaria que pudiera ser realizada por personas con \"caracter\u00edsticas\/necesidad especiales\"?*<br \/>\n<span class=\"wpcf7-form-control-wrap radio-180\"><span class=\"wpcf7-form-control wpcf7-radio\"><span class=\"wpcf7-list-item first\"><label><input type=\"radio\" name=\"radio-180\" value=\"S\u00ed\" checked=\"checked\" \/><span class=\"wpcf7-list-item-label\">S\u00ed<\/span><\/label><\/span><span class=\"wpcf7-list-item last\"><label><input type=\"radio\" name=\"radio-180\" value=\"No\" \/><span class=\"wpcf7-list-item-label\">No<\/span><\/label><\/span><\/span><\/span><\/p>\n<p><label>Persona de contacto*<br \/>\n   <span class=\"wpcf7-form-control-wrap your-name\"><input type=\"text\" name=\"your-name\" value=\"\" size=\"40\" class=\"wpcf7-form-control wpcf7-text wpcf7-validates-as-required\" aria-required=\"true\" aria-invalid=\"false\" \/><\/span><\/label><\/p>\n<p><label>Direcci\u00f3n<br \/>\n<span class=\"wpcf7-form-control-wrap text-500\"><input type=\"text\" name=\"text-500\" value=\"\" size=\"40\" class=\"wpcf7-form-control wpcf7-text\" aria-invalid=\"false\" \/><\/span><\/label><\/p>\n<p><label>Tel\u00e9fono*<br \/>\n<span class=\"wpcf7-form-control-wrap tel-826\"><input type=\"tel\" name=\"tel-826\" value=\"\" size=\"40\" class=\"wpcf7-form-control wpcf7-text wpcf7-tel wpcf7-validates-as-required wpcf7-validates-as-tel\" aria-required=\"true\" aria-invalid=\"false\" \/><\/span><\/label><\/p>\n<p><label>Email*<br \/>\n<span class=\"wpcf7-form-control-wrap your-email\"><input type=\"email\" name=\"your-email\" value=\"\" size=\"40\" class=\"wpcf7-form-control wpcf7-text wpcf7-email wpcf7-validates-as-required wpcf7-validates-as-email\" aria-required=\"true\" aria-invalid=\"false\" \/><\/span><\/label><\/p>\n<p><label>Lugar y localidad donde se realizar\u00eda la acci\u00f3n voluntaria<br \/>\n<span class=\"wpcf7-form-control-wrap text-501\"><input type=\"text\" name=\"text-501\" value=\"\" size=\"40\" class=\"wpcf7-form-control wpcf7-text\" aria-invalid=\"false\" \/><\/span><\/label><\/p>\n<p><label>Observaciones<br \/>\n<span class=\"wpcf7-form-control-wrap textarea-502\"><textarea name=\"textarea-502\" cols=\"40\" rows=\"10\" class=\"wpcf7-form-control wpcf7-textarea\" aria-invalid=\"false\"><\/textarea><\/span><\/label><\/p>\n<p><span class=\"wpcf7-form-control-wrap checkbox-776\"><span class=\"wpcf7-form-control wpcf7-checkbox wpcf7-validates-as-required\" id=\"condiciones\"><span class=\"wpcf7-list-item first last\"><label><input type=\"checkbox\" name=\"checkbox-776[]\" value=\"Los datos de car\u00e1cter personal facilitados ser\u00e1n incorporados a las actividades de tratamiento responsabilidad de Gizalde en base al inter\u00e9s leg\u00edtimo de atender la comunicaci\u00f3n que nos dirige. Usted podr\u00e1 ejercitar sus derechos de acceso, rectificaci\u00f3n, limitaci\u00f3n de tratamiento, supresi\u00f3n, portabilidad y oposici\u00f3n y revocar su consentimiento, dirigi\u00e9ndose a gizalde@gizalde.eus. Para m\u00e1s informaci\u00f3n consulte nuestra Pol\u00edtica de Privacidad.\" \/><span class=\"wpcf7-list-item-label\">Los datos de car\u00e1cter personal facilitados ser\u00e1n incorporados a las actividades de tratamiento responsabilidad de Gizalde en base al inter\u00e9s leg\u00edtimo de atender la comunicaci\u00f3n que nos dirige. Usted podr\u00e1 ejercitar sus derechos de acceso, rectificaci\u00f3n, limitaci\u00f3n de tratamiento, supresi\u00f3n, portabilidad y oposici\u00f3n y revocar su consentimiento, dirigi\u00e9ndose a gizalde@gizalde.eus. Para m\u00e1s informaci\u00f3n consulte nuestra Pol\u00edtica de Privacidad.<\/span><\/label><\/span><\/span><\/span><\/p>\n<p><small>* Campos requeridos<\/small><\/p>\n<span class=\"wpcf7-form-control-wrap recaptcha\"><span data-sitekey=\"6LcPM4gUAAAAAMwVyF6Ex6XoaMSD-hpOnLlKdu5y\" class=\"wpcf7-form-control g-recaptcha wpcf7-recaptcha\"><\/span>\r\n<noscript>\r\n\t<div class=\"grecaptcha-noscript\">\r\n\t\t<iframe loading=\"lazy\" src=\"https:\/\/www.google.com\/recaptcha\/api\/fallback?k=6LcPM4gUAAAAAMwVyF6Ex6XoaMSD-hpOnLlKdu5y\" frameborder=\"0\" scrolling=\"no\" width=\"310\" height=\"430\">\r\n\t\t<\/iframe>\r\n\t\t<textarea name=\"g-recaptcha-response\" rows=\"3\" cols=\"40\" placeholder=\"Aqu\u00ed la respuesta de reCAPTCHA\">\r\n\t\t<\/textarea>\r\n\t<\/div>\r\n<\/noscript>\r\n<\/span>\n<p><input type=\"submit\" value=\"Enviar\" class=\"wpcf7-form-control has-spinner wpcf7-submit\" \/><\/p>\n<div class=\"wpcf7-response-output\" aria-hidden=\"true\"><\/div><\/form><\/div>[\/et_pb_code][\/et_pb_column_inner][\/et_pb_row_inner][\/et_pb_column][et_pb_column type=\u00bb1_3&#8243; _builder_version=\u00bb3.25&#8243; custom_padding=\u00bb|||\u00bb custom_padding__hover=\u00bb|||\u00bb][et_pb_text admin_label=\u00bbOtros enlaces interesantes\u00bb _builder_version=\u00bb3.27.4&#8243;]<\/p>\n<h4>Otros enlaces interesantes<\/h4>\n<p>[\/et_pb_text][et_pb_text admin_label=\u00bbPHP gestion-del-voluntariado-lista\u00bb module_class=\u00bblista-custom text-deco-no\u00bb _builder_version=\u00bb4.6.5&#8243; saved_tabs=\u00bball\u00bb]<a href=\"\/es\/asociaciones-gestion-del-voluntariado\/\">GESTI\u00d3N DEL VOLUNTARIADO<\/a>\r\n<ul>\r\n    <li><a href=\"\/es\/asociaciones-gestion-del-voluntariado\/voluntariado-en-las-asociaciones\/\">Voluntariado en las asociaciones<\/a>\r\n    <\/li><li>Ser una entidad de voluntariado\r\n        <ul>\r\n            <li><a href=\"\/es\/asociaciones-gestion-del-voluntariado\/estatuto-interno-del-voluntariado\/\">Estatuto interno del voluntariado<\/a><\/li>\r\n            <li><a href=\"\/es\/asociaciones-gestion-del-voluntariado\/seguros\/\">Seguros<\/a><\/li>\r\n            <li><a href=\"\/es\/asociaciones-gestion-del-voluntariado\/censo-general-de-organizaciones-de-voluntariado\/\">Censo General de organizaciones de voluntariado<\/a><\/li>\r\n            <li><a href=\"\/es\/asociaciones-gestion-del-voluntariado\/consejo-vasco-de-voluntariado\/\">Consejo Vasco de voluntariado<\/a><\/li>\r\n            <li><a href=\"\/es\/asociaciones-gestion-del-voluntariado\/marco-legal\/\">Marco legal<\/a><\/li>\r\n        <\/ul>\r\n    <\/li>\r\n    <li><a href=\"\/es\/asociaciones-gestion-del-voluntariado\/necesitamos-voluntarios-as\/\">Necesitamos voluntarios\/as<\/a><\/li>\r\n<\/ul>[\/et_pb_text][\/et_pb_column][\/et_pb_section]<\/p>\n","protected":false},"excerpt":{"rendered":"<p>Necesitamos voluntarios\/as Mediante este formulario las asociaciones pod\u00e9is enviar vuestras necesidades de voluntariado, para que las vayamos recogiendo y podamos transmitirlas a las personas interesadas. Instrucciones: Asociaci\u00f3n:\u00a0Nombre de la entidad sin \u00e1nimo de lucro. \u00c1mbito de actuaci\u00f3n de la entidad: \u00a0Se\u00f1alad la casilla que indica el \u00e1mbito en el que trabaja vuestra entidad (se puede [&hellip;]<\/p>\n","protected":false},"author":1,"featured_media":0,"parent":19,"menu_order":0,"comment_status":"closed","ping_status":"closed","template":"","meta":{"_et_pb_use_builder":"on","_et_pb_old_content":"","_et_gb_content_width":"","footnotes":""},"class_list":["post-329","page","type-page","status-publish","hentry"],"yoast_head":"<!-- This site is optimized with the Yoast SEO plugin v18.0 - https:\/\/yoast.com\/wordpress\/plugins\/seo\/ -->\n<title>Necesitamos voluntarios\/as | Gizalde<\/title>\n<meta name=\"robots\" content=\"index, follow, max-snippet:-1, max-image-preview:large, max-video-preview:-1\" \/>\n<link rel=\"canonical\" href=\"https:\/\/www.gizalde.eus\/es\/asociaciones-gestion-del-voluntariado\/necesitamos-voluntarios-as\/\" \/>\n<meta property=\"og:locale\" content=\"es_ES\" \/>\n<meta property=\"og:type\" content=\"article\" \/>\n<meta property=\"og:title\" content=\"Necesitamos voluntarios\/as | Gizalde\" \/>\n<meta property=\"og:description\" content=\"Necesitamos voluntarios\/as Mediante este formulario las asociaciones pod\u00e9is enviar vuestras necesidades de voluntariado, para que las vayamos recogiendo y podamos transmitirlas a las personas interesadas. Instrucciones: Asociaci\u00f3n:\u00a0Nombre de la entidad sin \u00e1nimo de lucro. \u00c1mbito de actuaci\u00f3n de la entidad: \u00a0Se\u00f1alad la casilla que indica el \u00e1mbito en el que trabaja vuestra entidad (se puede [&hellip;]\" \/>\n<meta property=\"og:url\" content=\"https:\/\/www.gizalde.eus\/es\/asociaciones-gestion-del-voluntariado\/necesitamos-voluntarios-as\/\" \/>\n<meta property=\"og:site_name\" content=\"Gizalde\" \/>\n<meta property=\"article:modified_time\" content=\"2022-07-05T07:38:57+00:00\" \/>\n<meta name=\"twitter:card\" content=\"summary_large_image\" \/>\n<meta name=\"twitter:label1\" content=\"Tiempo de lectura\" \/>\n\t<meta name=\"twitter:data1\" content=\"4 minutos\" \/>\n<script type=\"application\/ld+json\" class=\"yoast-schema-graph\">{\"@context\":\"https:\/\/schema.org\",\"@graph\":[{\"@type\":\"WebSite\",\"@id\":\"https:\/\/www.gizalde.eus\/es\/#website\",\"url\":\"https:\/\/www.gizalde.eus\/es\/\",\"name\":\"Gizalde\",\"description\":\"Voluntariado Gipuzkoa\",\"potentialAction\":[{\"@type\":\"SearchAction\",\"target\":{\"@type\":\"EntryPoint\",\"urlTemplate\":\"https:\/\/www.gizalde.eus\/es\/?s={search_term_string}\"},\"query-input\":\"required name=search_term_string\"}],\"inLanguage\":\"es\"},{\"@type\":\"WebPage\",\"@id\":\"https:\/\/www.gizalde.eus\/es\/asociaciones-gestion-del-voluntariado\/necesitamos-voluntarios-as\/#webpage\",\"url\":\"https:\/\/www.gizalde.eus\/es\/asociaciones-gestion-del-voluntariado\/necesitamos-voluntarios-as\/\",\"name\":\"Necesitamos voluntarios\/as | Gizalde\",\"isPartOf\":{\"@id\":\"https:\/\/www.gizalde.eus\/es\/#website\"},\"datePublished\":\"2018-11-16T08:32:32+00:00\",\"dateModified\":\"2022-07-05T07:38:57+00:00\",\"breadcrumb\":{\"@id\":\"https:\/\/www.gizalde.eus\/es\/asociaciones-gestion-del-voluntariado\/necesitamos-voluntarios-as\/#breadcrumb\"},\"inLanguage\":\"es\",\"potentialAction\":[{\"@type\":\"ReadAction\",\"target\":[\"https:\/\/www.gizalde.eus\/es\/asociaciones-gestion-del-voluntariado\/necesitamos-voluntarios-as\/\"]}]},{\"@type\":\"BreadcrumbList\",\"@id\":\"https:\/\/www.gizalde.eus\/es\/asociaciones-gestion-del-voluntariado\/necesitamos-voluntarios-as\/#breadcrumb\",\"itemListElement\":[{\"@type\":\"ListItem\",\"position\":1,\"name\":\"Portada\",\"item\":\"https:\/\/www.gizalde.eus\/es\/\"},{\"@type\":\"ListItem\",\"position\":2,\"name\":\"Gesti\u00f3n del voluntariado\",\"item\":\"https:\/\/www.gizalde.eus\/es\/asociaciones-gestion-del-voluntariado\/\"},{\"@type\":\"ListItem\",\"position\":3,\"name\":\"Necesitamos voluntarios\/as\"}]}]}<\/script>\n<!-- \/ Yoast SEO plugin. -->","yoast_head_json":{"title":"Necesitamos voluntarios\/as | Gizalde","robots":{"index":"index","follow":"follow","max-snippet":"max-snippet:-1","max-image-preview":"max-image-preview:large","max-video-preview":"max-video-preview:-1"},"canonical":"https:\/\/www.gizalde.eus\/es\/asociaciones-gestion-del-voluntariado\/necesitamos-voluntarios-as\/","og_locale":"es_ES","og_type":"article","og_title":"Necesitamos voluntarios\/as | Gizalde","og_description":"Necesitamos voluntarios\/as Mediante este formulario las asociaciones pod\u00e9is enviar vuestras necesidades de voluntariado, para que las vayamos recogiendo y podamos transmitirlas a las personas interesadas. Instrucciones: Asociaci\u00f3n:\u00a0Nombre de la entidad sin \u00e1nimo de lucro. \u00c1mbito de actuaci\u00f3n de la entidad: \u00a0Se\u00f1alad la casilla que indica el \u00e1mbito en el que trabaja vuestra entidad (se puede [&hellip;]","og_url":"https:\/\/www.gizalde.eus\/es\/asociaciones-gestion-del-voluntariado\/necesitamos-voluntarios-as\/","og_site_name":"Gizalde","article_modified_time":"2022-07-05T07:38:57+00:00","twitter_card":"summary_large_image","twitter_misc":{"Tiempo de lectura":"4 minutos"},"schema":{"@context":"https:\/\/schema.org","@graph":[{"@type":"WebSite","@id":"https:\/\/www.gizalde.eus\/es\/#website","url":"https:\/\/www.gizalde.eus\/es\/","name":"Gizalde","description":"Voluntariado Gipuzkoa","potentialAction":[{"@type":"SearchAction","target":{"@type":"EntryPoint","urlTemplate":"https:\/\/www.gizalde.eus\/es\/?s={search_term_string}"},"query-input":"required name=search_term_string"}],"inLanguage":"es"},{"@type":"WebPage","@id":"https:\/\/www.gizalde.eus\/es\/asociaciones-gestion-del-voluntariado\/necesitamos-voluntarios-as\/#webpage","url":"https:\/\/www.gizalde.eus\/es\/asociaciones-gestion-del-voluntariado\/necesitamos-voluntarios-as\/","name":"Necesitamos voluntarios\/as | Gizalde","isPartOf":{"@id":"https:\/\/www.gizalde.eus\/es\/#website"},"datePublished":"2018-11-16T08:32:32+00:00","dateModified":"2022-07-05T07:38:57+00:00","breadcrumb":{"@id":"https:\/\/www.gizalde.eus\/es\/asociaciones-gestion-del-voluntariado\/necesitamos-voluntarios-as\/#breadcrumb"},"inLanguage":"es","potentialAction":[{"@type":"ReadAction","target":["https:\/\/www.gizalde.eus\/es\/asociaciones-gestion-del-voluntariado\/necesitamos-voluntarios-as\/"]}]},{"@type":"BreadcrumbList","@id":"https:\/\/www.gizalde.eus\/es\/asociaciones-gestion-del-voluntariado\/necesitamos-voluntarios-as\/#breadcrumb","itemListElement":[{"@type":"ListItem","position":1,"name":"Portada","item":"https:\/\/www.gizalde.eus\/es\/"},{"@type":"ListItem","position":2,"name":"Gesti\u00f3n del voluntariado","item":"https:\/\/www.gizalde.eus\/es\/asociaciones-gestion-del-voluntariado\/"},{"@type":"ListItem","position":3,"name":"Necesitamos voluntarios\/as"}]}]}},"_links":{"self":[{"href":"https:\/\/www.gizalde.eus\/es\/wp-json\/wp\/v2\/pages\/329","targetHints":{"allow":["GET"]}}],"collection":[{"href":"https:\/\/www.gizalde.eus\/es\/wp-json\/wp\/v2\/pages"}],"about":[{"href":"https:\/\/www.gizalde.eus\/es\/wp-json\/wp\/v2\/types\/page"}],"author":[{"embeddable":true,"href":"https:\/\/www.gizalde.eus\/es\/wp-json\/wp\/v2\/users\/1"}],"replies":[{"embeddable":true,"href":"https:\/\/www.gizalde.eus\/es\/wp-json\/wp\/v2\/comments?post=329"}],"version-history":[{"count":9,"href":"https:\/\/www.gizalde.eus\/es\/wp-json\/wp\/v2\/pages\/329\/revisions"}],"predecessor-version":[{"id":8193,"href":"https:\/\/www.gizalde.eus\/es\/wp-json\/wp\/v2\/pages\/329\/revisions\/8193"}],"up":[{"embeddable":true,"href":"https:\/\/www.gizalde.eus\/es\/wp-json\/wp\/v2\/pages\/19"}],"wp:attachment":[{"href":"https:\/\/www.gizalde.eus\/es\/wp-json\/wp\/v2\/media?parent=329"}],"curies":[{"name":"wp","href":"https:\/\/api.w.org\/{rel}","templated":true}]}}