{"id":179,"date":"2018-10-26T13:38:42","date_gmt":"2018-10-26T11:38:42","guid":{"rendered":"http:\/\/www.gizalde.eus\/?page_id=179"},"modified":"2026-04-27T12:59:03","modified_gmt":"2026-04-27T11:59:03","slug":"otras-iniciativas-solidarias","status":"publish","type":"page","link":"https:\/\/www.gizalde.eus\/es\/otras-iniciativas-solidarias\/","title":{"rendered":"Otras iniciativas solidarias"},"content":{"rendered":"<p>[et_pb_section fb_built=\u00bb1&#8243; _builder_version=\u00bb4.16&#8243; background_image=\u00bb\/\/www.gizalde.eus\/wp-content\/uploads\/2018\/10\/mantenimiento.jpg\u00bb global_colors_info=\u00bb{}\u00bb][et_pb_row _builder_version=\u00bb4.16&#8243; max_width=\u00bb800px\u00bb use_custom_width=\u00bbon\u00bb custom_width_px=\u00bb800px\u00bb global_colors_info=\u00bb{}\u00bb][et_pb_column type=\u00bb4_4&#8243; _builder_version=\u00bb4.16&#8243; custom_padding=\u00bb|||\u00bb global_colors_info=\u00bb{}\u00bb custom_padding__hover=\u00bb|||\u00bb][et_pb_text admin_label=\u00bbOtras iniciativas solidarias\u00bb module_class=\u00bbtexto-blanco\u00bb _builder_version=\u00bb4.16&#8243; text_orientation=\u00bbcenter\u00bb global_colors_info=\u00bb{}\u00bb]<\/p>\n<h1>Otras iniciativas solidarias<\/h1>\n<p>[\/et_pb_text][et_pb_text module_class=\u00bbtexto-blanco\u00bb _builder_version=\u00bb4.19.5&#8243; global_colors_info=\u00bb{}\u00bb]<\/p>\n<p>Si bien el voluntariado es una forma de participaci\u00f3n cuyas caracter\u00edsticas son la continuidad e implica la integraci\u00f3n de la persona voluntaria en una organizaci\u00f3n sin \u00e1nimo de lucro, hay otras formas de participaci\u00f3n que contribuyen al bien com\u00fan. Este es el tipo de iniciativas y actividades que recopilaremos en este espacio.<\/p>\n<p>[\/et_pb_text][\/et_pb_column][\/et_pb_row][\/et_pb_section][et_pb_section fb_built=\u00bb1&#8243; _builder_version=\u00bb4.19.5&#8243; background_enable_color=\u00bboff\u00bb z_index_tablet=\u00bb500&#8243; box_shadow_horizontal_tablet=\u00bb0px\u00bb box_shadow_vertical_tablet=\u00bb0px\u00bb box_shadow_blur_tablet=\u00bb40px\u00bb box_shadow_spread_tablet=\u00bb0px\u00bb global_colors_info=\u00bb{}\u00bb][et_pb_row _builder_version=\u00bb4.16&#8243; global_colors_info=\u00bb{}\u00bb][et_pb_column type=\u00bb4_4&#8243; _builder_version=\u00bb4.16&#8243; custom_padding=\u00bb|||\u00bb global_colors_info=\u00bb{}\u00bb custom_padding__hover=\u00bb|||\u00bb][et_pb_text admin_label=\u00bbVoluntariado en verano\u00bb module_class=\u00bbtitulo-azul\u00bb _builder_version=\u00bb4.19.5&#8243; global_colors_info=\u00bb{}\u00bb]<\/p>\n<h2>Voluntariado en verano (en Gipuzkoa)<\/h2>\n<p>[\/et_pb_text][et_pb_text module_class=\u00bblista-custom\u00bb _builder_version=\u00bb4.19.5&#8243; hover_enabled=\u00bb0&#8243; z_index_tablet=\u00bb500&#8243; box_shadow_horizontal_tablet=\u00bb0px\u00bb box_shadow_vertical_tablet=\u00bb0px\u00bb box_shadow_blur_tablet=\u00bb40px\u00bb box_shadow_spread_tablet=\u00bb0px\u00bb global_colors_info=\u00bb{}\u00bb sticky_enabled=\u00bb0&#8243;]<\/p>\n<p><strong>Estos son los programas de voluntariado de verano de 2026 de varias entidades. Iremos actualizando la informaci\u00f3n en la medida de que las entidades nos vayan comunicando m\u00e1s.\u00a0<\/strong><\/p>\n<ul>\n<li style=\"list-style-type: none;\">\n<ul>\n<li><a href=\"https:\/\/docs.google.com\/presentation\/d\/1jLOkaL1O4JVV8d1QUkkDMBIv8JyAsPtNgtRb6TCLw7Y\/edit?usp=sharing\" target=\"_blank\" rel=\"noopener noreferrer\">-DUCHENNE FM &#8211; Acompa\u00f1amiento en colonias de verano.<\/a><\/li>\n<li><a href=\"https:\/\/docs.google.com\/presentation\/d\/1VER1aywbNoF-KA5QfoWHULBsopPRPhMrEsDJWJcyEfs\/edit?usp=sharing\" target=\"_blank\" rel=\"noopener noreferrer\">-GIPUZKOAKO ITXAROPEN TELEFONOA &#8211; Acompa\u00f1amiento hospitalario.<\/a><\/li>\n<li><a href=\"https:\/\/docs.google.com\/presentation\/d\/1GApDwFbPJo3Nq7uaaDUSuN5catnFXaUkBVN4uKXmOqY\/edit?usp=sharing\" target=\"_blank\" rel=\"noopener noreferrer\">-GIZAIDE FUNDAZIOA &#8211; Acompa\u00f1amiento y actividades de ocio.<\/a><\/li>\n<\/ul>\n<\/li>\n<\/ul>\n<p>&nbsp;<\/p>\n<p>&nbsp;<\/p>\n<p>[\/et_pb_text][\/et_pb_column][\/et_pb_row][\/et_pb_section][et_pb_section fb_built=\u00bb1&#8243; _builder_version=\u00bb4.19.5&#8243; background_color=\u00bb#cecece\u00bb inner_width_tablet=\u00bb50px\u00bb inner_max_width_tablet=\u00bb50px\u00bb z_index_tablet=\u00bb500&#8243; box_shadow_horizontal_tablet=\u00bb0px\u00bb box_shadow_vertical_tablet=\u00bb0px\u00bb box_shadow_blur_tablet=\u00bb40px\u00bb box_shadow_spread_tablet=\u00bb0px\u00bb global_colors_info=\u00bb{}\u00bb][et_pb_row _builder_version=\u00bb4.16&#8243; global_colors_info=\u00bb{}\u00bb][et_pb_column type=\u00bb4_4&#8243; _builder_version=\u00bb4.16&#8243; custom_padding=\u00bb|||\u00bb global_colors_info=\u00bb{}\u00bb custom_padding__hover=\u00bb|||\u00bb][et_pb_text admin_label=\u00bbDonaciones\u00bb module_class=\u00bbtitulo-azul\u00bb _builder_version=\u00bb4.16&#8243; global_colors_info=\u00bb{}\u00bb]<\/p>\n<h2>Donaciones<\/h2>\n<p>[\/et_pb_text][et_pb_text module_class=\u00bblista-custom\u00bb _builder_version=\u00bb4.19.5&#8243; z_index_tablet=\u00bb500&#8243; text_text_shadow_horizontal_length_tablet=\u00bb0px\u00bb text_text_shadow_vertical_length_tablet=\u00bb0px\u00bb text_text_shadow_blur_strength_tablet=\u00bb1px\u00bb link_text_shadow_horizontal_length_tablet=\u00bb0px\u00bb link_text_shadow_vertical_length_tablet=\u00bb0px\u00bb link_text_shadow_blur_strength_tablet=\u00bb1px\u00bb ul_text_shadow_horizontal_length_tablet=\u00bb0px\u00bb ul_text_shadow_vertical_length_tablet=\u00bb0px\u00bb ul_text_shadow_blur_strength_tablet=\u00bb1px\u00bb ol_text_shadow_horizontal_length_tablet=\u00bb0px\u00bb ol_text_shadow_vertical_length_tablet=\u00bb0px\u00bb ol_text_shadow_blur_strength_tablet=\u00bb1px\u00bb quote_text_shadow_horizontal_length_tablet=\u00bb0px\u00bb quote_text_shadow_vertical_length_tablet=\u00bb0px\u00bb quote_text_shadow_blur_strength_tablet=\u00bb1px\u00bb header_text_shadow_horizontal_length_tablet=\u00bb0px\u00bb header_text_shadow_vertical_length_tablet=\u00bb0px\u00bb header_text_shadow_blur_strength_tablet=\u00bb1px\u00bb header_2_text_shadow_horizontal_length_tablet=\u00bb0px\u00bb header_2_text_shadow_vertical_length_tablet=\u00bb0px\u00bb header_2_text_shadow_blur_strength_tablet=\u00bb1px\u00bb header_3_text_shadow_horizontal_length_tablet=\u00bb0px\u00bb header_3_text_shadow_vertical_length_tablet=\u00bb0px\u00bb header_3_text_shadow_blur_strength_tablet=\u00bb1px\u00bb header_4_text_shadow_horizontal_length_tablet=\u00bb0px\u00bb header_4_text_shadow_vertical_length_tablet=\u00bb0px\u00bb header_4_text_shadow_blur_strength_tablet=\u00bb1px\u00bb header_5_text_shadow_horizontal_length_tablet=\u00bb0px\u00bb header_5_text_shadow_vertical_length_tablet=\u00bb0px\u00bb header_5_text_shadow_blur_strength_tablet=\u00bb1px\u00bb header_6_text_shadow_horizontal_length_tablet=\u00bb0px\u00bb header_6_text_shadow_vertical_length_tablet=\u00bb0px\u00bb header_6_text_shadow_blur_strength_tablet=\u00bb1px\u00bb box_shadow_horizontal_tablet=\u00bb0px\u00bb box_shadow_vertical_tablet=\u00bb0px\u00bb box_shadow_blur_tablet=\u00bb40px\u00bb box_shadow_spread_tablet=\u00bb0px\u00bb global_colors_info=\u00bb{}\u00bb]<\/p>\n<ul>\n<li><a href=\"\/\/www.tecnologialibredeconflicto.org\/que-puedo-hacer-yo\/#anchor-movil\" target=\"_blank\" rel=\"noopener noreferrer\">-ALBOAN ONGD &#8211; Telefono mugikorrak\/moviles (se pueden entregar en Gizalde).<\/a><\/li>\n<li><a href=\"https:\/\/cadenaser.com\/euskadi\/2023\/03\/08\/las-farmacias-de-gipuzkoa-pioneras-en-la-recogida-de-material-ortopedico-y-ortoprotesico-de-la-ciudadania-para-su-reutilizacion-radio-san-sebastian\/\" target=\"_blank\" rel=\"noopener noreferrer\">-ANDADE \/ FARMACIAS DE GIPUZKOA &#8211; Material ortop\u00e9dico y ortoprot\u00e9sico.<\/a><\/li>\n<li><a href=\"http:\/\/www.protectoradegipuzkoa.com\/colabora\/\" target=\"_blank\" rel=\"noopener noreferrer\">-ASOC. PROTECTORA DE ANIMALES DE GIPUZKOA &#8211; Mantas, s\u00e1banas, toallas, cojines, abrigos para perros,peri\u00f3dicos, rascadores de gatos, juguetes, pan duro, etc.<\/a><\/li>\n<li><a href=\"https:\/\/ayudacontenedores.org\/donacion-de-material\/\" target=\"_blank\" rel=\"noopener noreferrer\">-AYUDA CONTENEDORES ONG- Diverso material para su env\u00edo a pa\u00edses necesitados de ellos.<\/a><\/li>\n<li><a href=\"https:\/\/drive.google.com\/file\/d\/1vhjMIQJjuOEt5vx5ORaU8acp3PoKRy--\/view?usp=share_link\" target=\"_blank\" rel=\"noopener noreferrer\">-COORDINADORA DE ORGANIZACIONES NO GUBERNAMENTALES DE DESARROLLO DE EUSKADI &#8211; Material para proyectos de las ONGD (consultar detalles en la Coordinadora).<\/a><\/li>\n<li><a href=\"https:\/\/emauscooperativa.com\/\" target=\"_blank\" rel=\"noopener noreferrer\">-EMA\u00daS TRAPEROS Sociedad cooperativa &#8211; Muebles, ropa, libros, etc. para venta de segunda mano.<\/a><\/li>\n<li><a href=\"https:\/\/www.emaus.com\/recogidas\" target=\"_blank\" rel=\"noopener noreferrer\">-FUNDACI\u00d3N SOCIAL EMA\u00daS &#8211;\u00a0 Muebles y ropa.<\/a><\/li>\n<li><a href=\"https:\/\/drive.google.com\/file\/d\/1GeqwtJOgNSm8clx7CUawS0FhVQ-GBFGq\/view?usp=drive_link\" target=\"_blank\" rel=\"noopener noreferrer\">-HAURRALDE FUNDAZIOA &#8211; Ropa.<\/a><\/li>\n<li><a href=\"https:\/\/drive.google.com\/file\/d\/1c9ZA7eEnBXEXnaRnT_ohhbDuW0X2HYHY\/view?usp=drive_link\" target=\"_blank\" rel=\"noopener noreferrer\">-JATORKIN AL NAHDA &#8211; Diverso material (utensilios de cocina, estufas o calefacciones, material escolar y libros, juegos para ni\u00f1os\/as, port\u00e1tiles).<\/a><span style=\"color: #000000;\"><br \/><\/span><\/li>\n<li><a href=\"https:\/\/drive.google.com\/file\/d\/1T40m-qC6CavyAzVtYJkBmwQPS2rxS9kh\/view?usp=sharing\" target=\"_blank\" rel=\"noopener noreferrer\">-RED DE ACOGIDA CIUDADANA &#8211; Alimentos no perecederos.<\/a><\/li>\n<li><a href=\"https:\/\/drive.google.com\/file\/d\/16Yv5crYhX3i7hDXGI2-2MkzhNNYKDDrt\/view?usp=drive_link\" target=\"_blank\" rel=\"noopener noreferrer\">-RED DE ACOGIDA CIUDADANA &#8211; Ropa para hombres.<\/a><\/li>\n<li><a href=\"https:\/\/www.osakidetza.euskadi.eus\/quiero-donar\/webosk00-oesdona\/es\/\" target=\"_blank\" rel=\"noopener noreferrer\">-VARIAS ENTIDADES E INSTITUCIONES &#8211; Donaci\u00f3n de sangre, plasma, \u00f3rganos, m\u00e9dula \u00f3sea, cord\u00f3n umbilical, leche materna.<\/a><\/li>\n<\/ul>\n<p>[\/et_pb_text][\/et_pb_column][\/et_pb_row][\/et_pb_section][et_pb_section fb_built=\u00bb1&#8243; _builder_version=\u00bb4.19.5&#8243; background_color=\u00bbRGBA(255,255,255,0)\u00bb inner_width_tablet=\u00bb50px\u00bb inner_max_width_tablet=\u00bb50px\u00bb z_index_tablet=\u00bb500&#8243; box_shadow_horizontal_tablet=\u00bb0px\u00bb box_shadow_vertical_tablet=\u00bb0px\u00bb box_shadow_blur_tablet=\u00bb40px\u00bb box_shadow_spread_tablet=\u00bb0px\u00bb global_colors_info=\u00bb{}\u00bb][et_pb_row _builder_version=\u00bb4.16&#8243; z_index_tablet=\u00bb500&#8243; box_shadow_horizontal_tablet=\u00bb0px\u00bb box_shadow_vertical_tablet=\u00bb0px\u00bb box_shadow_blur_tablet=\u00bb40px\u00bb box_shadow_spread_tablet=\u00bb0px\u00bb global_colors_info=\u00bb{}\u00bb][et_pb_column type=\u00bb4_4&#8243; _builder_version=\u00bb4.16&#8243; custom_padding=\u00bb|||\u00bb global_colors_info=\u00bb{}\u00bb custom_padding__hover=\u00bb|||\u00bb][et_pb_text admin_label=\u00bbIniciativas internacionales\u00bb module_class=\u00bbtitulo-azul\u00bb _builder_version=\u00bb4.16&#8243; global_colors_info=\u00bb{}\u00bb]<\/p>\n<h2>Iniciativas internacionales<\/h2>\n<p>[\/et_pb_text][et_pb_text module_class=\u00bblista-custom\u00bb _builder_version=\u00bb4.19.5&#8243; z_index_tablet=\u00bb500&#8243; text_text_shadow_horizontal_length_tablet=\u00bb0px\u00bb text_text_shadow_vertical_length_tablet=\u00bb0px\u00bb text_text_shadow_blur_strength_tablet=\u00bb1px\u00bb link_text_shadow_horizontal_length_tablet=\u00bb0px\u00bb link_text_shadow_vertical_length_tablet=\u00bb0px\u00bb link_text_shadow_blur_strength_tablet=\u00bb1px\u00bb ul_text_shadow_horizontal_length_tablet=\u00bb0px\u00bb ul_text_shadow_vertical_length_tablet=\u00bb0px\u00bb ul_text_shadow_blur_strength_tablet=\u00bb1px\u00bb ol_text_shadow_horizontal_length_tablet=\u00bb0px\u00bb ol_text_shadow_vertical_length_tablet=\u00bb0px\u00bb ol_text_shadow_blur_strength_tablet=\u00bb1px\u00bb quote_text_shadow_horizontal_length_tablet=\u00bb0px\u00bb quote_text_shadow_vertical_length_tablet=\u00bb0px\u00bb quote_text_shadow_blur_strength_tablet=\u00bb1px\u00bb header_text_shadow_horizontal_length_tablet=\u00bb0px\u00bb header_text_shadow_vertical_length_tablet=\u00bb0px\u00bb header_text_shadow_blur_strength_tablet=\u00bb1px\u00bb header_2_text_shadow_horizontal_length_tablet=\u00bb0px\u00bb header_2_text_shadow_vertical_length_tablet=\u00bb0px\u00bb header_2_text_shadow_blur_strength_tablet=\u00bb1px\u00bb header_3_text_shadow_horizontal_length_tablet=\u00bb0px\u00bb header_3_text_shadow_vertical_length_tablet=\u00bb0px\u00bb header_3_text_shadow_blur_strength_tablet=\u00bb1px\u00bb header_4_text_shadow_horizontal_length_tablet=\u00bb0px\u00bb header_4_text_shadow_vertical_length_tablet=\u00bb0px\u00bb header_4_text_shadow_blur_strength_tablet=\u00bb1px\u00bb header_5_text_shadow_horizontal_length_tablet=\u00bb0px\u00bb header_5_text_shadow_vertical_length_tablet=\u00bb0px\u00bb header_5_text_shadow_blur_strength_tablet=\u00bb1px\u00bb header_6_text_shadow_horizontal_length_tablet=\u00bb0px\u00bb header_6_text_shadow_vertical_length_tablet=\u00bb0px\u00bb header_6_text_shadow_blur_strength_tablet=\u00bb1px\u00bb box_shadow_horizontal_tablet=\u00bb0px\u00bb box_shadow_vertical_tablet=\u00bb0px\u00bb box_shadow_blur_tablet=\u00bb40px\u00bb box_shadow_spread_tablet=\u00bb0px\u00bb global_colors_info=\u00bb{}\u00bb]<\/p>\n<p><span style=\"font-weight: 400;\">Antes de nada, recomendamos ver el siguiente v\u00eddeo donde se aclaran algunos conceptos y se muestra una peque\u00f1a reflexi\u00f3n en torno a la participaci\u00f3n en iniciativas de cooperaci\u00f3n internacional.<\/span><\/p>\n<a href='https:\/\/youtu.be\/LtzQPN3VtkI' class='big-button bigblue' target=\"_blank\">\u201cViajar al sur en clave de solidaridad: \u00bfc\u00f3mo, cu\u00e1nto tiempo, para qu\u00e9?<\/a>\n<p>&nbsp;<\/p>\n<p><span style=\"font-weight: 400;\">Te pueden servir tambi\u00e9n, la siguientes reflexiones:<\/span><\/p>\n<a href='https:\/\/escuelaparaelcambio.org\/4-mitos-sobre-voluntariado-internacional-derribados\/' class='big-button bigblue' target=\"_blank\">4 mitos sobre Voluntariado Internacional derribados<\/a>\n<a href='https:\/\/www.fundacionlealtad.org\/voluntariado-para-un-verano-diferente-y-solidario\/' class='big-button bigblue' target=\"_blank\">Voluntariado para un verano diferente<\/a>\n<a href='https:\/\/www.hazloposible.org\/7-consejos-imprescindibles-para-hacer-tu-voluntariado-internacional\/' class='big-button bigblue' target=\"_blank\">7 consejos imprescindibles para hacer tu voluntariado internacional (Fundaci\u00f3n Hazloposible)<\/a>\n<p>&nbsp;<\/p>\n<p>En la siguiente lista podr\u00e1s encontrar iniciativas internacionales donde puedes participar:<\/p>\n<ul>\n<li><strong><a href=\"\/\/www.afrikable.org\/vacaciones-solidarias\" target=\"_blank\" rel=\"noopener noreferrer\">-AFRIKABLE<\/a><\/strong><\/li>\n<li><a href=\"\/\/www.aipc-pandora.org\/?q=participa-en-nuestros-proyectos\" target=\"_blank\" rel=\"noopener noreferrer\">-AIPC PANDORA<\/a><\/li>\n<li><strong><a href=\"\/\/www.ambalaong.org\/\" target=\"_blank\" rel=\"noopener noreferrer\">-AMBALA<\/a><\/strong><\/li>\n<li><strong><a href=\"https:\/\/www.borntolearnglobal.org\/es\/\" target=\"_blank\" rel=\"noopener noreferrer\">-BORN TO LEARN<\/a><\/strong><\/li>\n<li><a href=\"https:\/\/www.cooperatingvolunteers.com\/\" target=\"_blank\" rel=\"noopener noreferrer\">-COOPERATING VOLUNTEERS<\/a><\/li>\n<li><strong><a href=\"https:\/\/www.fundacionproclade.org\/voluntario\/\" target=\"_blank\" rel=\"noopener noreferrer\">-FUNDACI\u00d3N PROCLADE<\/a><\/strong><\/li>\n<li><strong><a href=\"https:\/\/globalvolunteers.org\/\" target=\"_blank\" rel=\"noopener noreferrer\">-GLOBAL VOLUNTEERS<\/a><\/strong><\/li>\n<li><strong><a href=\"https:\/\/www.hacesfalta.org\/voluntariado-internacional.aspx\" target=\"_blank\" rel=\"noopener noreferrer\">-HACESFALTA.ORG (Recopilaci\u00f3n de viajes solidarios y voluntariado internacional)<\/a><\/strong><\/li>\n<li><a href=\"https:\/\/www.lumaltik.org\/\" target=\"_blank\" rel=\"noopener noreferrer\">-LUMALTIK<\/a><\/li>\n<li><a href=\"https:\/\/www.ongvoluntariado.org\/\" target=\"_blank\" rel=\"noopener noreferrer\">-ONGVOLUNTARIADO<\/a><\/li>\n<li><a href=\"https:\/\/pbi-ee.org\/es\/participa\/hazte-voluntariao-en-el-terreno\" target=\"_blank\" rel=\"noopener noreferrer\">-PBI.<\/a><\/li>\n<li><strong><a href=\"\/\/www.unitedplanet.org\/volunteer-abroad\" target=\"_blank\" rel=\"noopener noreferrer\">-PLANET UNITED<\/a><\/strong><\/li>\n<li><a href=\"https:\/\/www.gazteaukera.euskadi.eus\/jvc-informacion-general\/webgaz00-lankide3\/es\/\" target=\"_blank\" rel=\"noopener noreferrer\">-PROGRAMA \u00abJUVENTUD VASCA COOPERANTE\u00bb (Gobierno Vasco) (Plazo cerrado).<\/a><\/li>\n<li><a href=\"\/\/www.projects-abroad.es\/\" target=\"_blank\" rel=\"noopener noreferrer\"><strong>-PROYECTS ABROAD<\/strong><\/a><\/li>\n<li><a href=\"https:\/\/www.projects-abroad.es\/tipos-de-viaje\/especiales-para-adolescentes\/\" target=\"_blank\" rel=\"noopener noreferrer\"><strong>-PROYECTS ABROAD (Especial para adolescentes de 15-18 a\u00f1os en el extranjero)<\/strong><\/a><\/li>\n<li><a href=\"https:\/\/workcamps.sci.ngo\/icamps\/welcome.html\" target=\"_blank\" rel=\"noopener noreferrer\">-SCI &#8211; Servicio Civil Internacional<\/a><\/li>\n<li><strong><a href=\"https:\/\/www.semillaparaelcambio.org\/que-puedes-hacer\/viaje-de-accion-solidaria\/\" target=\"_blank\" rel=\"noopener noreferrer\">-SEMILLA PARA EL CAMBIO (Viajes de acci\u00f3n solidaria).<\/a><\/strong><\/li>\n<li><strong><a href=\"https:\/\/sodepaz.org\/turismo-solidario\/\" target=\"_blank\" rel=\"noopener noreferrer\">-SODEPAZ (Turismo solidario).<\/a><\/strong><\/li>\n<li><a href=\"\/\/www.viajestumaini.org\/viajes-solidarios\" target=\"_blank\" rel=\"noopener noreferrer\">-TUMAINI (Viajes Solidarios).<\/a><\/li>\n<li><a href=\"https:\/\/www.vientonortesur.org\/actividades-verano\/\" target=\"_blank\" rel=\"noopener noreferrer\">-VIENTO NORTE-SUR (Turismo responsable y sostenible).<\/a><\/li>\n<li><strong><a href=\"\/\/volunteerinternational.org\/\" target=\"_blank\" rel=\"noopener noreferrer\">-VOLUNTEER INTERNATIONAL<\/a><\/strong><\/li>\n<li><a href=\"https:\/\/www.volunteeringsolutions.com\/\" target=\"_blank\" rel=\"noopener noreferrer\">-VOLUNTEERING SOLUTIONS<\/a><\/li>\n<li><strong><a href=\"\/\/www.vfp.org\/\" target=\"_blank\" rel=\"noopener noreferrer\">-VOLUNTEERS FOR PEACE<\/a><\/strong><\/li>\n<li><strong><a href=\"\/\/www.workingabroad.com\/\" target=\"_blank\" rel=\"noopener noreferrer\">-WORKINGABROAD<\/a><\/strong><\/li>\n<li><a href=\"https:\/\/www.yeseuropa.org\/?sort=latest\" target=\"_blank\" rel=\"noopener noreferrer\">-YES EUROPA<\/a><\/li>\n<\/ul>\n<p>[\/et_pb_text][\/et_pb_column][\/et_pb_row][\/et_pb_section][et_pb_section fb_built=\u00bb1&#8243; _builder_version=\u00bb4.19.5&#8243; background_color=\u00bb#cecece\u00bb inner_width_tablet=\u00bb50px\u00bb inner_max_width_tablet=\u00bb50px\u00bb z_index_tablet=\u00bb500&#8243; box_shadow_horizontal_tablet=\u00bb0px\u00bb box_shadow_vertical_tablet=\u00bb0px\u00bb box_shadow_blur_tablet=\u00bb40px\u00bb box_shadow_spread_tablet=\u00bb0px\u00bb global_colors_info=\u00bb{}\u00bb][et_pb_row _builder_version=\u00bb4.16&#8243; global_colors_info=\u00bb{}\u00bb][et_pb_column type=\u00bb4_4&#8243; _builder_version=\u00bb4.16&#8243; custom_padding=\u00bb|||\u00bb global_colors_info=\u00bb{}\u00bb custom_padding__hover=\u00bb|||\u00bb][et_pb_text admin_label=\u00bbIniciativas en favor de personas refugiadas\u00bb module_class=\u00bbtitulo-azul\u00bb _builder_version=\u00bb4.16&#8243; global_colors_info=\u00bb{}\u00bb]<\/p>\n<h2>Iniciativas en favor de personas refugiadas<\/h2>\n<p>[\/et_pb_text][et_pb_text module_class=\u00bblista-custom\u00bb _builder_version=\u00bb4.19.5&#8243; z_index_tablet=\u00bb500&#8243; text_text_shadow_horizontal_length_tablet=\u00bb0px\u00bb text_text_shadow_vertical_length_tablet=\u00bb0px\u00bb text_text_shadow_blur_strength_tablet=\u00bb1px\u00bb link_text_shadow_horizontal_length_tablet=\u00bb0px\u00bb link_text_shadow_vertical_length_tablet=\u00bb0px\u00bb link_text_shadow_blur_strength_tablet=\u00bb1px\u00bb ul_text_shadow_horizontal_length_tablet=\u00bb0px\u00bb ul_text_shadow_vertical_length_tablet=\u00bb0px\u00bb ul_text_shadow_blur_strength_tablet=\u00bb1px\u00bb ol_text_shadow_horizontal_length_tablet=\u00bb0px\u00bb ol_text_shadow_vertical_length_tablet=\u00bb0px\u00bb ol_text_shadow_blur_strength_tablet=\u00bb1px\u00bb quote_text_shadow_horizontal_length_tablet=\u00bb0px\u00bb quote_text_shadow_vertical_length_tablet=\u00bb0px\u00bb quote_text_shadow_blur_strength_tablet=\u00bb1px\u00bb header_text_shadow_horizontal_length_tablet=\u00bb0px\u00bb header_text_shadow_vertical_length_tablet=\u00bb0px\u00bb header_text_shadow_blur_strength_tablet=\u00bb1px\u00bb header_2_text_shadow_horizontal_length_tablet=\u00bb0px\u00bb header_2_text_shadow_vertical_length_tablet=\u00bb0px\u00bb header_2_text_shadow_blur_strength_tablet=\u00bb1px\u00bb header_3_text_shadow_horizontal_length_tablet=\u00bb0px\u00bb header_3_text_shadow_vertical_length_tablet=\u00bb0px\u00bb header_3_text_shadow_blur_strength_tablet=\u00bb1px\u00bb header_4_text_shadow_horizontal_length_tablet=\u00bb0px\u00bb header_4_text_shadow_vertical_length_tablet=\u00bb0px\u00bb header_4_text_shadow_blur_strength_tablet=\u00bb1px\u00bb header_5_text_shadow_horizontal_length_tablet=\u00bb0px\u00bb header_5_text_shadow_vertical_length_tablet=\u00bb0px\u00bb header_5_text_shadow_blur_strength_tablet=\u00bb1px\u00bb header_6_text_shadow_horizontal_length_tablet=\u00bb0px\u00bb header_6_text_shadow_vertical_length_tablet=\u00bb0px\u00bb header_6_text_shadow_blur_strength_tablet=\u00bb1px\u00bb box_shadow_horizontal_tablet=\u00bb0px\u00bb box_shadow_vertical_tablet=\u00bb0px\u00bb box_shadow_blur_tablet=\u00bb40px\u00bb box_shadow_spread_tablet=\u00bb0px\u00bb global_colors_info=\u00bb{}\u00bb]<\/p>\n<ul>\n<li><span style=\"color: #000000;\"><a style=\"color: #000000;\" href=\"https:\/\/www.zaporeak.eus\/es\/como-ayudar\/\" target=\"_blank\" rel=\"noopener noreferrer\"><strong>-ZAPOREAK<\/strong><\/a><\/span><\/li>\n<li><strong><span style=\"color: #000000;\"><a style=\"color: #000000;\" href=\"https:\/\/sosracismogipuzkoa.org\/izan-harrera\/\" target=\"_blank\" rel=\"noopener noreferrer\">-SOS RACISMO GIPUZKOA &#8211; Izan Harrera &#8211; Programa de mentor\u00eda social<\/a><\/span><\/strong><\/li>\n<li><strong><span style=\"color: #000000;\"><a style=\"color: #000000;\" href=\"https:\/\/www.openarms.es\/es\/como-ayudar#\" target=\"_blank\" rel=\"noopener noreferrer\">-PROACTIVE OPEN ARMS<\/a><\/span><\/strong><\/li>\n<li><strong><span style=\"color: #000000;\"><a style=\"color: #000000;\" href=\"https:\/\/smh.eus\/como-ayudar\/\" target=\"_blank\" rel=\"noopener noreferrer\">-SALVAMENTO MARITIMO HUMANITARIO<\/a><\/span><\/strong><\/li>\n<li><strong><span style=\"color: #000000;\"><a style=\"color: #000000;\" href=\"https:\/\/www.proemaid.org\/voluntarios\/\" target=\"_blank\" rel=\"noopener noreferrer\">-PROEM AID<\/a><\/span><\/strong><\/li>\n<li><span style=\"color: #000000;\"><strong><a style=\"color: #000000;\" href=\"\/\/docs.google.com\/document\/d\/1XCUkWcARDIKBYNeKRKfqXzE4CZaI8RL_dY-AbwSootA\/edit\" target=\"_blank\" rel=\"noopener noreferrer\">-Recopilaci\u00f3n de iniciativas en favor de personas refugiadas<\/a><\/strong><\/span><\/li>\n<\/ul>\n<p>[\/et_pb_text][\/et_pb_column][\/et_pb_row][\/et_pb_section][et_pb_section fb_built=\u00bb1&#8243; _builder_version=\u00bb4.19.5&#8243; background_enable_color=\u00bboff\u00bb inner_width_tablet=\u00bb50px\u00bb inner_max_width_tablet=\u00bb50px\u00bb z_index_tablet=\u00bb500&#8243; box_shadow_horizontal_tablet=\u00bb0px\u00bb box_shadow_vertical_tablet=\u00bb0px\u00bb box_shadow_blur_tablet=\u00bb40px\u00bb box_shadow_spread_tablet=\u00bb0px\u00bb global_colors_info=\u00bb{}\u00bb][et_pb_row _builder_version=\u00bb4.16&#8243; global_colors_info=\u00bb{}\u00bb][et_pb_column type=\u00bb4_4&#8243; _builder_version=\u00bb4.16&#8243; custom_padding=\u00bb|||\u00bb global_colors_info=\u00bb{}\u00bb custom_padding__hover=\u00bb|||\u00bb][et_pb_text admin_label=\u00bbCampos de trabajo y otras iniciativas\u00bb module_class=\u00bbtitulo-azul\u00bb _builder_version=\u00bb4.16&#8243; global_colors_info=\u00bb{}\u00bb]<\/p>\n<h2>Campos de trabajo y otras iniciativas<\/h2>\n<p>[\/et_pb_text][et_pb_text module_class=\u00bblista-custom\u00bb _builder_version=\u00bb4.19.5&#8243; z_index_tablet=\u00bb500&#8243; box_shadow_horizontal_tablet=\u00bb0px\u00bb box_shadow_vertical_tablet=\u00bb0px\u00bb box_shadow_blur_tablet=\u00bb40px\u00bb box_shadow_spread_tablet=\u00bb0px\u00bb global_colors_info=\u00bb{}\u00bb]<\/p>\n<p>&nbsp;<\/p>\n<ul>\n<li><a href=\"https:\/\/www.elbassma.org\/proyectos-de-verano\/\" target=\"_blank\" rel=\"noopener noreferrer\">-EL BASSMA (Campamento de verano).<\/a><\/li>\n<li><a href=\"https:\/\/emmaus-europe.org\/language\/es\/campamentos-para-jovenes\/\" target=\"_blank\" rel=\"noopener noreferrer\">-EMA\u00daS EUROPA (Campos de trabajo solidarios en Europa).<\/a><\/li>\n<li><a href=\"\/\/www.gazteaukera.euskadi.eus\/auzolandegiak\/inscripcion\/-\/inscripcion-en-los-campos-de-voluntariado-juvenil-2020\/\" target=\"_blank\" rel=\"noopener noreferrer\">-GAZTEAUKERA GOBIERNO VASCO (Campos de trabajo juveniles) (Plazo cerrado).<\/a><\/li>\n<li><a href=\"\/\/es.greenpeace.org\/es\/que-puedes-hacer-tu\/campamentos-de-verano\/\" target=\"_blank\" rel=\"noopener noreferrer\">-GREENPEACE (Campamentos para j\u00f3venes).<\/a><\/li>\n<li><a href=\"https:\/\/workcamps.sci.ngo\/icamps\/welcome.html\" target=\"_blank\" rel=\"noopener noreferrer\">-SERVICIO CIVIL INTERNACIONAL (Campos de trabajo internacionales).<\/a><\/li>\n<li><a href=\"https:\/\/factoriadevalores.eus\/campos-de-solidaridad\/\" target=\"_blank\" rel=\"noopener\">-SETEM (Campos de solidaridad).<\/a><\/li>\n<li><a href=\"https:\/\/wwoof.es\/es\/inicio\" target=\"_blank\" rel=\"noopener noreferrer\">-WOOF (Voluntariado en granjas ecol\u00f3gicas).<\/a><\/li>\n<\/ul>\n<p>[\/et_pb_text][\/et_pb_column][\/et_pb_row][\/et_pb_section][et_pb_section fb_built=\u00bb1&#8243; _builder_version=\u00bb4.19.5&#8243; background_color=\u00bb#cecece\u00bb z_index_tablet=\u00bb500&#8243; box_shadow_horizontal_tablet=\u00bb0px\u00bb box_shadow_vertical_tablet=\u00bb0px\u00bb box_shadow_blur_tablet=\u00bb40px\u00bb box_shadow_spread_tablet=\u00bb0px\u00bb global_colors_info=\u00bb{}\u00bb][et_pb_row _builder_version=\u00bb4.16&#8243; global_colors_info=\u00bb{}\u00bb][et_pb_column type=\u00bb4_4&#8243; _builder_version=\u00bb4.16&#8243; custom_padding=\u00bb|||\u00bb global_colors_info=\u00bb{}\u00bb custom_padding__hover=\u00bb|||\u00bb][et_pb_text admin_label=\u00bbAcogimiento familiar\u00bb module_class=\u00bbtitulo-azul\u00bb _builder_version=\u00bb4.16&#8243; z_index_tablet=\u00bb500&#8243; text_text_shadow_horizontal_length_tablet=\u00bb0px\u00bb text_text_shadow_vertical_length_tablet=\u00bb0px\u00bb text_text_shadow_blur_strength_tablet=\u00bb1px\u00bb link_text_shadow_horizontal_length_tablet=\u00bb0px\u00bb link_text_shadow_vertical_length_tablet=\u00bb0px\u00bb link_text_shadow_blur_strength_tablet=\u00bb1px\u00bb ul_text_shadow_horizontal_length_tablet=\u00bb0px\u00bb ul_text_shadow_vertical_length_tablet=\u00bb0px\u00bb ul_text_shadow_blur_strength_tablet=\u00bb1px\u00bb ol_text_shadow_horizontal_length_tablet=\u00bb0px\u00bb ol_text_shadow_vertical_length_tablet=\u00bb0px\u00bb ol_text_shadow_blur_strength_tablet=\u00bb1px\u00bb quote_text_shadow_horizontal_length_tablet=\u00bb0px\u00bb quote_text_shadow_vertical_length_tablet=\u00bb0px\u00bb quote_text_shadow_blur_strength_tablet=\u00bb1px\u00bb header_text_shadow_horizontal_length_tablet=\u00bb0px\u00bb header_text_shadow_vertical_length_tablet=\u00bb0px\u00bb header_text_shadow_blur_strength_tablet=\u00bb1px\u00bb header_2_text_shadow_horizontal_length_tablet=\u00bb0px\u00bb header_2_text_shadow_vertical_length_tablet=\u00bb0px\u00bb header_2_text_shadow_blur_strength_tablet=\u00bb1px\u00bb header_3_text_shadow_horizontal_length_tablet=\u00bb0px\u00bb header_3_text_shadow_vertical_length_tablet=\u00bb0px\u00bb header_3_text_shadow_blur_strength_tablet=\u00bb1px\u00bb header_4_text_shadow_horizontal_length_tablet=\u00bb0px\u00bb header_4_text_shadow_vertical_length_tablet=\u00bb0px\u00bb header_4_text_shadow_blur_strength_tablet=\u00bb1px\u00bb header_5_text_shadow_horizontal_length_tablet=\u00bb0px\u00bb header_5_text_shadow_vertical_length_tablet=\u00bb0px\u00bb header_5_text_shadow_blur_strength_tablet=\u00bb1px\u00bb header_6_text_shadow_horizontal_length_tablet=\u00bb0px\u00bb header_6_text_shadow_vertical_length_tablet=\u00bb0px\u00bb header_6_text_shadow_blur_strength_tablet=\u00bb1px\u00bb box_shadow_horizontal_tablet=\u00bb0px\u00bb box_shadow_vertical_tablet=\u00bb0px\u00bb box_shadow_blur_tablet=\u00bb40px\u00bb box_shadow_spread_tablet=\u00bb0px\u00bb global_colors_info=\u00bb{}\u00bb]<\/p>\n<h2>Acogimiento familiar<\/h2>\n<p>[\/et_pb_text][et_pb_text module_class=\u00bblista-custom\u00bb _builder_version=\u00bb4.16&#8243; z_index_tablet=\u00bb500&#8243; box_shadow_horizontal_tablet=\u00bb0px\u00bb box_shadow_vertical_tablet=\u00bb0px\u00bb box_shadow_blur_tablet=\u00bb40px\u00bb box_shadow_spread_tablet=\u00bb0px\u00bb global_colors_info=\u00bb{}\u00bb]<\/p>\n<ul>\n<li><a href=\"\/\/www.gipuzkoa.eus\/es\/web\/gizartepolitika\/servicios\/programas-y-servicios\/acogimiento-familiar\" target=\"_blank\" rel=\"noopener noreferrer\">-Familias de acogida (DIPUTACI\u00d3N FORAL DE GIPUZKOA)<\/a><\/li>\n<li><a href=\"\/\/www.chernobil.org\/\" target=\"_blank\" rel=\"noopener noreferrer\">-Programa de acogimiento temporal (ASOC. CHERNOBIL -Ni\u00f1os\/as ucranianos\/as-)<\/a><\/li>\n<li><a href=\"\/\/www.donostia.eus\/ataria\/web\/lankidetza\/proyectos-donostia\/-\/asset_publisher\/nxiF1Tr7AMZ8\/content\/vacaciones-en-p-1\" target=\"_blank\" rel=\"noopener noreferrer\">-Programa de acogimiento temporal (\u00abVACACIONES EN PAZ\u00bb -Ni\u00f1os\/as saharauis-)<\/a><\/li>\n<\/ul>\n<p>&nbsp;<br \/>\n[\/et_pb_text][\/et_pb_column][\/et_pb_row][\/et_pb_section][et_pb_section fb_built=\u00bb1&#8243; _builder_version=\u00bb4.19.5&#8243; background_enable_color=\u00bboff\u00bb inner_width_tablet=\u00bb50px\u00bb inner_max_width_tablet=\u00bb50px\u00bb z_index_tablet=\u00bb500&#8243; box_shadow_horizontal_tablet=\u00bb0px\u00bb box_shadow_vertical_tablet=\u00bb0px\u00bb box_shadow_blur_tablet=\u00bb40px\u00bb box_shadow_spread_tablet=\u00bb0px\u00bb global_colors_info=\u00bb{}\u00bb][et_pb_row _builder_version=\u00bb4.16&#8243; background_size=\u00bbinitial\u00bb background_position=\u00bbtop_left\u00bb background_repeat=\u00bbrepeat\u00bb global_colors_info=\u00bb{}\u00bb][et_pb_column type=\u00bb4_4&#8243; _builder_version=\u00bb4.16&#8243; custom_padding=\u00bb|||\u00bb global_colors_info=\u00bb{}\u00bb custom_padding__hover=\u00bb|||\u00bb][et_pb_text admin_label=\u00bbVoluntariado ONLINE\u00bb module_class=\u00bbtitulo-azul\u00bb _builder_version=\u00bb4.16&#8243; global_colors_info=\u00bb{}\u00bb]<\/p>\n<h2>Voluntariado ONLINE<\/h2>\n<p>[\/et_pb_text][et_pb_text module_class=\u00bblista-custom\u00bb _builder_version=\u00bb4.19.5&#8243; z_index_tablet=\u00bb500&#8243; text_text_shadow_horizontal_length_tablet=\u00bb0px\u00bb text_text_shadow_vertical_length_tablet=\u00bb0px\u00bb text_text_shadow_blur_strength_tablet=\u00bb1px\u00bb link_text_shadow_horizontal_length_tablet=\u00bb0px\u00bb link_text_shadow_vertical_length_tablet=\u00bb0px\u00bb link_text_shadow_blur_strength_tablet=\u00bb1px\u00bb ul_text_shadow_horizontal_length_tablet=\u00bb0px\u00bb ul_text_shadow_vertical_length_tablet=\u00bb0px\u00bb ul_text_shadow_blur_strength_tablet=\u00bb1px\u00bb ol_text_shadow_horizontal_length_tablet=\u00bb0px\u00bb ol_text_shadow_vertical_length_tablet=\u00bb0px\u00bb ol_text_shadow_blur_strength_tablet=\u00bb1px\u00bb quote_text_shadow_horizontal_length_tablet=\u00bb0px\u00bb quote_text_shadow_vertical_length_tablet=\u00bb0px\u00bb quote_text_shadow_blur_strength_tablet=\u00bb1px\u00bb header_text_shadow_horizontal_length_tablet=\u00bb0px\u00bb header_text_shadow_vertical_length_tablet=\u00bb0px\u00bb header_text_shadow_blur_strength_tablet=\u00bb1px\u00bb header_2_text_shadow_horizontal_length_tablet=\u00bb0px\u00bb header_2_text_shadow_vertical_length_tablet=\u00bb0px\u00bb header_2_text_shadow_blur_strength_tablet=\u00bb1px\u00bb header_3_text_shadow_horizontal_length_tablet=\u00bb0px\u00bb header_3_text_shadow_vertical_length_tablet=\u00bb0px\u00bb header_3_text_shadow_blur_strength_tablet=\u00bb1px\u00bb header_4_text_shadow_horizontal_length_tablet=\u00bb0px\u00bb header_4_text_shadow_vertical_length_tablet=\u00bb0px\u00bb header_4_text_shadow_blur_strength_tablet=\u00bb1px\u00bb header_5_text_shadow_horizontal_length_tablet=\u00bb0px\u00bb header_5_text_shadow_vertical_length_tablet=\u00bb0px\u00bb header_5_text_shadow_blur_strength_tablet=\u00bb1px\u00bb header_6_text_shadow_horizontal_length_tablet=\u00bb0px\u00bb header_6_text_shadow_vertical_length_tablet=\u00bb0px\u00bb header_6_text_shadow_blur_strength_tablet=\u00bb1px\u00bb box_shadow_horizontal_tablet=\u00bb0px\u00bb box_shadow_vertical_tablet=\u00bb0px\u00bb box_shadow_blur_tablet=\u00bb40px\u00bb box_shadow_spread_tablet=\u00bb0px\u00bb global_colors_info=\u00bb{}\u00bb]<\/p>\n<ul>\n<li><a href=\"https:\/\/mintzanet.eus\/\" target=\"_blank\" rel=\"noopener noreferrer\">-Euskara Ikasleen Bidelagun &#8211; Mintzanet<\/a><\/li>\n<li><a href=\"\/\/www.cibervoluntarios.org\/\" target=\"_blank\" rel=\"noopener noreferrer\">-Cibervoluntarixs<\/a><\/li>\n<li><a href=\"https:\/\/www.unv.org\/es\/hazte-voluntario\" target=\"_blank\" rel=\"noopener noreferrer\">-Nazio batuen boluntariotza &#8211; Voluntariado de las Naciones Unidas<\/a><\/li>\n<\/ul>\n<p>[\/et_pb_text][\/et_pb_column][\/et_pb_row][\/et_pb_section][et_pb_section fb_built=\u00bb1&#8243; disabled_on=\u00bbon|on|on\u00bb _builder_version=\u00bb4.16&#8243; background_color=\u00bb#cecece\u00bb inner_width_tablet=\u00bb50px\u00bb inner_max_width_tablet=\u00bb50px\u00bb z_index_tablet=\u00bb500&#8243; box_shadow_horizontal_tablet=\u00bb0px\u00bb box_shadow_vertical_tablet=\u00bb0px\u00bb box_shadow_blur_tablet=\u00bb40px\u00bb box_shadow_spread_tablet=\u00bb0px\u00bb disabled=\u00bbon\u00bb global_colors_info=\u00bb{}\u00bb][et_pb_row _builder_version=\u00bb4.16&#8243; background_size=\u00bbinitial\u00bb background_position=\u00bbtop_left\u00bb background_repeat=\u00bbrepeat\u00bb global_colors_info=\u00bb{}\u00bb][et_pb_column type=\u00bb4_4&#8243; _builder_version=\u00bb4.16&#8243; custom_padding=\u00bb|||\u00bb global_colors_info=\u00bb{}\u00bb custom_padding__hover=\u00bb|||\u00bb][et_pb_text admin_label=\u00bbColaboraci\u00f3n en campa\u00f1as y eventos\u00bb module_class=\u00bbtitulo-azul\u00bb _builder_version=\u00bb4.16&#8243; z_index_tablet=\u00bb500&#8243; text_text_shadow_horizontal_length_tablet=\u00bb0px\u00bb text_text_shadow_vertical_length_tablet=\u00bb0px\u00bb text_text_shadow_blur_strength_tablet=\u00bb1px\u00bb link_text_shadow_horizontal_length_tablet=\u00bb0px\u00bb link_text_shadow_vertical_length_tablet=\u00bb0px\u00bb link_text_shadow_blur_strength_tablet=\u00bb1px\u00bb ul_text_shadow_horizontal_length_tablet=\u00bb0px\u00bb ul_text_shadow_vertical_length_tablet=\u00bb0px\u00bb ul_text_shadow_blur_strength_tablet=\u00bb1px\u00bb ol_text_shadow_horizontal_length_tablet=\u00bb0px\u00bb ol_text_shadow_vertical_length_tablet=\u00bb0px\u00bb ol_text_shadow_blur_strength_tablet=\u00bb1px\u00bb quote_text_shadow_horizontal_length_tablet=\u00bb0px\u00bb quote_text_shadow_vertical_length_tablet=\u00bb0px\u00bb quote_text_shadow_blur_strength_tablet=\u00bb1px\u00bb header_text_shadow_horizontal_length_tablet=\u00bb0px\u00bb header_text_shadow_vertical_length_tablet=\u00bb0px\u00bb header_text_shadow_blur_strength_tablet=\u00bb1px\u00bb header_2_text_shadow_horizontal_length_tablet=\u00bb0px\u00bb header_2_text_shadow_vertical_length_tablet=\u00bb0px\u00bb header_2_text_shadow_blur_strength_tablet=\u00bb1px\u00bb header_3_text_shadow_horizontal_length_tablet=\u00bb0px\u00bb header_3_text_shadow_vertical_length_tablet=\u00bb0px\u00bb header_3_text_shadow_blur_strength_tablet=\u00bb1px\u00bb header_4_text_shadow_horizontal_length_tablet=\u00bb0px\u00bb header_4_text_shadow_vertical_length_tablet=\u00bb0px\u00bb header_4_text_shadow_blur_strength_tablet=\u00bb1px\u00bb header_5_text_shadow_horizontal_length_tablet=\u00bb0px\u00bb header_5_text_shadow_vertical_length_tablet=\u00bb0px\u00bb header_5_text_shadow_blur_strength_tablet=\u00bb1px\u00bb header_6_text_shadow_horizontal_length_tablet=\u00bb0px\u00bb header_6_text_shadow_vertical_length_tablet=\u00bb0px\u00bb header_6_text_shadow_blur_strength_tablet=\u00bb1px\u00bb box_shadow_horizontal_tablet=\u00bb0px\u00bb box_shadow_vertical_tablet=\u00bb0px\u00bb box_shadow_blur_tablet=\u00bb40px\u00bb box_shadow_spread_tablet=\u00bb0px\u00bb global_colors_info=\u00bb{}\u00bb]<\/p>\n<h2>Colaboraci\u00f3n en campa\u00f1as y eventos<\/h2>\n<p>[\/et_pb_text][et_pb_text module_class=\u00bblista-custom\u00bb _builder_version=\u00bb4.16&#8243; z_index_tablet=\u00bb500&#8243; box_shadow_horizontal_tablet=\u00bb0px\u00bb box_shadow_vertical_tablet=\u00bb0px\u00bb box_shadow_blur_tablet=\u00bb40px\u00bb box_shadow_spread_tablet=\u00bb0px\u00bb global_colors_info=\u00bb{}\u00bb]<\/p>\n<ul>\n<li><a href=\"\/\/www.kirolarekin.com\/\" target=\"_blank\" rel=\"noopener noreferrer\">-KIROLAREKIN &#8211; Programa de voluntariado en eventos deportivos (AFEDEGI)<\/a><\/li>\n<li><span style=\"color: #000000;\"><a style=\"color: #000000;\" href=\"\/\/www.compartetuenergia.com\/es\/\" target=\"_blank\" rel=\"noopener noreferrer\">-COMPARTE TU ENERG\u00cdA &#8211; Voluntariado para apoyar a personas con discapacidad visual en carreras (FUNDACI\u00d3N EDP)<\/a><\/span><\/li>\n<\/ul>\n<p>[\/et_pb_text][\/et_pb_column][\/et_pb_row][\/et_pb_section][et_pb_section fb_built=\u00bb1&#8243; _builder_version=\u00bb4.19.5&#8243; background_color=\u00bb#cecece\u00bb inner_width_tablet=\u00bb50px\u00bb inner_max_width_tablet=\u00bb50px\u00bb z_index_tablet=\u00bb500&#8243; box_shadow_horizontal_tablet=\u00bb0px\u00bb box_shadow_vertical_tablet=\u00bb0px\u00bb box_shadow_blur_tablet=\u00bb40px\u00bb box_shadow_spread_tablet=\u00bb0px\u00bb global_colors_info=\u00bb{}\u00bb][et_pb_row _builder_version=\u00bb4.16&#8243; global_colors_info=\u00bb{}\u00bb][et_pb_column type=\u00bb4_4&#8243; _builder_version=\u00bb4.16&#8243; custom_padding=\u00bb|||\u00bb global_colors_info=\u00bb{}\u00bb custom_padding__hover=\u00bb|||\u00bb][et_pb_text admin_label=\u00bbMu\u00e9vete por Europa\u00bb module_class=\u00bbtitulo-azul\u00bb _builder_version=\u00bb4.16&#8243; z_index_tablet=\u00bb500&#8243; text_text_shadow_horizontal_length_tablet=\u00bb0px\u00bb text_text_shadow_vertical_length_tablet=\u00bb0px\u00bb text_text_shadow_blur_strength_tablet=\u00bb1px\u00bb link_text_shadow_horizontal_length_tablet=\u00bb0px\u00bb link_text_shadow_vertical_length_tablet=\u00bb0px\u00bb link_text_shadow_blur_strength_tablet=\u00bb1px\u00bb ul_text_shadow_horizontal_length_tablet=\u00bb0px\u00bb ul_text_shadow_vertical_length_tablet=\u00bb0px\u00bb ul_text_shadow_blur_strength_tablet=\u00bb1px\u00bb ol_text_shadow_horizontal_length_tablet=\u00bb0px\u00bb ol_text_shadow_vertical_length_tablet=\u00bb0px\u00bb ol_text_shadow_blur_strength_tablet=\u00bb1px\u00bb quote_text_shadow_horizontal_length_tablet=\u00bb0px\u00bb quote_text_shadow_vertical_length_tablet=\u00bb0px\u00bb quote_text_shadow_blur_strength_tablet=\u00bb1px\u00bb header_text_shadow_horizontal_length_tablet=\u00bb0px\u00bb header_text_shadow_vertical_length_tablet=\u00bb0px\u00bb header_text_shadow_blur_strength_tablet=\u00bb1px\u00bb header_2_text_shadow_horizontal_length_tablet=\u00bb0px\u00bb header_2_text_shadow_vertical_length_tablet=\u00bb0px\u00bb header_2_text_shadow_blur_strength_tablet=\u00bb1px\u00bb header_3_text_shadow_horizontal_length_tablet=\u00bb0px\u00bb header_3_text_shadow_vertical_length_tablet=\u00bb0px\u00bb header_3_text_shadow_blur_strength_tablet=\u00bb1px\u00bb header_4_text_shadow_horizontal_length_tablet=\u00bb0px\u00bb header_4_text_shadow_vertical_length_tablet=\u00bb0px\u00bb header_4_text_shadow_blur_strength_tablet=\u00bb1px\u00bb header_5_text_shadow_horizontal_length_tablet=\u00bb0px\u00bb header_5_text_shadow_vertical_length_tablet=\u00bb0px\u00bb header_5_text_shadow_blur_strength_tablet=\u00bb1px\u00bb header_6_text_shadow_horizontal_length_tablet=\u00bb0px\u00bb header_6_text_shadow_vertical_length_tablet=\u00bb0px\u00bb header_6_text_shadow_blur_strength_tablet=\u00bb1px\u00bb box_shadow_horizontal_tablet=\u00bb0px\u00bb box_shadow_vertical_tablet=\u00bb0px\u00bb box_shadow_blur_tablet=\u00bb40px\u00bb box_shadow_spread_tablet=\u00bb0px\u00bb global_colors_info=\u00bb{}\u00bb]<\/p>\n<h2>Mu\u00e9vete por Europa<\/h2>\n<p>[\/et_pb_text][et_pb_text module_class=\u00bblista-custom\u00bb _builder_version=\u00bb4.19.5&#8243; z_index_tablet=\u00bb500&#8243; text_text_shadow_horizontal_length_tablet=\u00bb0px\u00bb text_text_shadow_vertical_length_tablet=\u00bb0px\u00bb text_text_shadow_blur_strength_tablet=\u00bb1px\u00bb link_text_shadow_horizontal_length_tablet=\u00bb0px\u00bb link_text_shadow_vertical_length_tablet=\u00bb0px\u00bb link_text_shadow_blur_strength_tablet=\u00bb1px\u00bb ul_text_shadow_horizontal_length_tablet=\u00bb0px\u00bb ul_text_shadow_vertical_length_tablet=\u00bb0px\u00bb ul_text_shadow_blur_strength_tablet=\u00bb1px\u00bb ol_text_shadow_horizontal_length_tablet=\u00bb0px\u00bb ol_text_shadow_vertical_length_tablet=\u00bb0px\u00bb ol_text_shadow_blur_strength_tablet=\u00bb1px\u00bb quote_text_shadow_horizontal_length_tablet=\u00bb0px\u00bb quote_text_shadow_vertical_length_tablet=\u00bb0px\u00bb quote_text_shadow_blur_strength_tablet=\u00bb1px\u00bb header_text_shadow_horizontal_length_tablet=\u00bb0px\u00bb header_text_shadow_vertical_length_tablet=\u00bb0px\u00bb header_text_shadow_blur_strength_tablet=\u00bb1px\u00bb header_2_text_shadow_horizontal_length_tablet=\u00bb0px\u00bb header_2_text_shadow_vertical_length_tablet=\u00bb0px\u00bb header_2_text_shadow_blur_strength_tablet=\u00bb1px\u00bb header_3_text_shadow_horizontal_length_tablet=\u00bb0px\u00bb header_3_text_shadow_vertical_length_tablet=\u00bb0px\u00bb header_3_text_shadow_blur_strength_tablet=\u00bb1px\u00bb header_4_text_shadow_horizontal_length_tablet=\u00bb0px\u00bb header_4_text_shadow_vertical_length_tablet=\u00bb0px\u00bb header_4_text_shadow_blur_strength_tablet=\u00bb1px\u00bb header_5_text_shadow_horizontal_length_tablet=\u00bb0px\u00bb header_5_text_shadow_vertical_length_tablet=\u00bb0px\u00bb header_5_text_shadow_blur_strength_tablet=\u00bb1px\u00bb header_6_text_shadow_horizontal_length_tablet=\u00bb0px\u00bb header_6_text_shadow_vertical_length_tablet=\u00bb0px\u00bb header_6_text_shadow_blur_strength_tablet=\u00bb1px\u00bb box_shadow_horizontal_tablet=\u00bb0px\u00bb box_shadow_vertical_tablet=\u00bb0px\u00bb box_shadow_blur_tablet=\u00bb40px\u00bb box_shadow_spread_tablet=\u00bb0px\u00bb global_colors_info=\u00bb{}\u00bb]<\/p>\n<ul>\n<li><a href=\"https:\/\/www.gazteaukera.euskadi.eus\/programas-union-europea\/\" target=\"_blank\" rel=\"noopener noreferrer\">-Programas de la Uni\u00f3n Europea<\/a><\/li>\n<\/ul>\n<p>[\/et_pb_text][\/et_pb_column][\/et_pb_row][\/et_pb_section]<\/p>\n","protected":false},"excerpt":{"rendered":"<p>Otras iniciativas solidarias Si bien el voluntariado es una forma de participaci\u00f3n cuyas caracter\u00edsticas son la continuidad e implica la integraci\u00f3n de la persona voluntaria en una organizaci\u00f3n sin \u00e1nimo de lucro, hay otras formas de participaci\u00f3n que contribuyen al bien com\u00fan. Este es el tipo de iniciativas y actividades que recopilaremos en este espacio.Voluntariado [&hellip;]<\/p>\n","protected":false},"author":1,"featured_media":0,"parent":0,"menu_order":0,"comment_status":"closed","ping_status":"closed","template":"","meta":{"_et_pb_use_builder":"on","_et_pb_old_content":"","_et_gb_content_width":"","footnotes":""},"class_list":["post-179","page","type-page","status-publish","hentry"],"yoast_head":"<!-- This site is optimized with the Yoast SEO plugin v18.0 - https:\/\/yoast.com\/wordpress\/plugins\/seo\/ -->\n<title>Otras iniciativas solidarias | Gizalde<\/title>\n<meta name=\"robots\" content=\"index, follow, max-snippet:-1, max-image-preview:large, max-video-preview:-1\" \/>\n<link rel=\"canonical\" href=\"https:\/\/www.gizalde.eus\/es\/otras-iniciativas-solidarias\/\" \/>\n<meta property=\"og:locale\" content=\"es_ES\" \/>\n<meta property=\"og:type\" content=\"article\" \/>\n<meta property=\"og:title\" content=\"Otras iniciativas solidarias | Gizalde\" \/>\n<meta property=\"og:description\" content=\"Otras iniciativas solidarias Si bien el voluntariado es una forma de participaci\u00f3n cuyas caracter\u00edsticas son la continuidad e implica la integraci\u00f3n de la persona voluntaria en una organizaci\u00f3n sin \u00e1nimo de lucro, hay otras formas de participaci\u00f3n que contribuyen al bien com\u00fan. Este es el tipo de iniciativas y actividades que recopilaremos en este espacio.Voluntariado [&hellip;]\" \/>\n<meta property=\"og:url\" content=\"https:\/\/www.gizalde.eus\/es\/otras-iniciativas-solidarias\/\" \/>\n<meta property=\"og:site_name\" content=\"Gizalde\" \/>\n<meta property=\"article:modified_time\" content=\"2026-04-27T11:59:03+00:00\" \/>\n<meta name=\"twitter:card\" content=\"summary_large_image\" \/>\n<script type=\"application\/ld+json\" class=\"yoast-schema-graph\">{\"@context\":\"https:\/\/schema.org\",\"@graph\":[{\"@type\":\"WebSite\",\"@id\":\"https:\/\/www.gizalde.eus\/es\/#website\",\"url\":\"https:\/\/www.gizalde.eus\/es\/\",\"name\":\"Gizalde\",\"description\":\"Voluntariado Gipuzkoa\",\"potentialAction\":[{\"@type\":\"SearchAction\",\"target\":{\"@type\":\"EntryPoint\",\"urlTemplate\":\"https:\/\/www.gizalde.eus\/es\/?s={search_term_string}\"},\"query-input\":\"required name=search_term_string\"}],\"inLanguage\":\"es\"},{\"@type\":\"WebPage\",\"@id\":\"https:\/\/www.gizalde.eus\/es\/otras-iniciativas-solidarias\/#webpage\",\"url\":\"https:\/\/www.gizalde.eus\/es\/otras-iniciativas-solidarias\/\",\"name\":\"Otras iniciativas solidarias | Gizalde\",\"isPartOf\":{\"@id\":\"https:\/\/www.gizalde.eus\/es\/#website\"},\"datePublished\":\"2018-10-26T11:38:42+00:00\",\"dateModified\":\"2026-04-27T11:59:03+00:00\",\"breadcrumb\":{\"@id\":\"https:\/\/www.gizalde.eus\/es\/otras-iniciativas-solidarias\/#breadcrumb\"},\"inLanguage\":\"es\",\"potentialAction\":[{\"@type\":\"ReadAction\",\"target\":[\"https:\/\/www.gizalde.eus\/es\/otras-iniciativas-solidarias\/\"]}]},{\"@type\":\"BreadcrumbList\",\"@id\":\"https:\/\/www.gizalde.eus\/es\/otras-iniciativas-solidarias\/#breadcrumb\",\"itemListElement\":[{\"@type\":\"ListItem\",\"position\":1,\"name\":\"Portada\",\"item\":\"https:\/\/www.gizalde.eus\/es\/\"},{\"@type\":\"ListItem\",\"position\":2,\"name\":\"Otras iniciativas solidarias\"}]}]}<\/script>\n<!-- \/ Yoast SEO plugin. -->","yoast_head_json":{"title":"Otras iniciativas solidarias | Gizalde","robots":{"index":"index","follow":"follow","max-snippet":"max-snippet:-1","max-image-preview":"max-image-preview:large","max-video-preview":"max-video-preview:-1"},"canonical":"https:\/\/www.gizalde.eus\/es\/otras-iniciativas-solidarias\/","og_locale":"es_ES","og_type":"article","og_title":"Otras iniciativas solidarias | Gizalde","og_description":"Otras iniciativas solidarias Si bien el voluntariado es una forma de participaci\u00f3n cuyas caracter\u00edsticas son la continuidad e implica la integraci\u00f3n de la persona voluntaria en una organizaci\u00f3n sin \u00e1nimo de lucro, hay otras formas de participaci\u00f3n que contribuyen al bien com\u00fan. Este es el tipo de iniciativas y actividades que recopilaremos en este espacio.Voluntariado [&hellip;]","og_url":"https:\/\/www.gizalde.eus\/es\/otras-iniciativas-solidarias\/","og_site_name":"Gizalde","article_modified_time":"2026-04-27T11:59:03+00:00","twitter_card":"summary_large_image","schema":{"@context":"https:\/\/schema.org","@graph":[{"@type":"WebSite","@id":"https:\/\/www.gizalde.eus\/es\/#website","url":"https:\/\/www.gizalde.eus\/es\/","name":"Gizalde","description":"Voluntariado Gipuzkoa","potentialAction":[{"@type":"SearchAction","target":{"@type":"EntryPoint","urlTemplate":"https:\/\/www.gizalde.eus\/es\/?s={search_term_string}"},"query-input":"required name=search_term_string"}],"inLanguage":"es"},{"@type":"WebPage","@id":"https:\/\/www.gizalde.eus\/es\/otras-iniciativas-solidarias\/#webpage","url":"https:\/\/www.gizalde.eus\/es\/otras-iniciativas-solidarias\/","name":"Otras iniciativas solidarias | Gizalde","isPartOf":{"@id":"https:\/\/www.gizalde.eus\/es\/#website"},"datePublished":"2018-10-26T11:38:42+00:00","dateModified":"2026-04-27T11:59:03+00:00","breadcrumb":{"@id":"https:\/\/www.gizalde.eus\/es\/otras-iniciativas-solidarias\/#breadcrumb"},"inLanguage":"es","potentialAction":[{"@type":"ReadAction","target":["https:\/\/www.gizalde.eus\/es\/otras-iniciativas-solidarias\/"]}]},{"@type":"BreadcrumbList","@id":"https:\/\/www.gizalde.eus\/es\/otras-iniciativas-solidarias\/#breadcrumb","itemListElement":[{"@type":"ListItem","position":1,"name":"Portada","item":"https:\/\/www.gizalde.eus\/es\/"},{"@type":"ListItem","position":2,"name":"Otras iniciativas solidarias"}]}]}},"_links":{"self":[{"href":"https:\/\/www.gizalde.eus\/es\/wp-json\/wp\/v2\/pages\/179","targetHints":{"allow":["GET"]}}],"collection":[{"href":"https:\/\/www.gizalde.eus\/es\/wp-json\/wp\/v2\/pages"}],"about":[{"href":"https:\/\/www.gizalde.eus\/es\/wp-json\/wp\/v2\/types\/page"}],"author":[{"embeddable":true,"href":"https:\/\/www.gizalde.eus\/es\/wp-json\/wp\/v2\/users\/1"}],"replies":[{"embeddable":true,"href":"https:\/\/www.gizalde.eus\/es\/wp-json\/wp\/v2\/comments?post=179"}],"version-history":[{"count":336,"href":"https:\/\/www.gizalde.eus\/es\/wp-json\/wp\/v2\/pages\/179\/revisions"}],"predecessor-version":[{"id":15690,"href":"https:\/\/www.gizalde.eus\/es\/wp-json\/wp\/v2\/pages\/179\/revisions\/15690"}],"wp:attachment":[{"href":"https:\/\/www.gizalde.eus\/es\/wp-json\/wp\/v2\/media?parent=179"}],"curies":[{"name":"wp","href":"https:\/\/api.w.org\/{rel}","templated":true}]}}