{"id":10519,"date":"2023-07-31T00:24:08","date_gmt":"2023-07-30T23:24:08","guid":{"rendered":"http:\/\/www.gizalde.eus\/?page_id=10519"},"modified":"2025-05-26T10:46:40","modified_gmt":"2025-05-26T09:46:40","slug":"recursos-para-asociaciones","status":"publish","type":"page","link":"https:\/\/www.gizalde.eus\/es\/recursos-para-asociaciones\/","title":{"rendered":"Recursos para asociaciones (publicaciones)"},"content":{"rendered":"<p>[et_pb_section fb_built=\u00bb1&#8243; admin_label=\u00bbLibrary\u00bb _builder_version=\u00bb4.19.5&#8243; _module_preset=\u00bbdefault\u00bb background_color=\u00bbgcid-bafd0c31-2a11-4c7d-b3a8-caae4a4218d9&#8243; custom_padding=\u00bb||5vw||false|false\u00bb global_colors_info=\u00bb{%22gcid-bafd0c31-2a11-4c7d-b3a8-caae4a4218d9%22:%91%22background_color%22%93}\u00bb][et_pb_row _builder_version=\u00bb4.16&#8243; _module_preset=\u00bbdefault\u00bb locked=\u00bboff\u00bb global_colors_info=\u00bb{}\u00bb][et_pb_column type=\u00bb4_4&#8243; _builder_version=\u00bb4.16&#8243; _module_preset=\u00bbdefault\u00bb global_colors_info=\u00bb{}\u00bb][et_pb_text admin_label=\u00bbRecursos para asociaciones\u00bb _builder_version=\u00bb4.19.5&#8243; _module_preset=\u00bb544ab126-07da-449d-8ac0-96c6bfea5327&#8243; header_font=\u00bb||||||||\u00bb header_3_font=\u00bbInter||||||||\u00bb header_3_text_color=\u00bbgcid-8b305f9d-4844-4604-ba06-445166ebe5d6&#8243; header_3_font_size=\u00bb26px\u00bb header_4_font=\u00bbHeebo|700|||||||\u00bb header_4_text_color=\u00bb#15414a\u00bb header_4_line_height=\u00bb1.5em\u00bb custom_margin=\u00bb||0px||false|false\u00bb header_3_font_size_tablet=\u00bb22px\u00bb header_3_font_size_phone=\u00bb18px\u00bb header_3_font_size_last_edited=\u00bbon|desktop\u00bb header_4_font_size_tablet=\u00bb16px\u00bb header_4_font_size_phone=\u00bb14px\u00bb header_4_font_size_last_edited=\u00bbon|tablet\u00bb global_colors_info=\u00bb{%22gcid-8b305f9d-4844-4604-ba06-445166ebe5d6%22:%91%22header_3_text_color%22%93}\u00bb]<\/p>\n<h4>Recursos para asociaciones<\/h4>\n<p>[\/et_pb_text][\/et_pb_column][\/et_pb_row][et_pb_row column_structure=\u00bb1_4,1_4,1_4,1_4&#8243; _builder_version=\u00bb4.16&#8243; _module_preset=\u00bbdefault\u00bb locked=\u00bboff\u00bb global_colors_info=\u00bb{}\u00bb][et_pb_column type=\u00bb1_4&#8243; _builder_version=\u00bb4.16&#8243; _module_preset=\u00bbdefault\u00bb global_colors_info=\u00bb{}\u00bb][et_pb_image src=\u00bbhttps:\/\/www.gizalde.eus\/wp-content\/uploads\/2025\/05\/Plan-voluntariado-Bizkaia-Gara-1.jpg\u00bb title_text=\u00bbPlan voluntariado Bizkaia Gara\u00bb url=\u00bbhttps:\/\/drive.google.com\/file\/d\/1ys_ZXRTCgaSxmXs8aHxDZkWgUgFmlhwa\/view?usp=sharing\u00bb url_new_window=\u00bbon\u00bb _builder_version=\u00bb4.19.5&#8243; _module_preset=\u00bbdefault\u00bb border_radii=\u00bbon|4px|4px|4px|4px\u00bb box_shadow_style=\u00bbpreset3&#8243; box_shadow_vertical=\u00bb40px\u00bb box_shadow_blur=\u00bb24px\u00bb box_shadow_spread=\u00bb-28px\u00bb box_shadow_color=\u00bbrgba(21,65,74,0.29)\u00bb global_colors_info=\u00bb{}\u00bb][\/et_pb_image][et_pb_text admin_label=\u00bbC\u00f3mo elaborar un plan de atenci\u00f3n al voluntariado (Bizkaia Gara)\u00bb _builder_version=\u00bb4.19.5&#8243; _module_preset=\u00bb544ab126-07da-449d-8ac0-96c6bfea5327&#8243; header_font=\u00bb||||||||\u00bb header_3_font=\u00bbInter||||||||\u00bb header_3_text_color=\u00bbgcid-8b305f9d-4844-4604-ba06-445166ebe5d6&#8243; header_3_font_size=\u00bb26px\u00bb header_4_font=\u00bbHeebo|700|||||||\u00bb header_4_text_color=\u00bb#15414a\u00bb header_4_line_height=\u00bb1.5em\u00bb custom_margin=\u00bb||0px||false|false\u00bb link_option_url=\u00bbhttps:\/\/drive.google.com\/file\/d\/1ys_ZXRTCgaSxmXs8aHxDZkWgUgFmlhwa\/view?usp=sharing\u00bb link_option_url_new_window=\u00bbon\u00bb hover_enabled=\u00bb0&#8243; header_3_font_size_tablet=\u00bb22px\u00bb header_3_font_size_phone=\u00bb18px\u00bb header_3_font_size_last_edited=\u00bbon|desktop\u00bb header_4_font_size_tablet=\u00bb16px\u00bb header_4_font_size_phone=\u00bb14px\u00bb header_4_font_size_last_edited=\u00bbon|tablet\u00bb global_colors_info=\u00bb{%22gcid-8b305f9d-4844-4604-ba06-445166ebe5d6%22:%91%22header_3_text_color%22%93}\u00bb sticky_enabled=\u00bb0&#8243;]<\/p>\n<h4>C\u00f3mo elaborar un plan de atenci\u00f3n al voluntariado.<\/h4>\n<p>[\/et_pb_text][\/et_pb_column][et_pb_column type=\u00bb1_4&#8243; _builder_version=\u00bb4.16&#8243; _module_preset=\u00bbdefault\u00bb global_colors_info=\u00bb{}\u00bb][et_pb_image src=\u00bbhttps:\/\/www.gizalde.eus\/wp-content\/uploads\/2025\/04\/Financiacion_entidades_tercer_sector_accion_social.jpg\u00bb title_text=\u00bbFinanciacion_entidades_tercer_sector_accion_social\u00bb url=\u00bbhttps:\/\/drive.google.com\/file\/d\/1IEvZEip2U0NkQPyqYIQZAsjggHWtcU2c\/view?usp=sharing\u00bb url_new_window=\u00bbon\u00bb _builder_version=\u00bb4.19.5&#8243; _module_preset=\u00bbdefault\u00bb border_radii=\u00bbon|4px|4px|4px|4px\u00bb box_shadow_style=\u00bbpreset3&#8243; box_shadow_vertical=\u00bb40px\u00bb box_shadow_blur=\u00bb24px\u00bb box_shadow_spread=\u00bb-28px\u00bb box_shadow_color=\u00bbrgba(21,65,74,0.29)\u00bb global_colors_info=\u00bb{}\u00bb][\/et_pb_image][et_pb_text admin_label=\u00bbLa financiaci\u00f3n de las entidades del tercer sector de acci\u00f3n social. Sostenibilidad econ\u00f3mica y diversificaci\u00f3n de las fuentes de financiaci\u00f3n.\u00bb _builder_version=\u00bb4.19.5&#8243; _module_preset=\u00bb544ab126-07da-449d-8ac0-96c6bfea5327&#8243; header_font=\u00bb||||||||\u00bb header_3_font=\u00bbInter||||||||\u00bb header_3_text_color=\u00bbgcid-8b305f9d-4844-4604-ba06-445166ebe5d6&#8243; header_3_font_size=\u00bb26px\u00bb header_4_font=\u00bbHeebo|700|||||||\u00bb header_4_text_color=\u00bb#15414a\u00bb header_4_line_height=\u00bb1.5em\u00bb custom_margin=\u00bb||0px||false|false\u00bb link_option_url=\u00bbhttps:\/\/drive.google.com\/file\/d\/1IEvZEip2U0NkQPyqYIQZAsjggHWtcU2c\/view?usp=sharing\u00bb link_option_url_new_window=\u00bbon\u00bb header_3_font_size_tablet=\u00bb22px\u00bb header_3_font_size_phone=\u00bb18px\u00bb header_3_font_size_last_edited=\u00bbon|desktop\u00bb header_4_font_size_tablet=\u00bb16px\u00bb header_4_font_size_phone=\u00bb14px\u00bb header_4_font_size_last_edited=\u00bbon|tablet\u00bb global_colors_info=\u00bb{%22gcid-8b305f9d-4844-4604-ba06-445166ebe5d6%22:%91%22header_3_text_color%22%93}\u00bb]<\/p>\n<h4>La financiaci\u00f3n de las entidades del tercer sector de acci\u00f3n social. Sostenibilidad econ\u00f3mica y diversificaci\u00f3n de las fuentes de financiaci\u00f3n.<\/h4>\n<p>[\/et_pb_text][\/et_pb_column][et_pb_column type=\u00bb1_4&#8243; _builder_version=\u00bb4.16&#8243; _module_preset=\u00bbdefault\u00bb global_colors_info=\u00bb{}\u00bb][et_pb_image src=\u00bbhttps:\/\/www.gizalde.eus\/wp-content\/uploads\/2024\/11\/Gestion-inclusiva-del-voluntariado.jpg\u00bb title_text=\u00bbGesti\u00f3n inclusiva del voluntariado\u00bb url=\u00bbhttps:\/\/eus.us2.list-manage.com\/track\/click?u=812e16564dfce9373ebe5e8ea&#038;id=078f8dc5b7&#038;e=2e8cb1f349&#8243; url_new_window=\u00bbon\u00bb _builder_version=\u00bb4.19.5&#8243; _module_preset=\u00bbdefault\u00bb border_radii=\u00bbon|4px|4px|4px|4px\u00bb box_shadow_style=\u00bbpreset3&#8243; box_shadow_vertical=\u00bb40px\u00bb box_shadow_blur=\u00bb24px\u00bb box_shadow_spread=\u00bb-28px\u00bb box_shadow_color=\u00bbrgba(21,65,74,0.29)\u00bb global_colors_info=\u00bb{}\u00bb][\/et_pb_image][et_pb_text admin_label=\u00bbGesti\u00f3n inclusiva<br \/>\ndel voluntariado<br \/>\nGu\u00eda pr\u00e1ctica\u00bb _builder_version=\u00bb4.19.5&#8243; _module_preset=\u00bb544ab126-07da-449d-8ac0-96c6bfea5327&#8243; header_font=\u00bb||||||||\u00bb header_3_font=\u00bbInter||||||||\u00bb header_3_text_color=\u00bbgcid-8b305f9d-4844-4604-ba06-445166ebe5d6&#8243; header_3_font_size=\u00bb26px\u00bb header_4_font=\u00bbHeebo|700|||||||\u00bb header_4_text_color=\u00bb#15414a\u00bb header_4_line_height=\u00bb1.5em\u00bb custom_margin=\u00bb||0px||false|false\u00bb link_option_url=\u00bbhttps:\/\/drive.google.com\/file\/d\/1Zuds4psbAp_RQFxXbzZHejb6s1cv_KYY\/view\u00bb link_option_url_new_window=\u00bbon\u00bb header_3_font_size_tablet=\u00bb22px\u00bb header_3_font_size_phone=\u00bb18px\u00bb header_3_font_size_last_edited=\u00bbon|desktop\u00bb header_4_font_size_tablet=\u00bb16px\u00bb header_4_font_size_phone=\u00bb14px\u00bb header_4_font_size_last_edited=\u00bbon|tablet\u00bb global_colors_info=\u00bb{%22gcid-8b305f9d-4844-4604-ba06-445166ebe5d6%22:%91%22header_3_text_color%22%93}\u00bb]<\/p>\n<h4>Gesti\u00f3n inclusiva del voluntariado. Gu\u00eda pr\u00e1ctica.<\/h4>\n<p>[\/et_pb_text][\/et_pb_column][et_pb_column type=\u00bb1_4&#8243; _builder_version=\u00bb4.16&#8243; _module_preset=\u00bbdefault\u00bb global_colors_info=\u00bb{}\u00bb][et_pb_image src=\u00bbhttp:\/\/www.gizalde.eus\/wp-content\/uploads\/2023\/09\/Guia-plan-voluntariado.png\u00bb title_text=\u00bbGuia plan voluntariado\u00bb url=\u00bbhttps:\/\/lavolunteca.com\/ficheros\/Biblioteca\/ivI9E3x-FicheroBiblioteca.pdf\u00bb url_new_window=\u00bbon\u00bb _builder_version=\u00bb4.19.5&#8243; _module_preset=\u00bbdefault\u00bb border_radii=\u00bbon|4px|4px|4px|4px\u00bb box_shadow_style=\u00bbpreset3&#8243; box_shadow_vertical=\u00bb40px\u00bb box_shadow_blur=\u00bb24px\u00bb box_shadow_spread=\u00bb-28px\u00bb box_shadow_color=\u00bbrgba(21,65,74,0.29)\u00bb locked=\u00bboff\u00bb global_colors_info=\u00bb{}\u00bb][\/et_pb_image][et_pb_text admin_label=\u00bbGu\u00eda para elaborar un plan de voluntariado\u00bb _builder_version=\u00bb4.19.5&#8243; _module_preset=\u00bb544ab126-07da-449d-8ac0-96c6bfea5327&#8243; header_font=\u00bb||||||||\u00bb header_3_font=\u00bbInter||||||||\u00bb header_3_text_color=\u00bbgcid-8b305f9d-4844-4604-ba06-445166ebe5d6&#8243; header_3_font_size=\u00bb26px\u00bb header_4_font=\u00bbHeebo|700|||||||\u00bb header_4_text_color=\u00bb#15414a\u00bb header_4_line_height=\u00bb1.5em\u00bb custom_margin=\u00bb||0px||false|false\u00bb link_option_url=\u00bbhttps:\/\/lavolunteca.com\/ficheros\/Biblioteca\/ivI9E3x-FicheroBiblioteca.pdf\u00bb link_option_url_new_window=\u00bbon\u00bb header_3_font_size_tablet=\u00bb22px\u00bb header_3_font_size_phone=\u00bb18px\u00bb header_3_font_size_last_edited=\u00bbon|desktop\u00bb header_4_font_size_tablet=\u00bb16px\u00bb header_4_font_size_phone=\u00bb14px\u00bb header_4_font_size_last_edited=\u00bbon|tablet\u00bb global_colors_info=\u00bb{%22gcid-8b305f9d-4844-4604-ba06-445166ebe5d6%22:%91%22header_3_text_color%22%93}\u00bb]<\/p>\n<h4>Gu\u00eda para elaborar un plan de voluntariado.<\/h4>\n<p>[\/et_pb_text][\/et_pb_column][\/et_pb_row][et_pb_row column_structure=\u00bb1_4,1_4,1_4,1_4&#8243; _builder_version=\u00bb4.16&#8243; _module_preset=\u00bbdefault\u00bb locked=\u00bboff\u00bb global_colors_info=\u00bb{}\u00bb][et_pb_column type=\u00bb1_4&#8243; _builder_version=\u00bb4.16&#8243; _module_preset=\u00bbdefault\u00bb global_colors_info=\u00bb{}\u00bb][et_pb_image src=\u00bbhttp:\/\/www.gizalde.eus\/wp-content\/uploads\/2023\/07\/Manual-ciclo-gestion-personas-voluntarias.png\u00bb title_text=\u00bbManual ciclo gestion personas voluntarias\u00bb url=\u00bbhttps:\/\/lavolunteca.com\/ficheros\/Biblioteca\/85jdJpj-FicheroBiblioteca.pdf\u00bb url_new_window=\u00bbon\u00bb _builder_version=\u00bb4.19.5&#8243; _module_preset=\u00bbdefault\u00bb border_radii=\u00bbon|4px|4px|4px|4px\u00bb box_shadow_style=\u00bbpreset3&#8243; box_shadow_vertical=\u00bb40px\u00bb box_shadow_blur=\u00bb24px\u00bb box_shadow_spread=\u00bb-28px\u00bb box_shadow_color=\u00bbrgba(21,65,74,0.29)\u00bb global_colors_info=\u00bb{}\u00bb][\/et_pb_image][et_pb_text admin_label=\u00bbManual del ciclo de gesti\u00f3n de las personas voluntarias\u00bb _builder_version=\u00bb4.19.5&#8243; _module_preset=\u00bb544ab126-07da-449d-8ac0-96c6bfea5327&#8243; header_font=\u00bb||||||||\u00bb header_3_font=\u00bbInter||||||||\u00bb header_3_text_color=\u00bbgcid-8b305f9d-4844-4604-ba06-445166ebe5d6&#8243; header_3_font_size=\u00bb26px\u00bb header_4_font=\u00bbHeebo|700|||||||\u00bb header_4_text_color=\u00bb#15414a\u00bb header_4_line_height=\u00bb1.5em\u00bb custom_margin=\u00bb||0px||false|false\u00bb link_option_url=\u00bbhttps:\/\/lavolunteca.com\/ficheros\/Biblioteca\/85jdJpj-FicheroBiblioteca.pdf\u00bb link_option_url_new_window=\u00bbon\u00bb header_3_font_size_tablet=\u00bb22px\u00bb header_3_font_size_phone=\u00bb18px\u00bb header_3_font_size_last_edited=\u00bbon|desktop\u00bb header_4_font_size_tablet=\u00bb16px\u00bb header_4_font_size_phone=\u00bb14px\u00bb header_4_font_size_last_edited=\u00bbon|tablet\u00bb global_colors_info=\u00bb{%22gcid-8b305f9d-4844-4604-ba06-445166ebe5d6%22:%91%22header_3_text_color%22%93}\u00bb]<\/p>\n<h4>Manual del ciclo de gesti\u00f3n de las personas voluntarias.<\/h4>\n<p>[\/et_pb_text][\/et_pb_column][et_pb_column type=\u00bb1_4&#8243; _builder_version=\u00bb4.16&#8243; _module_preset=\u00bbdefault\u00bb global_colors_info=\u00bb{}\u00bb][et_pb_image src=\u00bbhttps:\/\/www.gizalde.eus\/wp-content\/uploads\/2024\/06\/Informe-ayudas-innovacion.png\u00bb title_text=\u00bbInforme ayudas innovaci\u00f3n\u00bb url=\u00bbhttps:\/\/3seuskadi.eus\/wp-content\/uploads\/2024\/02\/Informe_ayudas_innov_digit_cas.pdf\u00bb url_new_window=\u00bbon\u00bb _builder_version=\u00bb4.19.5&#8243; _module_preset=\u00bbdefault\u00bb border_radii=\u00bbon|4px|4px|4px|4px\u00bb box_shadow_style=\u00bbpreset3&#8243; box_shadow_vertical=\u00bb40px\u00bb box_shadow_blur=\u00bb24px\u00bb box_shadow_spread=\u00bb-28px\u00bb box_shadow_color=\u00bbrgba(21,65,74,0.29)\u00bb global_colors_info=\u00bb{}\u00bb][\/et_pb_image][et_pb_text admin_label=\u00bbAyudas a la innovaci\u00f3n y procesos de<br \/>\ndigitalizaci\u00f3n para el Tercer Sector Social de<br \/>\nEuskadi\u00bb _builder_version=\u00bb4.19.5&#8243; _module_preset=\u00bb544ab126-07da-449d-8ac0-96c6bfea5327&#8243; header_font=\u00bb||||||||\u00bb header_3_font=\u00bbInter||||||||\u00bb header_3_text_color=\u00bbgcid-8b305f9d-4844-4604-ba06-445166ebe5d6&#8243; header_3_font_size=\u00bb26px\u00bb header_4_font=\u00bbHeebo|700|||||||\u00bb header_4_text_color=\u00bb#15414a\u00bb header_4_line_height=\u00bb1.5em\u00bb custom_margin=\u00bb||0px||false|false\u00bb link_option_url=\u00bbhttps:\/\/3seuskadi.eus\/wp-content\/uploads\/2024\/02\/Informe_ayudas_innov_digit_cas.pdf\u00bb link_option_url_new_window=\u00bbon\u00bb header_3_font_size_tablet=\u00bb22px\u00bb header_3_font_size_phone=\u00bb18px\u00bb header_3_font_size_last_edited=\u00bbon|desktop\u00bb header_4_font_size_tablet=\u00bb16px\u00bb header_4_font_size_phone=\u00bb14px\u00bb header_4_font_size_last_edited=\u00bbon|tablet\u00bb global_colors_info=\u00bb{%22gcid-8b305f9d-4844-4604-ba06-445166ebe5d6%22:%91%22header_3_text_color%22%93}\u00bb]<\/p>\n<h4>Ayudas a la innovaci\u00f3n y procesos de digitalizaci\u00f3n para el Tercer Sector Social de Euskadi.<\/h4>\n<p>[\/et_pb_text][\/et_pb_column][et_pb_column type=\u00bb1_4&#8243; _builder_version=\u00bb4.16&#8243; _module_preset=\u00bbdefault\u00bb global_colors_info=\u00bb{}\u00bb][et_pb_image src=\u00bbhttp:\/\/www.gizalde.eus\/wp-content\/uploads\/2023\/07\/Guia-gestion-asociaciones.png\u00bb title_text=\u00bbGuia gestion asociaciones\u00bb url=\u00bbhttps:\/\/www.pluralismoyconvivencia.es\/upload\/26\/75\/Manual_gestion.pdf\u00bb url_new_window=\u00bbon\u00bb _builder_version=\u00bb4.19.5&#8243; _module_preset=\u00bbdefault\u00bb border_radii=\u00bbon|4px|4px|4px|4px\u00bb box_shadow_style=\u00bbpreset3&#8243; box_shadow_vertical=\u00bb40px\u00bb box_shadow_blur=\u00bb24px\u00bb box_shadow_spread=\u00bb-28px\u00bb box_shadow_color=\u00bbrgba(21,65,74,0.29)\u00bb global_colors_info=\u00bb{}\u00bb][\/et_pb_image][et_pb_text admin_label=\u00bbManual de ayuda para la gesti\u00f3n de entidades no lucrativas.\u00bb _builder_version=\u00bb4.19.5&#8243; _module_preset=\u00bb544ab126-07da-449d-8ac0-96c6bfea5327&#8243; header_font=\u00bb||||||||\u00bb header_3_font=\u00bbInter||||||||\u00bb header_3_text_color=\u00bbgcid-8b305f9d-4844-4604-ba06-445166ebe5d6&#8243; header_3_font_size=\u00bb26px\u00bb header_4_font=\u00bbHeebo|700|||||||\u00bb header_4_text_color=\u00bb#15414a\u00bb header_4_line_height=\u00bb1.5em\u00bb custom_margin=\u00bb||0px||false|false\u00bb link_option_url=\u00bbhttps:\/\/www.pluralismoyconvivencia.es\/upload\/26\/75\/Manual_gestion.pdf\u00bb link_option_url_new_window=\u00bbon\u00bb header_3_font_size_tablet=\u00bb22px\u00bb header_3_font_size_phone=\u00bb18px\u00bb header_3_font_size_last_edited=\u00bbon|desktop\u00bb header_4_font_size_tablet=\u00bb16px\u00bb header_4_font_size_phone=\u00bb14px\u00bb header_4_font_size_last_edited=\u00bbon|tablet\u00bb global_colors_info=\u00bb{%22gcid-8b305f9d-4844-4604-ba06-445166ebe5d6%22:%91%22header_3_text_color%22%93}\u00bb]<\/p>\n<h4>Manual de ayuda para la gesti\u00f3n de entidades no lucrativas.<\/h4>\n<p>[\/et_pb_text][\/et_pb_column][et_pb_column type=\u00bb1_4&#8243; _builder_version=\u00bb4.16&#8243; _module_preset=\u00bbdefault\u00bb global_colors_info=\u00bb{}\u00bb][et_pb_image src=\u00bbhttps:\/\/www.gizalde.eus\/wp-content\/uploads\/2024\/07\/Sareen_sarea_ODS_gazt.jpg\u00bb title_text=\u00bbSareen_sarea_ODS_gazt\u00bb url=\u00bbhttps:\/\/sareensarea.eus\/tercer-sector-social-de-euskadi-y-la-agenda-2030\/\u00bb url_new_window=\u00bbon\u00bb _builder_version=\u00bb4.19.5&#8243; _module_preset=\u00bbdefault\u00bb border_radii=\u00bbon|4px|4px|4px|4px\u00bb box_shadow_style=\u00bbpreset3&#8243; box_shadow_vertical=\u00bb40px\u00bb box_shadow_blur=\u00bb24px\u00bb box_shadow_spread=\u00bb-28px\u00bb box_shadow_color=\u00bbrgba(21,65,74,0.29)\u00bb global_colors_info=\u00bb{}\u00bb][\/et_pb_image][et_pb_text admin_label=\u00bbTercer Sector Social de Euskadi y la Agenda 2030&#8243; _builder_version=\u00bb4.19.5&#8243; _module_preset=\u00bb544ab126-07da-449d-8ac0-96c6bfea5327&#8243; header_font=\u00bb||||||||\u00bb header_3_font=\u00bbInter||||||||\u00bb header_3_text_color=\u00bbgcid-8b305f9d-4844-4604-ba06-445166ebe5d6&#8243; header_3_font_size=\u00bb26px\u00bb header_4_font=\u00bbHeebo|700|||||||\u00bb header_4_text_color=\u00bb#15414a\u00bb header_4_line_height=\u00bb1.5em\u00bb custom_margin=\u00bb||0px||false|false\u00bb link_option_url=\u00bbhttps:\/\/sareensarea.eus\/tercer-sector-social-de-euskadi-y-la-agenda-2030\/\u00bb link_option_url_new_window=\u00bbon\u00bb header_3_font_size_tablet=\u00bb22px\u00bb header_3_font_size_phone=\u00bb18px\u00bb header_3_font_size_last_edited=\u00bbon|desktop\u00bb header_4_font_size_tablet=\u00bb16px\u00bb header_4_font_size_phone=\u00bb14px\u00bb header_4_font_size_last_edited=\u00bbon|tablet\u00bb global_colors_info=\u00bb{%22gcid-8b305f9d-4844-4604-ba06-445166ebe5d6%22:%91%22header_3_text_color%22%93}\u00bb]<\/p>\n<h4>Tercer Sector Social de Euskadi y la Agenda 2030.<\/h4>\n<p>[\/et_pb_text][\/et_pb_column][\/et_pb_row][et_pb_row column_structure=\u00bb1_4,1_4,1_4,1_4&#8243; _builder_version=\u00bb4.16&#8243; _module_preset=\u00bbdefault\u00bb locked=\u00bboff\u00bb global_colors_info=\u00bb{}\u00bb][et_pb_column type=\u00bb1_4&#8243; _builder_version=\u00bb4.16&#8243; _module_preset=\u00bbdefault\u00bb global_colors_info=\u00bb{}\u00bb][et_pb_image src=\u00bbhttp:\/\/www.gizalde.eus\/wp-content\/uploads\/2023\/07\/Comunicacion-inclusiva.png\u00bb title_text=\u00bbComunicacion inclusiva\u00bb url=\u00bbhttps:\/\/lavolunteca.com\/ficheros\/Biblioteca\/ySjZ7mc-FicheroBiblioteca.pdf\u00bb url_new_window=\u00bbon\u00bb _builder_version=\u00bb4.19.5&#8243; _module_preset=\u00bbdefault\u00bb border_radii=\u00bbon|4px|4px|4px|4px\u00bb box_shadow_style=\u00bbpreset3&#8243; box_shadow_vertical=\u00bb40px\u00bb box_shadow_blur=\u00bb24px\u00bb box_shadow_spread=\u00bb-28px\u00bb box_shadow_color=\u00bbrgba(21,65,74,0.29)\u00bb global_colors_info=\u00bb{}\u00bb][\/et_pb_image][et_pb_text admin_label=\u00bbComunicaci\u00f3n inclusiva y discapacidad\u00bb _builder_version=\u00bb4.19.5&#8243; _module_preset=\u00bb544ab126-07da-449d-8ac0-96c6bfea5327&#8243; header_font=\u00bb||||||||\u00bb header_3_font=\u00bbInter||||||||\u00bb header_3_text_color=\u00bbgcid-8b305f9d-4844-4604-ba06-445166ebe5d6&#8243; header_3_font_size=\u00bb26px\u00bb header_4_font=\u00bbHeebo|700|||||||\u00bb header_4_text_color=\u00bb#15414a\u00bb header_4_line_height=\u00bb1.5em\u00bb custom_margin=\u00bb||0px||false|false\u00bb link_option_url=\u00bbhttps:\/\/lavolunteca.com\/ficheros\/Biblioteca\/ySjZ7mc-FicheroBiblioteca.pdf\u00bb link_option_url_new_window=\u00bbon\u00bb header_3_font_size_tablet=\u00bb22px\u00bb header_3_font_size_phone=\u00bb18px\u00bb header_3_font_size_last_edited=\u00bbon|desktop\u00bb header_4_font_size_tablet=\u00bb16px\u00bb header_4_font_size_phone=\u00bb14px\u00bb header_4_font_size_last_edited=\u00bbon|tablet\u00bb global_colors_info=\u00bb{%22gcid-8b305f9d-4844-4604-ba06-445166ebe5d6%22:%91%22header_3_text_color%22%93}\u00bb]<\/p>\n<h4>Comunicaci\u00f3n inclusiva y discapacidad.<\/h4>\n<p>[\/et_pb_text][\/et_pb_column][et_pb_column type=\u00bb1_4&#8243; _builder_version=\u00bb4.16&#8243; _module_preset=\u00bbdefault\u00bb global_colors_info=\u00bb{}\u00bb][et_pb_image src=\u00bbhttp:\/\/www.gizalde.eus\/wp-content\/uploads\/2023\/07\/Guia-para-el-fomento-de-usos-no-sexistas.png\u00bb title_text=\u00bbGu\u00eda para el fomento de usos no sexistas\u00bb url=\u00bbhttps:\/\/www.gizartelan.ejgv.euskadi.eus\/r45-volremat\/es\/contenidos\/informacion\/volunta_recursos\/es_material\/adjuntos\/ERDU-guia-fomento-usos-no-sexistas-asociaciones.pdf\u00bb url_new_window=\u00bbon\u00bb _builder_version=\u00bb4.19.5&#8243; _module_preset=\u00bbdefault\u00bb border_radii=\u00bbon|4px|4px|4px|4px\u00bb box_shadow_style=\u00bbpreset3&#8243; box_shadow_vertical=\u00bb40px\u00bb box_shadow_blur=\u00bb24px\u00bb box_shadow_spread=\u00bb-28px\u00bb box_shadow_color=\u00bbrgba(21,65,74,0.29)\u00bb global_colors_info=\u00bb{}\u00bb][\/et_pb_image][et_pb_text admin_label=\u00bbGu\u00eda para el fomento de usos no sexistas en la lengua castellana, dirigida a asociaciones.\u00bb _builder_version=\u00bb4.19.5&#8243; _module_preset=\u00bb544ab126-07da-449d-8ac0-96c6bfea5327&#8243; header_font=\u00bb||||||||\u00bb header_3_font=\u00bbInter||||||||\u00bb header_3_text_color=\u00bbgcid-8b305f9d-4844-4604-ba06-445166ebe5d6&#8243; header_3_font_size=\u00bb26px\u00bb header_4_font=\u00bbHeebo|700|||||||\u00bb header_4_text_color=\u00bb#15414a\u00bb header_4_line_height=\u00bb1.5em\u00bb custom_margin=\u00bb||0px||false|false\u00bb link_option_url=\u00bbhttps:\/\/www.gizartelan.ejgv.euskadi.eus\/r45-volremat\/es\/contenidos\/informacion\/volunta_recursos\/es_material\/adjuntos\/ERDU-guia-fomento-usos-no-sexistas-asociaciones.pdf\u00bb link_option_url_new_window=\u00bbon\u00bb header_3_font_size_tablet=\u00bb22px\u00bb header_3_font_size_phone=\u00bb18px\u00bb header_3_font_size_last_edited=\u00bbon|desktop\u00bb header_4_font_size_tablet=\u00bb16px\u00bb header_4_font_size_phone=\u00bb14px\u00bb header_4_font_size_last_edited=\u00bbon|tablet\u00bb global_colors_info=\u00bb{%22gcid-8b305f9d-4844-4604-ba06-445166ebe5d6%22:%91%22header_3_text_color%22%93}\u00bb]<\/p>\n<h4>Gu\u00eda para el fomento de usos no sexistas en la lengua castellana, dirigida a asociaciones.<\/h4>\n<p>[\/et_pb_text][\/et_pb_column][et_pb_column type=\u00bb1_4&#8243; _builder_version=\u00bb4.16&#8243; _module_preset=\u00bbdefault\u00bb global_colors_info=\u00bb{}\u00bb][et_pb_image src=\u00bbhttp:\/\/www.gizalde.eus\/wp-content\/uploads\/2023\/07\/Formacion-en-sensibilizacion-voluntariado.png\u00bb title_text=\u00bbFormaci\u00f3n en sensibilizaci\u00f3n voluntariado\u00bb url=\u00bbhttps:\/\/www.euskadi.eus\/contenidos\/informacion\/volunta_recursos\/es_material\/adjuntos\/Formacion-sensibilizacion-para-voluntariado.pdf\u00bb url_new_window=\u00bbon\u00bb _builder_version=\u00bb4.19.5&#8243; _module_preset=\u00bbdefault\u00bb border_radii=\u00bbon|4px|4px|4px|4px\u00bb box_shadow_style=\u00bbpreset3&#8243; box_shadow_vertical=\u00bb40px\u00bb box_shadow_blur=\u00bb24px\u00bb box_shadow_spread=\u00bb-28px\u00bb box_shadow_color=\u00bbrgba(21,65,74,0.29)\u00bb global_colors_info=\u00bb{}\u00bb][\/et_pb_image][et_pb_text admin_label=\u00bbFormaci\u00f3n en sensibilizaci\u00f3n para voluntariado\u00bb _builder_version=\u00bb4.19.5&#8243; _module_preset=\u00bb544ab126-07da-449d-8ac0-96c6bfea5327&#8243; header_font=\u00bb||||||||\u00bb header_3_font=\u00bbInter||||||||\u00bb header_3_text_color=\u00bbgcid-8b305f9d-4844-4604-ba06-445166ebe5d6&#8243; header_3_font_size=\u00bb26px\u00bb header_4_font=\u00bbHeebo|700|||||||\u00bb header_4_text_color=\u00bb#15414a\u00bb header_4_line_height=\u00bb1.5em\u00bb custom_margin=\u00bb||0px||false|false\u00bb link_option_url=\u00bbhttps:\/\/www.euskadi.eus\/contenidos\/informacion\/volunta_recursos\/es_material\/adjuntos\/Formacion-sensibilizacion-para-voluntariado.pdf\u00bb link_option_url_new_window=\u00bbon\u00bb header_3_font_size_tablet=\u00bb22px\u00bb header_3_font_size_phone=\u00bb18px\u00bb header_3_font_size_last_edited=\u00bbon|desktop\u00bb header_4_font_size_tablet=\u00bb16px\u00bb header_4_font_size_phone=\u00bb14px\u00bb header_4_font_size_last_edited=\u00bbon|tablet\u00bb global_colors_info=\u00bb{%22gcid-8b305f9d-4844-4604-ba06-445166ebe5d6%22:%91%22header_3_text_color%22%93}\u00bb]<\/p>\n<h4>Formaci\u00f3n en sensibilizaci\u00f3n para voluntariado<\/h4>\n<p>[\/et_pb_text][\/et_pb_column][et_pb_column type=\u00bb1_4&#8243; _builder_version=\u00bb4.16&#8243; _module_preset=\u00bbdefault\u00bb global_colors_info=\u00bb{}\u00bb][et_pb_image src=\u00bbhttp:\/\/www.gizalde.eus\/wp-content\/uploads\/2023\/09\/Buenas-practicas-gestion-voluntariado.png\u00bb title_text=\u00bbBuenas practicas gestion voluntariado\u00bb url=\u00bbhttps:\/\/drive.google.com\/file\/d\/1eK4IJ9BCs4V0H_6qps9Ud9Ia3QZlVX3I\/view?usp=drive_link\u00bb url_new_window=\u00bbon\u00bb _builder_version=\u00bb4.19.5&#8243; _module_preset=\u00bbdefault\u00bb border_radii=\u00bbon|4px|4px|4px|4px\u00bb box_shadow_style=\u00bbpreset3&#8243; box_shadow_vertical=\u00bb40px\u00bb box_shadow_blur=\u00bb24px\u00bb box_shadow_spread=\u00bb-28px\u00bb box_shadow_color=\u00bbrgba(21,65,74,0.29)\u00bb global_colors_info=\u00bb{}\u00bb][\/et_pb_image][et_pb_text admin_label=\u00bbBuenas pr\u00e1cticas en la gesti\u00f3n del voluntariado\u00bb _builder_version=\u00bb4.19.5&#8243; _module_preset=\u00bb544ab126-07da-449d-8ac0-96c6bfea5327&#8243; header_font=\u00bb||||||||\u00bb header_3_font=\u00bbInter||||||||\u00bb header_3_text_color=\u00bbgcid-8b305f9d-4844-4604-ba06-445166ebe5d6&#8243; header_3_font_size=\u00bb26px\u00bb header_4_font=\u00bbHeebo|700|||||||\u00bb header_4_text_color=\u00bb#15414a\u00bb header_4_line_height=\u00bb1.5em\u00bb custom_margin=\u00bb||0px||false|false\u00bb link_option_url=\u00bbhttps:\/\/drive.google.com\/file\/d\/1eK4IJ9BCs4V0H_6qps9Ud9Ia3QZlVX3I\/view?usp=drive_link\u00bb link_option_url_new_window=\u00bbon\u00bb header_3_font_size_tablet=\u00bb22px\u00bb header_3_font_size_phone=\u00bb18px\u00bb header_3_font_size_last_edited=\u00bbon|desktop\u00bb header_4_font_size_tablet=\u00bb16px\u00bb header_4_font_size_phone=\u00bb14px\u00bb header_4_font_size_last_edited=\u00bbon|tablet\u00bb global_colors_info=\u00bb{%22gcid-8b305f9d-4844-4604-ba06-445166ebe5d6%22:%91%22header_3_text_color%22%93}\u00bb]<\/p>\n<h4>Buenas pr\u00e1cticas en la gesti\u00f3n del voluntariado.<\/h4>\n<p>[\/et_pb_text][\/et_pb_column][\/et_pb_row][et_pb_row column_structure=\u00bb1_4,1_4,1_4,1_4&#8243; _builder_version=\u00bb4.16&#8243; _module_preset=\u00bbdefault\u00bb locked=\u00bboff\u00bb global_colors_info=\u00bb{}\u00bb][et_pb_column type=\u00bb1_4&#8243; _builder_version=\u00bb4.16&#8243; _module_preset=\u00bbdefault\u00bb global_colors_info=\u00bb{}\u00bb][et_pb_image src=\u00bbhttp:\/\/www.gizalde.eus\/wp-content\/uploads\/2023\/09\/Guia-buen-gobierno-entidades-accion-social.png\u00bb title_text=\u00bbGuia buen gobierno entidades accion social\u00bb url=\u00bbhttps:\/\/lavolunteca.com\/ficheros\/Biblioteca\/HwK2LgD-FicheroBiblioteca.pdf\u00bb url_new_window=\u00bbon\u00bb _builder_version=\u00bb4.19.5&#8243; _module_preset=\u00bbdefault\u00bb border_radii=\u00bbon|4px|4px|4px|4px\u00bb box_shadow_style=\u00bbpreset3&#8243; box_shadow_vertical=\u00bb40px\u00bb box_shadow_blur=\u00bb24px\u00bb box_shadow_spread=\u00bb-28px\u00bb box_shadow_color=\u00bbrgba(21,65,74,0.29)\u00bb global_colors_info=\u00bb{}\u00bb][\/et_pb_image][et_pb_text admin_label=\u00bbGu\u00eda B\u00e1sica de Buen Gobierno para entidades de Acci\u00f3n Social\u00bb _builder_version=\u00bb4.19.5&#8243; _module_preset=\u00bb544ab126-07da-449d-8ac0-96c6bfea5327&#8243; header_font=\u00bb||||||||\u00bb header_3_font=\u00bbInter||||||||\u00bb header_3_text_color=\u00bbgcid-8b305f9d-4844-4604-ba06-445166ebe5d6&#8243; header_3_font_size=\u00bb26px\u00bb header_4_font=\u00bbHeebo|700|||||||\u00bb header_4_text_color=\u00bb#15414a\u00bb header_4_line_height=\u00bb1.5em\u00bb custom_margin=\u00bb||0px||false|false\u00bb link_option_url=\u00bbhttps:\/\/lavolunteca.com\/ficheros\/Biblioteca\/HwK2LgD-FicheroBiblioteca.pdf\u00bb link_option_url_new_window=\u00bbon\u00bb header_3_font_size_tablet=\u00bb22px\u00bb header_3_font_size_phone=\u00bb18px\u00bb header_3_font_size_last_edited=\u00bbon|desktop\u00bb header_4_font_size_tablet=\u00bb16px\u00bb header_4_font_size_phone=\u00bb14px\u00bb header_4_font_size_last_edited=\u00bbon|tablet\u00bb global_colors_info=\u00bb{%22gcid-8b305f9d-4844-4604-ba06-445166ebe5d6%22:%91%22header_3_text_color%22%93}\u00bb]<\/p>\n<h4>Gu\u00eda B\u00e1sica de Buen Gobierno para entidades de Acci\u00f3n Social.<\/h4>\n<p>[\/et_pb_text][\/et_pb_column][et_pb_column type=\u00bb1_4&#8243; _builder_version=\u00bb4.16&#8243; _module_preset=\u00bbdefault\u00bb global_colors_info=\u00bb{}\u00bb][et_pb_image src=\u00bbhttp:\/\/www.gizalde.eus\/wp-content\/uploads\/2023\/09\/Guia-practica-para-mejorar-gestion-entidad.jpg\u00bb title_text=\u00bbGuia practica para mejorar gestion entidad\u00bb url=\u00bbhttps:\/\/drive.google.com\/file\/d\/1PtCoHIX7LHjJe2gtD8pHOdLNnxlTSxgY\/view?usp=drive_link\u00bb url_new_window=\u00bbon\u00bb _builder_version=\u00bb4.19.5&#8243; _module_preset=\u00bbdefault\u00bb border_radii=\u00bbon|4px|4px|4px|4px\u00bb box_shadow_style=\u00bbpreset3&#8243; box_shadow_vertical=\u00bb40px\u00bb box_shadow_blur=\u00bb24px\u00bb box_shadow_spread=\u00bb-28px\u00bb box_shadow_color=\u00bbrgba(21,65,74,0.29)\u00bb global_colors_info=\u00bb{}\u00bb][\/et_pb_image][et_pb_text admin_label=\u00bbGu\u00eda pr\u00e1ctica<br \/>\npara mejorar<br \/>\nla gesti\u00f3n<br \/>\ndiaria de tu<br \/>\nONG\u00bb _builder_version=\u00bb4.19.5&#8243; _module_preset=\u00bb544ab126-07da-449d-8ac0-96c6bfea5327&#8243; header_font=\u00bb||||||||\u00bb header_3_font=\u00bbInter||||||||\u00bb header_3_text_color=\u00bbgcid-8b305f9d-4844-4604-ba06-445166ebe5d6&#8243; header_3_font_size=\u00bb26px\u00bb header_4_font=\u00bbHeebo|700|||||||\u00bb header_4_text_color=\u00bb#15414a\u00bb header_4_line_height=\u00bb1.5em\u00bb custom_margin=\u00bb||0px||false|false\u00bb link_option_url=\u00bbhttps:\/\/drive.google.com\/file\/d\/1PtCoHIX7LHjJe2gtD8pHOdLNnxlTSxgY\/view?usp=drive_link\u00bb link_option_url_new_window=\u00bbon\u00bb header_3_font_size_tablet=\u00bb22px\u00bb header_3_font_size_phone=\u00bb18px\u00bb header_3_font_size_last_edited=\u00bbon|desktop\u00bb header_4_font_size_tablet=\u00bb16px\u00bb header_4_font_size_phone=\u00bb14px\u00bb header_4_font_size_last_edited=\u00bbon|tablet\u00bb global_colors_info=\u00bb{%22gcid-8b305f9d-4844-4604-ba06-445166ebe5d6%22:%91%22header_3_text_color%22%93}\u00bb]<\/p>\n<h4>Gu\u00eda pr\u00e1ctica para mejorar la gesti\u00f3n diaria de tu ONG.<\/h4>\n<p>[\/et_pb_text][\/et_pb_column][et_pb_column type=\u00bb1_4&#8243; _builder_version=\u00bb4.16&#8243; _module_preset=\u00bbdefault\u00bb global_colors_info=\u00bb{}\u00bb][et_pb_image src=\u00bbhttp:\/\/www.gizalde.eus\/wp-content\/uploads\/2023\/12\/Voluntariado_ODS.jpg\u00bb title_text=\u00bbVoluntariado_ODS\u00bb url=\u00bbhttps:\/\/drive.google.com\/file\/d\/1f-kJK88iONm&#8211;ni3WFC7iw_xm8EHxONO\/view?usp=sharing\u00bb url_new_window=\u00bbon\u00bb _builder_version=\u00bb4.19.5&#8243; _module_preset=\u00bbdefault\u00bb border_radii=\u00bbon|4px|4px|4px|4px\u00bb box_shadow_style=\u00bbpreset3&#8243; box_shadow_vertical=\u00bb40px\u00bb box_shadow_blur=\u00bb24px\u00bb box_shadow_spread=\u00bb-28px\u00bb box_shadow_color=\u00bbrgba(21,65,74,0.29)\u00bb global_colors_info=\u00bb{}\u00bb][\/et_pb_image][et_pb_text admin_label=\u00bbVoluntariado y Objetivos<br \/>\nde Desarrollo Sostenible<br \/>\nGu\u00eda pr\u00e1ctica para entidades<br \/>\ncon m\u00e1s de 50 medidas concretas<br \/>\npara su cumplimiento.\u00bb _builder_version=\u00bb4.19.5&#8243; _module_preset=\u00bb544ab126-07da-449d-8ac0-96c6bfea5327&#8243; header_font=\u00bb||||||||\u00bb header_3_font=\u00bbInter||||||||\u00bb header_3_text_color=\u00bbgcid-8b305f9d-4844-4604-ba06-445166ebe5d6&#8243; header_3_font_size=\u00bb26px\u00bb header_4_font=\u00bbHeebo|700|||||||\u00bb header_4_text_color=\u00bb#15414a\u00bb header_4_line_height=\u00bb1.5em\u00bb custom_margin=\u00bb||0px||false|false\u00bb link_option_url=\u00bbhttps:\/\/drive.google.com\/file\/d\/1f-kJK88iONm&#8211;ni3WFC7iw_xm8EHxONO\/view?usp=sharing\u00bb link_option_url_new_window=\u00bbon\u00bb header_3_font_size_tablet=\u00bb22px\u00bb header_3_font_size_phone=\u00bb18px\u00bb header_3_font_size_last_edited=\u00bbon|desktop\u00bb header_4_font_size_tablet=\u00bb16px\u00bb header_4_font_size_phone=\u00bb14px\u00bb header_4_font_size_last_edited=\u00bbon|tablet\u00bb global_colors_info=\u00bb{%22gcid-8b305f9d-4844-4604-ba06-445166ebe5d6%22:%91%22header_3_text_color%22%93}\u00bb]<\/p>\n<h4>Voluntariado y Objetivos de Desarrollo Sostenible. Gu\u00eda pr\u00e1ctica para entidades con m\u00e1s de 50 medidas concretas para su cumplimiento.<\/h4>\n<p>[\/et_pb_text][\/et_pb_column][et_pb_column type=\u00bb1_4&#8243; _builder_version=\u00bb4.16&#8243; _module_preset=\u00bbdefault\u00bb global_colors_info=\u00bb{}\u00bb][et_pb_image src=\u00bbhttp:\/\/www.gizalde.eus\/wp-content\/uploads\/2023\/09\/Manual-campanas-ongawa.png\u00bb title_text=\u00bbManual campa\u00f1as ongawa\u00bb url=\u00bbhttps:\/\/drive.google.com\/file\/d\/1VxJBPpp0JNd0sLSeB85CbJTt-oE7JU0Z\/view?usp=sharing\u00bb url_new_window=\u00bbon\u00bb _builder_version=\u00bb4.19.5&#8243; _module_preset=\u00bbdefault\u00bb border_radii=\u00bbon|4px|4px|4px|4px\u00bb box_shadow_style=\u00bbpreset3&#8243; box_shadow_vertical=\u00bb40px\u00bb box_shadow_blur=\u00bb24px\u00bb box_shadow_spread=\u00bb-28px\u00bb box_shadow_color=\u00bbrgba(21,65,74,0.29)\u00bb global_colors_info=\u00bb{}\u00bb][\/et_pb_image][et_pb_text admin_label=\u00bbManual de campa\u00f1as para la transformaci\u00f3n social\u00bb _builder_version=\u00bb4.19.5&#8243; _module_preset=\u00bb544ab126-07da-449d-8ac0-96c6bfea5327&#8243; header_font=\u00bb||||||||\u00bb header_3_font=\u00bbInter||||||||\u00bb header_3_text_color=\u00bbgcid-8b305f9d-4844-4604-ba06-445166ebe5d6&#8243; header_3_font_size=\u00bb26px\u00bb header_4_font=\u00bbHeebo|700|||||||\u00bb header_4_text_color=\u00bb#15414a\u00bb header_4_line_height=\u00bb1.5em\u00bb custom_margin=\u00bb||0px||false|false\u00bb link_option_url=\u00bbhttps:\/\/drive.google.com\/file\/d\/1VxJBPpp0JNd0sLSeB85CbJTt-oE7JU0Z\/view?usp=sharing\u00bb link_option_url_new_window=\u00bbon\u00bb header_3_font_size_tablet=\u00bb22px\u00bb header_3_font_size_phone=\u00bb18px\u00bb header_3_font_size_last_edited=\u00bbon|desktop\u00bb header_4_font_size_tablet=\u00bb16px\u00bb header_4_font_size_phone=\u00bb14px\u00bb header_4_font_size_last_edited=\u00bbon|tablet\u00bb global_colors_info=\u00bb{%22gcid-8b305f9d-4844-4604-ba06-445166ebe5d6%22:%91%22header_3_text_color%22%93}\u00bb]<\/p>\n<h4>Manual de campa\u00f1as para la transformaci\u00f3n social.<\/h4>\n<p>[\/et_pb_text][\/et_pb_column][\/et_pb_row][et_pb_row column_structure=\u00bb1_4,1_4,1_4,1_4&#8243; _builder_version=\u00bb4.16&#8243; _module_preset=\u00bbdefault\u00bb locked=\u00bboff\u00bb global_colors_info=\u00bb{}\u00bb][et_pb_column type=\u00bb1_4&#8243; _builder_version=\u00bb4.16&#8243; _module_preset=\u00bbdefault\u00bb global_colors_info=\u00bb{}\u00bb][et_pb_image src=\u00bbhttp:\/\/www.gizalde.eus\/wp-content\/uploads\/2023\/09\/Guia-planificacion-estrategica-ong-accion-social.png\u00bb title_text=\u00bbGuia planificaci\u00f3n estrat\u00e9gica ong accion social\u00bb url=\u00bbhttps:\/\/drive.google.com\/file\/d\/1DuSBLamyRX-r9qT1TWGvZjWP9eYthBt4\/view?usp=sharing\u00bb url_new_window=\u00bbon\u00bb _builder_version=\u00bb4.19.5&#8243; _module_preset=\u00bbdefault\u00bb border_radii=\u00bbon|4px|4px|4px|4px\u00bb box_shadow_style=\u00bbpreset3&#8243; box_shadow_vertical=\u00bb40px\u00bb box_shadow_blur=\u00bb24px\u00bb box_shadow_spread=\u00bb-28px\u00bb box_shadow_color=\u00bbrgba(21,65,74,0.29)\u00bb locked=\u00bboff\u00bb global_colors_info=\u00bb{}\u00bb][\/et_pb_image][et_pb_text admin_label=\u00bbGu\u00eda de planificaci\u00f3n estrat\u00e9gica en ONG de acci\u00f3n social\u00bb _builder_version=\u00bb4.19.5&#8243; _module_preset=\u00bb544ab126-07da-449d-8ac0-96c6bfea5327&#8243; header_font=\u00bb||||||||\u00bb header_3_font=\u00bbInter||||||||\u00bb header_3_text_color=\u00bbgcid-8b305f9d-4844-4604-ba06-445166ebe5d6&#8243; header_3_font_size=\u00bb26px\u00bb header_4_font=\u00bbHeebo|700|||||||\u00bb header_4_text_color=\u00bb#15414a\u00bb header_4_line_height=\u00bb1.5em\u00bb custom_margin=\u00bb||0px||false|false\u00bb link_option_url=\u00bbhttps:\/\/drive.google.com\/file\/d\/1DuSBLamyRX-r9qT1TWGvZjWP9eYthBt4\/view?usp=sharing\u00bb link_option_url_new_window=\u00bbon\u00bb header_3_font_size_tablet=\u00bb22px\u00bb header_3_font_size_phone=\u00bb18px\u00bb header_3_font_size_last_edited=\u00bbon|desktop\u00bb header_4_font_size_tablet=\u00bb16px\u00bb header_4_font_size_phone=\u00bb14px\u00bb header_4_font_size_last_edited=\u00bbon|tablet\u00bb global_colors_info=\u00bb{%22gcid-8b305f9d-4844-4604-ba06-445166ebe5d6%22:%91%22header_3_text_color%22%93}\u00bb]<\/p>\n<h4>Gu\u00eda de planificaci\u00f3n estrat\u00e9gica en ONG de acci\u00f3n social.<\/h4>\n<p>[\/et_pb_text][\/et_pb_column][et_pb_column type=\u00bb1_4&#8243; _builder_version=\u00bb4.16&#8243; _module_preset=\u00bbdefault\u00bb global_colors_info=\u00bb{}\u00bb][\/et_pb_column][et_pb_column type=\u00bb1_4&#8243; _builder_version=\u00bb4.16&#8243; _module_preset=\u00bbdefault\u00bb global_colors_info=\u00bb{}\u00bb][\/et_pb_column][et_pb_column type=\u00bb1_4&#8243; _builder_version=\u00bb4.16&#8243; _module_preset=\u00bbdefault\u00bb global_colors_info=\u00bb{}\u00bb][\/et_pb_column][\/et_pb_row][\/et_pb_section]<\/p>\n","protected":false},"excerpt":{"rendered":"<p>Recursos para asociaciones C\u00f3mo elaborar un plan de atenci\u00f3n al voluntariado.La financiaci\u00f3n de las entidades del tercer sector de acci\u00f3n social. Sostenibilidad econ\u00f3mica y diversificaci\u00f3n de las fuentes de financiaci\u00f3n.Gesti\u00f3n inclusiva del voluntariado. Gu\u00eda pr\u00e1ctica.Gu\u00eda para elaborar un plan de voluntariado.Manual del ciclo de gesti\u00f3n de las personas voluntarias. Ayudas a la innovaci\u00f3n y procesos [&hellip;]<\/p>\n","protected":false},"author":2,"featured_media":0,"parent":0,"menu_order":0,"comment_status":"closed","ping_status":"closed","template":"","meta":{"_et_pb_use_builder":"on","_et_pb_old_content":"","_et_gb_content_width":"","footnotes":""},"class_list":["post-10519","page","type-page","status-publish","hentry"],"yoast_head":"<!-- This site is optimized with the Yoast SEO plugin v18.0 - https:\/\/yoast.com\/wordpress\/plugins\/seo\/ -->\n<title>Recursos para asociaciones (publicaciones) | Gizalde<\/title>\n<meta name=\"robots\" content=\"index, follow, max-snippet:-1, max-image-preview:large, max-video-preview:-1\" \/>\n<link rel=\"canonical\" href=\"https:\/\/www.gizalde.eus\/es\/recursos-para-asociaciones\/\" \/>\n<meta property=\"og:locale\" content=\"es_ES\" \/>\n<meta property=\"og:type\" content=\"article\" \/>\n<meta property=\"og:title\" content=\"Recursos para asociaciones (publicaciones) | Gizalde\" \/>\n<meta property=\"og:description\" content=\"Recursos para asociaciones C\u00f3mo elaborar un plan de atenci\u00f3n al voluntariado.La financiaci\u00f3n de las entidades del tercer sector de acci\u00f3n social. Sostenibilidad econ\u00f3mica y diversificaci\u00f3n de las fuentes de financiaci\u00f3n.Gesti\u00f3n inclusiva del voluntariado. Gu\u00eda pr\u00e1ctica.Gu\u00eda para elaborar un plan de voluntariado.Manual del ciclo de gesti\u00f3n de las personas voluntarias. Ayudas a la innovaci\u00f3n y procesos [&hellip;]\" \/>\n<meta property=\"og:url\" content=\"https:\/\/www.gizalde.eus\/es\/recursos-para-asociaciones\/\" \/>\n<meta property=\"og:site_name\" content=\"Gizalde\" \/>\n<meta property=\"article:modified_time\" content=\"2025-05-26T09:46:40+00:00\" \/>\n<meta name=\"twitter:card\" content=\"summary_large_image\" \/>\n<meta name=\"twitter:label1\" content=\"Tiempo de lectura\" \/>\n\t<meta name=\"twitter:data1\" content=\"22 minutos\" \/>\n<script type=\"application\/ld+json\" class=\"yoast-schema-graph\">{\"@context\":\"https:\/\/schema.org\",\"@graph\":[{\"@type\":\"WebSite\",\"@id\":\"https:\/\/www.gizalde.eus\/es\/#website\",\"url\":\"https:\/\/www.gizalde.eus\/es\/\",\"name\":\"Gizalde\",\"description\":\"Voluntariado Gipuzkoa\",\"potentialAction\":[{\"@type\":\"SearchAction\",\"target\":{\"@type\":\"EntryPoint\",\"urlTemplate\":\"https:\/\/www.gizalde.eus\/es\/?s={search_term_string}\"},\"query-input\":\"required name=search_term_string\"}],\"inLanguage\":\"es\"},{\"@type\":\"WebPage\",\"@id\":\"https:\/\/www.gizalde.eus\/es\/recursos-para-asociaciones\/#webpage\",\"url\":\"https:\/\/www.gizalde.eus\/es\/recursos-para-asociaciones\/\",\"name\":\"Recursos para asociaciones (publicaciones) | Gizalde\",\"isPartOf\":{\"@id\":\"https:\/\/www.gizalde.eus\/es\/#website\"},\"datePublished\":\"2023-07-30T23:24:08+00:00\",\"dateModified\":\"2025-05-26T09:46:40+00:00\",\"breadcrumb\":{\"@id\":\"https:\/\/www.gizalde.eus\/es\/recursos-para-asociaciones\/#breadcrumb\"},\"inLanguage\":\"es\",\"potentialAction\":[{\"@type\":\"ReadAction\",\"target\":[\"https:\/\/www.gizalde.eus\/es\/recursos-para-asociaciones\/\"]}]},{\"@type\":\"BreadcrumbList\",\"@id\":\"https:\/\/www.gizalde.eus\/es\/recursos-para-asociaciones\/#breadcrumb\",\"itemListElement\":[{\"@type\":\"ListItem\",\"position\":1,\"name\":\"Portada\",\"item\":\"https:\/\/www.gizalde.eus\/es\/\"},{\"@type\":\"ListItem\",\"position\":2,\"name\":\"Recursos para asociaciones (publicaciones)\"}]}]}<\/script>\n<!-- \/ Yoast SEO plugin. -->","yoast_head_json":{"title":"Recursos para asociaciones (publicaciones) | Gizalde","robots":{"index":"index","follow":"follow","max-snippet":"max-snippet:-1","max-image-preview":"max-image-preview:large","max-video-preview":"max-video-preview:-1"},"canonical":"https:\/\/www.gizalde.eus\/es\/recursos-para-asociaciones\/","og_locale":"es_ES","og_type":"article","og_title":"Recursos para asociaciones (publicaciones) | Gizalde","og_description":"Recursos para asociaciones C\u00f3mo elaborar un plan de atenci\u00f3n al voluntariado.La financiaci\u00f3n de las entidades del tercer sector de acci\u00f3n social. Sostenibilidad econ\u00f3mica y diversificaci\u00f3n de las fuentes de financiaci\u00f3n.Gesti\u00f3n inclusiva del voluntariado. Gu\u00eda pr\u00e1ctica.Gu\u00eda para elaborar un plan de voluntariado.Manual del ciclo de gesti\u00f3n de las personas voluntarias. Ayudas a la innovaci\u00f3n y procesos [&hellip;]","og_url":"https:\/\/www.gizalde.eus\/es\/recursos-para-asociaciones\/","og_site_name":"Gizalde","article_modified_time":"2025-05-26T09:46:40+00:00","twitter_card":"summary_large_image","twitter_misc":{"Tiempo de lectura":"22 minutos"},"schema":{"@context":"https:\/\/schema.org","@graph":[{"@type":"WebSite","@id":"https:\/\/www.gizalde.eus\/es\/#website","url":"https:\/\/www.gizalde.eus\/es\/","name":"Gizalde","description":"Voluntariado Gipuzkoa","potentialAction":[{"@type":"SearchAction","target":{"@type":"EntryPoint","urlTemplate":"https:\/\/www.gizalde.eus\/es\/?s={search_term_string}"},"query-input":"required name=search_term_string"}],"inLanguage":"es"},{"@type":"WebPage","@id":"https:\/\/www.gizalde.eus\/es\/recursos-para-asociaciones\/#webpage","url":"https:\/\/www.gizalde.eus\/es\/recursos-para-asociaciones\/","name":"Recursos para asociaciones (publicaciones) | Gizalde","isPartOf":{"@id":"https:\/\/www.gizalde.eus\/es\/#website"},"datePublished":"2023-07-30T23:24:08+00:00","dateModified":"2025-05-26T09:46:40+00:00","breadcrumb":{"@id":"https:\/\/www.gizalde.eus\/es\/recursos-para-asociaciones\/#breadcrumb"},"inLanguage":"es","potentialAction":[{"@type":"ReadAction","target":["https:\/\/www.gizalde.eus\/es\/recursos-para-asociaciones\/"]}]},{"@type":"BreadcrumbList","@id":"https:\/\/www.gizalde.eus\/es\/recursos-para-asociaciones\/#breadcrumb","itemListElement":[{"@type":"ListItem","position":1,"name":"Portada","item":"https:\/\/www.gizalde.eus\/es\/"},{"@type":"ListItem","position":2,"name":"Recursos para asociaciones (publicaciones)"}]}]}},"_links":{"self":[{"href":"https:\/\/www.gizalde.eus\/es\/wp-json\/wp\/v2\/pages\/10519","targetHints":{"allow":["GET"]}}],"collection":[{"href":"https:\/\/www.gizalde.eus\/es\/wp-json\/wp\/v2\/pages"}],"about":[{"href":"https:\/\/www.gizalde.eus\/es\/wp-json\/wp\/v2\/types\/page"}],"author":[{"embeddable":true,"href":"https:\/\/www.gizalde.eus\/es\/wp-json\/wp\/v2\/users\/2"}],"replies":[{"embeddable":true,"href":"https:\/\/www.gizalde.eus\/es\/wp-json\/wp\/v2\/comments?post=10519"}],"version-history":[{"count":39,"href":"https:\/\/www.gizalde.eus\/es\/wp-json\/wp\/v2\/pages\/10519\/revisions"}],"predecessor-version":[{"id":14233,"href":"https:\/\/www.gizalde.eus\/es\/wp-json\/wp\/v2\/pages\/10519\/revisions\/14233"}],"wp:attachment":[{"href":"https:\/\/www.gizalde.eus\/es\/wp-json\/wp\/v2\/media?parent=10519"}],"curies":[{"name":"wp","href":"https:\/\/api.w.org\/{rel}","templated":true}]}}