{"id":10458,"date":"2023-07-31T00:21:34","date_gmt":"2023-07-30T23:21:34","guid":{"rendered":"http:\/\/www.gizalde.eus\/?page_id=10458"},"modified":"2024-06-01T16:00:45","modified_gmt":"2024-06-01T15:00:45","slug":"sobre-voluntariado","status":"publish","type":"page","link":"https:\/\/www.gizalde.eus\/es\/sobre-voluntariado\/","title":{"rendered":"Sobre voluntariado"},"content":{"rendered":"<p>[et_pb_section fb_built=\u00bb1&#8243; admin_label=\u00bbLibrary\u00bb _builder_version=\u00bb4.19.5&#8243; _module_preset=\u00bbdefault\u00bb background_color=\u00bbgcid-bafd0c31-2a11-4c7d-b3a8-caae4a4218d9&#8243; custom_padding=\u00bb||5vw||false|false\u00bb global_colors_info=\u00bb{%22gcid-bafd0c31-2a11-4c7d-b3a8-caae4a4218d9%22:%91%22background_color%22%93}\u00bb][et_pb_row _builder_version=\u00bb4.16&#8243; _module_preset=\u00bbdefault\u00bb locked=\u00bboff\u00bb global_colors_info=\u00bb{}\u00bb][et_pb_column type=\u00bb4_4&#8243; _builder_version=\u00bb4.16&#8243; _module_preset=\u00bbdefault\u00bb global_colors_info=\u00bb{}\u00bb][et_pb_text admin_label=\u00bbSobre voluntariado\u00bb _builder_version=\u00bb4.19.5&#8243; _module_preset=\u00bb544ab126-07da-449d-8ac0-96c6bfea5327&#8243; header_font=\u00bb||||||||\u00bb header_3_font=\u00bbInter||||||||\u00bb header_3_text_color=\u00bbgcid-8b305f9d-4844-4604-ba06-445166ebe5d6&#8243; header_3_font_size=\u00bb26px\u00bb header_4_font=\u00bbHeebo|700|||||||\u00bb header_4_text_color=\u00bb#15414a\u00bb header_4_line_height=\u00bb1.5em\u00bb custom_margin=\u00bb||0px||false|false\u00bb header_3_font_size_tablet=\u00bb22px\u00bb header_3_font_size_phone=\u00bb18px\u00bb header_3_font_size_last_edited=\u00bbon|desktop\u00bb header_4_font_size_tablet=\u00bb16px\u00bb header_4_font_size_phone=\u00bb14px\u00bb header_4_font_size_last_edited=\u00bbon|tablet\u00bb global_colors_info=\u00bb{%22gcid-8b305f9d-4844-4604-ba06-445166ebe5d6%22:%91%22header_3_text_color%22%93}\u00bb]<\/p>\n<h4>Sobre voluntariado<\/h4>\n<p>[\/et_pb_text][\/et_pb_column][\/et_pb_row][et_pb_row column_structure=\u00bb1_4,1_4,1_4,1_4&#8243; _builder_version=\u00bb4.16&#8243; _module_preset=\u00bbdefault\u00bb locked=\u00bboff\u00bb global_colors_info=\u00bb{}\u00bb][et_pb_column type=\u00bb1_4&#8243; _builder_version=\u00bb4.16&#8243; _module_preset=\u00bbdefault\u00bb global_colors_info=\u00bb{}\u00bb][et_pb_image src=\u00bbhttps:\/\/www.gizalde.eus\/wp-content\/uploads\/2024\/04\/Banner-estudio-vol.png\u00bb title_text=\u00bbBanner estudio vol\u00bb url=\u00bbhttps:\/\/drive.google.com\/file\/d\/1xhby15S7mX-xs35yhyNYpocpufetnEaW\/view\u00bb url_new_window=\u00bbon\u00bb _builder_version=\u00bb4.19.5&#8243; _module_preset=\u00bbdefault\u00bb border_radii=\u00bbon|4px|4px|4px|4px\u00bb box_shadow_style=\u00bbpreset3&#8243; box_shadow_vertical=\u00bb40px\u00bb box_shadow_blur=\u00bb24px\u00bb box_shadow_spread=\u00bb-28px\u00bb box_shadow_color=\u00bbrgba(21,65,74,0.29)\u00bb locked=\u00bboff\u00bb global_colors_info=\u00bb{}\u00bb][\/et_pb_image][et_pb_text admin_label=\u00bbEstudio sobre Voluntariado y Otras Formas de Participaci\u00f3n Social en la CAPV 2023&#8243; _builder_version=\u00bb4.19.5&#8243; _module_preset=\u00bb544ab126-07da-449d-8ac0-96c6bfea5327&#8243; header_font=\u00bb||||||||\u00bb header_3_font=\u00bbInter||||||||\u00bb header_3_text_color=\u00bbgcid-8b305f9d-4844-4604-ba06-445166ebe5d6&#8243; header_3_font_size=\u00bb26px\u00bb header_4_font=\u00bbHeebo|700|||||||\u00bb header_4_text_color=\u00bb#15414a\u00bb header_4_line_height=\u00bb1.5em\u00bb custom_margin=\u00bb||0px||false|false\u00bb link_option_url=\u00bbhttps:\/\/drive.google.com\/file\/d\/1xhby15S7mX-xs35yhyNYpocpufetnEaW\/view\u00bb header_3_font_size_tablet=\u00bb22px\u00bb header_3_font_size_phone=\u00bb18px\u00bb header_3_font_size_last_edited=\u00bbon|desktop\u00bb header_4_font_size_tablet=\u00bb16px\u00bb header_4_font_size_phone=\u00bb14px\u00bb header_4_font_size_last_edited=\u00bbon|tablet\u00bb global_colors_info=\u00bb{%22gcid-8b305f9d-4844-4604-ba06-445166ebe5d6%22:%91%22header_3_text_color%22%93}\u00bb]<\/p>\n<h4>Estudio sobre Voluntariado y Otras Formas de Participaci\u00f3n Social en la CAPV 2023.<\/h4>\n<p>[\/et_pb_text][\/et_pb_column][et_pb_column type=\u00bb1_4&#8243; _builder_version=\u00bb4.16&#8243; _module_preset=\u00bbdefault\u00bb global_colors_info=\u00bb{}\u00bb][et_pb_image src=\u00bbhttps:\/\/www.gizalde.eus\/wp-content\/uploads\/2024\/05\/Barometro-2023.png\u00bb title_text=\u00bbBarometro 2023&#8243; url=\u00bbhttps:\/\/drive.google.com\/file\/d\/1B9b2aAIEKYmGGuR8D_rh0dD1c81jMYzx\/view?usp=drive_link\u00bb url_new_window=\u00bbon\u00bb _builder_version=\u00bb4.19.5&#8243; _module_preset=\u00bbdefault\u00bb hover_enabled=\u00bb0&#8243; border_radii=\u00bbon|4px|4px|4px|4px\u00bb box_shadow_style=\u00bbpreset3&#8243; box_shadow_vertical=\u00bb40px\u00bb box_shadow_blur=\u00bb24px\u00bb box_shadow_spread=\u00bb-28px\u00bb box_shadow_color=\u00bbrgba(21,65,74,0.29)\u00bb global_colors_info=\u00bb{}\u00bb sticky_enabled=\u00bb0&#8243;][\/et_pb_image][et_pb_text admin_label=\u00bbBar\u00f3metro 2023<br \/>\ndel Tercer Sector Social de Euskadi\u00bb _builder_version=\u00bb4.19.5&#8243; _module_preset=\u00bb544ab126-07da-449d-8ac0-96c6bfea5327&#8243; header_font=\u00bb||||||||\u00bb header_3_font=\u00bbInter||||||||\u00bb header_3_text_color=\u00bbgcid-8b305f9d-4844-4604-ba06-445166ebe5d6&#8243; header_3_font_size=\u00bb26px\u00bb header_4_font=\u00bbHeebo|700|||||||\u00bb header_4_text_color=\u00bb#15414a\u00bb header_4_line_height=\u00bb1.5em\u00bb custom_margin=\u00bb||0px||false|false\u00bb link_option_url=\u00bbhttps:\/\/drive.google.com\/file\/d\/1B9b2aAIEKYmGGuR8D_rh0dD1c81jMYzx\/view?usp=drive_link\u00bb hover_enabled=\u00bb0&#8243; header_3_font_size_tablet=\u00bb22px\u00bb header_3_font_size_phone=\u00bb18px\u00bb header_3_font_size_last_edited=\u00bbon|desktop\u00bb header_4_font_size_tablet=\u00bb16px\u00bb header_4_font_size_phone=\u00bb14px\u00bb header_4_font_size_last_edited=\u00bbon|tablet\u00bb global_colors_info=\u00bb{%22gcid-8b305f9d-4844-4604-ba06-445166ebe5d6%22:%91%22header_3_text_color%22%93}\u00bb sticky_enabled=\u00bb0&#8243;]<\/p>\n<h4>Bar\u00f3metro 2023 del Tercer Sector Social de Euskadi.<\/h4>\n<p>[\/et_pb_text][\/et_pb_column][et_pb_column type=\u00bb1_4&#8243; _builder_version=\u00bb4.16&#8243; _module_preset=\u00bbdefault\u00bb global_colors_info=\u00bb{}\u00bb][et_pb_image src=\u00bbhttp:\/\/www.gizalde.eus\/wp-content\/uploads\/2023\/07\/Retrato-voluntariado.jpg\u00bb title_text=\u00bbRetrato voluntariado\u00bb url=\u00bbhttps:\/\/drive.google.com\/file\/d\/1ZHIcTpD8tM0FloesFjKxx1caKq1xb6VR\/view?usp=drive_link\u00bb url_new_window=\u00bbon\u00bb _builder_version=\u00bb4.19.5&#8243; _module_preset=\u00bbdefault\u00bb border_radii=\u00bbon|4px|4px|4px|4px\u00bb box_shadow_style=\u00bbpreset3&#8243; box_shadow_vertical=\u00bb40px\u00bb box_shadow_blur=\u00bb24px\u00bb box_shadow_spread=\u00bb-28px\u00bb box_shadow_color=\u00bbrgba(21,65,74,0.29)\u00bb global_colors_info=\u00bb{}\u00bb][\/et_pb_image][et_pb_text admin_label=\u00bbRetrato del voluntariado en Espa\u00f1a.\u00bb _builder_version=\u00bb4.19.5&#8243; _module_preset=\u00bb544ab126-07da-449d-8ac0-96c6bfea5327&#8243; header_font=\u00bb||||||||\u00bb header_3_font=\u00bbInter||||||||\u00bb header_3_text_color=\u00bbgcid-8b305f9d-4844-4604-ba06-445166ebe5d6&#8243; header_3_font_size=\u00bb26px\u00bb header_4_font=\u00bbHeebo|700|||||||\u00bb header_4_text_color=\u00bb#15414a\u00bb header_4_line_height=\u00bb1.5em\u00bb custom_margin=\u00bb||0px||false|false\u00bb link_option_url=\u00bbhttps:\/\/drive.google.com\/file\/d\/1ZHIcTpD8tM0FloesFjKxx1caKq1xb6VR\/view?usp=drive_link\u00bb link_option_url_new_window=\u00bbon\u00bb header_3_font_size_tablet=\u00bb22px\u00bb header_3_font_size_phone=\u00bb18px\u00bb header_3_font_size_last_edited=\u00bbon|desktop\u00bb header_4_font_size_tablet=\u00bb16px\u00bb header_4_font_size_phone=\u00bb14px\u00bb header_4_font_size_last_edited=\u00bbon|tablet\u00bb global_colors_info=\u00bb{%22gcid-8b305f9d-4844-4604-ba06-445166ebe5d6%22:%91%22header_3_text_color%22%93}\u00bb]<\/p>\n<h4>Retrato del voluntariado en Espa\u00f1a.<\/h4>\n<p>[\/et_pb_text][\/et_pb_column][et_pb_column type=\u00bb1_4&#8243; _builder_version=\u00bb4.16&#8243; _module_preset=\u00bbdefault\u00bb global_colors_info=\u00bb{}\u00bb][et_pb_image src=\u00bbhttp:\/\/www.gizalde.eus\/wp-content\/uploads\/2023\/07\/Auzoekin-gazt.jpg\u00bb title_text=\u00bbAuzoekin gazt\u00bb url=\u00bbhttps:\/\/drive.google.com\/file\/d\/1CbjvKYIzZOt-o4imGepe-EN1w_SiN5AM\/view?usp=drive_link\u00bb url_new_window=\u00bbon\u00bb _builder_version=\u00bb4.19.5&#8243; _module_preset=\u00bbdefault\u00bb border_radii=\u00bbon|4px|4px|4px|4px\u00bb box_shadow_style=\u00bbpreset3&#8243; box_shadow_vertical=\u00bb40px\u00bb box_shadow_blur=\u00bb24px\u00bb box_shadow_spread=\u00bb-28px\u00bb box_shadow_color=\u00bbrgba(21,65,74,0.29)\u00bb global_colors_info=\u00bb{}\u00bb][\/et_pb_image][et_pb_text admin_label=\u00bbAuzoekin. Guia pr\u00e1ctica para proyectos comunitarios.\u00bb _builder_version=\u00bb4.19.5&#8243; _module_preset=\u00bb544ab126-07da-449d-8ac0-96c6bfea5327&#8243; header_font=\u00bb||||||||\u00bb header_3_font=\u00bbInter||||||||\u00bb header_3_text_color=\u00bbgcid-8b305f9d-4844-4604-ba06-445166ebe5d6&#8243; header_3_font_size=\u00bb26px\u00bb header_4_font=\u00bbHeebo|700|||||||\u00bb header_4_text_color=\u00bb#15414a\u00bb header_4_line_height=\u00bb1.5em\u00bb custom_margin=\u00bb||0px||false|false\u00bb link_option_url=\u00bbhttps:\/\/drive.google.com\/file\/d\/1CbjvKYIzZOt-o4imGepe-EN1w_SiN5AM\/view?usp=drive_link\u00bb link_option_url_new_window=\u00bbon\u00bb header_3_font_size_tablet=\u00bb22px\u00bb header_3_font_size_phone=\u00bb18px\u00bb header_3_font_size_last_edited=\u00bbon|desktop\u00bb header_4_font_size_tablet=\u00bb16px\u00bb header_4_font_size_phone=\u00bb14px\u00bb header_4_font_size_last_edited=\u00bbon|tablet\u00bb global_colors_info=\u00bb{%22gcid-8b305f9d-4844-4604-ba06-445166ebe5d6%22:%91%22header_3_text_color%22%93}\u00bb]<\/p>\n<h4>Auzoekin. Guia pr\u00e1ctica para proyectos comunitarios.<\/h4>\n<p>[\/et_pb_text][\/et_pb_column][\/et_pb_row][et_pb_row column_structure=\u00bb1_4,1_4,1_4,1_4&#8243; _builder_version=\u00bb4.19.5&#8243; _module_preset=\u00bbdefault\u00bb locked=\u00bboff\u00bb global_colors_info=\u00bb{}\u00bb][et_pb_column type=\u00bb1_4&#8243; _builder_version=\u00bb4.16&#8243; _module_preset=\u00bbdefault\u00bb global_colors_info=\u00bb{}\u00bb][et_pb_image src=\u00bbhttp:\/\/www.gizalde.eus\/wp-content\/uploads\/2023\/07\/Valor-voluntariado.png\u00bb title_text=\u00bbValor voluntariado\u00bb url=\u00bbhttps:\/\/drive.google.com\/file\/d\/1WdVWUvW45ZRkD3LWJOdtwfK5CmVeiGwa\/view?usp=drive_link\u00bb url_new_window=\u00bbon\u00bb _builder_version=\u00bb4.19.5&#8243; _module_preset=\u00bbdefault\u00bb hover_enabled=\u00bb0&#8243; border_radii=\u00bbon|4px|4px|4px|4px\u00bb box_shadow_style=\u00bbpreset3&#8243; box_shadow_vertical=\u00bb40px\u00bb box_shadow_blur=\u00bb24px\u00bb box_shadow_spread=\u00bb-28px\u00bb box_shadow_color=\u00bbrgba(21,65,74,0.29)\u00bb global_colors_info=\u00bb{}\u00bb sticky_enabled=\u00bb0&#8243;][\/et_pb_image][et_pb_text admin_label=\u00bbEl valor del voluntariado en el Tercer Sector: reflexiones en un nuevo escenario\u00bb _builder_version=\u00bb4.19.5&#8243; _module_preset=\u00bb544ab126-07da-449d-8ac0-96c6bfea5327&#8243; header_font=\u00bb||||||||\u00bb header_3_font=\u00bbInter||||||||\u00bb header_3_text_color=\u00bbgcid-8b305f9d-4844-4604-ba06-445166ebe5d6&#8243; header_3_font_size=\u00bb26px\u00bb header_4_font=\u00bbHeebo|700|||||||\u00bb header_4_text_color=\u00bb#15414a\u00bb header_4_line_height=\u00bb1.5em\u00bb custom_margin=\u00bb||0px||false|false\u00bb link_option_url=\u00bbhttps:\/\/drive.google.com\/file\/d\/1WdVWUvW45ZRkD3LWJOdtwfK5CmVeiGwa\/view?usp=drive_link\u00bb hover_enabled=\u00bb0&#8243; header_3_font_size_tablet=\u00bb22px\u00bb header_3_font_size_phone=\u00bb18px\u00bb header_3_font_size_last_edited=\u00bbon|desktop\u00bb header_4_font_size_tablet=\u00bb16px\u00bb header_4_font_size_phone=\u00bb14px\u00bb header_4_font_size_last_edited=\u00bbon|tablet\u00bb global_colors_info=\u00bb{%22gcid-8b305f9d-4844-4604-ba06-445166ebe5d6%22:%91%22header_3_text_color%22%93}\u00bb sticky_enabled=\u00bb0&#8243;]<\/p>\n<h4>El valor del voluntariado en el Tercer Sector: reflexiones en un nuevo escenario<\/h4>\n<p>[\/et_pb_text][\/et_pb_column][et_pb_column type=\u00bb1_4&#8243; _builder_version=\u00bb4.16&#8243; _module_preset=\u00bbdefault\u00bb global_colors_info=\u00bb{}\u00bb][et_pb_image src=\u00bbhttp:\/\/www.gizalde.eus\/wp-content\/uploads\/2023\/07\/Voluntariado.jpg\u00bb title_text=\u00bbVoluntariado\u00bb url=\u00bbhttps:\/\/drive.google.com\/file\/d\/1CdQ9X6ZHPuyuVIa0rwPCIx7wsaJKj1lb\/view?usp=drive_link\u00bb url_new_window=\u00bbon\u00bb _builder_version=\u00bb4.19.5&#8243; _module_preset=\u00bbdefault\u00bb border_radii=\u00bbon|4px|4px|4px|4px\u00bb box_shadow_style=\u00bbpreset3&#8243; box_shadow_vertical=\u00bb40px\u00bb box_shadow_blur=\u00bb24px\u00bb box_shadow_spread=\u00bb-28px\u00bb box_shadow_color=\u00bbrgba(21,65,74,0.29)\u00bb global_colors_info=\u00bb{}\u00bb][\/et_pb_image][et_pb_text admin_label=\u00bbVoluntariado. Una expresi\u00f3n personal de ciudadan\u00eda para la transformaci\u00f3n global.\u00bb _builder_version=\u00bb4.19.5&#8243; _module_preset=\u00bb544ab126-07da-449d-8ac0-96c6bfea5327&#8243; header_font=\u00bb||||||||\u00bb header_3_font=\u00bbInter||||||||\u00bb header_3_text_color=\u00bbgcid-8b305f9d-4844-4604-ba06-445166ebe5d6&#8243; header_3_font_size=\u00bb26px\u00bb header_4_font=\u00bbHeebo|700|||||||\u00bb header_4_text_color=\u00bb#15414a\u00bb header_4_line_height=\u00bb1.5em\u00bb custom_margin=\u00bb||0px||false|false\u00bb link_option_url=\u00bbhttps:\/\/drive.google.com\/file\/d\/1CdQ9X6ZHPuyuVIa0rwPCIx7wsaJKj1lb\/view?usp=drive_link\u00bb link_option_url_new_window=\u00bbon\u00bb header_3_font_size_tablet=\u00bb22px\u00bb header_3_font_size_phone=\u00bb18px\u00bb header_3_font_size_last_edited=\u00bbon|desktop\u00bb header_4_font_size_tablet=\u00bb16px\u00bb header_4_font_size_phone=\u00bb14px\u00bb header_4_font_size_last_edited=\u00bbon|tablet\u00bb global_colors_info=\u00bb{%22gcid-8b305f9d-4844-4604-ba06-445166ebe5d6%22:%91%22header_3_text_color%22%93}\u00bb]<\/p>\n<h4>Voluntariado. Una expresi\u00f3n personal de ciudadan\u00eda para la transformaci\u00f3n global.<\/h4>\n<p>[\/et_pb_text][\/et_pb_column][et_pb_column type=\u00bb1_4&#8243; _builder_version=\u00bb4.16&#8243; _module_preset=\u00bbdefault\u00bb global_colors_info=\u00bb{}\u00bb][et_pb_image src=\u00bbhttp:\/\/www.gizalde.eus\/wp-content\/uploads\/2023\/09\/Estudio-voluntariado-euskadi-2012.png\u00bb title_text=\u00bbEstudio voluntariado euskadi 2012&#8243; url=\u00bbhttps:\/\/drive.google.com\/file\/d\/18CCEN2_BDsVqW6H6p8tT1fbUBSBXHt5i\/view?usp=drive_link\u00bb url_new_window=\u00bbon\u00bb _builder_version=\u00bb4.19.5&#8243; _module_preset=\u00bbdefault\u00bb hover_enabled=\u00bb0&#8243; border_radii=\u00bbon|4px|4px|4px|4px\u00bb box_shadow_style=\u00bbpreset3&#8243; box_shadow_vertical=\u00bb40px\u00bb box_shadow_blur=\u00bb24px\u00bb box_shadow_spread=\u00bb-28px\u00bb box_shadow_color=\u00bbrgba(21,65,74,0.29)\u00bb locked=\u00bboff\u00bb global_colors_info=\u00bb{}\u00bb sticky_enabled=\u00bb0&#8243;][\/et_pb_image][et_pb_text admin_label=\u00bbEstudio sobre voluntariado en la CAPV: cuantificaci\u00f3n y caracterizaci\u00f3n 2012&#8243; _builder_version=\u00bb4.19.5&#8243; _module_preset=\u00bb544ab126-07da-449d-8ac0-96c6bfea5327&#8243; header_font=\u00bb||||||||\u00bb header_3_font=\u00bbInter||||||||\u00bb header_3_text_color=\u00bbgcid-8b305f9d-4844-4604-ba06-445166ebe5d6&#8243; header_3_font_size=\u00bb26px\u00bb header_4_font=\u00bbHeebo|700|||||||\u00bb header_4_text_color=\u00bb#15414a\u00bb header_4_line_height=\u00bb1.5em\u00bb custom_margin=\u00bb||0px||false|false\u00bb link_option_url=\u00bbhttps:\/\/drive.google.com\/file\/d\/18CCEN2_BDsVqW6H6p8tT1fbUBSBXHt5i\/view?usp=drive_link\u00bb hover_enabled=\u00bb0&#8243; header_3_font_size_tablet=\u00bb22px\u00bb header_3_font_size_phone=\u00bb18px\u00bb header_3_font_size_last_edited=\u00bbon|desktop\u00bb header_4_font_size_tablet=\u00bb16px\u00bb header_4_font_size_phone=\u00bb14px\u00bb header_4_font_size_last_edited=\u00bbon|tablet\u00bb global_colors_info=\u00bb{%22gcid-8b305f9d-4844-4604-ba06-445166ebe5d6%22:%91%22header_3_text_color%22%93}\u00bb sticky_enabled=\u00bb0&#8243;]<\/p>\n<h4>Estudio sobre voluntariado en la CAPV: cuantificaci\u00f3n y caracterizaci\u00f3n 2012.<\/h4>\n<p>[\/et_pb_text][\/et_pb_column][et_pb_column type=\u00bb1_4&#8243; _builder_version=\u00bb4.16&#8243; _module_preset=\u00bbdefault\u00bb global_colors_info=\u00bb{}\u00bb][et_pb_image src=\u00bbhttp:\/\/www.gizalde.eus\/wp-content\/uploads\/2023\/07\/Retos-voluntariado-digital.png\u00bb title_text=\u00bbRetos voluntariado digital\u00bb url=\u00bbhttps:\/\/drive.google.com\/file\/d\/1H-oqk11-LSBn5zepaayg3Cd9HIq863L5\/view?usp=drive_link\u00bb url_new_window=\u00bbon\u00bb _builder_version=\u00bb4.19.5&#8243; _module_preset=\u00bbdefault\u00bb hover_enabled=\u00bb0&#8243; border_radii=\u00bbon|4px|4px|4px|4px\u00bb box_shadow_style=\u00bbpreset3&#8243; box_shadow_vertical=\u00bb40px\u00bb box_shadow_blur=\u00bb24px\u00bb box_shadow_spread=\u00bb-28px\u00bb box_shadow_color=\u00bbrgba(21,65,74,0.29)\u00bb global_colors_info=\u00bb{}\u00bb sticky_enabled=\u00bb0&#8243;][\/et_pb_image][et_pb_text admin_label=\u00bbLos retos del voluntariado digital\u00bb _builder_version=\u00bb4.19.5&#8243; _module_preset=\u00bb544ab126-07da-449d-8ac0-96c6bfea5327&#8243; header_font=\u00bb||||||||\u00bb header_3_font=\u00bbInter||||||||\u00bb header_3_text_color=\u00bbgcid-8b305f9d-4844-4604-ba06-445166ebe5d6&#8243; header_3_font_size=\u00bb26px\u00bb header_4_font=\u00bbHeebo|700|||||||\u00bb header_4_text_color=\u00bb#15414a\u00bb header_4_line_height=\u00bb1.5em\u00bb custom_margin=\u00bb||0px||false|false\u00bb link_option_url=\u00bbhttps:\/\/drive.google.com\/file\/d\/1H-oqk11-LSBn5zepaayg3Cd9HIq863L5\/view?usp=drive_link\u00bb link_option_url_new_window=\u00bbon\u00bb hover_enabled=\u00bb0&#8243; header_3_font_size_tablet=\u00bb22px\u00bb header_3_font_size_phone=\u00bb18px\u00bb header_3_font_size_last_edited=\u00bbon|desktop\u00bb header_4_font_size_tablet=\u00bb16px\u00bb header_4_font_size_phone=\u00bb14px\u00bb header_4_font_size_last_edited=\u00bbon|tablet\u00bb global_colors_info=\u00bb{%22gcid-8b305f9d-4844-4604-ba06-445166ebe5d6%22:%91%22header_3_text_color%22%93}\u00bb sticky_enabled=\u00bb0&#8243;]<\/p>\n<h4>Los retos del voluntariado digital<\/h4>\n<p>[\/et_pb_text][\/et_pb_column][\/et_pb_row][et_pb_row column_structure=\u00bb1_4,1_4,1_4,1_4&#8243; _builder_version=\u00bb4.16&#8243; _module_preset=\u00bbdefault\u00bb locked=\u00bboff\u00bb global_colors_info=\u00bb{}\u00bb][et_pb_column type=\u00bb1_4&#8243; _builder_version=\u00bb4.16&#8243; _module_preset=\u00bbdefault\u00bb global_colors_info=\u00bb{}\u00bb][et_pb_image src=\u00bbhttp:\/\/www.gizalde.eus\/wp-content\/uploads\/2023\/09\/Guia-volunta-lectura-facil.png\u00bb title_text=\u00bbGuia volunta lectura f\u00e1cil\u00bb url=\u00bbhttps:\/\/drive.google.com\/file\/d\/1hWZHSbL2D9ZrLTFRxpmA5y_YgghbHfcs\/view?usp=drive_link\u00bb url_new_window=\u00bbon\u00bb _builder_version=\u00bb4.19.5&#8243; _module_preset=\u00bbdefault\u00bb hover_enabled=\u00bb0&#8243; border_radii=\u00bbon|4px|4px|4px|4px\u00bb box_shadow_style=\u00bbpreset3&#8243; box_shadow_vertical=\u00bb40px\u00bb box_shadow_blur=\u00bb24px\u00bb box_shadow_spread=\u00bb-28px\u00bb box_shadow_color=\u00bbrgba(21,65,74,0.29)\u00bb locked=\u00bboff\u00bb global_colors_info=\u00bb{}\u00bb sticky_enabled=\u00bb0&#8243;][\/et_pb_image][et_pb_text admin_label=\u00bbGu\u00eda del Voluntariado en lectura f\u00e1cil\u00bb _builder_version=\u00bb4.19.5&#8243; _module_preset=\u00bb544ab126-07da-449d-8ac0-96c6bfea5327&#8243; header_font=\u00bb||||||||\u00bb header_3_font=\u00bbInter||||||||\u00bb header_3_text_color=\u00bbgcid-8b305f9d-4844-4604-ba06-445166ebe5d6&#8243; header_3_font_size=\u00bb26px\u00bb header_4_font=\u00bbHeebo|700|||||||\u00bb header_4_text_color=\u00bb#15414a\u00bb header_4_line_height=\u00bb1.5em\u00bb custom_margin=\u00bb||0px||false|false\u00bb link_option_url=\u00bbhttps:\/\/drive.google.com\/file\/d\/1hWZHSbL2D9ZrLTFRxpmA5y_YgghbHfcs\/view?usp=drive_link\u00bb hover_enabled=\u00bb0&#8243; header_3_font_size_tablet=\u00bb22px\u00bb header_3_font_size_phone=\u00bb18px\u00bb header_3_font_size_last_edited=\u00bbon|desktop\u00bb header_4_font_size_tablet=\u00bb16px\u00bb header_4_font_size_phone=\u00bb14px\u00bb header_4_font_size_last_edited=\u00bbon|tablet\u00bb global_colors_info=\u00bb{%22gcid-8b305f9d-4844-4604-ba06-445166ebe5d6%22:%91%22header_3_text_color%22%93}\u00bb sticky_enabled=\u00bb0&#8243;]<\/p>\n<h4>Gu\u00eda del Voluntariado en lectura f\u00e1cil.<\/h4>\n<p>[\/et_pb_text][\/et_pb_column][et_pb_column type=\u00bb1_4&#8243; _builder_version=\u00bb4.16&#8243; _module_preset=\u00bbdefault\u00bb global_colors_info=\u00bb{}\u00bb][\/et_pb_column][et_pb_column type=\u00bb1_4&#8243; _builder_version=\u00bb4.16&#8243; _module_preset=\u00bbdefault\u00bb global_colors_info=\u00bb{}\u00bb][\/et_pb_column][et_pb_column type=\u00bb1_4&#8243; _builder_version=\u00bb4.16&#8243; _module_preset=\u00bbdefault\u00bb global_colors_info=\u00bb{}\u00bb][\/et_pb_column][\/et_pb_row][\/et_pb_section]<\/p>\n","protected":false},"excerpt":{"rendered":"<p>Sobre voluntariadoEstudio sobre Voluntariado y Otras Formas de Participaci\u00f3n Social en la CAPV 2023.Bar\u00f3metro 2023 del Tercer Sector Social de Euskadi.Retrato del voluntariado en Espa\u00f1a.Auzoekin. Guia pr\u00e1ctica para proyectos comunitarios.El valor del voluntariado en el Tercer Sector: reflexiones en un nuevo escenarioVoluntariado. Una expresi\u00f3n personal de ciudadan\u00eda para la transformaci\u00f3n global.Estudio sobre voluntariado en la [&hellip;]<\/p>\n","protected":false},"author":2,"featured_media":0,"parent":0,"menu_order":0,"comment_status":"closed","ping_status":"closed","template":"","meta":{"_et_pb_use_builder":"on","_et_pb_old_content":"","_et_gb_content_width":"","footnotes":""},"class_list":["post-10458","page","type-page","status-publish","hentry"],"yoast_head":"<!-- This site is optimized with the Yoast SEO plugin v18.0 - https:\/\/yoast.com\/wordpress\/plugins\/seo\/ -->\n<title>Sobre voluntariado | Gizalde<\/title>\n<meta name=\"robots\" content=\"index, follow, max-snippet:-1, max-image-preview:large, max-video-preview:-1\" \/>\n<link rel=\"canonical\" href=\"https:\/\/www.gizalde.eus\/es\/sobre-voluntariado\/\" \/>\n<meta property=\"og:locale\" content=\"es_ES\" \/>\n<meta property=\"og:type\" content=\"article\" \/>\n<meta property=\"og:title\" content=\"Sobre voluntariado | Gizalde\" \/>\n<meta property=\"og:description\" content=\"Sobre voluntariadoEstudio sobre Voluntariado y Otras Formas de Participaci\u00f3n Social en la CAPV 2023.Bar\u00f3metro 2023 del Tercer Sector Social de Euskadi.Retrato del voluntariado en Espa\u00f1a.Auzoekin. Guia pr\u00e1ctica para proyectos comunitarios.El valor del voluntariado en el Tercer Sector: reflexiones en un nuevo escenarioVoluntariado. Una expresi\u00f3n personal de ciudadan\u00eda para la transformaci\u00f3n global.Estudio sobre voluntariado en la [&hellip;]\" \/>\n<meta property=\"og:url\" content=\"https:\/\/www.gizalde.eus\/es\/sobre-voluntariado\/\" \/>\n<meta property=\"og:site_name\" content=\"Gizalde\" \/>\n<meta property=\"article:modified_time\" content=\"2024-06-01T15:00:45+00:00\" \/>\n<meta name=\"twitter:card\" content=\"summary_large_image\" \/>\n<meta name=\"twitter:label1\" content=\"Tiempo de lectura\" \/>\n\t<meta name=\"twitter:data1\" content=\"12 minutos\" \/>\n<script type=\"application\/ld+json\" class=\"yoast-schema-graph\">{\"@context\":\"https:\/\/schema.org\",\"@graph\":[{\"@type\":\"WebSite\",\"@id\":\"https:\/\/www.gizalde.eus\/es\/#website\",\"url\":\"https:\/\/www.gizalde.eus\/es\/\",\"name\":\"Gizalde\",\"description\":\"Voluntariado Gipuzkoa\",\"potentialAction\":[{\"@type\":\"SearchAction\",\"target\":{\"@type\":\"EntryPoint\",\"urlTemplate\":\"https:\/\/www.gizalde.eus\/es\/?s={search_term_string}\"},\"query-input\":\"required name=search_term_string\"}],\"inLanguage\":\"es\"},{\"@type\":\"WebPage\",\"@id\":\"https:\/\/www.gizalde.eus\/es\/sobre-voluntariado\/#webpage\",\"url\":\"https:\/\/www.gizalde.eus\/es\/sobre-voluntariado\/\",\"name\":\"Sobre voluntariado | Gizalde\",\"isPartOf\":{\"@id\":\"https:\/\/www.gizalde.eus\/es\/#website\"},\"datePublished\":\"2023-07-30T23:21:34+00:00\",\"dateModified\":\"2024-06-01T15:00:45+00:00\",\"breadcrumb\":{\"@id\":\"https:\/\/www.gizalde.eus\/es\/sobre-voluntariado\/#breadcrumb\"},\"inLanguage\":\"es\",\"potentialAction\":[{\"@type\":\"ReadAction\",\"target\":[\"https:\/\/www.gizalde.eus\/es\/sobre-voluntariado\/\"]}]},{\"@type\":\"BreadcrumbList\",\"@id\":\"https:\/\/www.gizalde.eus\/es\/sobre-voluntariado\/#breadcrumb\",\"itemListElement\":[{\"@type\":\"ListItem\",\"position\":1,\"name\":\"Portada\",\"item\":\"https:\/\/www.gizalde.eus\/es\/\"},{\"@type\":\"ListItem\",\"position\":2,\"name\":\"Sobre voluntariado\"}]}]}<\/script>\n<!-- \/ Yoast SEO plugin. -->","yoast_head_json":{"title":"Sobre voluntariado | Gizalde","robots":{"index":"index","follow":"follow","max-snippet":"max-snippet:-1","max-image-preview":"max-image-preview:large","max-video-preview":"max-video-preview:-1"},"canonical":"https:\/\/www.gizalde.eus\/es\/sobre-voluntariado\/","og_locale":"es_ES","og_type":"article","og_title":"Sobre voluntariado | Gizalde","og_description":"Sobre voluntariadoEstudio sobre Voluntariado y Otras Formas de Participaci\u00f3n Social en la CAPV 2023.Bar\u00f3metro 2023 del Tercer Sector Social de Euskadi.Retrato del voluntariado en Espa\u00f1a.Auzoekin. Guia pr\u00e1ctica para proyectos comunitarios.El valor del voluntariado en el Tercer Sector: reflexiones en un nuevo escenarioVoluntariado. Una expresi\u00f3n personal de ciudadan\u00eda para la transformaci\u00f3n global.Estudio sobre voluntariado en la [&hellip;]","og_url":"https:\/\/www.gizalde.eus\/es\/sobre-voluntariado\/","og_site_name":"Gizalde","article_modified_time":"2024-06-01T15:00:45+00:00","twitter_card":"summary_large_image","twitter_misc":{"Tiempo de lectura":"12 minutos"},"schema":{"@context":"https:\/\/schema.org","@graph":[{"@type":"WebSite","@id":"https:\/\/www.gizalde.eus\/es\/#website","url":"https:\/\/www.gizalde.eus\/es\/","name":"Gizalde","description":"Voluntariado Gipuzkoa","potentialAction":[{"@type":"SearchAction","target":{"@type":"EntryPoint","urlTemplate":"https:\/\/www.gizalde.eus\/es\/?s={search_term_string}"},"query-input":"required name=search_term_string"}],"inLanguage":"es"},{"@type":"WebPage","@id":"https:\/\/www.gizalde.eus\/es\/sobre-voluntariado\/#webpage","url":"https:\/\/www.gizalde.eus\/es\/sobre-voluntariado\/","name":"Sobre voluntariado | Gizalde","isPartOf":{"@id":"https:\/\/www.gizalde.eus\/es\/#website"},"datePublished":"2023-07-30T23:21:34+00:00","dateModified":"2024-06-01T15:00:45+00:00","breadcrumb":{"@id":"https:\/\/www.gizalde.eus\/es\/sobre-voluntariado\/#breadcrumb"},"inLanguage":"es","potentialAction":[{"@type":"ReadAction","target":["https:\/\/www.gizalde.eus\/es\/sobre-voluntariado\/"]}]},{"@type":"BreadcrumbList","@id":"https:\/\/www.gizalde.eus\/es\/sobre-voluntariado\/#breadcrumb","itemListElement":[{"@type":"ListItem","position":1,"name":"Portada","item":"https:\/\/www.gizalde.eus\/es\/"},{"@type":"ListItem","position":2,"name":"Sobre voluntariado"}]}]}},"_links":{"self":[{"href":"https:\/\/www.gizalde.eus\/es\/wp-json\/wp\/v2\/pages\/10458","targetHints":{"allow":["GET"]}}],"collection":[{"href":"https:\/\/www.gizalde.eus\/es\/wp-json\/wp\/v2\/pages"}],"about":[{"href":"https:\/\/www.gizalde.eus\/es\/wp-json\/wp\/v2\/types\/page"}],"author":[{"embeddable":true,"href":"https:\/\/www.gizalde.eus\/es\/wp-json\/wp\/v2\/users\/2"}],"replies":[{"embeddable":true,"href":"https:\/\/www.gizalde.eus\/es\/wp-json\/wp\/v2\/comments?post=10458"}],"version-history":[{"count":46,"href":"https:\/\/www.gizalde.eus\/es\/wp-json\/wp\/v2\/pages\/10458\/revisions"}],"predecessor-version":[{"id":12170,"href":"https:\/\/www.gizalde.eus\/es\/wp-json\/wp\/v2\/pages\/10458\/revisions\/12170"}],"wp:attachment":[{"href":"https:\/\/www.gizalde.eus\/es\/wp-json\/wp\/v2\/media?parent=10458"}],"curies":[{"name":"wp","href":"https:\/\/api.w.org\/{rel}","templated":true}]}}